{"id":533,"date":"2022-03-08T16:59:45","date_gmt":"2022-03-08T15:59:45","guid":{"rendered":"https:\/\/www.musikkapelle-latzfons.it\/?page_id=533"},"modified":"2025-07-19T06:26:12","modified_gmt":"2025-07-19T04:26:12","slug":"der-vorstand","status":"publish","type":"page","link":"https:\/\/www.musikkapelle-latzfons.it\/index.php\/der-vorstand\/","title":{"rendered":"Der Vorstand"},"content":{"rendered":"\t\t<div data-elementor-type=\"wp-page\" data-elementor-id=\"533\" class=\"elementor elementor-533\">\n\t\t\t\t\t\t<section class=\"elementor-section elementor-top-section elementor-element elementor-element-bacd4d4 elementor-section-full_width elementor-section-height-min-height elementor-section-stretched elementor-section-height-default elementor-section-items-middle\" data-id=\"bacd4d4\" data-element_type=\"section\" data-settings=\"{&quot;stretch_section&quot;:&quot;section-stretched&quot;,&quot;background_background&quot;:&quot;classic&quot;}\">\n\t\t\t\t\t\t<div class=\"elementor-container elementor-column-gap-default\">\n\t\t\t\t\t<div class=\"elementor-column elementor-col-100 elementor-top-column elementor-element elementor-element-e2de8b6\" data-id=\"e2de8b6\" data-element_type=\"column\">\n\t\t\t<div class=\"elementor-widget-wrap elementor-element-populated\">\n\t\t\t\t\t\t<div class=\"elementor-element elementor-element-8ce418f elementor-widget elementor-widget-heading\" data-id=\"8ce418f\" data-element_type=\"widget\" data-widget_type=\"heading.default\">\n\t\t\t\t<div class=\"elementor-widget-container\">\n\t\t\t\t\t<h2 class=\"elementor-heading-title elementor-size-default\">Der Vorstand<\/h2>\t\t\t\t<\/div>\n\t\t\t\t<\/div>\n\t\t\t\t\t<\/div>\n\t\t<\/div>\n\t\t\t\t\t<\/div>\n\t\t<\/section>\n\t\t\t\t<section class=\"elementor-section elementor-top-section elementor-element elementor-element-9a444b5 elementor-section-height-min-height elementor-section-items-bottom elementor-section-boxed elementor-section-height-default\" data-id=\"9a444b5\" data-element_type=\"section\">\n\t\t\t\t\t\t\t<div class=\"elementor-background-overlay\"><\/div>\n\t\t\t\t\t\t\t<div class=\"elementor-container elementor-column-gap-wide\">\n\t\t\t\t\t<div class=\"elementor-column elementor-col-50 elementor-top-column elementor-element elementor-element-1fecb5e\" data-id=\"1fecb5e\" data-element_type=\"column\">\n\t\t\t<div class=\"elementor-widget-wrap elementor-element-populated\">\n\t\t\t\t\t\t<div class=\"elementor-element elementor-element-71d0811 elementor-widget elementor-widget-image\" data-id=\"71d0811\" data-element_type=\"widget\" data-widget_type=\"image.default\">\n\t\t\t\t<div class=\"elementor-widget-container\">\n\t\t\t\t\t\t\t\t\t\t\t\t\t\t\t<img fetchpriority=\"high\" decoding=\"async\" width=\"567\" height=\"794\" src=\"https:\/\/www.musikkapelle-latzfons.it\/wp-content\/uploads\/2022\/05\/Josef_Pfattner.png\" class=\"attachment-large size-large wp-image-2844\" alt=\"\" srcset=\"https:\/\/www.musikkapelle-latzfons.it\/wp-content\/uploads\/2022\/05\/Josef_Pfattner.png 567w, https:\/\/www.musikkapelle-latzfons.it\/wp-content\/uploads\/2022\/05\/Josef_Pfattner-214x300.png 214w\" sizes=\"(max-width: 567px) 100vw, 567px\" \/>\t\t\t\t\t\t\t\t\t\t\t\t\t\t\t<\/div>\n\t\t\t\t<\/div>\n\t\t\t\t\t<\/div>\n\t\t<\/div>\n\t\t\t\t<div class=\"elementor-column elementor-col-50 elementor-top-column elementor-element elementor-element-5e53958\" data-id=\"5e53958\" data-element_type=\"column\">\n\t\t\t<div class=\"elementor-widget-wrap elementor-element-populated\">\n\t\t\t\t\t\t<div class=\"elementor-element elementor-element-86dcb34 elementor-widget elementor-widget-heading\" data-id=\"86dcb34\" data-element_type=\"widget\" data-widget_type=\"heading.default\">\n\t\t\t\t<div class=\"elementor-widget-container\">\n\t\t\t\t\t<h2 class=\"elementor-heading-title elementor-size-default\">Obmann<\/h2>\t\t\t\t<\/div>\n\t\t\t\t<\/div>\n\t\t\t\t<div class=\"elementor-element elementor-element-f554ce0 elementor-widget elementor-widget-heading\" data-id=\"f554ce0\" data-element_type=\"widget\" data-widget_type=\"heading.default\">\n\t\t\t\t<div class=\"elementor-widget-container\">\n\t\t\t\t\t<h2 class=\"elementor-heading-title elementor-size-default\">Josef Pfattner<\/h2>\t\t\t\t<\/div>\n\t\t\t\t<\/div>\n\t\t\t\t<div class=\"elementor-element elementor-element-caff609 elementor-widget elementor-widget-heading\" data-id=\"caff609\" data-element_type=\"widget\" data-widget_type=\"heading.default\">\n\t\t\t\t<div class=\"elementor-widget-container\">\n\t\t\t\t\t<h2 class=\"elementor-heading-title elementor-size-default\">Der Bauer und Vertreter ist seit dem Jahre 1991 Mitglied der Musikkapelle Latzfons und spielt die Tuba. Er war bereits in den Jahren von 1997 bis 2005 Obmann der Musikkapelle. Im Jahre 2012 \u00fcbernahm er erneut die Obmannschaft der Kapelle, neben seiner T\u00e4tigkeit als Ortsvorsteher.<\/h2>\t\t\t\t<\/div>\n\t\t\t\t<\/div>\n\t\t\t\t\t<\/div>\n\t\t<\/div>\n\t\t\t\t\t<\/div>\n\t\t<\/section>\n\t\t\t\t<section class=\"elementor-section elementor-top-section elementor-element elementor-element-f9242f3 elementor-section-height-min-height elementor-section-items-bottom elementor-section-boxed elementor-section-height-default\" data-id=\"f9242f3\" data-element_type=\"section\">\n\t\t\t\t\t\t\t<div class=\"elementor-background-overlay\"><\/div>\n\t\t\t\t\t\t\t<div class=\"elementor-container elementor-column-gap-wide\">\n\t\t\t\t\t<div class=\"elementor-column elementor-col-50 elementor-top-column elementor-element elementor-element-9aa0024\" data-id=\"9aa0024\" data-element_type=\"column\">\n\t\t\t<div class=\"elementor-widget-wrap elementor-element-populated\">\n\t\t\t\t\t\t<div class=\"elementor-element elementor-element-3c0923c elementor-widget elementor-widget-image\" data-id=\"3c0923c\" data-element_type=\"widget\" data-widget_type=\"image.default\">\n\t\t\t\t<div class=\"elementor-widget-container\">\n\t\t\t\t\t\t\t\t\t\t\t\t\t\t\t<img decoding=\"async\" width=\"567\" height=\"794\" src=\"https:\/\/www.musikkapelle-latzfons.it\/wp-content\/uploads\/2022\/04\/Georg_Hasler-1.png\" class=\"attachment-large size-large wp-image-2032\" alt=\"\" srcset=\"https:\/\/www.musikkapelle-latzfons.it\/wp-content\/uploads\/2022\/04\/Georg_Hasler-1.png 567w, https:\/\/www.musikkapelle-latzfons.it\/wp-content\/uploads\/2022\/04\/Georg_Hasler-1-214x300.png 214w\" sizes=\"(max-width: 567px) 100vw, 567px\" \/>\t\t\t\t\t\t\t\t\t\t\t\t\t\t\t<\/div>\n\t\t\t\t<\/div>\n\t\t\t\t\t<\/div>\n\t\t<\/div>\n\t\t\t\t<div class=\"elementor-column elementor-col-50 elementor-top-column elementor-element elementor-element-eea4c37\" data-id=\"eea4c37\" data-element_type=\"column\">\n\t\t\t<div class=\"elementor-widget-wrap elementor-element-populated\">\n\t\t\t\t\t\t<div class=\"elementor-element elementor-element-d8a2568 elementor-widget elementor-widget-heading\" data-id=\"d8a2568\" data-element_type=\"widget\" data-widget_type=\"heading.default\">\n\t\t\t\t<div class=\"elementor-widget-container\">\n\t\t\t\t\t<h2 class=\"elementor-heading-title elementor-size-default\">Kapellmeister<\/h2>\t\t\t\t<\/div>\n\t\t\t\t<\/div>\n\t\t\t\t<div class=\"elementor-element elementor-element-270463e elementor-widget elementor-widget-heading\" data-id=\"270463e\" data-element_type=\"widget\" data-widget_type=\"heading.default\">\n\t\t\t\t<div class=\"elementor-widget-container\">\n\t\t\t\t\t<h2 class=\"elementor-heading-title elementor-size-default\">Georg Hasler<\/h2>\t\t\t\t<\/div>\n\t\t\t\t<\/div>\n\t\t\t\t<div class=\"elementor-element elementor-element-eb19228 elementor-widget elementor-widget-heading\" data-id=\"eb19228\" data-element_type=\"widget\" data-widget_type=\"heading.default\">\n\t\t\t\t<div class=\"elementor-widget-container\">\n\t\t\t\t\t<h2 class=\"elementor-heading-title elementor-size-default\"><a href=\"https:\/\/www.musikkapelle-latzfons.it\/index.php\/kapellmeister\/\">Der aus Latzfons stammende Musiklehrer und diplomierte Pianist leitet seit 2019 die Musikkapelle Latzfons. Bereits in fr\u00fcheren Jahren stand Georg der Kapelle als musikalischer Leiter vor. Weitere Details zur Person gib es im Men\u00fc unter \"Kapellmeister\"..<\/a><\/h2>\t\t\t\t<\/div>\n\t\t\t\t<\/div>\n\t\t\t\t\t<\/div>\n\t\t<\/div>\n\t\t\t\t\t<\/div>\n\t\t<\/section>\n\t\t\t\t<section class=\"elementor-section elementor-top-section elementor-element elementor-element-e8a79e7 elementor-section-height-min-height elementor-section-boxed elementor-section-height-default elementor-section-items-middle\" data-id=\"e8a79e7\" data-element_type=\"section\">\n\t\t\t\t\t\t<div class=\"elementor-container elementor-column-gap-default\">\n\t\t\t\t\t<div class=\"elementor-column elementor-col-100 elementor-top-column elementor-element elementor-element-841f56c\" data-id=\"841f56c\" data-element_type=\"column\">\n\t\t\t<div class=\"elementor-widget-wrap elementor-element-populated\">\n\t\t\t\t\t\t<div class=\"elementor-element elementor-element-dc7291b elementor-widget elementor-widget-spacer\" data-id=\"dc7291b\" data-element_type=\"widget\" data-widget_type=\"spacer.default\">\n\t\t\t\t<div class=\"elementor-widget-container\">\n\t\t\t\t\t\t\t<div class=\"elementor-spacer\">\n\t\t\t<div class=\"elementor-spacer-inner\"><\/div>\n\t\t<\/div>\n\t\t\t\t\t\t<\/div>\n\t\t\t\t<\/div>\n\t\t\t\t\t<\/div>\n\t\t<\/div>\n\t\t\t\t\t<\/div>\n\t\t<\/section>\n\t\t\t\t<section class=\"elementor-section elementor-top-section elementor-element elementor-element-aa1548a elementor-section-height-min-height elementor-section-items-bottom elementor-section-boxed elementor-section-height-default\" data-id=\"aa1548a\" data-element_type=\"section\">\n\t\t\t\t\t\t<div class=\"elementor-container elementor-column-gap-wide\">\n\t\t\t\t\t<div class=\"elementor-column elementor-col-50 elementor-top-column elementor-element elementor-element-9cdb424\" data-id=\"9cdb424\" data-element_type=\"column\">\n\t\t\t<div class=\"elementor-widget-wrap elementor-element-populated\">\n\t\t\t\t\t\t<div class=\"elementor-element elementor-element-c0e9b4b elementor-widget elementor-widget-image\" data-id=\"c0e9b4b\" data-element_type=\"widget\" data-widget_type=\"image.default\">\n\t\t\t\t<div class=\"elementor-widget-container\">\n\t\t\t\t\t\t\t\t\t\t\t\t\t\t\t<img decoding=\"async\" width=\"567\" height=\"794\" src=\"https:\/\/www.musikkapelle-latzfons.it\/wp-content\/uploads\/2022\/04\/Lisa_Pfattner.png\" class=\"attachment-large size-large wp-image-2022\" alt=\"\" srcset=\"https:\/\/www.musikkapelle-latzfons.it\/wp-content\/uploads\/2022\/04\/Lisa_Pfattner.png 567w, https:\/\/www.musikkapelle-latzfons.it\/wp-content\/uploads\/2022\/04\/Lisa_Pfattner-214x300.png 214w\" sizes=\"(max-width: 567px) 100vw, 567px\" \/>\t\t\t\t\t\t\t\t\t\t\t\t\t\t\t<\/div>\n\t\t\t\t<\/div>\n\t\t\t\t\t<\/div>\n\t\t<\/div>\n\t\t\t\t<div class=\"elementor-column elementor-col-50 elementor-top-column elementor-element elementor-element-263f9cd\" data-id=\"263f9cd\" data-element_type=\"column\">\n\t\t\t<div class=\"elementor-widget-wrap elementor-element-populated\">\n\t\t\t\t\t\t<div class=\"elementor-element elementor-element-c3d6e3f elementor-widget elementor-widget-heading\" data-id=\"c3d6e3f\" data-element_type=\"widget\" data-widget_type=\"heading.default\">\n\t\t\t\t<div class=\"elementor-widget-container\">\n\t\t\t\t\t<h2 class=\"elementor-heading-title elementor-size-default\">Musikalische Jugendleiterin<\/h2>\t\t\t\t<\/div>\n\t\t\t\t<\/div>\n\t\t\t\t<div class=\"elementor-element elementor-element-335cedc elementor-widget elementor-widget-heading\" data-id=\"335cedc\" data-element_type=\"widget\" data-widget_type=\"heading.default\">\n\t\t\t\t<div class=\"elementor-widget-container\">\n\t\t\t\t\t<h2 class=\"elementor-heading-title elementor-size-default\">Lisa Pfattner<\/h2>\t\t\t\t<\/div>\n\t\t\t\t<\/div>\n\t\t\t\t<div class=\"elementor-element elementor-element-b019992 elementor-widget elementor-widget-heading\" data-id=\"b019992\" data-element_type=\"widget\" data-widget_type=\"heading.default\">\n\t\t\t\t<div class=\"elementor-widget-container\">\n\t\t\t\t\t<h2 class=\"elementor-heading-title elementor-size-default\">Die leidenschaftliche Saxophonistin Lisa Pfattner ist seit 2018 aktives Mitglied der Mk Latzfons und engagiert sich bei vielen weiteren musikalischen Formationen. Nach Renate Unterthiner \u00fcbernimmt die nun das Amt der Jugendleiterin jnd bringt frischen Wind sowie jugendlichen Elan in den Ausschuss.<\/h2>\t\t\t\t<\/div>\n\t\t\t\t<\/div>\n\t\t\t\t\t<\/div>\n\t\t<\/div>\n\t\t\t\t\t<\/div>\n\t\t<\/section>\n\t\t\t\t<section class=\"elementor-section elementor-top-section elementor-element elementor-element-409b8f8 elementor-section-height-min-height elementor-section-boxed elementor-section-height-default elementor-section-items-middle\" data-id=\"409b8f8\" data-element_type=\"section\">\n\t\t\t\t\t\t<div class=\"elementor-container elementor-column-gap-default\">\n\t\t\t\t\t<div class=\"elementor-column elementor-col-100 elementor-top-column elementor-element elementor-element-ea8eb67\" data-id=\"ea8eb67\" data-element_type=\"column\">\n\t\t\t<div class=\"elementor-widget-wrap elementor-element-populated\">\n\t\t\t\t\t\t<div class=\"elementor-element elementor-element-720d067 elementor-widget elementor-widget-spacer\" data-id=\"720d067\" data-element_type=\"widget\" data-widget_type=\"spacer.default\">\n\t\t\t\t<div class=\"elementor-widget-container\">\n\t\t\t\t\t\t\t<div class=\"elementor-spacer\">\n\t\t\t<div class=\"elementor-spacer-inner\"><\/div>\n\t\t<\/div>\n\t\t\t\t\t\t<\/div>\n\t\t\t\t<\/div>\n\t\t\t\t\t<\/div>\n\t\t<\/div>\n\t\t\t\t\t<\/div>\n\t\t<\/section>\n\t\t\t\t<section class=\"elementor-section elementor-top-section elementor-element elementor-element-3353d0f elementor-section-height-min-height elementor-section-items-bottom elementor-section-boxed elementor-section-height-default\" data-id=\"3353d0f\" data-element_type=\"section\">\n\t\t\t\t\t\t<div class=\"elementor-container elementor-column-gap-wide\">\n\t\t\t\t\t<div class=\"elementor-column elementor-col-50 elementor-top-column elementor-element elementor-element-1433192\" data-id=\"1433192\" data-element_type=\"column\">\n\t\t\t<div class=\"elementor-widget-wrap elementor-element-populated\">\n\t\t\t\t\t\t<div class=\"elementor-element elementor-element-9668b63 elementor-widget elementor-widget-image\" data-id=\"9668b63\" data-element_type=\"widget\" data-widget_type=\"image.default\">\n\t\t\t\t<div class=\"elementor-widget-container\">\n\t\t\t\t\t\t\t\t\t\t\t\t\t\t\t<img loading=\"lazy\" decoding=\"async\" width=\"567\" height=\"794\" src=\"https:\/\/www.musikkapelle-latzfons.it\/wp-content\/uploads\/2022\/04\/Roland_Mitterrutzner.png\" class=\"attachment-large size-large wp-image-2000\" alt=\"\" srcset=\"https:\/\/www.musikkapelle-latzfons.it\/wp-content\/uploads\/2022\/04\/Roland_Mitterrutzner.png 567w, https:\/\/www.musikkapelle-latzfons.it\/wp-content\/uploads\/2022\/04\/Roland_Mitterrutzner-214x300.png 214w\" sizes=\"(max-width: 567px) 100vw, 567px\" \/>\t\t\t\t\t\t\t\t\t\t\t\t\t\t\t<\/div>\n\t\t\t\t<\/div>\n\t\t\t\t\t<\/div>\n\t\t<\/div>\n\t\t\t\t<div class=\"elementor-column elementor-col-50 elementor-top-column elementor-element elementor-element-55b1e97\" data-id=\"55b1e97\" data-element_type=\"column\">\n\t\t\t<div class=\"elementor-widget-wrap elementor-element-populated\">\n\t\t\t\t\t\t<div class=\"elementor-element elementor-element-e0ad77d elementor-widget elementor-widget-heading\" data-id=\"e0ad77d\" data-element_type=\"widget\" data-widget_type=\"heading.default\">\n\t\t\t\t<div class=\"elementor-widget-container\">\n\t\t\t\t\t<h2 class=\"elementor-heading-title elementor-size-default\">Schriftf\u00fchrer<\/h2>\t\t\t\t<\/div>\n\t\t\t\t<\/div>\n\t\t\t\t<div class=\"elementor-element elementor-element-87708b5 elementor-widget elementor-widget-heading\" data-id=\"87708b5\" data-element_type=\"widget\" data-widget_type=\"heading.default\">\n\t\t\t\t<div class=\"elementor-widget-container\">\n\t\t\t\t\t<h2 class=\"elementor-heading-title elementor-size-default\">Roland Mitterrutzner<\/h2>\t\t\t\t<\/div>\n\t\t\t\t<\/div>\n\t\t\t\t<div class=\"elementor-element elementor-element-bc0c142 elementor-widget elementor-widget-heading\" data-id=\"bc0c142\" data-element_type=\"widget\" data-widget_type=\"heading.default\">\n\t\t\t\t<div class=\"elementor-widget-container\">\n\t\t\t\t\t<h2 class=\"elementor-heading-title elementor-size-default\">Der Grundschulehrer ist seit dem Jahre 1998 Mitglied der Musikkapelle und sitzt in der letzten Reihe beim Schlagzeug. Er ist unser Fotograf, der gerne manche Momente mit seiner Kamera festh\u00e4lt. Seit 2019 h\u00e4lt er alle Aktivit\u00e4ten der <u>Musikkapelle<\/u> als Schriftf\u00fchrer auch auf Papier fest.<\/h2>\t\t\t\t<\/div>\n\t\t\t\t<\/div>\n\t\t\t\t\t<\/div>\n\t\t<\/div>\n\t\t\t\t\t<\/div>\n\t\t<\/section>\n\t\t\t\t<section class=\"elementor-section elementor-top-section elementor-element elementor-element-63c0068 elementor-section-height-min-height elementor-section-boxed elementor-section-height-default elementor-section-items-middle\" data-id=\"63c0068\" data-element_type=\"section\">\n\t\t\t\t\t\t<div class=\"elementor-container elementor-column-gap-default\">\n\t\t\t\t\t<div class=\"elementor-column elementor-col-100 elementor-top-column elementor-element elementor-element-ea9c3d5\" data-id=\"ea9c3d5\" data-element_type=\"column\">\n\t\t\t<div class=\"elementor-widget-wrap elementor-element-populated\">\n\t\t\t\t\t\t<div class=\"elementor-element elementor-element-5c5baf1 elementor-widget elementor-widget-spacer\" data-id=\"5c5baf1\" data-element_type=\"widget\" data-widget_type=\"spacer.default\">\n\t\t\t\t<div class=\"elementor-widget-container\">\n\t\t\t\t\t\t\t<div class=\"elementor-spacer\">\n\t\t\t<div class=\"elementor-spacer-inner\"><\/div>\n\t\t<\/div>\n\t\t\t\t\t\t<\/div>\n\t\t\t\t<\/div>\n\t\t\t\t\t<\/div>\n\t\t<\/div>\n\t\t\t\t\t<\/div>\n\t\t<\/section>\n\t\t\t\t<section class=\"elementor-section elementor-top-section elementor-element elementor-element-958eeaf elementor-section-height-min-height elementor-section-items-bottom elementor-section-boxed elementor-section-height-default\" data-id=\"958eeaf\" data-element_type=\"section\">\n\t\t\t\t\t\t<div class=\"elementor-container elementor-column-gap-wide\">\n\t\t\t\t\t<div class=\"elementor-column elementor-col-50 elementor-top-column elementor-element elementor-element-613959a\" data-id=\"613959a\" data-element_type=\"column\">\n\t\t\t<div class=\"elementor-widget-wrap elementor-element-populated\">\n\t\t\t\t\t\t<div class=\"elementor-element elementor-element-4f5eda9 elementor-widget elementor-widget-image\" data-id=\"4f5eda9\" data-element_type=\"widget\" data-widget_type=\"image.default\">\n\t\t\t\t<div class=\"elementor-widget-container\">\n\t\t\t\t\t\t\t\t\t\t\t\t\t\t\t<img loading=\"lazy\" decoding=\"async\" width=\"567\" height=\"794\" src=\"https:\/\/www.musikkapelle-latzfons.it\/wp-content\/uploads\/2022\/04\/Thomas_Gantioler-1.png\" class=\"attachment-large size-large wp-image-2117\" alt=\"\" srcset=\"https:\/\/www.musikkapelle-latzfons.it\/wp-content\/uploads\/2022\/04\/Thomas_Gantioler-1.png 567w, https:\/\/www.musikkapelle-latzfons.it\/wp-content\/uploads\/2022\/04\/Thomas_Gantioler-1-214x300.png 214w\" sizes=\"(max-width: 567px) 100vw, 567px\" \/>\t\t\t\t\t\t\t\t\t\t\t\t\t\t\t<\/div>\n\t\t\t\t<\/div>\n\t\t\t\t\t<\/div>\n\t\t<\/div>\n\t\t\t\t<div class=\"elementor-column elementor-col-50 elementor-top-column elementor-element elementor-element-b7d59df\" data-id=\"b7d59df\" data-element_type=\"column\">\n\t\t\t<div class=\"elementor-widget-wrap elementor-element-populated\">\n\t\t\t\t\t\t<div class=\"elementor-element elementor-element-7907f62 elementor-widget elementor-widget-heading\" data-id=\"7907f62\" data-element_type=\"widget\" data-widget_type=\"heading.default\">\n\t\t\t\t<div class=\"elementor-widget-container\">\n\t\t\t\t\t<h2 class=\"elementor-heading-title elementor-size-default\">\u00d6ffentlichkeit \/ Stv. Obmann<\/h2>\t\t\t\t<\/div>\n\t\t\t\t<\/div>\n\t\t\t\t<div class=\"elementor-element elementor-element-a640042 elementor-widget elementor-widget-heading\" data-id=\"a640042\" data-element_type=\"widget\" data-widget_type=\"heading.default\">\n\t\t\t\t<div class=\"elementor-widget-container\">\n\t\t\t\t\t<h2 class=\"elementor-heading-title elementor-size-default\">Thomas Gantioler<\/h2>\t\t\t\t<\/div>\n\t\t\t\t<\/div>\n\t\t\t\t<div class=\"elementor-element elementor-element-dfb53dd elementor-widget elementor-widget-heading\" data-id=\"dfb53dd\" data-element_type=\"widget\" data-widget_type=\"heading.default\">\n\t\t\t\t<div class=\"elementor-widget-container\">\n\t\t\t\t\t<h2 class=\"elementor-heading-title elementor-size-default\">Der aus Kollmann stammende und inzwischen in Garn wohnhafte IT-Angestelle hatte im Jahre 2016 bis 2018 die musikalische Leitung \u00fcber, seit 2019 sitzt er in den Reihen der Kapelle und spielt das Fl\u00fcgelhorn.<br>Seit 2022 wieder im Ausschuss t\u00e4tig und k\u00fcmmert sich um die \u00d6ffentlichkeitsarbeiten. <\/h2>\t\t\t\t<\/div>\n\t\t\t\t<\/div>\n\t\t\t\t\t<\/div>\n\t\t<\/div>\n\t\t\t\t\t<\/div>\n\t\t<\/section>\n\t\t\t\t<section class=\"elementor-section elementor-top-section elementor-element elementor-element-a5163f9 elementor-section-height-min-height elementor-section-boxed elementor-section-height-default elementor-section-items-middle\" data-id=\"a5163f9\" data-element_type=\"section\">\n\t\t\t\t\t\t<div class=\"elementor-container elementor-column-gap-default\">\n\t\t\t\t\t<div class=\"elementor-column elementor-col-100 elementor-top-column elementor-element elementor-element-26c6a96\" data-id=\"26c6a96\" data-element_type=\"column\">\n\t\t\t<div class=\"elementor-widget-wrap elementor-element-populated\">\n\t\t\t\t\t\t<div class=\"elementor-element elementor-element-48cec36 elementor-widget elementor-widget-spacer\" data-id=\"48cec36\" data-element_type=\"widget\" data-widget_type=\"spacer.default\">\n\t\t\t\t<div class=\"elementor-widget-container\">\n\t\t\t\t\t\t\t<div class=\"elementor-spacer\">\n\t\t\t<div class=\"elementor-spacer-inner\"><\/div>\n\t\t<\/div>\n\t\t\t\t\t\t<\/div>\n\t\t\t\t<\/div>\n\t\t\t\t\t<\/div>\n\t\t<\/div>\n\t\t\t\t\t<\/div>\n\t\t<\/section>\n\t\t\t\t<section class=\"elementor-section elementor-top-section elementor-element elementor-element-fec9870 elementor-section-height-min-height elementor-section-items-bottom elementor-section-boxed elementor-section-height-default\" data-id=\"fec9870\" data-element_type=\"section\">\n\t\t\t\t\t\t<div class=\"elementor-container elementor-column-gap-wide\">\n\t\t\t\t\t<div class=\"elementor-column elementor-col-50 elementor-top-column elementor-element elementor-element-cfc8ca7\" data-id=\"cfc8ca7\" data-element_type=\"column\">\n\t\t\t<div class=\"elementor-widget-wrap elementor-element-populated\">\n\t\t\t\t\t\t<div class=\"elementor-element elementor-element-56bc1c9 elementor-widget elementor-widget-image\" data-id=\"56bc1c9\" data-element_type=\"widget\" data-widget_type=\"image.default\">\n\t\t\t\t<div class=\"elementor-widget-container\">\n\t\t\t\t\t\t\t\t\t\t\t\t\t\t\t<img loading=\"lazy\" decoding=\"async\" width=\"567\" height=\"794\" src=\"https:\/\/www.musikkapelle-latzfons.it\/wp-content\/uploads\/2022\/04\/Rebekka_Gantioler-1.png\" class=\"attachment-large size-large wp-image-2254\" alt=\"\" srcset=\"https:\/\/www.musikkapelle-latzfons.it\/wp-content\/uploads\/2022\/04\/Rebekka_Gantioler-1.png 567w, https:\/\/www.musikkapelle-latzfons.it\/wp-content\/uploads\/2022\/04\/Rebekka_Gantioler-1-214x300.png 214w\" sizes=\"(max-width: 567px) 100vw, 567px\" \/>\t\t\t\t\t\t\t\t\t\t\t\t\t\t\t<\/div>\n\t\t\t\t<\/div>\n\t\t\t\t\t<\/div>\n\t\t<\/div>\n\t\t\t\t<div class=\"elementor-column elementor-col-50 elementor-top-column elementor-element elementor-element-3797680\" data-id=\"3797680\" data-element_type=\"column\">\n\t\t\t<div class=\"elementor-widget-wrap elementor-element-populated\">\n\t\t\t\t\t\t<div class=\"elementor-element elementor-element-8eea2a7 elementor-widget elementor-widget-heading\" data-id=\"8eea2a7\" data-element_type=\"widget\" data-widget_type=\"heading.default\">\n\t\t\t\t<div class=\"elementor-widget-container\">\n\t\t\t\t\t<h2 class=\"elementor-heading-title elementor-size-default\">Kassierin<\/h2>\t\t\t\t<\/div>\n\t\t\t\t<\/div>\n\t\t\t\t<div class=\"elementor-element elementor-element-5353627 elementor-widget elementor-widget-heading\" data-id=\"5353627\" data-element_type=\"widget\" data-widget_type=\"heading.default\">\n\t\t\t\t<div class=\"elementor-widget-container\">\n\t\t\t\t\t<h2 class=\"elementor-heading-title elementor-size-default\">Rebekka Gantioler<\/h2>\t\t\t\t<\/div>\n\t\t\t\t<\/div>\n\t\t\t\t<div class=\"elementor-element elementor-element-032b2eb elementor-widget elementor-widget-heading\" data-id=\"032b2eb\" data-element_type=\"widget\" data-widget_type=\"heading.default\">\n\t\t\t\t<div class=\"elementor-widget-container\">\n\t\t\t\t\t<h2 class=\"elementor-heading-title elementor-size-default\">Rebekka studiert in Innsbruck Mathematik und Informatik und ist seit 2019 Mitglied der Musikkapelle und spielt die 1. Klarinette. Im Jahre 2025 wurde sie in den Ausschuss gew\u00e4hlt und und \u00fcbernimmt das Amt der Kassierin.<\/h2>\t\t\t\t<\/div>\n\t\t\t\t<\/div>\n\t\t\t\t\t<\/div>\n\t\t<\/div>\n\t\t\t\t\t<\/div>\n\t\t<\/section>\n\t\t\t\t<section class=\"elementor-section elementor-top-section elementor-element elementor-element-2ba5b5d elementor-section-height-min-height elementor-section-boxed elementor-section-height-default elementor-section-items-middle\" data-id=\"2ba5b5d\" data-element_type=\"section\">\n\t\t\t\t\t\t<div class=\"elementor-container elementor-column-gap-default\">\n\t\t\t\t\t<div class=\"elementor-column elementor-col-100 elementor-top-column elementor-element elementor-element-3c2e4bd\" data-id=\"3c2e4bd\" data-element_type=\"column\">\n\t\t\t<div class=\"elementor-widget-wrap elementor-element-populated\">\n\t\t\t\t\t\t<div class=\"elementor-element elementor-element-26c1e6d elementor-widget elementor-widget-spacer\" data-id=\"26c1e6d\" data-element_type=\"widget\" data-widget_type=\"spacer.default\">\n\t\t\t\t<div class=\"elementor-widget-container\">\n\t\t\t\t\t\t\t<div class=\"elementor-spacer\">\n\t\t\t<div class=\"elementor-spacer-inner\"><\/div>\n\t\t<\/div>\n\t\t\t\t\t\t<\/div>\n\t\t\t\t<\/div>\n\t\t\t\t\t<\/div>\n\t\t<\/div>\n\t\t\t\t\t<\/div>\n\t\t<\/section>\n\t\t\t\t<section class=\"elementor-section elementor-top-section elementor-element elementor-element-711d943 elementor-section-height-min-height elementor-section-items-bottom elementor-section-boxed elementor-section-height-default\" data-id=\"711d943\" data-element_type=\"section\">\n\t\t\t\t\t\t<div class=\"elementor-container elementor-column-gap-wide\">\n\t\t\t\t\t<div class=\"elementor-column elementor-col-50 elementor-top-column elementor-element elementor-element-26648d2\" data-id=\"26648d2\" data-element_type=\"column\">\n\t\t\t<div class=\"elementor-widget-wrap elementor-element-populated\">\n\t\t\t\t\t\t<div class=\"elementor-element elementor-element-88dd7cc elementor-widget elementor-widget-image\" data-id=\"88dd7cc\" data-element_type=\"widget\" data-widget_type=\"image.default\">\n\t\t\t\t<div class=\"elementor-widget-container\">\n\t\t\t\t\t\t\t\t\t\t\t\t\t\t\t<img loading=\"lazy\" decoding=\"async\" width=\"567\" height=\"794\" src=\"https:\/\/www.musikkapelle-latzfons.it\/wp-content\/uploads\/2022\/04\/Andreas_Schrott.png\" class=\"attachment-large size-large wp-image-2193\" alt=\"\" srcset=\"https:\/\/www.musikkapelle-latzfons.it\/wp-content\/uploads\/2022\/04\/Andreas_Schrott.png 567w, https:\/\/www.musikkapelle-latzfons.it\/wp-content\/uploads\/2022\/04\/Andreas_Schrott-214x300.png 214w\" sizes=\"(max-width: 567px) 100vw, 567px\" \/>\t\t\t\t\t\t\t\t\t\t\t\t\t\t\t<\/div>\n\t\t\t\t<\/div>\n\t\t\t\t\t<\/div>\n\t\t<\/div>\n\t\t\t\t<div class=\"elementor-column elementor-col-50 elementor-top-column elementor-element elementor-element-4bf6aa0\" data-id=\"4bf6aa0\" data-element_type=\"column\">\n\t\t\t<div class=\"elementor-widget-wrap elementor-element-populated\">\n\t\t\t\t\t\t<div class=\"elementor-element elementor-element-5bce26e elementor-widget elementor-widget-heading\" data-id=\"5bce26e\" data-element_type=\"widget\" data-widget_type=\"heading.default\">\n\t\t\t\t<div class=\"elementor-widget-container\">\n\t\t\t\t\t<h2 class=\"elementor-heading-title elementor-size-default\">Organisation<\/h2>\t\t\t\t<\/div>\n\t\t\t\t<\/div>\n\t\t\t\t<div class=\"elementor-element elementor-element-414d692 elementor-widget elementor-widget-heading\" data-id=\"414d692\" data-element_type=\"widget\" data-widget_type=\"heading.default\">\n\t\t\t\t<div class=\"elementor-widget-container\">\n\t\t\t\t\t<h2 class=\"elementor-heading-title elementor-size-default\">Andreas Schrott<\/h2>\t\t\t\t<\/div>\n\t\t\t\t<\/div>\n\t\t\t\t<div class=\"elementor-element elementor-element-d730f11 elementor-widget elementor-widget-heading\" data-id=\"d730f11\" data-element_type=\"widget\" data-widget_type=\"heading.default\">\n\t\t\t\t<div class=\"elementor-widget-container\">\n\t\t\t\t\t<h2 class=\"elementor-heading-title elementor-size-default\">Der gelernte Schmied ist seit 1999 Mitglied und sorgt mit seiner Tuba f\u00fcr ein gutes Fundament in der Musikkapelle. Er ist seit 2022 im Ausschuss vertreten und organisiert alle m\u00f6glichen Events wie Feste, Feiern und Konzerte. <\/h2>\t\t\t\t<\/div>\n\t\t\t\t<\/div>\n\t\t\t\t\t<\/div>\n\t\t<\/div>\n\t\t\t\t\t<\/div>\n\t\t<\/section>\n\t\t\t\t<section class=\"elementor-section elementor-top-section elementor-element elementor-element-1bffada elementor-section-height-min-height elementor-section-boxed elementor-section-height-default elementor-section-items-middle\" data-id=\"1bffada\" data-element_type=\"section\">\n\t\t\t\t\t\t<div class=\"elementor-container elementor-column-gap-default\">\n\t\t\t\t\t<div class=\"elementor-column elementor-col-100 elementor-top-column elementor-element elementor-element-06b8f03\" data-id=\"06b8f03\" data-element_type=\"column\">\n\t\t\t<div class=\"elementor-widget-wrap elementor-element-populated\">\n\t\t\t\t\t\t<div class=\"elementor-element elementor-element-169f1e8 elementor-widget elementor-widget-spacer\" data-id=\"169f1e8\" data-element_type=\"widget\" data-widget_type=\"spacer.default\">\n\t\t\t\t<div class=\"elementor-widget-container\">\n\t\t\t\t\t\t\t<div class=\"elementor-spacer\">\n\t\t\t<div class=\"elementor-spacer-inner\"><\/div>\n\t\t<\/div>\n\t\t\t\t\t\t<\/div>\n\t\t\t\t<\/div>\n\t\t\t\t\t<\/div>\n\t\t<\/div>\n\t\t\t\t\t<\/div>\n\t\t<\/section>\n\t\t\t\t<section class=\"elementor-section elementor-top-section elementor-element elementor-element-dd32c54 elementor-section-height-min-height elementor-section-items-bottom elementor-section-boxed elementor-section-height-default\" data-id=\"dd32c54\" data-element_type=\"section\">\n\t\t\t\t\t\t<div class=\"elementor-container elementor-column-gap-wide\">\n\t\t\t\t\t<div class=\"elementor-column elementor-col-50 elementor-top-column elementor-element elementor-element-1677278\" data-id=\"1677278\" data-element_type=\"column\">\n\t\t\t<div class=\"elementor-widget-wrap elementor-element-populated\">\n\t\t\t\t\t\t<div class=\"elementor-element elementor-element-dbd4359 elementor-widget elementor-widget-image\" data-id=\"dbd4359\" data-element_type=\"widget\" data-widget_type=\"image.default\">\n\t\t\t\t<div class=\"elementor-widget-container\">\n\t\t\t\t\t\t\t\t\t\t\t\t\t\t\t<img loading=\"lazy\" decoding=\"async\" width=\"567\" height=\"794\" src=\"https:\/\/www.musikkapelle-latzfons.it\/wp-content\/uploads\/2022\/04\/Franz_Fink.png\" class=\"attachment-large size-large wp-image-1963\" alt=\"\" srcset=\"https:\/\/www.musikkapelle-latzfons.it\/wp-content\/uploads\/2022\/04\/Franz_Fink.png 567w, https:\/\/www.musikkapelle-latzfons.it\/wp-content\/uploads\/2022\/04\/Franz_Fink-214x300.png 214w\" sizes=\"(max-width: 567px) 100vw, 567px\" \/>\t\t\t\t\t\t\t\t\t\t\t\t\t\t\t<\/div>\n\t\t\t\t<\/div>\n\t\t\t\t\t<\/div>\n\t\t<\/div>\n\t\t\t\t<div class=\"elementor-column elementor-col-50 elementor-top-column elementor-element elementor-element-7e54981\" data-id=\"7e54981\" data-element_type=\"column\">\n\t\t\t<div class=\"elementor-widget-wrap elementor-element-populated\">\n\t\t\t\t\t\t<div class=\"elementor-element elementor-element-3989bad elementor-widget elementor-widget-heading\" data-id=\"3989bad\" data-element_type=\"widget\" data-widget_type=\"heading.default\">\n\t\t\t\t<div class=\"elementor-widget-container\">\n\t\t\t\t\t<h2 class=\"elementor-heading-title elementor-size-default\">Notenwart<\/h2>\t\t\t\t<\/div>\n\t\t\t\t<\/div>\n\t\t\t\t<div class=\"elementor-element elementor-element-a033bb7 elementor-widget elementor-widget-heading\" data-id=\"a033bb7\" data-element_type=\"widget\" data-widget_type=\"heading.default\">\n\t\t\t\t<div class=\"elementor-widget-container\">\n\t\t\t\t\t<h2 class=\"elementor-heading-title elementor-size-default\">Franz Fink<\/h2>\t\t\t\t<\/div>\n\t\t\t\t<\/div>\n\t\t\t\t<div class=\"elementor-element elementor-element-b7f9446 elementor-widget elementor-widget-heading\" data-id=\"b7f9446\" data-element_type=\"widget\" data-widget_type=\"heading.default\">\n\t\t\t\t<div class=\"elementor-widget-container\">\n\t\t\t\t\t<h2 class=\"elementor-heading-title elementor-size-default\">Der pensionierte Grundschullehrer ist mit einer l\u00e4ngeren Pause seit 1981 Mitglied der Musikkapelle und spielt das Tenorhorn. Er ist seit 2016 im Ausschuss vertreten und hat seit 2022 das Amt des Notenwarts \u00fcbernommen.<\/h2>\t\t\t\t<\/div>\n\t\t\t\t<\/div>\n\t\t\t\t\t<\/div>\n\t\t<\/div>\n\t\t\t\t\t<\/div>\n\t\t<\/section>\n\t\t\t\t<section class=\"elementor-section elementor-top-section elementor-element elementor-element-34f1030 elementor-section-height-min-height elementor-section-boxed elementor-section-height-default elementor-section-items-middle\" data-id=\"34f1030\" data-element_type=\"section\">\n\t\t\t\t\t\t<div class=\"elementor-container elementor-column-gap-default\">\n\t\t\t\t\t<div class=\"elementor-column elementor-col-100 elementor-top-column elementor-element elementor-element-8b2d13d\" data-id=\"8b2d13d\" data-element_type=\"column\">\n\t\t\t<div class=\"elementor-widget-wrap elementor-element-populated\">\n\t\t\t\t\t\t<div class=\"elementor-element elementor-element-c28a505 elementor-widget elementor-widget-spacer\" data-id=\"c28a505\" data-element_type=\"widget\" data-widget_type=\"spacer.default\">\n\t\t\t\t<div class=\"elementor-widget-container\">\n\t\t\t\t\t\t\t<div class=\"elementor-spacer\">\n\t\t\t<div class=\"elementor-spacer-inner\"><\/div>\n\t\t<\/div>\n\t\t\t\t\t\t<\/div>\n\t\t\t\t<\/div>\n\t\t\t\t\t<\/div>\n\t\t<\/div>\n\t\t\t\t\t<\/div>\n\t\t<\/section>\n\t\t\t\t<section class=\"elementor-section elementor-top-section elementor-element elementor-element-c3569f2 elementor-section-height-min-height elementor-section-items-bottom elementor-section-boxed elementor-section-height-default\" data-id=\"c3569f2\" data-element_type=\"section\">\n\t\t\t\t\t\t<div class=\"elementor-container elementor-column-gap-wide\">\n\t\t\t\t\t<div class=\"elementor-column elementor-col-50 elementor-top-column elementor-element elementor-element-464a207\" data-id=\"464a207\" data-element_type=\"column\">\n\t\t\t<div class=\"elementor-widget-wrap elementor-element-populated\">\n\t\t\t\t\t\t<div class=\"elementor-element elementor-element-206316a elementor-widget elementor-widget-image\" data-id=\"206316a\" data-element_type=\"widget\" data-widget_type=\"image.default\">\n\t\t\t\t<div class=\"elementor-widget-container\">\n\t\t\t\t\t\t\t\t\t\t\t\t\t\t\t<img loading=\"lazy\" decoding=\"async\" width=\"567\" height=\"794\" src=\"https:\/\/www.musikkapelle-latzfons.it\/wp-content\/uploads\/2022\/04\/Markus_Pichler_2.png\" class=\"attachment-large size-large wp-image-2191\" alt=\"\" srcset=\"https:\/\/www.musikkapelle-latzfons.it\/wp-content\/uploads\/2022\/04\/Markus_Pichler_2.png 567w, https:\/\/www.musikkapelle-latzfons.it\/wp-content\/uploads\/2022\/04\/Markus_Pichler_2-214x300.png 214w\" sizes=\"(max-width: 567px) 100vw, 567px\" \/>\t\t\t\t\t\t\t\t\t\t\t\t\t\t\t<\/div>\n\t\t\t\t<\/div>\n\t\t\t\t\t<\/div>\n\t\t<\/div>\n\t\t\t\t<div class=\"elementor-column elementor-col-50 elementor-top-column elementor-element elementor-element-e0bd4dc\" data-id=\"e0bd4dc\" data-element_type=\"column\">\n\t\t\t<div class=\"elementor-widget-wrap elementor-element-populated\">\n\t\t\t\t\t\t<div class=\"elementor-element elementor-element-94652b5 elementor-widget elementor-widget-heading\" data-id=\"94652b5\" data-element_type=\"widget\" data-widget_type=\"heading.default\">\n\t\t\t\t<div class=\"elementor-widget-container\">\n\t\t\t\t\t<h2 class=\"elementor-heading-title elementor-size-default\">Instrumentenwart<\/h2>\t\t\t\t<\/div>\n\t\t\t\t<\/div>\n\t\t\t\t<div class=\"elementor-element elementor-element-4f75e22 elementor-widget elementor-widget-heading\" data-id=\"4f75e22\" data-element_type=\"widget\" data-widget_type=\"heading.default\">\n\t\t\t\t<div class=\"elementor-widget-container\">\n\t\t\t\t\t<h2 class=\"elementor-heading-title elementor-size-default\">Markus Pichler<\/h2>\t\t\t\t<\/div>\n\t\t\t\t<\/div>\n\t\t\t\t<div class=\"elementor-element elementor-element-0d65745 elementor-widget elementor-widget-heading\" data-id=\"0d65745\" data-element_type=\"widget\" data-widget_type=\"heading.default\">\n\t\t\t\t<div class=\"elementor-widget-container\">\n\t\t\t\t\t<h2 class=\"elementor-heading-title elementor-size-default\">Der gelernte Tischler ist seit 2013 Mitglied in der Musikkapelle und spielt das Waldhorn. Er ist seit 2016 im Ausschuss und k\u00fcmmerte sich bis 2022 um die Noten, dann um die Aufgabe der Wartung der Instrumente.<\/h2>\t\t\t\t<\/div>\n\t\t\t\t<\/div>\n\t\t\t\t\t<\/div>\n\t\t<\/div>\n\t\t\t\t\t<\/div>\n\t\t<\/section>\n\t\t\t\t<section class=\"elementor-section elementor-top-section elementor-element elementor-element-4aa2631 elementor-section-height-min-height elementor-section-boxed elementor-section-height-default elementor-section-items-middle\" data-id=\"4aa2631\" data-element_type=\"section\">\n\t\t\t\t\t\t<div class=\"elementor-container elementor-column-gap-default\">\n\t\t\t\t\t<div class=\"elementor-column elementor-col-100 elementor-top-column elementor-element elementor-element-38a4b17\" data-id=\"38a4b17\" data-element_type=\"column\">\n\t\t\t<div class=\"elementor-widget-wrap elementor-element-populated\">\n\t\t\t\t\t\t<div class=\"elementor-element elementor-element-3120e77 elementor-widget elementor-widget-spacer\" data-id=\"3120e77\" data-element_type=\"widget\" data-widget_type=\"spacer.default\">\n\t\t\t\t<div class=\"elementor-widget-container\">\n\t\t\t\t\t\t\t<div class=\"elementor-spacer\">\n\t\t\t<div class=\"elementor-spacer-inner\"><\/div>\n\t\t<\/div>\n\t\t\t\t\t\t<\/div>\n\t\t\t\t<\/div>\n\t\t\t\t\t<\/div>\n\t\t<\/div>\n\t\t\t\t\t<\/div>\n\t\t<\/section>\n\t\t\t\t<section class=\"elementor-section elementor-top-section elementor-element elementor-element-59b16ed elementor-section-height-min-height elementor-section-items-bottom elementor-section-boxed elementor-section-height-default\" data-id=\"59b16ed\" data-element_type=\"section\">\n\t\t\t\t\t\t<div class=\"elementor-container elementor-column-gap-wide\">\n\t\t\t\t\t<div class=\"elementor-column elementor-col-50 elementor-top-column elementor-element elementor-element-583c241\" data-id=\"583c241\" data-element_type=\"column\">\n\t\t\t<div class=\"elementor-widget-wrap elementor-element-populated\">\n\t\t\t\t\t\t<div class=\"elementor-element elementor-element-ab2456b elementor-widget elementor-widget-image\" data-id=\"ab2456b\" data-element_type=\"widget\" data-widget_type=\"image.default\">\n\t\t\t\t<div class=\"elementor-widget-container\">\n\t\t\t\t\t\t\t\t\t\t\t\t\t\t\t<img loading=\"lazy\" decoding=\"async\" width=\"567\" height=\"794\" src=\"https:\/\/www.musikkapelle-latzfons.it\/wp-content\/uploads\/2022\/04\/Marion_Schrott.png\" class=\"attachment-large size-large wp-image-1991\" alt=\"\" srcset=\"https:\/\/www.musikkapelle-latzfons.it\/wp-content\/uploads\/2022\/04\/Marion_Schrott.png 567w, https:\/\/www.musikkapelle-latzfons.it\/wp-content\/uploads\/2022\/04\/Marion_Schrott-214x300.png 214w\" sizes=\"(max-width: 567px) 100vw, 567px\" \/>\t\t\t\t\t\t\t\t\t\t\t\t\t\t\t<\/div>\n\t\t\t\t<\/div>\n\t\t\t\t\t<\/div>\n\t\t<\/div>\n\t\t\t\t<div class=\"elementor-column elementor-col-50 elementor-top-column elementor-element elementor-element-29b0adb\" data-id=\"29b0adb\" data-element_type=\"column\">\n\t\t\t<div class=\"elementor-widget-wrap elementor-element-populated\">\n\t\t\t\t\t\t<div class=\"elementor-element elementor-element-f0cb075 elementor-widget elementor-widget-heading\" data-id=\"f0cb075\" data-element_type=\"widget\" data-widget_type=\"heading.default\">\n\t\t\t\t<div class=\"elementor-widget-container\">\n\t\t\t\t\t<h2 class=\"elementor-heading-title elementor-size-default\">Jugend\/Organisation<\/h2>\t\t\t\t<\/div>\n\t\t\t\t<\/div>\n\t\t\t\t<div class=\"elementor-element elementor-element-e1753a4 elementor-widget elementor-widget-heading\" data-id=\"e1753a4\" data-element_type=\"widget\" data-widget_type=\"heading.default\">\n\t\t\t\t<div class=\"elementor-widget-container\">\n\t\t\t\t\t<h2 class=\"elementor-heading-title elementor-size-default\">Marion Schrott<\/h2>\t\t\t\t<\/div>\n\t\t\t\t<\/div>\n\t\t\t\t<div class=\"elementor-element elementor-element-d771680 elementor-widget elementor-widget-heading\" data-id=\"d771680\" data-element_type=\"widget\" data-widget_type=\"heading.default\">\n\t\t\t\t<div class=\"elementor-widget-container\">\n\t\t\t\t\t<h2 class=\"elementor-heading-title elementor-size-default\">Die Marketing- und Vertriebszust\u00e4ndige ist seit 2019 Marketenderinn der Musikkapelle Latzfons.\nSeit 2025 ist sie im Ausschuss und wirkt bei der Jugendkapelle im kreativen und organisatorischen Bereich mit - in Zusammenarbeit mit der Jugendleiterin.<\/h2>\t\t\t\t<\/div>\n\t\t\t\t<\/div>\n\t\t\t\t\t<\/div>\n\t\t<\/div>\n\t\t\t\t\t<\/div>\n\t\t<\/section>\n\t\t\t\t<section class=\"elementor-section elementor-top-section elementor-element elementor-element-0c32d24 elementor-section-height-min-height elementor-section-boxed elementor-section-height-default elementor-section-items-middle\" data-id=\"0c32d24\" data-element_type=\"section\">\n\t\t\t\t\t\t<div class=\"elementor-container elementor-column-gap-default\">\n\t\t\t\t\t<div class=\"elementor-column elementor-col-100 elementor-top-column elementor-element elementor-element-41d7324\" data-id=\"41d7324\" data-element_type=\"column\">\n\t\t\t<div class=\"elementor-widget-wrap elementor-element-populated\">\n\t\t\t\t\t\t<div class=\"elementor-element elementor-element-dddfc22 elementor-widget elementor-widget-spacer\" data-id=\"dddfc22\" data-element_type=\"widget\" data-widget_type=\"spacer.default\">\n\t\t\t\t<div class=\"elementor-widget-container\">\n\t\t\t\t\t\t\t<div class=\"elementor-spacer\">\n\t\t\t<div class=\"elementor-spacer-inner\"><\/div>\n\t\t<\/div>\n\t\t\t\t\t\t<\/div>\n\t\t\t\t<\/div>\n\t\t\t\t\t<\/div>\n\t\t<\/div>\n\t\t\t\t\t<\/div>\n\t\t<\/section>\n\t\t\t\t<section class=\"elementor-section elementor-top-section elementor-element elementor-element-0b448d6 elementor-section-height-min-height elementor-section-items-bottom elementor-section-boxed elementor-section-height-default\" data-id=\"0b448d6\" data-element_type=\"section\">\n\t\t\t\t\t\t<div class=\"elementor-container elementor-column-gap-wide\">\n\t\t\t\t\t<div class=\"elementor-column elementor-col-50 elementor-top-column elementor-element elementor-element-8ce3259\" data-id=\"8ce3259\" data-element_type=\"column\">\n\t\t\t<div class=\"elementor-widget-wrap elementor-element-populated\">\n\t\t\t\t\t\t<div class=\"elementor-element elementor-element-1e50843 elementor-widget elementor-widget-image\" data-id=\"1e50843\" data-element_type=\"widget\" data-widget_type=\"image.default\">\n\t\t\t\t<div class=\"elementor-widget-container\">\n\t\t\t\t\t\t\t\t\t\t\t\t\t\t\t<img loading=\"lazy\" decoding=\"async\" width=\"567\" height=\"794\" src=\"https:\/\/www.musikkapelle-latzfons.it\/wp-content\/uploads\/2022\/04\/Elisabeth_Prader.png\" class=\"attachment-large size-large wp-image-1961\" alt=\"\" srcset=\"https:\/\/www.musikkapelle-latzfons.it\/wp-content\/uploads\/2022\/04\/Elisabeth_Prader.png 567w, https:\/\/www.musikkapelle-latzfons.it\/wp-content\/uploads\/2022\/04\/Elisabeth_Prader-214x300.png 214w\" sizes=\"(max-width: 567px) 100vw, 567px\" \/>\t\t\t\t\t\t\t\t\t\t\t\t\t\t\t<\/div>\n\t\t\t\t<\/div>\n\t\t\t\t\t<\/div>\n\t\t<\/div>\n\t\t\t\t<div class=\"elementor-column elementor-col-50 elementor-top-column elementor-element elementor-element-28b8f38\" data-id=\"28b8f38\" data-element_type=\"column\">\n\t\t\t<div class=\"elementor-widget-wrap elementor-element-populated\">\n\t\t\t\t\t\t<div class=\"elementor-element elementor-element-ecaa365 elementor-widget elementor-widget-heading\" data-id=\"ecaa365\" data-element_type=\"widget\" data-widget_type=\"heading.default\">\n\t\t\t\t<div class=\"elementor-widget-container\">\n\t\t\t\t\t<h2 class=\"elementor-heading-title elementor-size-default\"><h2 class=\"elementor-heading-title elementor-size-default elementor-inline-editing pen\" data-elementor-setting-key=\"title\" data-pen-placeholder=\"Eingabe hier...\" style=\"font-size: 2em;font-style: normal;letter-spacing: normal\">Trachtenwartin<span style=\"font-family: Roboto, sans-serif;font-size: 2em;font-style: normal\"><\/span><\/h2><\/h2>\t\t\t\t<\/div>\n\t\t\t\t<\/div>\n\t\t\t\t<div class=\"elementor-element elementor-element-86fdcac elementor-widget elementor-widget-heading\" data-id=\"86fdcac\" data-element_type=\"widget\" data-widget_type=\"heading.default\">\n\t\t\t\t<div class=\"elementor-widget-container\">\n\t\t\t\t\t<h2 class=\"elementor-heading-title elementor-size-default\"><span class=\"elementor-heading-title elementor-size-default elementor-inline-editing pen\" data-elementor-setting-key=\"title\" data-pen-placeholder=\"Eingabe hier...\" style=\"font-style: normal\">Elisabeth Prader<\/span><\/h2>\t\t\t\t<\/div>\n\t\t\t\t<\/div>\n\t\t\t\t<div class=\"elementor-element elementor-element-2941f1c elementor-widget elementor-widget-heading\" data-id=\"2941f1c\" data-element_type=\"widget\" data-widget_type=\"heading.default\">\n\t\t\t\t<div class=\"elementor-widget-container\">\n\t\t\t\t\t<h2 class=\"elementor-heading-title elementor-size-default\"><span class=\"elementor-heading-title elementor-size-default elementor-inline-editing pen\" data-elementor-setting-key=\"title\" data-pen-placeholder=\"Eingabe hier...\" style=\"font-style: normal\">Die aus Afers stammende und inzwischen in Latzfons wohnhafte Religionslehrerin ist seit 2016 Mitglied der Musikkapelle Latzfons. Im Ausschuss wirkt sie seit 2019 mit k\u00fcmmert sich um die Trachten in der Kapelle.<\/span><\/h2>\t\t\t\t<\/div>\n\t\t\t\t<\/div>\n\t\t\t\t\t<\/div>\n\t\t<\/div>\n\t\t\t\t\t<\/div>\n\t\t<\/section>\n\t\t\t\t<section class=\"elementor-section elementor-top-section elementor-element elementor-element-475782c elementor-section-height-min-height elementor-section-boxed elementor-section-height-default elementor-section-items-middle\" data-id=\"475782c\" data-element_type=\"section\">\n\t\t\t\t\t\t<div class=\"elementor-container elementor-column-gap-default\">\n\t\t\t\t\t<div class=\"elementor-column elementor-col-100 elementor-top-column elementor-element elementor-element-a849267\" data-id=\"a849267\" data-element_type=\"column\">\n\t\t\t<div class=\"elementor-widget-wrap elementor-element-populated\">\n\t\t\t\t\t\t<div class=\"elementor-element elementor-element-f6c7ad5 elementor-widget elementor-widget-spacer\" data-id=\"f6c7ad5\" data-element_type=\"widget\" data-widget_type=\"spacer.default\">\n\t\t\t\t<div class=\"elementor-widget-container\">\n\t\t\t\t\t\t\t<div class=\"elementor-spacer\">\n\t\t\t<div class=\"elementor-spacer-inner\"><\/div>\n\t\t<\/div>\n\t\t\t\t\t\t<\/div>\n\t\t\t\t<\/div>\n\t\t\t\t\t<\/div>\n\t\t<\/div>\n\t\t\t\t\t<\/div>\n\t\t<\/section>\n\t\t\t\t<\/div>\n\t\t","protected":false},"excerpt":{"rendered":"<p>Der Vorstand Obmann Josef Pfattner Der Bauer und Vertreter ist seit dem Jahre 1991 Mitglied der Musikkapelle Latzfons und spielt die Tuba. Er war bereits in den Jahren von 1997 bis 2005 Obmann der Musikkapelle. Im Jahre 2012 \u00fcbernahm er erneut die Obmannschaft der Kapelle, neben seiner T\u00e4tigkeit als Ortsvorsteher. Kapellmeister Georg Hasler Der aus [&hellip;]<\/p>\n","protected":false},"author":1,"featured_media":0,"parent":0,"menu_order":0,"comment_status":"closed","ping_status":"closed","template":"elementor_theme","meta":{"ocean_post_layout":"","ocean_both_sidebars_style":"","ocean_both_sidebars_content_width":0,"ocean_both_sidebars_sidebars_width":0,"ocean_sidebar":"0","ocean_second_sidebar":"0","ocean_disable_margins":"enable","ocean_add_body_class":"","ocean_shortcode_before_top_bar":"","ocean_shortcode_after_top_bar":"","ocean_shortcode_before_header":"","ocean_shortcode_after_header":"","ocean_has_shortcode":"","ocean_shortcode_after_title":"","ocean_shortcode_before_footer_widgets":"","ocean_shortcode_after_footer_widgets":"","ocean_shortcode_before_footer_bottom":"","ocean_shortcode_after_footer_bottom":"","ocean_display_top_bar":"default","ocean_display_header":"default","ocean_header_style":"","ocean_center_header_left_menu":"0","ocean_custom_header_template":"0","ocean_custom_logo":0,"ocean_custom_retina_logo":0,"ocean_custom_logo_max_width":0,"ocean_custom_logo_tablet_max_width":0,"ocean_custom_logo_mobile_max_width":0,"ocean_custom_logo_max_height":0,"ocean_custom_logo_tablet_max_height":0,"ocean_custom_logo_mobile_max_height":0,"ocean_header_custom_menu":"0","ocean_menu_typo_font_family":"0","ocean_menu_typo_font_subset":"","ocean_menu_typo_font_size":0,"ocean_menu_typo_font_size_tablet":0,"ocean_menu_typo_font_size_mobile":0,"ocean_menu_typo_font_size_unit":"px","ocean_menu_typo_font_weight":"","ocean_menu_typo_font_weight_tablet":"","ocean_menu_typo_font_weight_mobile":"","ocean_menu_typo_transform":"","ocean_menu_typo_transform_tablet":"","ocean_menu_typo_transform_mobile":"","ocean_menu_typo_line_height":0,"ocean_menu_typo_line_height_tablet":0,"ocean_menu_typo_line_height_mobile":0,"ocean_menu_typo_line_height_unit":"","ocean_menu_typo_spacing":0,"ocean_menu_typo_spacing_tablet":0,"ocean_menu_typo_spacing_mobile":0,"ocean_menu_typo_spacing_unit":"","ocean_menu_link_color":"","ocean_menu_link_color_hover":"","ocean_menu_link_color_active":"","ocean_menu_link_background":"","ocean_menu_link_hover_background":"","ocean_menu_link_active_background":"","ocean_menu_social_links_bg":"","ocean_menu_social_hover_links_bg":"","ocean_menu_social_links_color":"","ocean_menu_social_hover_links_color":"","ocean_disable_title":"on","ocean_disable_heading":"default","ocean_post_title":"","ocean_post_subheading":"","ocean_post_title_style":"","ocean_post_title_background_color":"","ocean_post_title_background":0,"ocean_post_title_bg_image_position":"","ocean_post_title_bg_image_attachment":"","ocean_post_title_bg_image_repeat":"","ocean_post_title_bg_image_size":"","ocean_post_title_height":0,"ocean_post_title_bg_overlay":0.5,"ocean_post_title_bg_overlay_color":"","ocean_disable_breadcrumbs":"default","ocean_breadcrumbs_color":"","ocean_breadcrumbs_separator_color":"","ocean_breadcrumbs_links_color":"","ocean_breadcrumbs_links_hover_color":"","ocean_display_footer_widgets":"default","ocean_display_footer_bottom":"default","ocean_custom_footer_template":"0","h5ap_radio_sources":[],"footnotes":""},"class_list":["post-533","page","type-page","status-publish","hentry","entry"],"yoast_head":"<!-- This site is optimized with the Yoast SEO plugin v26.8 - https:\/\/yoast.com\/product\/yoast-seo-wordpress\/ -->\r\n<title>Der Vorstand - Musikkapelle Latzfons<\/title>\r\n<meta name=\"robots\" content=\"index, follow, max-snippet:-1, max-image-preview:large, max-video-preview:-1\" \/>\r\n<link rel=\"canonical\" href=\"https:\/\/www.musikkapelle-latzfons.it\/index.php\/der-vorstand\/\" \/>\r\n<meta property=\"og:locale\" content=\"de_DE\" \/>\r\n<meta property=\"og:type\" content=\"article\" \/>\r\n<meta property=\"og:title\" content=\"Der Vorstand - Musikkapelle Latzfons\" \/>\r\n<meta property=\"og:description\" content=\"Der Vorstand Obmann Josef Pfattner Der Bauer und Vertreter ist seit dem Jahre 1991 Mitglied der Musikkapelle Latzfons und spielt die Tuba. Er war bereits in den Jahren von 1997 bis 2005 Obmann der Musikkapelle. Im Jahre 2012 \u00fcbernahm er erneut die Obmannschaft der Kapelle, neben seiner T\u00e4tigkeit als Ortsvorsteher. Kapellmeister Georg Hasler Der aus [&hellip;]\" \/>\r\n<meta property=\"og:url\" content=\"https:\/\/www.musikkapelle-latzfons.it\/index.php\/der-vorstand\/\" \/>\r\n<meta property=\"og:site_name\" content=\"Musikkapelle Latzfons\" \/>\r\n<meta property=\"article:modified_time\" content=\"2025-07-19T04:26:12+00:00\" \/>\r\n<meta property=\"og:image\" content=\"https:\/\/www.musikkapelle-latzfons.it\/wp-content\/uploads\/2022\/05\/Josef_Pfattner.png\" \/>\r\n\t<meta property=\"og:image:width\" content=\"567\" \/>\r\n\t<meta property=\"og:image:height\" content=\"794\" \/>\r\n\t<meta property=\"og:image:type\" content=\"image\/png\" \/>\r\n<meta name=\"twitter:card\" content=\"summary_large_image\" \/>\r\n<meta name=\"twitter:label1\" content=\"Gesch\u00e4tzte Lesezeit\" \/>\n\t<meta name=\"twitter:data1\" content=\"5\u00a0Minuten\" \/>\r\n<script type=\"application\/ld+json\" class=\"yoast-schema-graph\">{\"@context\":\"https:\/\/schema.org\",\"@graph\":[{\"@type\":\"WebPage\",\"@id\":\"https:\/\/www.musikkapelle-latzfons.it\/index.php\/der-vorstand\/\",\"url\":\"https:\/\/www.musikkapelle-latzfons.it\/index.php\/der-vorstand\/\",\"name\":\"Der Vorstand - Musikkapelle Latzfons\",\"isPartOf\":{\"@id\":\"https:\/\/www.musikkapelle-latzfons.it\/#website\"},\"primaryImageOfPage\":{\"@id\":\"https:\/\/www.musikkapelle-latzfons.it\/index.php\/der-vorstand\/#primaryimage\"},\"image\":{\"@id\":\"https:\/\/www.musikkapelle-latzfons.it\/index.php\/der-vorstand\/#primaryimage\"},\"thumbnailUrl\":\"https:\/\/www.musikkapelle-latzfons.it\/wp-content\/uploads\/2022\/05\/Josef_Pfattner.png\",\"datePublished\":\"2022-03-08T15:59:45+00:00\",\"dateModified\":\"2025-07-19T04:26:12+00:00\",\"breadcrumb\":{\"@id\":\"https:\/\/www.musikkapelle-latzfons.it\/index.php\/der-vorstand\/#breadcrumb\"},\"inLanguage\":\"de\",\"potentialAction\":[{\"@type\":\"ReadAction\",\"target\":[\"https:\/\/www.musikkapelle-latzfons.it\/index.php\/der-vorstand\/\"]}]},{\"@type\":\"ImageObject\",\"inLanguage\":\"de\",\"@id\":\"https:\/\/www.musikkapelle-latzfons.it\/index.php\/der-vorstand\/#primaryimage\",\"url\":\"https:\/\/www.musikkapelle-latzfons.it\/wp-content\/uploads\/2022\/05\/Josef_Pfattner.png\",\"contentUrl\":\"https:\/\/www.musikkapelle-latzfons.it\/wp-content\/uploads\/2022\/05\/Josef_Pfattner.png\",\"width\":567,\"height\":794},{\"@type\":\"BreadcrumbList\",\"@id\":\"https:\/\/www.musikkapelle-latzfons.it\/index.php\/der-vorstand\/#breadcrumb\",\"itemListElement\":[{\"@type\":\"ListItem\",\"position\":1,\"name\":\"Startseite\",\"item\":\"https:\/\/www.musikkapelle-latzfons.it\/\"},{\"@type\":\"ListItem\",\"position\":2,\"name\":\"Der Vorstand\"}]},{\"@type\":\"WebSite\",\"@id\":\"https:\/\/www.musikkapelle-latzfons.it\/#website\",\"url\":\"https:\/\/www.musikkapelle-latzfons.it\/\",\"name\":\"Musikkapelle Latzfons\",\"description\":\"Das Beste in der Musik steht nicht in den Noten.\",\"publisher\":{\"@id\":\"https:\/\/www.musikkapelle-latzfons.it\/#organization\"},\"potentialAction\":[{\"@type\":\"SearchAction\",\"target\":{\"@type\":\"EntryPoint\",\"urlTemplate\":\"https:\/\/www.musikkapelle-latzfons.it\/?s={search_term_string}\"},\"query-input\":{\"@type\":\"PropertyValueSpecification\",\"valueRequired\":true,\"valueName\":\"search_term_string\"}}],\"inLanguage\":\"de\"},{\"@type\":\"Organization\",\"@id\":\"https:\/\/www.musikkapelle-latzfons.it\/#organization\",\"name\":\"Musikkapelle Latzfons\",\"alternateName\":\"Mk Latzfons\",\"url\":\"https:\/\/www.musikkapelle-latzfons.it\/\",\"logo\":{\"@type\":\"ImageObject\",\"inLanguage\":\"de\",\"@id\":\"https:\/\/www.musikkapelle-latzfons.it\/#\/schema\/logo\/image\/\",\"url\":\"https:\/\/www.musikkapelle-latzfons.it\/wp-content\/uploads\/2022\/03\/cropped-cropped-Logo_neu-1.png\",\"contentUrl\":\"https:\/\/www.musikkapelle-latzfons.it\/wp-content\/uploads\/2022\/03\/cropped-cropped-Logo_neu-1.png\",\"width\":512,\"height\":512,\"caption\":\"Musikkapelle Latzfons\"},\"image\":{\"@id\":\"https:\/\/www.musikkapelle-latzfons.it\/#\/schema\/logo\/image\/\"}}]}<\/script>\r\n<!-- \/ Yoast SEO plugin. -->","yoast_head_json":{"title":"Der Vorstand - Musikkapelle Latzfons","robots":{"index":"index","follow":"follow","max-snippet":"max-snippet:-1","max-image-preview":"max-image-preview:large","max-video-preview":"max-video-preview:-1"},"canonical":"https:\/\/www.musikkapelle-latzfons.it\/index.php\/der-vorstand\/","og_locale":"de_DE","og_type":"article","og_title":"Der Vorstand - Musikkapelle Latzfons","og_description":"Der Vorstand Obmann Josef Pfattner Der Bauer und Vertreter ist seit dem Jahre 1991 Mitglied der Musikkapelle Latzfons und spielt die Tuba. Er war bereits in den Jahren von 1997 bis 2005 Obmann der Musikkapelle. Im Jahre 2012 \u00fcbernahm er erneut die Obmannschaft der Kapelle, neben seiner T\u00e4tigkeit als Ortsvorsteher. Kapellmeister Georg Hasler Der aus [&hellip;]","og_url":"https:\/\/www.musikkapelle-latzfons.it\/index.php\/der-vorstand\/","og_site_name":"Musikkapelle Latzfons","article_modified_time":"2025-07-19T04:26:12+00:00","og_image":[{"width":567,"height":794,"url":"https:\/\/www.musikkapelle-latzfons.it\/wp-content\/uploads\/2022\/05\/Josef_Pfattner.png","type":"image\/png"}],"twitter_card":"summary_large_image","twitter_misc":{"Gesch\u00e4tzte Lesezeit":"5\u00a0Minuten"},"schema":{"@context":"https:\/\/schema.org","@graph":[{"@type":"WebPage","@id":"https:\/\/www.musikkapelle-latzfons.it\/index.php\/der-vorstand\/","url":"https:\/\/www.musikkapelle-latzfons.it\/index.php\/der-vorstand\/","name":"Der Vorstand - Musikkapelle Latzfons","isPartOf":{"@id":"https:\/\/www.musikkapelle-latzfons.it\/#website"},"primaryImageOfPage":{"@id":"https:\/\/www.musikkapelle-latzfons.it\/index.php\/der-vorstand\/#primaryimage"},"image":{"@id":"https:\/\/www.musikkapelle-latzfons.it\/index.php\/der-vorstand\/#primaryimage"},"thumbnailUrl":"https:\/\/www.musikkapelle-latzfons.it\/wp-content\/uploads\/2022\/05\/Josef_Pfattner.png","datePublished":"2022-03-08T15:59:45+00:00","dateModified":"2025-07-19T04:26:12+00:00","breadcrumb":{"@id":"https:\/\/www.musikkapelle-latzfons.it\/index.php\/der-vorstand\/#breadcrumb"},"inLanguage":"de","potentialAction":[{"@type":"ReadAction","target":["https:\/\/www.musikkapelle-latzfons.it\/index.php\/der-vorstand\/"]}]},{"@type":"ImageObject","inLanguage":"de","@id":"https:\/\/www.musikkapelle-latzfons.it\/index.php\/der-vorstand\/#primaryimage","url":"https:\/\/www.musikkapelle-latzfons.it\/wp-content\/uploads\/2022\/05\/Josef_Pfattner.png","contentUrl":"https:\/\/www.musikkapelle-latzfons.it\/wp-content\/uploads\/2022\/05\/Josef_Pfattner.png","width":567,"height":794},{"@type":"BreadcrumbList","@id":"https:\/\/www.musikkapelle-latzfons.it\/index.php\/der-vorstand\/#breadcrumb","itemListElement":[{"@type":"ListItem","position":1,"name":"Startseite","item":"https:\/\/www.musikkapelle-latzfons.it\/"},{"@type":"ListItem","position":2,"name":"Der Vorstand"}]},{"@type":"WebSite","@id":"https:\/\/www.musikkapelle-latzfons.it\/#website","url":"https:\/\/www.musikkapelle-latzfons.it\/","name":"Musikkapelle Latzfons","description":"Das Beste in der Musik steht nicht in den Noten.","publisher":{"@id":"https:\/\/www.musikkapelle-latzfons.it\/#organization"},"potentialAction":[{"@type":"SearchAction","target":{"@type":"EntryPoint","urlTemplate":"https:\/\/www.musikkapelle-latzfons.it\/?s={search_term_string}"},"query-input":{"@type":"PropertyValueSpecification","valueRequired":true,"valueName":"search_term_string"}}],"inLanguage":"de"},{"@type":"Organization","@id":"https:\/\/www.musikkapelle-latzfons.it\/#organization","name":"Musikkapelle Latzfons","alternateName":"Mk Latzfons","url":"https:\/\/www.musikkapelle-latzfons.it\/","logo":{"@type":"ImageObject","inLanguage":"de","@id":"https:\/\/www.musikkapelle-latzfons.it\/#\/schema\/logo\/image\/","url":"https:\/\/www.musikkapelle-latzfons.it\/wp-content\/uploads\/2022\/03\/cropped-cropped-Logo_neu-1.png","contentUrl":"https:\/\/www.musikkapelle-latzfons.it\/wp-content\/uploads\/2022\/03\/cropped-cropped-Logo_neu-1.png","width":512,"height":512,"caption":"Musikkapelle Latzfons"},"image":{"@id":"https:\/\/www.musikkapelle-latzfons.it\/#\/schema\/logo\/image\/"}}]}},"_links":{"self":[{"href":"https:\/\/www.musikkapelle-latzfons.it\/index.php\/wp-json\/wp\/v2\/pages\/533","targetHints":{"allow":["GET"]}}],"collection":[{"href":"https:\/\/www.musikkapelle-latzfons.it\/index.php\/wp-json\/wp\/v2\/pages"}],"about":[{"href":"https:\/\/www.musikkapelle-latzfons.it\/index.php\/wp-json\/wp\/v2\/types\/page"}],"author":[{"embeddable":true,"href":"https:\/\/www.musikkapelle-latzfons.it\/index.php\/wp-json\/wp\/v2\/users\/1"}],"replies":[{"embeddable":true,"href":"https:\/\/www.musikkapelle-latzfons.it\/index.php\/wp-json\/wp\/v2\/comments?post=533"}],"version-history":[{"count":250,"href":"https:\/\/www.musikkapelle-latzfons.it\/index.php\/wp-json\/wp\/v2\/pages\/533\/revisions"}],"predecessor-version":[{"id":4764,"href":"https:\/\/www.musikkapelle-latzfons.it\/index.php\/wp-json\/wp\/v2\/pages\/533\/revisions\/4764"}],"wp:attachment":[{"href":"https:\/\/www.musikkapelle-latzfons.it\/index.php\/wp-json\/wp\/v2\/media?parent=533"}],"curies":[{"name":"wp","href":"https:\/\/api.w.org\/{rel}","templated":true}]}}