{"id":2680,"date":"2022-05-05T15:57:30","date_gmt":"2022-05-05T13:57:30","guid":{"rendered":"https:\/\/www.musikkapelle-latzfons.it\/?page_id=2680"},"modified":"2022-12-29T17:25:58","modified_gmt":"2022-12-29T16:25:58","slug":"aktuelles","status":"publish","type":"page","link":"https:\/\/www.musikkapelle-latzfons.it\/index.php\/aktuelles\/","title":{"rendered":"Aktuelles"},"content":{"rendered":"\t\t<div data-elementor-type=\"wp-page\" data-elementor-id=\"2680\" class=\"elementor elementor-2680\">\n\t\t\t\t\t\t<section class=\"elementor-section elementor-top-section elementor-element elementor-element-546f600 elementor-section-full_width elementor-section-height-min-height elementor-section-stretched elementor-section-height-default elementor-section-items-middle\" data-id=\"546f600\" data-element_type=\"section\" data-settings=\"{&quot;stretch_section&quot;:&quot;section-stretched&quot;}\">\n\t\t\t\t\t\t\t<div class=\"elementor-background-overlay\"><\/div>\n\t\t\t\t\t\t\t<div class=\"elementor-container elementor-column-gap-default\">\n\t\t\t\t\t<div class=\"elementor-column elementor-col-100 elementor-top-column elementor-element elementor-element-38b260b\" data-id=\"38b260b\" data-element_type=\"column\">\n\t\t\t<div class=\"elementor-widget-wrap elementor-element-populated\">\n\t\t\t\t\t\t<div class=\"elementor-element elementor-element-8f8e4d2 elementor-widget elementor-widget-heading\" data-id=\"8f8e4d2\" data-element_type=\"widget\" data-widget_type=\"heading.default\">\n\t\t\t\t<div class=\"elementor-widget-container\">\n\t\t\t\t\t<h2 class=\"elementor-heading-title elementor-size-default\">27. Dezember 2022<\/h2>\t\t\t\t<\/div>\n\t\t\t\t<\/div>\n\t\t\t\t\t<\/div>\n\t\t<\/div>\n\t\t\t\t\t<\/div>\n\t\t<\/section>\n\t\t\t\t<section class=\"elementor-section elementor-top-section elementor-element elementor-element-44ebaa8 elementor-section-full_width elementor-section-height-min-height elementor-section-stretched elementor-section-height-default elementor-section-items-middle\" data-id=\"44ebaa8\" data-element_type=\"section\" data-settings=\"{&quot;stretch_section&quot;:&quot;section-stretched&quot;}\">\n\t\t\t\t\t\t\t<div class=\"elementor-background-overlay\"><\/div>\n\t\t\t\t\t\t\t<div class=\"elementor-container elementor-column-gap-default\">\n\t\t\t\t\t<div class=\"elementor-column elementor-col-100 elementor-top-column elementor-element elementor-element-23d10cf\" data-id=\"23d10cf\" data-element_type=\"column\">\n\t\t\t<div class=\"elementor-widget-wrap elementor-element-populated\">\n\t\t\t\t\t\t<div class=\"elementor-element elementor-element-e50f0e6 elementor-widget elementor-widget-heading\" data-id=\"e50f0e6\" data-element_type=\"widget\" data-widget_type=\"heading.default\">\n\t\t\t\t<div class=\"elementor-widget-container\">\n\t\t\t\t\t<h2 class=\"elementor-heading-title elementor-size-default\">Neujahrw\u00fcnschen in Garn\/Verdings\/Pardell<\/h2>\t\t\t\t<\/div>\n\t\t\t\t<\/div>\n\t\t\t\t\t<\/div>\n\t\t<\/div>\n\t\t\t\t\t<\/div>\n\t\t<\/section>\n\t\t\t\t<section class=\"elementor-section elementor-top-section elementor-element elementor-element-cd0336e elementor-section-height-min-height elementor-section-stretched elementor-section-full_width elementor-section-height-default elementor-section-items-middle\" data-id=\"cd0336e\" data-element_type=\"section\" data-settings=\"{&quot;stretch_section&quot;:&quot;section-stretched&quot;,&quot;background_background&quot;:&quot;classic&quot;}\">\n\t\t\t\t\t\t<div class=\"elementor-container elementor-column-gap-default\">\n\t\t\t\t\t<div class=\"elementor-column elementor-col-100 elementor-top-column elementor-element elementor-element-499f3f7\" data-id=\"499f3f7\" data-element_type=\"column\">\n\t\t\t<div class=\"elementor-widget-wrap\">\n\t\t\t\t\t\t\t<\/div>\n\t\t<\/div>\n\t\t\t\t\t<\/div>\n\t\t<\/section>\n\t\t\t\t<section class=\"elementor-section elementor-top-section elementor-element elementor-element-b60fb54 elementor-section-full_width elementor-section-height-default elementor-section-height-default\" data-id=\"b60fb54\" data-element_type=\"section\">\n\t\t\t\t\t\t<div class=\"elementor-container elementor-column-gap-default\">\n\t\t\t\t\t<div class=\"elementor-column elementor-col-100 elementor-top-column elementor-element elementor-element-8aae7bc\" data-id=\"8aae7bc\" data-element_type=\"column\">\n\t\t\t<div class=\"elementor-widget-wrap elementor-element-populated\">\n\t\t\t\t\t\t<div class=\"elementor-element elementor-element-e6ce2f5 elementor-widget elementor-widget-heading\" data-id=\"e6ce2f5\" data-element_type=\"widget\" data-widget_type=\"heading.default\">\n\t\t\t\t<div class=\"elementor-widget-container\">\n\t\t\t\t\t<h2 class=\"elementor-heading-title elementor-size-default\">F\u00fcnf Gruppen ziehen spielend von Haus zu Haus um die Neujahrsw\u00fcnsche f\u00fcr das Jahr 2023 zu \u00fcberbringen. Dieses Jahr in Garn, Verdings und Pardell, n\u00e4chstes Jahr besuchen die Gruppen wieder Latzfons.<\/h2>\t\t\t\t<\/div>\n\t\t\t\t<\/div>\n\t\t\t\t\t<\/div>\n\t\t<\/div>\n\t\t\t\t\t<\/div>\n\t\t<\/section>\n\t\t\t\t<section class=\"elementor-section elementor-top-section elementor-element elementor-element-c0e40a4 elementor-section-full_width elementor-section-height-min-height elementor-section-stretched elementor-section-height-default elementor-section-items-middle\" data-id=\"c0e40a4\" data-element_type=\"section\" data-settings=\"{&quot;stretch_section&quot;:&quot;section-stretched&quot;}\">\n\t\t\t\t\t\t<div class=\"elementor-container elementor-column-gap-wider\">\n\t\t\t\t\t<div class=\"elementor-column elementor-col-100 elementor-top-column elementor-element elementor-element-c5244a5\" data-id=\"c5244a5\" data-element_type=\"column\">\n\t\t\t<div class=\"elementor-widget-wrap elementor-element-populated\">\n\t\t\t\t\t\t<div class=\"elementor-element elementor-element-1c26591 elementor-widget elementor-widget-image\" data-id=\"1c26591\" data-element_type=\"widget\" data-widget_type=\"image.default\">\n\t\t\t\t<div class=\"elementor-widget-container\">\n\t\t\t\t\t\t\t\t\t\t\t\t\t\t\t<img fetchpriority=\"high\" decoding=\"async\" width=\"1024\" height=\"576\" src=\"https:\/\/www.musikkapelle-latzfons.it\/wp-content\/uploads\/2022\/12\/WhatsApp-Image-2022-12-27-at-17.43.10-1024x576.jpeg\" class=\"attachment-large size-large wp-image-3537\" alt=\"\" srcset=\"https:\/\/www.musikkapelle-latzfons.it\/wp-content\/uploads\/2022\/12\/WhatsApp-Image-2022-12-27-at-17.43.10-1024x576.jpeg 1024w, https:\/\/www.musikkapelle-latzfons.it\/wp-content\/uploads\/2022\/12\/WhatsApp-Image-2022-12-27-at-17.43.10-300x169.jpeg 300w, https:\/\/www.musikkapelle-latzfons.it\/wp-content\/uploads\/2022\/12\/WhatsApp-Image-2022-12-27-at-17.43.10-768x432.jpeg 768w, https:\/\/www.musikkapelle-latzfons.it\/wp-content\/uploads\/2022\/12\/WhatsApp-Image-2022-12-27-at-17.43.10-1536x864.jpeg 1536w, https:\/\/www.musikkapelle-latzfons.it\/wp-content\/uploads\/2022\/12\/WhatsApp-Image-2022-12-27-at-17.43.10-800x450.jpeg 800w, https:\/\/www.musikkapelle-latzfons.it\/wp-content\/uploads\/2022\/12\/WhatsApp-Image-2022-12-27-at-17.43.10.jpeg 2000w\" sizes=\"(max-width: 1024px) 100vw, 1024px\" \/>\t\t\t\t\t\t\t\t\t\t\t\t\t\t\t<\/div>\n\t\t\t\t<\/div>\n\t\t\t\t\t<\/div>\n\t\t<\/div>\n\t\t\t\t\t<\/div>\n\t\t<\/section>\n\t\t\t\t<section class=\"elementor-section elementor-top-section elementor-element elementor-element-4a07e15 elementor-section-full_width elementor-section-height-min-height elementor-section-stretched elementor-section-height-default elementor-section-items-middle\" data-id=\"4a07e15\" data-element_type=\"section\" data-settings=\"{&quot;stretch_section&quot;:&quot;section-stretched&quot;}\">\n\t\t\t\t\t\t<div class=\"elementor-container elementor-column-gap-wider\">\n\t\t\t\t\t<div class=\"elementor-column elementor-col-100 elementor-top-column elementor-element elementor-element-e3941fb\" data-id=\"e3941fb\" data-element_type=\"column\">\n\t\t\t<div class=\"elementor-widget-wrap elementor-element-populated\">\n\t\t\t\t\t\t<div class=\"elementor-element elementor-element-3e4e085 elementor-widget elementor-widget-image\" data-id=\"3e4e085\" data-element_type=\"widget\" data-widget_type=\"image.default\">\n\t\t\t\t<div class=\"elementor-widget-container\">\n\t\t\t\t\t\t\t\t\t\t\t\t\t\t\t<img decoding=\"async\" width=\"1024\" height=\"576\" src=\"https:\/\/www.musikkapelle-latzfons.it\/wp-content\/uploads\/2022\/12\/WhatsApp-Image-2022-12-27-at-14.10.33.jpeg\" class=\"attachment-large size-large wp-image-3535\" alt=\"\" srcset=\"https:\/\/www.musikkapelle-latzfons.it\/wp-content\/uploads\/2022\/12\/WhatsApp-Image-2022-12-27-at-14.10.33.jpeg 1024w, https:\/\/www.musikkapelle-latzfons.it\/wp-content\/uploads\/2022\/12\/WhatsApp-Image-2022-12-27-at-14.10.33-300x169.jpeg 300w, https:\/\/www.musikkapelle-latzfons.it\/wp-content\/uploads\/2022\/12\/WhatsApp-Image-2022-12-27-at-14.10.33-768x432.jpeg 768w, https:\/\/www.musikkapelle-latzfons.it\/wp-content\/uploads\/2022\/12\/WhatsApp-Image-2022-12-27-at-14.10.33-800x450.jpeg 800w\" sizes=\"(max-width: 1024px) 100vw, 1024px\" \/>\t\t\t\t\t\t\t\t\t\t\t\t\t\t\t<\/div>\n\t\t\t\t<\/div>\n\t\t\t\t\t<\/div>\n\t\t<\/div>\n\t\t\t\t\t<\/div>\n\t\t<\/section>\n\t\t\t\t<section class=\"elementor-section elementor-top-section elementor-element elementor-element-40be343 elementor-section-full_width elementor-section-height-min-height elementor-section-stretched elementor-section-height-default elementor-section-items-middle\" data-id=\"40be343\" data-element_type=\"section\" data-settings=\"{&quot;stretch_section&quot;:&quot;section-stretched&quot;}\">\n\t\t\t\t\t\t<div class=\"elementor-container elementor-column-gap-wider\">\n\t\t\t\t\t<div class=\"elementor-column elementor-col-100 elementor-top-column elementor-element elementor-element-1768302\" data-id=\"1768302\" data-element_type=\"column\">\n\t\t\t<div class=\"elementor-widget-wrap elementor-element-populated\">\n\t\t\t\t\t\t<div class=\"elementor-element elementor-element-c3cee79 elementor-widget elementor-widget-image\" data-id=\"c3cee79\" data-element_type=\"widget\" data-widget_type=\"image.default\">\n\t\t\t\t<div class=\"elementor-widget-container\">\n\t\t\t\t\t\t\t\t\t\t\t\t\t\t\t<img decoding=\"async\" width=\"1024\" height=\"768\" src=\"https:\/\/www.musikkapelle-latzfons.it\/wp-content\/uploads\/2022\/12\/WhatsApp-Image-2022-12-27-at-14.12.24.jpeg\" class=\"attachment-large size-large wp-image-3536\" alt=\"\" srcset=\"https:\/\/www.musikkapelle-latzfons.it\/wp-content\/uploads\/2022\/12\/WhatsApp-Image-2022-12-27-at-14.12.24.jpeg 1024w, https:\/\/www.musikkapelle-latzfons.it\/wp-content\/uploads\/2022\/12\/WhatsApp-Image-2022-12-27-at-14.12.24-300x225.jpeg 300w, https:\/\/www.musikkapelle-latzfons.it\/wp-content\/uploads\/2022\/12\/WhatsApp-Image-2022-12-27-at-14.12.24-768x576.jpeg 768w\" sizes=\"(max-width: 1024px) 100vw, 1024px\" \/>\t\t\t\t\t\t\t\t\t\t\t\t\t\t\t<\/div>\n\t\t\t\t<\/div>\n\t\t\t\t\t<\/div>\n\t\t<\/div>\n\t\t\t\t\t<\/div>\n\t\t<\/section>\n\t\t\t\t<section class=\"elementor-section elementor-top-section elementor-element elementor-element-304665f elementor-section-full_width elementor-section-height-min-height elementor-section-stretched elementor-section-height-default elementor-section-items-middle\" data-id=\"304665f\" data-element_type=\"section\" data-settings=\"{&quot;stretch_section&quot;:&quot;section-stretched&quot;}\">\n\t\t\t\t\t\t<div class=\"elementor-container elementor-column-gap-wider\">\n\t\t\t\t\t<div class=\"elementor-column elementor-col-100 elementor-top-column elementor-element elementor-element-4217bc7\" data-id=\"4217bc7\" data-element_type=\"column\">\n\t\t\t<div class=\"elementor-widget-wrap elementor-element-populated\">\n\t\t\t\t\t\t<div class=\"elementor-element elementor-element-1a515d0 elementor-widget elementor-widget-image\" data-id=\"1a515d0\" data-element_type=\"widget\" data-widget_type=\"image.default\">\n\t\t\t\t<div class=\"elementor-widget-container\">\n\t\t\t\t\t\t\t\t\t\t\t\t\t\t\t<img loading=\"lazy\" decoding=\"async\" width=\"1024\" height=\"497\" src=\"https:\/\/www.musikkapelle-latzfons.it\/wp-content\/uploads\/2022\/12\/WhatsApp-Image-2022-12-27-at-12.49.11-1024x497.jpeg\" class=\"attachment-large size-large wp-image-3534\" alt=\"\" srcset=\"https:\/\/www.musikkapelle-latzfons.it\/wp-content\/uploads\/2022\/12\/WhatsApp-Image-2022-12-27-at-12.49.11-1024x497.jpeg 1024w, https:\/\/www.musikkapelle-latzfons.it\/wp-content\/uploads\/2022\/12\/WhatsApp-Image-2022-12-27-at-12.49.11-300x146.jpeg 300w, https:\/\/www.musikkapelle-latzfons.it\/wp-content\/uploads\/2022\/12\/WhatsApp-Image-2022-12-27-at-12.49.11-768x373.jpeg 768w, https:\/\/www.musikkapelle-latzfons.it\/wp-content\/uploads\/2022\/12\/WhatsApp-Image-2022-12-27-at-12.49.11-1536x746.jpeg 1536w, https:\/\/www.musikkapelle-latzfons.it\/wp-content\/uploads\/2022\/12\/WhatsApp-Image-2022-12-27-at-12.49.11.jpeg 1600w\" sizes=\"(max-width: 1024px) 100vw, 1024px\" \/>\t\t\t\t\t\t\t\t\t\t\t\t\t\t\t<\/div>\n\t\t\t\t<\/div>\n\t\t\t\t\t<\/div>\n\t\t<\/div>\n\t\t\t\t\t<\/div>\n\t\t<\/section>\n\t\t\t\t<section class=\"elementor-section elementor-top-section elementor-element elementor-element-5f3744d elementor-section-boxed elementor-section-height-default elementor-section-height-default\" data-id=\"5f3744d\" data-element_type=\"section\">\n\t\t\t\t\t\t<div class=\"elementor-container elementor-column-gap-default\">\n\t\t\t\t\t<div class=\"elementor-column elementor-col-100 elementor-top-column elementor-element elementor-element-ac7bfae\" data-id=\"ac7bfae\" data-element_type=\"column\">\n\t\t\t<div class=\"elementor-widget-wrap elementor-element-populated\">\n\t\t\t\t\t\t<div class=\"elementor-element elementor-element-046c301 elementor-widget elementor-widget-spacer\" data-id=\"046c301\" data-element_type=\"widget\" data-widget_type=\"spacer.default\">\n\t\t\t\t<div class=\"elementor-widget-container\">\n\t\t\t\t\t\t\t<div class=\"elementor-spacer\">\n\t\t\t<div class=\"elementor-spacer-inner\"><\/div>\n\t\t<\/div>\n\t\t\t\t\t\t<\/div>\n\t\t\t\t<\/div>\n\t\t\t\t\t<\/div>\n\t\t<\/div>\n\t\t\t\t\t<\/div>\n\t\t<\/section>\n\t\t\t\t<section class=\"elementor-section elementor-top-section elementor-element elementor-element-a799857 elementor-section-full_width elementor-section-height-min-height elementor-section-stretched elementor-section-height-default elementor-section-items-middle\" data-id=\"a799857\" data-element_type=\"section\" data-settings=\"{&quot;stretch_section&quot;:&quot;section-stretched&quot;}\">\n\t\t\t\t\t\t\t<div class=\"elementor-background-overlay\"><\/div>\n\t\t\t\t\t\t\t<div class=\"elementor-container elementor-column-gap-default\">\n\t\t\t\t\t<div class=\"elementor-column elementor-col-100 elementor-top-column elementor-element elementor-element-8c1e7f7\" data-id=\"8c1e7f7\" data-element_type=\"column\">\n\t\t\t<div class=\"elementor-widget-wrap elementor-element-populated\">\n\t\t\t\t\t\t<div class=\"elementor-element elementor-element-c4b9bfe elementor-widget elementor-widget-heading\" data-id=\"c4b9bfe\" data-element_type=\"widget\" data-widget_type=\"heading.default\">\n\t\t\t\t<div class=\"elementor-widget-container\">\n\t\t\t\t\t<h2 class=\"elementor-heading-title elementor-size-default\">24. Dezember 2022<\/h2>\t\t\t\t<\/div>\n\t\t\t\t<\/div>\n\t\t\t\t\t<\/div>\n\t\t<\/div>\n\t\t\t\t\t<\/div>\n\t\t<\/section>\n\t\t\t\t<section class=\"elementor-section elementor-top-section elementor-element elementor-element-5fc7a0b elementor-section-full_width elementor-section-height-min-height elementor-section-stretched elementor-section-height-default elementor-section-items-middle\" data-id=\"5fc7a0b\" data-element_type=\"section\" data-settings=\"{&quot;stretch_section&quot;:&quot;section-stretched&quot;}\">\n\t\t\t\t\t\t\t<div class=\"elementor-background-overlay\"><\/div>\n\t\t\t\t\t\t\t<div class=\"elementor-container elementor-column-gap-default\">\n\t\t\t\t\t<div class=\"elementor-column elementor-col-100 elementor-top-column elementor-element elementor-element-4ba46e4\" data-id=\"4ba46e4\" data-element_type=\"column\">\n\t\t\t<div class=\"elementor-widget-wrap elementor-element-populated\">\n\t\t\t\t\t\t<div class=\"elementor-element elementor-element-0c94939 elementor-widget elementor-widget-heading\" data-id=\"0c94939\" data-element_type=\"widget\" data-widget_type=\"heading.default\">\n\t\t\t\t<div class=\"elementor-widget-container\">\n\t\t\t\t\t<h2 class=\"elementor-heading-title elementor-size-default\">Junge Turmbl\u00e4ser spielen Stille Nacht<\/h2>\t\t\t\t<\/div>\n\t\t\t\t<\/div>\n\t\t\t\t\t<\/div>\n\t\t<\/div>\n\t\t\t\t\t<\/div>\n\t\t<\/section>\n\t\t\t\t<section class=\"elementor-section elementor-top-section elementor-element elementor-element-00ba798 elementor-section-height-min-height elementor-section-stretched elementor-section-full_width elementor-section-height-default elementor-section-items-middle\" data-id=\"00ba798\" data-element_type=\"section\" data-settings=\"{&quot;stretch_section&quot;:&quot;section-stretched&quot;,&quot;background_background&quot;:&quot;classic&quot;}\">\n\t\t\t\t\t\t<div class=\"elementor-container elementor-column-gap-default\">\n\t\t\t\t\t<div class=\"elementor-column elementor-col-100 elementor-top-column elementor-element elementor-element-eea3e20\" data-id=\"eea3e20\" data-element_type=\"column\">\n\t\t\t<div class=\"elementor-widget-wrap\">\n\t\t\t\t\t\t\t<\/div>\n\t\t<\/div>\n\t\t\t\t\t<\/div>\n\t\t<\/section>\n\t\t\t\t<section class=\"elementor-section elementor-top-section elementor-element elementor-element-21e27f6 elementor-section-full_width elementor-section-height-default elementor-section-height-default\" data-id=\"21e27f6\" data-element_type=\"section\">\n\t\t\t\t\t\t<div class=\"elementor-container elementor-column-gap-default\">\n\t\t\t\t\t<div class=\"elementor-column elementor-col-100 elementor-top-column elementor-element elementor-element-6057e35\" data-id=\"6057e35\" data-element_type=\"column\">\n\t\t\t<div class=\"elementor-widget-wrap elementor-element-populated\">\n\t\t\t\t\t\t<div class=\"elementor-element elementor-element-05972f4 elementor-widget elementor-widget-heading\" data-id=\"05972f4\" data-element_type=\"widget\" data-widget_type=\"heading.default\">\n\t\t\t\t<div class=\"elementor-widget-container\">\n\t\t\t\t\t<h2 class=\"elementor-heading-title elementor-size-default\">F\u00fcnf junge Musikanten spielen traditionell nach der Christmette das Stille Nacht auf dem Turm der Pfarrkirche von Latzfons. v.l.n.r.: Valentin, Damian, Michael, Hannes und Silas.<\/h2>\t\t\t\t<\/div>\n\t\t\t\t<\/div>\n\t\t\t\t\t<\/div>\n\t\t<\/div>\n\t\t\t\t\t<\/div>\n\t\t<\/section>\n\t\t\t\t<section class=\"elementor-section elementor-top-section elementor-element elementor-element-d4f934f elementor-section-boxed elementor-section-height-default elementor-section-height-default\" data-id=\"d4f934f\" data-element_type=\"section\">\n\t\t\t\t\t\t<div class=\"elementor-container elementor-column-gap-default\">\n\t\t\t\t\t<div class=\"elementor-column elementor-col-100 elementor-top-column elementor-element elementor-element-d0ae147\" data-id=\"d0ae147\" data-element_type=\"column\">\n\t\t\t<div class=\"elementor-widget-wrap elementor-element-populated\">\n\t\t\t\t\t\t<div class=\"elementor-element elementor-element-ef8c070 elementor-widget elementor-widget-spacer\" data-id=\"ef8c070\" data-element_type=\"widget\" data-widget_type=\"spacer.default\">\n\t\t\t\t<div class=\"elementor-widget-container\">\n\t\t\t\t\t\t\t<div class=\"elementor-spacer\">\n\t\t\t<div class=\"elementor-spacer-inner\"><\/div>\n\t\t<\/div>\n\t\t\t\t\t\t<\/div>\n\t\t\t\t<\/div>\n\t\t\t\t\t<\/div>\n\t\t<\/div>\n\t\t\t\t\t<\/div>\n\t\t<\/section>\n\t\t\t\t<section class=\"elementor-section elementor-top-section elementor-element elementor-element-255f719 elementor-section-full_width elementor-section-height-min-height elementor-section-stretched elementor-section-height-default elementor-section-items-middle\" data-id=\"255f719\" data-element_type=\"section\" data-settings=\"{&quot;stretch_section&quot;:&quot;section-stretched&quot;}\">\n\t\t\t\t\t\t\t<div class=\"elementor-background-overlay\"><\/div>\n\t\t\t\t\t\t\t<div class=\"elementor-container elementor-column-gap-default\">\n\t\t\t\t\t<div class=\"elementor-column elementor-col-100 elementor-top-column elementor-element elementor-element-b17153d\" data-id=\"b17153d\" data-element_type=\"column\">\n\t\t\t<div class=\"elementor-widget-wrap elementor-element-populated\">\n\t\t\t\t\t\t<div class=\"elementor-element elementor-element-c7ad23a elementor-widget elementor-widget-heading\" data-id=\"c7ad23a\" data-element_type=\"widget\" data-widget_type=\"heading.default\">\n\t\t\t\t<div class=\"elementor-widget-container\">\n\t\t\t\t\t<h2 class=\"elementor-heading-title elementor-size-default\">20. November 2022<\/h2>\t\t\t\t<\/div>\n\t\t\t\t<\/div>\n\t\t\t\t\t<\/div>\n\t\t<\/div>\n\t\t\t\t\t<\/div>\n\t\t<\/section>\n\t\t\t\t<section class=\"elementor-section elementor-top-section elementor-element elementor-element-88df844 elementor-section-full_width elementor-section-height-min-height elementor-section-stretched elementor-section-height-default elementor-section-items-middle\" data-id=\"88df844\" data-element_type=\"section\" data-settings=\"{&quot;stretch_section&quot;:&quot;section-stretched&quot;}\">\n\t\t\t\t\t\t\t<div class=\"elementor-background-overlay\"><\/div>\n\t\t\t\t\t\t\t<div class=\"elementor-container elementor-column-gap-default\">\n\t\t\t\t\t<div class=\"elementor-column elementor-col-100 elementor-top-column elementor-element elementor-element-1e44d19\" data-id=\"1e44d19\" data-element_type=\"column\">\n\t\t\t<div class=\"elementor-widget-wrap elementor-element-populated\">\n\t\t\t\t\t\t<div class=\"elementor-element elementor-element-4349217 elementor-widget elementor-widget-heading\" data-id=\"4349217\" data-element_type=\"widget\" data-widget_type=\"heading.default\">\n\t\t\t\t<div class=\"elementor-widget-container\">\n\t\t\t\t\t<h2 class=\"elementor-heading-title elementor-size-default\">C\u00e4ciliafeier 2022 (Musikkapelle und Chor)<\/h2>\t\t\t\t<\/div>\n\t\t\t\t<\/div>\n\t\t\t\t\t<\/div>\n\t\t<\/div>\n\t\t\t\t\t<\/div>\n\t\t<\/section>\n\t\t\t\t<section class=\"elementor-section elementor-top-section elementor-element elementor-element-b7d0fcc elementor-section-height-min-height elementor-section-stretched elementor-section-full_width elementor-section-height-default elementor-section-items-middle\" data-id=\"b7d0fcc\" data-element_type=\"section\" data-settings=\"{&quot;stretch_section&quot;:&quot;section-stretched&quot;,&quot;background_background&quot;:&quot;classic&quot;}\">\n\t\t\t\t\t\t<div class=\"elementor-container elementor-column-gap-default\">\n\t\t\t\t\t<div class=\"elementor-column elementor-col-100 elementor-top-column elementor-element elementor-element-30de454\" data-id=\"30de454\" data-element_type=\"column\">\n\t\t\t<div class=\"elementor-widget-wrap\">\n\t\t\t\t\t\t\t<\/div>\n\t\t<\/div>\n\t\t\t\t\t<\/div>\n\t\t<\/section>\n\t\t\t\t<section class=\"elementor-section elementor-top-section elementor-element elementor-element-beee8de elementor-section-full_width elementor-section-height-default elementor-section-height-default\" data-id=\"beee8de\" data-element_type=\"section\">\n\t\t\t\t\t\t<div class=\"elementor-container elementor-column-gap-default\">\n\t\t\t\t\t<div class=\"elementor-column elementor-col-100 elementor-top-column elementor-element elementor-element-ef53214\" data-id=\"ef53214\" data-element_type=\"column\">\n\t\t\t<div class=\"elementor-widget-wrap elementor-element-populated\">\n\t\t\t\t\t\t<div class=\"elementor-element elementor-element-90f57fa elementor-widget elementor-widget-heading\" data-id=\"90f57fa\" data-element_type=\"widget\" data-widget_type=\"heading.default\">\n\t\t\t\t<div class=\"elementor-widget-container\">\n\t\t\t\t\t<h2 class=\"elementor-heading-title elementor-size-default\">Wie jedes Jahr feiern die Musikkapelle und der Kirchenchor von Latzfons am letzten Sonntag im Kirchenjahr traditionsgem\u00e4\u00df das Fest der heiligen C\u00e4cilia als Patronin der Musik. Der Festtag am 20. November begann mit dem Gottesdienst und dessen Mitgestaltung um 8.30 Uhr.\nBei der anschlie\u00dfenden Feier im Vereinssaal mit dem gemeinsamen Mittagessen konnten wieder Ehrungen vorgenommen werden. Marianna Gamper und Hildegard Hasler nahmen ihre Ehrenurkunde f\u00fcr 40-j\u00e4hrige gemeinn\u00fctzige T\u00e4tigkeit im Kirchenchor entgegen. Bei der Musikkapelle wurden die Ehrenurkunden an Josef Hasler (Poster Sepp) f\u00fcr 60-j\u00e4hrige Mitgliedschaft und an Renate Unterthiner f\u00fcr 25-j\u00e4hrige Mitgliedschaft \u00fcberreicht. Zum Ehrenmitglied der Musikkapelle wurde Schrott Peter (Thiner Peater) f\u00fcr seinen ehrenamtlichen Einsatz ernannt. Daneben konnten noch zwei Verdienstzeichen \u00fcberreicht werden. Georg Hasler nahm diese f\u00fcr die 20-j\u00e4hrige Kapellmeistert\u00e4tigkeit entgegen und Renate Unterthiner wurde f\u00fcr die 16-j\u00e4hrige T\u00e4tigkeit als Jugendleiterin ausgezeichnet. Allen Geehrten sei auf diesem Wege ein Dank f\u00fcr die ehrenamtliche T\u00e4tigkeit ausgesprochen. \n<\/h2>\t\t\t\t<\/div>\n\t\t\t\t<\/div>\n\t\t\t\t\t<\/div>\n\t\t<\/div>\n\t\t\t\t\t<\/div>\n\t\t<\/section>\n\t\t\t\t<section class=\"elementor-section elementor-top-section elementor-element elementor-element-152d658 elementor-section-full_width elementor-section-height-default elementor-section-height-default\" data-id=\"152d658\" data-element_type=\"section\">\n\t\t\t\t\t\t<div class=\"elementor-container elementor-column-gap-default\">\n\t\t\t\t\t<div class=\"elementor-column elementor-col-50 elementor-top-column elementor-element elementor-element-b98ac6d\" data-id=\"b98ac6d\" data-element_type=\"column\">\n\t\t\t<div class=\"elementor-widget-wrap elementor-element-populated\">\n\t\t\t\t\t\t<div class=\"elementor-element elementor-element-6e6fbe4 elementor-widget elementor-widget-image\" data-id=\"6e6fbe4\" data-element_type=\"widget\" data-widget_type=\"image.default\">\n\t\t\t\t<div class=\"elementor-widget-container\">\n\t\t\t\t\t\t\t\t\t\t\t\t\t\t\t<img loading=\"lazy\" decoding=\"async\" width=\"1024\" height=\"683\" src=\"https:\/\/www.musikkapelle-latzfons.it\/wp-content\/uploads\/2022\/12\/Sepp-1024x683.jpg\" class=\"attachment-large size-large wp-image-3522\" alt=\"\" srcset=\"https:\/\/www.musikkapelle-latzfons.it\/wp-content\/uploads\/2022\/12\/Sepp-1024x683.jpg 1024w, https:\/\/www.musikkapelle-latzfons.it\/wp-content\/uploads\/2022\/12\/Sepp-300x200.jpg 300w, https:\/\/www.musikkapelle-latzfons.it\/wp-content\/uploads\/2022\/12\/Sepp-768x512.jpg 768w, https:\/\/www.musikkapelle-latzfons.it\/wp-content\/uploads\/2022\/12\/Sepp-1536x1024.jpg 1536w, https:\/\/www.musikkapelle-latzfons.it\/wp-content\/uploads\/2022\/12\/Sepp-2048x1365.jpg 2048w\" sizes=\"(max-width: 1024px) 100vw, 1024px\" \/>\t\t\t\t\t\t\t\t\t\t\t\t\t\t\t<\/div>\n\t\t\t\t<\/div>\n\t\t\t\t\t<\/div>\n\t\t<\/div>\n\t\t\t\t<div class=\"elementor-column elementor-col-50 elementor-top-column elementor-element elementor-element-625512c\" data-id=\"625512c\" data-element_type=\"column\">\n\t\t\t<div class=\"elementor-widget-wrap elementor-element-populated\">\n\t\t\t\t\t\t<div class=\"elementor-element elementor-element-e320c30 elementor-widget elementor-widget-image\" data-id=\"e320c30\" data-element_type=\"widget\" data-widget_type=\"image.default\">\n\t\t\t\t<div class=\"elementor-widget-container\">\n\t\t\t\t\t\t\t\t\t\t\t\t<figure class=\"wp-caption\">\n\t\t\t\t\t\t\t\t\t\t<img loading=\"lazy\" decoding=\"async\" width=\"1024\" height=\"683\" src=\"https:\/\/www.musikkapelle-latzfons.it\/wp-content\/uploads\/2022\/12\/Peater-1024x683.jpg\" class=\"attachment-large size-large wp-image-3519\" alt=\"\" srcset=\"https:\/\/www.musikkapelle-latzfons.it\/wp-content\/uploads\/2022\/12\/Peater-1024x683.jpg 1024w, https:\/\/www.musikkapelle-latzfons.it\/wp-content\/uploads\/2022\/12\/Peater-300x200.jpg 300w, https:\/\/www.musikkapelle-latzfons.it\/wp-content\/uploads\/2022\/12\/Peater-768x512.jpg 768w, https:\/\/www.musikkapelle-latzfons.it\/wp-content\/uploads\/2022\/12\/Peater-1536x1024.jpg 1536w, https:\/\/www.musikkapelle-latzfons.it\/wp-content\/uploads\/2022\/12\/Peater.jpg 2022w\" sizes=\"(max-width: 1024px) 100vw, 1024px\" \/>\t\t\t\t\t\t\t\t\t\t\t<figcaption class=\"widget-image-caption wp-caption-text\"><\/figcaption>\n\t\t\t\t\t\t\t\t\t\t<\/figure>\n\t\t\t\t\t\t\t\t\t<\/div>\n\t\t\t\t<\/div>\n\t\t\t\t\t<\/div>\n\t\t<\/div>\n\t\t\t\t\t<\/div>\n\t\t<\/section>\n\t\t\t\t<section class=\"elementor-section elementor-top-section elementor-element elementor-element-8c2a20d elementor-section-full_width elementor-section-height-default elementor-section-height-default\" data-id=\"8c2a20d\" data-element_type=\"section\">\n\t\t\t\t\t\t<div class=\"elementor-container elementor-column-gap-default\">\n\t\t\t\t\t<div class=\"elementor-column elementor-col-50 elementor-top-column elementor-element elementor-element-cc7592a\" data-id=\"cc7592a\" data-element_type=\"column\">\n\t\t\t<div class=\"elementor-widget-wrap elementor-element-populated\">\n\t\t\t\t\t\t<div class=\"elementor-element elementor-element-eb4b029 elementor-widget elementor-widget-image\" data-id=\"eb4b029\" data-element_type=\"widget\" data-widget_type=\"image.default\">\n\t\t\t\t<div class=\"elementor-widget-container\">\n\t\t\t\t\t\t\t\t\t\t\t\t\t\t\t<img loading=\"lazy\" decoding=\"async\" width=\"1024\" height=\"682\" src=\"https:\/\/www.musikkapelle-latzfons.it\/wp-content\/uploads\/2022\/12\/Renate-1024x682.jpg\" class=\"attachment-large size-large wp-image-3521\" alt=\"\" srcset=\"https:\/\/www.musikkapelle-latzfons.it\/wp-content\/uploads\/2022\/12\/Renate-1024x682.jpg 1024w, https:\/\/www.musikkapelle-latzfons.it\/wp-content\/uploads\/2022\/12\/Renate-300x200.jpg 300w, https:\/\/www.musikkapelle-latzfons.it\/wp-content\/uploads\/2022\/12\/Renate-768x512.jpg 768w, https:\/\/www.musikkapelle-latzfons.it\/wp-content\/uploads\/2022\/12\/Renate-1536x1024.jpg 1536w, https:\/\/www.musikkapelle-latzfons.it\/wp-content\/uploads\/2022\/12\/Renate.jpg 1676w\" sizes=\"(max-width: 1024px) 100vw, 1024px\" \/>\t\t\t\t\t\t\t\t\t\t\t\t\t\t\t<\/div>\n\t\t\t\t<\/div>\n\t\t\t\t\t<\/div>\n\t\t<\/div>\n\t\t\t\t<div class=\"elementor-column elementor-col-50 elementor-top-column elementor-element elementor-element-7979234\" data-id=\"7979234\" data-element_type=\"column\">\n\t\t\t<div class=\"elementor-widget-wrap elementor-element-populated\">\n\t\t\t\t\t\t<div class=\"elementor-element elementor-element-358f59e elementor-widget elementor-widget-image\" data-id=\"358f59e\" data-element_type=\"widget\" data-widget_type=\"image.default\">\n\t\t\t\t<div class=\"elementor-widget-container\">\n\t\t\t\t\t\t\t\t\t\t\t\t<figure class=\"wp-caption\">\n\t\t\t\t\t\t\t\t\t\t<img loading=\"lazy\" decoding=\"async\" width=\"1024\" height=\"683\" src=\"https:\/\/www.musikkapelle-latzfons.it\/wp-content\/uploads\/2022\/12\/Georg-1024x683.jpg\" class=\"attachment-large size-large wp-image-3520\" alt=\"\" srcset=\"https:\/\/www.musikkapelle-latzfons.it\/wp-content\/uploads\/2022\/12\/Georg-1024x683.jpg 1024w, https:\/\/www.musikkapelle-latzfons.it\/wp-content\/uploads\/2022\/12\/Georg-300x200.jpg 300w, https:\/\/www.musikkapelle-latzfons.it\/wp-content\/uploads\/2022\/12\/Georg-768x512.jpg 768w, https:\/\/www.musikkapelle-latzfons.it\/wp-content\/uploads\/2022\/12\/Georg-1536x1025.jpg 1536w, https:\/\/www.musikkapelle-latzfons.it\/wp-content\/uploads\/2022\/12\/Georg.jpg 1880w\" sizes=\"(max-width: 1024px) 100vw, 1024px\" \/>\t\t\t\t\t\t\t\t\t\t\t<figcaption class=\"widget-image-caption wp-caption-text\"><\/figcaption>\n\t\t\t\t\t\t\t\t\t\t<\/figure>\n\t\t\t\t\t\t\t\t\t<\/div>\n\t\t\t\t<\/div>\n\t\t\t\t\t<\/div>\n\t\t<\/div>\n\t\t\t\t\t<\/div>\n\t\t<\/section>\n\t\t\t\t<section class=\"elementor-section elementor-top-section elementor-element elementor-element-c84c1bc elementor-section-full_width elementor-section-height-default elementor-section-height-default\" data-id=\"c84c1bc\" data-element_type=\"section\">\n\t\t\t\t\t\t<div class=\"elementor-container elementor-column-gap-default\">\n\t\t\t\t\t<div class=\"elementor-column elementor-col-50 elementor-top-column elementor-element elementor-element-697094f\" data-id=\"697094f\" data-element_type=\"column\">\n\t\t\t<div class=\"elementor-widget-wrap elementor-element-populated\">\n\t\t\t\t\t\t<div class=\"elementor-element elementor-element-c55f9c5 elementor-widget elementor-widget-image\" data-id=\"c55f9c5\" data-element_type=\"widget\" data-widget_type=\"image.default\">\n\t\t\t\t<div class=\"elementor-widget-container\">\n\t\t\t\t\t\t\t\t\t\t\t\t\t\t\t<img loading=\"lazy\" decoding=\"async\" width=\"1024\" height=\"683\" src=\"https:\/\/www.musikkapelle-latzfons.it\/wp-content\/uploads\/2022\/12\/Hildegard-1024x683.jpg\" class=\"attachment-large size-large wp-image-3518\" alt=\"\" srcset=\"https:\/\/www.musikkapelle-latzfons.it\/wp-content\/uploads\/2022\/12\/Hildegard-1024x683.jpg 1024w, https:\/\/www.musikkapelle-latzfons.it\/wp-content\/uploads\/2022\/12\/Hildegard-300x200.jpg 300w, https:\/\/www.musikkapelle-latzfons.it\/wp-content\/uploads\/2022\/12\/Hildegard-768x512.jpg 768w, https:\/\/www.musikkapelle-latzfons.it\/wp-content\/uploads\/2022\/12\/Hildegard-1536x1024.jpg 1536w, https:\/\/www.musikkapelle-latzfons.it\/wp-content\/uploads\/2022\/12\/Hildegard.jpg 1569w\" sizes=\"(max-width: 1024px) 100vw, 1024px\" \/>\t\t\t\t\t\t\t\t\t\t\t\t\t\t\t<\/div>\n\t\t\t\t<\/div>\n\t\t\t\t\t<\/div>\n\t\t<\/div>\n\t\t\t\t<div class=\"elementor-column elementor-col-50 elementor-top-column elementor-element elementor-element-60ffc20\" data-id=\"60ffc20\" data-element_type=\"column\">\n\t\t\t<div class=\"elementor-widget-wrap elementor-element-populated\">\n\t\t\t\t\t\t<div class=\"elementor-element elementor-element-b13bce8 elementor-widget elementor-widget-image\" data-id=\"b13bce8\" data-element_type=\"widget\" data-widget_type=\"image.default\">\n\t\t\t\t<div class=\"elementor-widget-container\">\n\t\t\t\t\t\t\t\t\t\t\t\t<figure class=\"wp-caption\">\n\t\t\t\t\t\t\t\t\t\t<img loading=\"lazy\" decoding=\"async\" width=\"1024\" height=\"683\" src=\"https:\/\/www.musikkapelle-latzfons.it\/wp-content\/uploads\/2022\/12\/Marianna-1024x683.jpg\" class=\"attachment-large size-large wp-image-3516\" alt=\"\" srcset=\"https:\/\/www.musikkapelle-latzfons.it\/wp-content\/uploads\/2022\/12\/Marianna-1024x683.jpg 1024w, https:\/\/www.musikkapelle-latzfons.it\/wp-content\/uploads\/2022\/12\/Marianna-300x200.jpg 300w, https:\/\/www.musikkapelle-latzfons.it\/wp-content\/uploads\/2022\/12\/Marianna-768x512.jpg 768w, https:\/\/www.musikkapelle-latzfons.it\/wp-content\/uploads\/2022\/12\/Marianna-1536x1024.jpg 1536w, https:\/\/www.musikkapelle-latzfons.it\/wp-content\/uploads\/2022\/12\/Marianna.jpg 1597w\" sizes=\"(max-width: 1024px) 100vw, 1024px\" \/>\t\t\t\t\t\t\t\t\t\t\t<figcaption class=\"widget-image-caption wp-caption-text\"><\/figcaption>\n\t\t\t\t\t\t\t\t\t\t<\/figure>\n\t\t\t\t\t\t\t\t\t<\/div>\n\t\t\t\t<\/div>\n\t\t\t\t\t<\/div>\n\t\t<\/div>\n\t\t\t\t\t<\/div>\n\t\t<\/section>\n\t\t\t\t<section class=\"elementor-section elementor-top-section elementor-element elementor-element-5377116 elementor-section-full_width elementor-section-height-min-height elementor-section-stretched elementor-section-height-default elementor-section-items-middle\" data-id=\"5377116\" data-element_type=\"section\" data-settings=\"{&quot;stretch_section&quot;:&quot;section-stretched&quot;}\">\n\t\t\t\t\t\t<div class=\"elementor-container elementor-column-gap-wider\">\n\t\t\t\t\t<div class=\"elementor-column elementor-col-100 elementor-top-column elementor-element elementor-element-6e178e0\" data-id=\"6e178e0\" data-element_type=\"column\">\n\t\t\t<div class=\"elementor-widget-wrap elementor-element-populated\">\n\t\t\t\t\t\t<div class=\"elementor-element elementor-element-85ae54f elementor-widget elementor-widget-image\" data-id=\"85ae54f\" data-element_type=\"widget\" data-widget_type=\"image.default\">\n\t\t\t\t<div class=\"elementor-widget-container\">\n\t\t\t\t\t\t\t\t\t\t\t\t\t\t\t<img loading=\"lazy\" decoding=\"async\" width=\"1024\" height=\"702\" src=\"https:\/\/www.musikkapelle-latzfons.it\/wp-content\/uploads\/2022\/12\/Gruppe-1024x702.jpg\" class=\"attachment-large size-large wp-image-3523\" alt=\"\" srcset=\"https:\/\/www.musikkapelle-latzfons.it\/wp-content\/uploads\/2022\/12\/Gruppe-1024x702.jpg 1024w, https:\/\/www.musikkapelle-latzfons.it\/wp-content\/uploads\/2022\/12\/Gruppe-300x206.jpg 300w, https:\/\/www.musikkapelle-latzfons.it\/wp-content\/uploads\/2022\/12\/Gruppe-768x526.jpg 768w, https:\/\/www.musikkapelle-latzfons.it\/wp-content\/uploads\/2022\/12\/Gruppe.jpg 1233w\" sizes=\"(max-width: 1024px) 100vw, 1024px\" \/>\t\t\t\t\t\t\t\t\t\t\t\t\t\t\t<\/div>\n\t\t\t\t<\/div>\n\t\t\t\t\t<\/div>\n\t\t<\/div>\n\t\t\t\t\t<\/div>\n\t\t<\/section>\n\t\t\t\t<section class=\"elementor-section elementor-top-section elementor-element elementor-element-6c73eb1 elementor-section-boxed elementor-section-height-default elementor-section-height-default\" data-id=\"6c73eb1\" data-element_type=\"section\">\n\t\t\t\t\t\t<div class=\"elementor-container elementor-column-gap-default\">\n\t\t\t\t\t<div class=\"elementor-column elementor-col-100 elementor-top-column elementor-element elementor-element-5b85824\" data-id=\"5b85824\" data-element_type=\"column\">\n\t\t\t<div class=\"elementor-widget-wrap elementor-element-populated\">\n\t\t\t\t\t\t<div class=\"elementor-element elementor-element-ed05342 elementor-widget elementor-widget-spacer\" data-id=\"ed05342\" data-element_type=\"widget\" data-widget_type=\"spacer.default\">\n\t\t\t\t<div class=\"elementor-widget-container\">\n\t\t\t\t\t\t\t<div class=\"elementor-spacer\">\n\t\t\t<div class=\"elementor-spacer-inner\"><\/div>\n\t\t<\/div>\n\t\t\t\t\t\t<\/div>\n\t\t\t\t<\/div>\n\t\t\t\t\t<\/div>\n\t\t<\/div>\n\t\t\t\t\t<\/div>\n\t\t<\/section>\n\t\t\t\t<section class=\"elementor-section elementor-top-section elementor-element elementor-element-2186085 elementor-section-full_width elementor-section-height-min-height elementor-section-stretched elementor-section-height-default elementor-section-items-middle\" data-id=\"2186085\" data-element_type=\"section\" data-settings=\"{&quot;stretch_section&quot;:&quot;section-stretched&quot;}\">\n\t\t\t\t\t\t\t<div class=\"elementor-background-overlay\"><\/div>\n\t\t\t\t\t\t\t<div class=\"elementor-container elementor-column-gap-default\">\n\t\t\t\t\t<div class=\"elementor-column elementor-col-100 elementor-top-column elementor-element elementor-element-b846854\" data-id=\"b846854\" data-element_type=\"column\">\n\t\t\t<div class=\"elementor-widget-wrap elementor-element-populated\">\n\t\t\t\t\t\t<div class=\"elementor-element elementor-element-5214a72 elementor-widget elementor-widget-heading\" data-id=\"5214a72\" data-element_type=\"widget\" data-widget_type=\"heading.default\">\n\t\t\t\t<div class=\"elementor-widget-container\">\n\t\t\t\t\t<h2 class=\"elementor-heading-title elementor-size-default\">15. Oktober 2022<\/h2>\t\t\t\t<\/div>\n\t\t\t\t<\/div>\n\t\t\t\t\t<\/div>\n\t\t<\/div>\n\t\t\t\t\t<\/div>\n\t\t<\/section>\n\t\t\t\t<section class=\"elementor-section elementor-top-section elementor-element elementor-element-e23a6cf elementor-section-full_width elementor-section-height-min-height elementor-section-stretched elementor-section-height-default elementor-section-items-middle\" data-id=\"e23a6cf\" data-element_type=\"section\" data-settings=\"{&quot;stretch_section&quot;:&quot;section-stretched&quot;}\">\n\t\t\t\t\t\t\t<div class=\"elementor-background-overlay\"><\/div>\n\t\t\t\t\t\t\t<div class=\"elementor-container elementor-column-gap-default\">\n\t\t\t\t\t<div class=\"elementor-column elementor-col-100 elementor-top-column elementor-element elementor-element-c7ef0ee\" data-id=\"c7ef0ee\" data-element_type=\"column\">\n\t\t\t<div class=\"elementor-widget-wrap elementor-element-populated\">\n\t\t\t\t\t\t<div class=\"elementor-element elementor-element-0455959 elementor-widget elementor-widget-heading\" data-id=\"0455959\" data-element_type=\"widget\" data-widget_type=\"heading.default\">\n\t\t\t\t<div class=\"elementor-widget-container\">\n\t\t\t\t\t<h2 class=\"elementor-heading-title elementor-size-default\">Gipfelkreuzsegnung auf der Lorenzenspitze<\/h2>\t\t\t\t<\/div>\n\t\t\t\t<\/div>\n\t\t\t\t\t<\/div>\n\t\t<\/div>\n\t\t\t\t\t<\/div>\n\t\t<\/section>\n\t\t\t\t<section class=\"elementor-section elementor-top-section elementor-element elementor-element-3211809 elementor-section-full_width elementor-section-stretched elementor-section-height-default elementor-section-height-default\" data-id=\"3211809\" data-element_type=\"section\" data-settings=\"{&quot;stretch_section&quot;:&quot;section-stretched&quot;}\">\n\t\t\t\t\t\t<div class=\"elementor-container elementor-column-gap-default\">\n\t\t\t\t\t<div class=\"elementor-column elementor-col-100 elementor-top-column elementor-element elementor-element-5f56e5e\" data-id=\"5f56e5e\" data-element_type=\"column\">\n\t\t\t<div class=\"elementor-widget-wrap elementor-element-populated\">\n\t\t\t\t\t\t<div class=\"elementor-element elementor-element-6c3e52c elementor-widget elementor-widget-video\" data-id=\"6c3e52c\" data-element_type=\"widget\" data-settings=\"{&quot;video_type&quot;:&quot;hosted&quot;,&quot;autoplay&quot;:&quot;yes&quot;,&quot;play_on_mobile&quot;:&quot;yes&quot;,&quot;mute&quot;:&quot;yes&quot;,&quot;loop&quot;:&quot;yes&quot;,&quot;controls&quot;:&quot;yes&quot;}\" data-widget_type=\"video.default\">\n\t\t\t\t<div class=\"elementor-widget-container\">\n\t\t\t\t\t\t\t<div class=\"e-hosted-video elementor-wrapper elementor-open-inline\">\n\t\t\t\t\t<video class=\"elementor-video\" src=\"https:\/\/musikkapelle-latzfons.it\/Dateien\/Lorenzen_Website.mp4\" autoplay=\"\" loop=\"\" controls=\"\" muted=\"muted\" playsinline=\"\" controlsList=\"nodownload\"><\/video>\n\t\t\t\t<\/div>\n\t\t\t\t\t\t<\/div>\n\t\t\t\t<\/div>\n\t\t\t\t\t<\/div>\n\t\t<\/div>\n\t\t\t\t\t<\/div>\n\t\t<\/section>\n\t\t\t\t<section class=\"elementor-section elementor-top-section elementor-element elementor-element-f21a3e6 elementor-section-full_width elementor-section-height-default elementor-section-height-default\" data-id=\"f21a3e6\" data-element_type=\"section\">\n\t\t\t\t\t\t<div class=\"elementor-container elementor-column-gap-default\">\n\t\t\t\t\t<div class=\"elementor-column elementor-col-100 elementor-top-column elementor-element elementor-element-8e8c187\" data-id=\"8e8c187\" data-element_type=\"column\">\n\t\t\t<div class=\"elementor-widget-wrap elementor-element-populated\">\n\t\t\t\t\t\t<div class=\"elementor-element elementor-element-c35de31 elementor-widget elementor-widget-heading\" data-id=\"c35de31\" data-element_type=\"widget\" data-widget_type=\"heading.default\">\n\t\t\t\t<div class=\"elementor-widget-container\">\n\t\t\t\t\t<h2 class=\"elementor-heading-title elementor-size-default\">Eine Bl\u00e4sergruppe spielt bei der Segnung des neuen Gipfelkreuzes auf der Lorenzenspitze. Trotz nicht sehr einladendem Wetter folgen viele der Einladung. Die Segnung wird vom neuen Pfarrer Michael Lezuo vorgenommen. Sepp Oberrauch (Peaterer Sepp), der sich f\u00fcr die Neuerrichtung des Kreuzes eingesetzt hat, erz\u00e4hlt in seiner Willkommensrede wie es dazu gekommen ist und die Witwe des Bieler Luis, Hanni Torggler tr\u00e4gt ein paar selbst geschriebene Zeilen vor. Anschlie\u00dfend ist die Bl\u00e4sergruppe zur Marende bei der Klausner H\u00fctte eingeladen.<\/h2>\t\t\t\t<\/div>\n\t\t\t\t<\/div>\n\t\t\t\t\t<\/div>\n\t\t<\/div>\n\t\t\t\t\t<\/div>\n\t\t<\/section>\n\t\t\t\t<section class=\"elementor-section elementor-top-section elementor-element elementor-element-b2bf5bd elementor-section-height-min-height elementor-section-stretched elementor-section-full_width elementor-section-height-default elementor-section-items-middle\" data-id=\"b2bf5bd\" data-element_type=\"section\" data-settings=\"{&quot;stretch_section&quot;:&quot;section-stretched&quot;,&quot;background_background&quot;:&quot;classic&quot;}\">\n\t\t\t\t\t\t<div class=\"elementor-container elementor-column-gap-default\">\n\t\t\t\t\t<div class=\"elementor-column elementor-col-100 elementor-top-column elementor-element elementor-element-9be6805\" data-id=\"9be6805\" data-element_type=\"column\">\n\t\t\t<div class=\"elementor-widget-wrap\">\n\t\t\t\t\t\t\t<\/div>\n\t\t<\/div>\n\t\t\t\t\t<\/div>\n\t\t<\/section>\n\t\t\t\t<section class=\"elementor-section elementor-top-section elementor-element elementor-element-4928ab0 elementor-section-boxed elementor-section-height-default elementor-section-height-default\" data-id=\"4928ab0\" data-element_type=\"section\">\n\t\t\t\t\t\t<div class=\"elementor-container elementor-column-gap-default\">\n\t\t\t\t\t<div class=\"elementor-column elementor-col-100 elementor-top-column elementor-element elementor-element-99557aa\" data-id=\"99557aa\" data-element_type=\"column\">\n\t\t\t<div class=\"elementor-widget-wrap elementor-element-populated\">\n\t\t\t\t\t\t<div class=\"elementor-element elementor-element-d2291ef elementor-widget elementor-widget-spacer\" data-id=\"d2291ef\" data-element_type=\"widget\" data-widget_type=\"spacer.default\">\n\t\t\t\t<div class=\"elementor-widget-container\">\n\t\t\t\t\t\t\t<div class=\"elementor-spacer\">\n\t\t\t<div class=\"elementor-spacer-inner\"><\/div>\n\t\t<\/div>\n\t\t\t\t\t\t<\/div>\n\t\t\t\t<\/div>\n\t\t\t\t\t<\/div>\n\t\t<\/div>\n\t\t\t\t\t<\/div>\n\t\t<\/section>\n\t\t\t\t<section class=\"elementor-section elementor-top-section elementor-element elementor-element-3d62182 elementor-section-full_width elementor-section-height-min-height elementor-section-stretched elementor-section-height-default elementor-section-items-middle\" data-id=\"3d62182\" data-element_type=\"section\" data-settings=\"{&quot;stretch_section&quot;:&quot;section-stretched&quot;}\">\n\t\t\t\t\t\t\t<div class=\"elementor-background-overlay\"><\/div>\n\t\t\t\t\t\t\t<div class=\"elementor-container elementor-column-gap-default\">\n\t\t\t\t\t<div class=\"elementor-column elementor-col-100 elementor-top-column elementor-element elementor-element-cf368cf\" data-id=\"cf368cf\" data-element_type=\"column\">\n\t\t\t<div class=\"elementor-widget-wrap elementor-element-populated\">\n\t\t\t\t\t\t<div class=\"elementor-element elementor-element-09cb59b elementor-widget elementor-widget-heading\" data-id=\"09cb59b\" data-element_type=\"widget\" data-widget_type=\"heading.default\">\n\t\t\t\t<div class=\"elementor-widget-container\">\n\t\t\t\t\t<h2 class=\"elementor-heading-title elementor-size-default\">2. Oktober 2022<\/h2>\t\t\t\t<\/div>\n\t\t\t\t<\/div>\n\t\t\t\t\t<\/div>\n\t\t<\/div>\n\t\t\t\t\t<\/div>\n\t\t<\/section>\n\t\t\t\t<section class=\"elementor-section elementor-top-section elementor-element elementor-element-9ea5831 elementor-section-full_width elementor-section-height-min-height elementor-section-stretched elementor-section-height-default elementor-section-items-middle\" data-id=\"9ea5831\" data-element_type=\"section\" data-settings=\"{&quot;stretch_section&quot;:&quot;section-stretched&quot;}\">\n\t\t\t\t\t\t\t<div class=\"elementor-background-overlay\"><\/div>\n\t\t\t\t\t\t\t<div class=\"elementor-container elementor-column-gap-default\">\n\t\t\t\t\t<div class=\"elementor-column elementor-col-100 elementor-top-column elementor-element elementor-element-3ae604d\" data-id=\"3ae604d\" data-element_type=\"column\">\n\t\t\t<div class=\"elementor-widget-wrap elementor-element-populated\">\n\t\t\t\t\t\t<div class=\"elementor-element elementor-element-2850fef elementor-widget elementor-widget-heading\" data-id=\"2850fef\" data-element_type=\"widget\" data-widget_type=\"heading.default\">\n\t\t\t\t<div class=\"elementor-widget-container\">\n\t\t\t\t\t<h2 class=\"elementor-heading-title elementor-size-default\">Brassquintett spielt bei Messe der Hochzeitsjubilare<\/h2>\t\t\t\t<\/div>\n\t\t\t\t<\/div>\n\t\t\t\t\t<\/div>\n\t\t<\/div>\n\t\t\t\t\t<\/div>\n\t\t<\/section>\n\t\t\t\t<section class=\"elementor-section elementor-top-section elementor-element elementor-element-55f162e elementor-section-height-min-height elementor-section-stretched elementor-section-full_width elementor-section-height-default elementor-section-items-middle\" data-id=\"55f162e\" data-element_type=\"section\" data-settings=\"{&quot;stretch_section&quot;:&quot;section-stretched&quot;,&quot;background_background&quot;:&quot;classic&quot;}\">\n\t\t\t\t\t\t<div class=\"elementor-container elementor-column-gap-default\">\n\t\t\t\t\t<div class=\"elementor-column elementor-col-100 elementor-top-column elementor-element elementor-element-08d95aa\" data-id=\"08d95aa\" data-element_type=\"column\">\n\t\t\t<div class=\"elementor-widget-wrap\">\n\t\t\t\t\t\t\t<\/div>\n\t\t<\/div>\n\t\t\t\t\t<\/div>\n\t\t<\/section>\n\t\t\t\t<section class=\"elementor-section elementor-top-section elementor-element elementor-element-cc9f9d2 elementor-section-full_width elementor-section-height-default elementor-section-height-default\" data-id=\"cc9f9d2\" data-element_type=\"section\">\n\t\t\t\t\t\t<div class=\"elementor-container elementor-column-gap-default\">\n\t\t\t\t\t<div class=\"elementor-column elementor-col-100 elementor-top-column elementor-element elementor-element-ec9d32b\" data-id=\"ec9d32b\" data-element_type=\"column\">\n\t\t\t<div class=\"elementor-widget-wrap elementor-element-populated\">\n\t\t\t\t\t\t<div class=\"elementor-element elementor-element-2dba616 elementor-widget elementor-widget-heading\" data-id=\"2dba616\" data-element_type=\"widget\" data-widget_type=\"heading.default\">\n\t\t\t\t<div class=\"elementor-widget-container\">\n\t\t\t\t\t<h2 class=\"elementor-heading-title elementor-size-default\">Das Brassquinett Latzfons spielt bei der Messe in der Pfarrkirche von Latzfons mit Pfarrer Walter Innerbichler. Nach der Messe spielt das Quintett noch den Marsch \"Marscheiner Marsch\" zu Ehren der Hochzeitsjubilare die sich auf dem Kirchplatz zusammensetzen um ihr Jubil\u00e4um zu feiern.<\/h2>\t\t\t\t<\/div>\n\t\t\t\t<\/div>\n\t\t\t\t\t<\/div>\n\t\t<\/div>\n\t\t\t\t\t<\/div>\n\t\t<\/section>\n\t\t\t\t<section class=\"elementor-section elementor-top-section elementor-element elementor-element-c4a9a18 elementor-section-boxed elementor-section-height-default elementor-section-height-default\" data-id=\"c4a9a18\" data-element_type=\"section\">\n\t\t\t\t\t\t<div class=\"elementor-container elementor-column-gap-default\">\n\t\t\t\t\t<div class=\"elementor-column elementor-col-100 elementor-top-column elementor-element elementor-element-19bf892\" data-id=\"19bf892\" data-element_type=\"column\">\n\t\t\t<div class=\"elementor-widget-wrap elementor-element-populated\">\n\t\t\t\t\t\t<div class=\"elementor-element elementor-element-1861040 elementor-widget elementor-widget-spacer\" data-id=\"1861040\" data-element_type=\"widget\" data-widget_type=\"spacer.default\">\n\t\t\t\t<div class=\"elementor-widget-container\">\n\t\t\t\t\t\t\t<div class=\"elementor-spacer\">\n\t\t\t<div class=\"elementor-spacer-inner\"><\/div>\n\t\t<\/div>\n\t\t\t\t\t\t<\/div>\n\t\t\t\t<\/div>\n\t\t\t\t\t<\/div>\n\t\t<\/div>\n\t\t\t\t\t<\/div>\n\t\t<\/section>\n\t\t\t\t<section class=\"elementor-section elementor-top-section elementor-element elementor-element-4c228dd elementor-section-full_width elementor-section-height-min-height elementor-section-stretched elementor-section-height-default elementor-section-items-middle\" data-id=\"4c228dd\" data-element_type=\"section\" data-settings=\"{&quot;stretch_section&quot;:&quot;section-stretched&quot;}\">\n\t\t\t\t\t\t\t<div class=\"elementor-background-overlay\"><\/div>\n\t\t\t\t\t\t\t<div class=\"elementor-container elementor-column-gap-default\">\n\t\t\t\t\t<div class=\"elementor-column elementor-col-100 elementor-top-column elementor-element elementor-element-d3702f5\" data-id=\"d3702f5\" data-element_type=\"column\">\n\t\t\t<div class=\"elementor-widget-wrap elementor-element-populated\">\n\t\t\t\t\t\t<div class=\"elementor-element elementor-element-5915829 elementor-widget elementor-widget-heading\" data-id=\"5915829\" data-element_type=\"widget\" data-widget_type=\"heading.default\">\n\t\t\t\t<div class=\"elementor-widget-container\">\n\t\t\t\t\t<h2 class=\"elementor-heading-title elementor-size-default\">11. September 2022<\/h2>\t\t\t\t<\/div>\n\t\t\t\t<\/div>\n\t\t\t\t\t<\/div>\n\t\t<\/div>\n\t\t\t\t\t<\/div>\n\t\t<\/section>\n\t\t\t\t<section class=\"elementor-section elementor-top-section elementor-element elementor-element-781409e elementor-section-full_width elementor-section-height-min-height elementor-section-stretched elementor-section-height-default elementor-section-items-middle\" data-id=\"781409e\" data-element_type=\"section\" data-settings=\"{&quot;stretch_section&quot;:&quot;section-stretched&quot;}\">\n\t\t\t\t\t\t\t<div class=\"elementor-background-overlay\"><\/div>\n\t\t\t\t\t\t\t<div class=\"elementor-container elementor-column-gap-default\">\n\t\t\t\t\t<div class=\"elementor-column elementor-col-100 elementor-top-column elementor-element elementor-element-1754292\" data-id=\"1754292\" data-element_type=\"column\">\n\t\t\t<div class=\"elementor-widget-wrap elementor-element-populated\">\n\t\t\t\t\t\t<div class=\"elementor-element elementor-element-4319a42 elementor-widget elementor-widget-heading\" data-id=\"4319a42\" data-element_type=\"widget\" data-widget_type=\"heading.default\">\n\t\t\t\t<div class=\"elementor-widget-container\">\n\t\t\t\t\t<h2 class=\"elementor-heading-title elementor-size-default\">Bl\u00e4sergruppe spielt beim Pardeller Kirchtag<\/h2>\t\t\t\t<\/div>\n\t\t\t\t<\/div>\n\t\t\t\t\t<\/div>\n\t\t<\/div>\n\t\t\t\t\t<\/div>\n\t\t<\/section>\n\t\t\t\t<section class=\"elementor-section elementor-top-section elementor-element elementor-element-c740f9d elementor-section-height-min-height elementor-section-stretched elementor-section-full_width elementor-section-height-default elementor-section-items-middle\" data-id=\"c740f9d\" data-element_type=\"section\" data-settings=\"{&quot;stretch_section&quot;:&quot;section-stretched&quot;,&quot;background_background&quot;:&quot;classic&quot;}\">\n\t\t\t\t\t\t<div class=\"elementor-container elementor-column-gap-default\">\n\t\t\t\t\t<div class=\"elementor-column elementor-col-100 elementor-top-column elementor-element elementor-element-4881ee1\" data-id=\"4881ee1\" data-element_type=\"column\">\n\t\t\t<div class=\"elementor-widget-wrap\">\n\t\t\t\t\t\t\t<\/div>\n\t\t<\/div>\n\t\t\t\t\t<\/div>\n\t\t<\/section>\n\t\t\t\t<section class=\"elementor-section elementor-top-section elementor-element elementor-element-57d56e9 elementor-section-full_width elementor-section-height-default elementor-section-height-default\" data-id=\"57d56e9\" data-element_type=\"section\">\n\t\t\t\t\t\t<div class=\"elementor-container elementor-column-gap-default\">\n\t\t\t\t\t<div class=\"elementor-column elementor-col-100 elementor-top-column elementor-element elementor-element-b1b290a\" data-id=\"b1b290a\" data-element_type=\"column\">\n\t\t\t<div class=\"elementor-widget-wrap elementor-element-populated\">\n\t\t\t\t\t\t<div class=\"elementor-element elementor-element-e77f069 elementor-widget elementor-widget-heading\" data-id=\"e77f069\" data-element_type=\"widget\" data-widget_type=\"heading.default\">\n\t\t\t\t<div class=\"elementor-widget-container\">\n\t\t\t\t\t<h2 class=\"elementor-heading-title elementor-size-default\">Beim traditionellen Kirchtag in Pardell gestaltet eine Bl\u00e4sergruppe bei der Messfeier am 2. Sonntag im September die Hl. Messe, der Pater Egger vorsteht. Anschlie\u00dfend an die Hl. Messe spielt die Bl\u00e4sergruppe auf ihrem Stammtisch weltliche Kl\u00e4nge. Der Wirt und B\u00fcrgermeister Peter Gasser spendiert ein gutes Mittagessen, f\u00fcr das sich die Bl\u00e4sergruppe mit ein paar weiteren St\u00fccken bedankt.<\/h2>\t\t\t\t<\/div>\n\t\t\t\t<\/div>\n\t\t\t\t\t<\/div>\n\t\t<\/div>\n\t\t\t\t\t<\/div>\n\t\t<\/section>\n\t\t\t\t<section class=\"elementor-section elementor-top-section elementor-element elementor-element-86eac80 elementor-section-full_width elementor-section-height-default elementor-section-height-default\" data-id=\"86eac80\" data-element_type=\"section\">\n\t\t\t\t\t\t<div class=\"elementor-container elementor-column-gap-default\">\n\t\t\t\t\t<div class=\"elementor-column elementor-col-50 elementor-top-column elementor-element elementor-element-38321e4\" data-id=\"38321e4\" data-element_type=\"column\">\n\t\t\t<div class=\"elementor-widget-wrap elementor-element-populated\">\n\t\t\t\t\t\t<div class=\"elementor-element elementor-element-7159036 elementor-widget elementor-widget-image\" data-id=\"7159036\" data-element_type=\"widget\" data-widget_type=\"image.default\">\n\t\t\t\t<div class=\"elementor-widget-container\">\n\t\t\t\t\t\t\t\t\t\t\t\t\t\t\t<img loading=\"lazy\" decoding=\"async\" width=\"1024\" height=\"683\" src=\"https:\/\/www.musikkapelle-latzfons.it\/wp-content\/uploads\/2022\/09\/franzundSepp-1024x683.jpg\" class=\"attachment-large size-large wp-image-3443\" alt=\"\" srcset=\"https:\/\/www.musikkapelle-latzfons.it\/wp-content\/uploads\/2022\/09\/franzundSepp-1024x683.jpg 1024w, https:\/\/www.musikkapelle-latzfons.it\/wp-content\/uploads\/2022\/09\/franzundSepp-300x200.jpg 300w, https:\/\/www.musikkapelle-latzfons.it\/wp-content\/uploads\/2022\/09\/franzundSepp-768x512.jpg 768w, https:\/\/www.musikkapelle-latzfons.it\/wp-content\/uploads\/2022\/09\/franzundSepp-1536x1024.jpg 1536w, https:\/\/www.musikkapelle-latzfons.it\/wp-content\/uploads\/2022\/09\/franzundSepp.jpg 1800w\" sizes=\"(max-width: 1024px) 100vw, 1024px\" \/>\t\t\t\t\t\t\t\t\t\t\t\t\t\t\t<\/div>\n\t\t\t\t<\/div>\n\t\t\t\t\t<\/div>\n\t\t<\/div>\n\t\t\t\t<div class=\"elementor-column elementor-col-50 elementor-top-column elementor-element elementor-element-56ba495\" data-id=\"56ba495\" data-element_type=\"column\">\n\t\t\t<div class=\"elementor-widget-wrap elementor-element-populated\">\n\t\t\t\t\t\t<div class=\"elementor-element elementor-element-35f9542 elementor-widget elementor-widget-image\" data-id=\"35f9542\" data-element_type=\"widget\" data-widget_type=\"image.default\">\n\t\t\t\t<div class=\"elementor-widget-container\">\n\t\t\t\t\t\t\t\t\t\t\t\t<figure class=\"wp-caption\">\n\t\t\t\t\t\t\t\t\t\t<img loading=\"lazy\" decoding=\"async\" width=\"1024\" height=\"682\" src=\"https:\/\/www.musikkapelle-latzfons.it\/wp-content\/uploads\/2022\/09\/fluegelhoerner-1024x682.jpg\" class=\"attachment-large size-large wp-image-3442\" alt=\"\" srcset=\"https:\/\/www.musikkapelle-latzfons.it\/wp-content\/uploads\/2022\/09\/fluegelhoerner-1024x682.jpg 1024w, https:\/\/www.musikkapelle-latzfons.it\/wp-content\/uploads\/2022\/09\/fluegelhoerner-300x200.jpg 300w, https:\/\/www.musikkapelle-latzfons.it\/wp-content\/uploads\/2022\/09\/fluegelhoerner-768x512.jpg 768w, https:\/\/www.musikkapelle-latzfons.it\/wp-content\/uploads\/2022\/09\/fluegelhoerner-1536x1024.jpg 1536w, https:\/\/www.musikkapelle-latzfons.it\/wp-content\/uploads\/2022\/09\/fluegelhoerner.jpg 1565w\" sizes=\"(max-width: 1024px) 100vw, 1024px\" \/>\t\t\t\t\t\t\t\t\t\t\t<figcaption class=\"widget-image-caption wp-caption-text\"><\/figcaption>\n\t\t\t\t\t\t\t\t\t\t<\/figure>\n\t\t\t\t\t\t\t\t\t<\/div>\n\t\t\t\t<\/div>\n\t\t\t\t\t<\/div>\n\t\t<\/div>\n\t\t\t\t\t<\/div>\n\t\t<\/section>\n\t\t\t\t<section class=\"elementor-section elementor-top-section elementor-element elementor-element-c49acba elementor-section-full_width elementor-section-height-default elementor-section-height-default\" data-id=\"c49acba\" data-element_type=\"section\">\n\t\t\t\t\t\t<div class=\"elementor-container elementor-column-gap-default\">\n\t\t\t\t\t<div class=\"elementor-column elementor-col-50 elementor-top-column elementor-element elementor-element-2aa9094\" data-id=\"2aa9094\" data-element_type=\"column\">\n\t\t\t<div class=\"elementor-widget-wrap elementor-element-populated\">\n\t\t\t\t\t\t<div class=\"elementor-element elementor-element-d0bad22 elementor-widget elementor-widget-image\" data-id=\"d0bad22\" data-element_type=\"widget\" data-widget_type=\"image.default\">\n\t\t\t\t<div class=\"elementor-widget-container\">\n\t\t\t\t\t\t\t\t\t\t\t\t\t\t\t<img loading=\"lazy\" decoding=\"async\" width=\"1024\" height=\"683\" src=\"https:\/\/www.musikkapelle-latzfons.it\/wp-content\/uploads\/2022\/09\/Leo-1024x683.jpg\" class=\"attachment-large size-large wp-image-3440\" alt=\"\" srcset=\"https:\/\/www.musikkapelle-latzfons.it\/wp-content\/uploads\/2022\/09\/Leo-1024x683.jpg 1024w, https:\/\/www.musikkapelle-latzfons.it\/wp-content\/uploads\/2022\/09\/Leo-300x200.jpg 300w, https:\/\/www.musikkapelle-latzfons.it\/wp-content\/uploads\/2022\/09\/Leo-768x512.jpg 768w, https:\/\/www.musikkapelle-latzfons.it\/wp-content\/uploads\/2022\/09\/Leo-1536x1024.jpg 1536w, https:\/\/www.musikkapelle-latzfons.it\/wp-content\/uploads\/2022\/09\/Leo.jpg 1800w\" sizes=\"(max-width: 1024px) 100vw, 1024px\" \/>\t\t\t\t\t\t\t\t\t\t\t\t\t\t\t<\/div>\n\t\t\t\t<\/div>\n\t\t\t\t\t<\/div>\n\t\t<\/div>\n\t\t\t\t<div class=\"elementor-column elementor-col-50 elementor-top-column elementor-element elementor-element-072fbbc\" data-id=\"072fbbc\" data-element_type=\"column\">\n\t\t\t<div class=\"elementor-widget-wrap elementor-element-populated\">\n\t\t\t\t\t\t<div class=\"elementor-element elementor-element-46c8345 elementor-widget elementor-widget-image\" data-id=\"46c8345\" data-element_type=\"widget\" data-widget_type=\"image.default\">\n\t\t\t\t<div class=\"elementor-widget-container\">\n\t\t\t\t\t\t\t\t\t\t\t\t<figure class=\"wp-caption\">\n\t\t\t\t\t\t\t\t\t\t<img loading=\"lazy\" decoding=\"async\" width=\"1024\" height=\"683\" src=\"https:\/\/www.musikkapelle-latzfons.it\/wp-content\/uploads\/2022\/09\/sepp-1024x683.jpg\" class=\"attachment-large size-large wp-image-3444\" alt=\"\" srcset=\"https:\/\/www.musikkapelle-latzfons.it\/wp-content\/uploads\/2022\/09\/sepp-1024x683.jpg 1024w, https:\/\/www.musikkapelle-latzfons.it\/wp-content\/uploads\/2022\/09\/sepp-300x200.jpg 300w, https:\/\/www.musikkapelle-latzfons.it\/wp-content\/uploads\/2022\/09\/sepp-768x512.jpg 768w, https:\/\/www.musikkapelle-latzfons.it\/wp-content\/uploads\/2022\/09\/sepp-1536x1024.jpg 1536w, https:\/\/www.musikkapelle-latzfons.it\/wp-content\/uploads\/2022\/09\/sepp.jpg 1800w\" sizes=\"(max-width: 1024px) 100vw, 1024px\" \/>\t\t\t\t\t\t\t\t\t\t\t<figcaption class=\"widget-image-caption wp-caption-text\"><\/figcaption>\n\t\t\t\t\t\t\t\t\t\t<\/figure>\n\t\t\t\t\t\t\t\t\t<\/div>\n\t\t\t\t<\/div>\n\t\t\t\t\t<\/div>\n\t\t<\/div>\n\t\t\t\t\t<\/div>\n\t\t<\/section>\n\t\t\t\t<section class=\"elementor-section elementor-top-section elementor-element elementor-element-f5be0c7 elementor-section-full_width elementor-section-height-default elementor-section-height-default\" data-id=\"f5be0c7\" data-element_type=\"section\">\n\t\t\t\t\t\t<div class=\"elementor-container elementor-column-gap-default\">\n\t\t\t\t\t<div class=\"elementor-column elementor-col-50 elementor-top-column elementor-element elementor-element-aee6cbe\" data-id=\"aee6cbe\" data-element_type=\"column\">\n\t\t\t<div class=\"elementor-widget-wrap elementor-element-populated\">\n\t\t\t\t\t\t<div class=\"elementor-element elementor-element-711ae7e elementor-widget elementor-widget-image\" data-id=\"711ae7e\" data-element_type=\"widget\" data-widget_type=\"image.default\">\n\t\t\t\t<div class=\"elementor-widget-container\">\n\t\t\t\t\t\t\t\t\t\t\t\t\t\t\t<img loading=\"lazy\" decoding=\"async\" width=\"1024\" height=\"682\" src=\"https:\/\/www.musikkapelle-latzfons.it\/wp-content\/uploads\/2022\/09\/seppschrott-1024x682.jpg\" class=\"attachment-large size-large wp-image-3446\" alt=\"\" srcset=\"https:\/\/www.musikkapelle-latzfons.it\/wp-content\/uploads\/2022\/09\/seppschrott-1024x682.jpg 1024w, https:\/\/www.musikkapelle-latzfons.it\/wp-content\/uploads\/2022\/09\/seppschrott-300x200.jpg 300w, https:\/\/www.musikkapelle-latzfons.it\/wp-content\/uploads\/2022\/09\/seppschrott-768x512.jpg 768w, https:\/\/www.musikkapelle-latzfons.it\/wp-content\/uploads\/2022\/09\/seppschrott-1536x1024.jpg 1536w, https:\/\/www.musikkapelle-latzfons.it\/wp-content\/uploads\/2022\/09\/seppschrott.jpg 1727w\" sizes=\"(max-width: 1024px) 100vw, 1024px\" \/>\t\t\t\t\t\t\t\t\t\t\t\t\t\t\t<\/div>\n\t\t\t\t<\/div>\n\t\t\t\t\t<\/div>\n\t\t<\/div>\n\t\t\t\t<div class=\"elementor-column elementor-col-50 elementor-top-column elementor-element elementor-element-c923bbc\" data-id=\"c923bbc\" data-element_type=\"column\">\n\t\t\t<div class=\"elementor-widget-wrap elementor-element-populated\">\n\t\t\t\t\t\t<div class=\"elementor-element elementor-element-cba789c elementor-widget elementor-widget-image\" data-id=\"cba789c\" data-element_type=\"widget\" data-widget_type=\"image.default\">\n\t\t\t\t<div class=\"elementor-widget-container\">\n\t\t\t\t\t\t\t\t\t\t\t\t<figure class=\"wp-caption\">\n\t\t\t\t\t\t\t\t\t\t<img loading=\"lazy\" decoding=\"async\" width=\"1024\" height=\"683\" src=\"https:\/\/www.musikkapelle-latzfons.it\/wp-content\/uploads\/2022\/09\/hut-1024x683.jpg\" class=\"attachment-large size-large wp-image-3441\" alt=\"\" srcset=\"https:\/\/www.musikkapelle-latzfons.it\/wp-content\/uploads\/2022\/09\/hut-1024x683.jpg 1024w, https:\/\/www.musikkapelle-latzfons.it\/wp-content\/uploads\/2022\/09\/hut-300x200.jpg 300w, https:\/\/www.musikkapelle-latzfons.it\/wp-content\/uploads\/2022\/09\/hut-768x512.jpg 768w, https:\/\/www.musikkapelle-latzfons.it\/wp-content\/uploads\/2022\/09\/hut-1536x1024.jpg 1536w, https:\/\/www.musikkapelle-latzfons.it\/wp-content\/uploads\/2022\/09\/hut-2048x1365.jpg 2048w\" sizes=\"(max-width: 1024px) 100vw, 1024px\" \/>\t\t\t\t\t\t\t\t\t\t\t<figcaption class=\"widget-image-caption wp-caption-text\"><\/figcaption>\n\t\t\t\t\t\t\t\t\t\t<\/figure>\n\t\t\t\t\t\t\t\t\t<\/div>\n\t\t\t\t<\/div>\n\t\t\t\t\t<\/div>\n\t\t<\/div>\n\t\t\t\t\t<\/div>\n\t\t<\/section>\n\t\t\t\t<section class=\"elementor-section elementor-top-section elementor-element elementor-element-1d6afd6 elementor-section-height-min-height elementor-section-stretched elementor-section-full_width elementor-section-height-default elementor-section-items-middle\" data-id=\"1d6afd6\" data-element_type=\"section\" data-settings=\"{&quot;stretch_section&quot;:&quot;section-stretched&quot;,&quot;background_background&quot;:&quot;classic&quot;}\">\n\t\t\t\t\t\t<div class=\"elementor-container elementor-column-gap-default\">\n\t\t\t\t\t<div class=\"elementor-column elementor-col-100 elementor-top-column elementor-element elementor-element-961a1f5\" data-id=\"961a1f5\" data-element_type=\"column\">\n\t\t\t<div class=\"elementor-widget-wrap\">\n\t\t\t\t\t\t\t<\/div>\n\t\t<\/div>\n\t\t\t\t\t<\/div>\n\t\t<\/section>\n\t\t\t\t<section class=\"elementor-section elementor-top-section elementor-element elementor-element-824986b elementor-section-full_width elementor-section-height-default elementor-section-height-default\" data-id=\"824986b\" data-element_type=\"section\">\n\t\t\t\t\t\t<div class=\"elementor-container elementor-column-gap-default\">\n\t\t\t\t\t<div class=\"elementor-column elementor-col-100 elementor-top-column elementor-element elementor-element-459cc7f\" data-id=\"459cc7f\" data-element_type=\"column\">\n\t\t\t<div class=\"elementor-widget-wrap elementor-element-populated\">\n\t\t\t\t\t\t<div class=\"elementor-element elementor-element-dc4d3ac elementor-widget elementor-widget-heading\" data-id=\"dc4d3ac\" data-element_type=\"widget\" data-widget_type=\"heading.default\">\n\t\t\t\t<div class=\"elementor-widget-container\">\n\t\t\t\t\t<h2 class=\"elementor-heading-title elementor-size-default\">Fotos: Konrad Faltner<\/h2>\t\t\t\t<\/div>\n\t\t\t\t<\/div>\n\t\t\t\t\t<\/div>\n\t\t<\/div>\n\t\t\t\t\t<\/div>\n\t\t<\/section>\n\t\t\t\t<section class=\"elementor-section elementor-top-section elementor-element elementor-element-71c0f81 elementor-section-boxed elementor-section-height-default elementor-section-height-default\" data-id=\"71c0f81\" data-element_type=\"section\">\n\t\t\t\t\t\t<div class=\"elementor-container elementor-column-gap-default\">\n\t\t\t\t\t<div class=\"elementor-column elementor-col-100 elementor-top-column elementor-element elementor-element-ded6127\" data-id=\"ded6127\" data-element_type=\"column\">\n\t\t\t<div class=\"elementor-widget-wrap elementor-element-populated\">\n\t\t\t\t\t\t<div class=\"elementor-element elementor-element-6b39c98 elementor-widget elementor-widget-spacer\" data-id=\"6b39c98\" data-element_type=\"widget\" data-widget_type=\"spacer.default\">\n\t\t\t\t<div class=\"elementor-widget-container\">\n\t\t\t\t\t\t\t<div class=\"elementor-spacer\">\n\t\t\t<div class=\"elementor-spacer-inner\"><\/div>\n\t\t<\/div>\n\t\t\t\t\t\t<\/div>\n\t\t\t\t<\/div>\n\t\t\t\t\t<\/div>\n\t\t<\/div>\n\t\t\t\t\t<\/div>\n\t\t<\/section>\n\t\t\t\t<section class=\"elementor-section elementor-top-section elementor-element elementor-element-9a4ced0 elementor-section-full_width elementor-section-height-min-height elementor-section-stretched elementor-section-height-default elementor-section-items-middle\" data-id=\"9a4ced0\" data-element_type=\"section\" data-settings=\"{&quot;stretch_section&quot;:&quot;section-stretched&quot;}\">\n\t\t\t\t\t\t\t<div class=\"elementor-background-overlay\"><\/div>\n\t\t\t\t\t\t\t<div class=\"elementor-container elementor-column-gap-default\">\n\t\t\t\t\t<div class=\"elementor-column elementor-col-100 elementor-top-column elementor-element elementor-element-da69161\" data-id=\"da69161\" data-element_type=\"column\">\n\t\t\t<div class=\"elementor-widget-wrap elementor-element-populated\">\n\t\t\t\t\t\t<div class=\"elementor-element elementor-element-f09edd7 elementor-widget elementor-widget-heading\" data-id=\"f09edd7\" data-element_type=\"widget\" data-widget_type=\"heading.default\">\n\t\t\t\t<div class=\"elementor-widget-container\">\n\t\t\t\t\t<h2 class=\"elementor-heading-title elementor-size-default\">11. September 2022<\/h2>\t\t\t\t<\/div>\n\t\t\t\t<\/div>\n\t\t\t\t\t<\/div>\n\t\t<\/div>\n\t\t\t\t\t<\/div>\n\t\t<\/section>\n\t\t\t\t<section class=\"elementor-section elementor-top-section elementor-element elementor-element-a23be21 elementor-section-full_width elementor-section-height-min-height elementor-section-stretched elementor-section-height-default elementor-section-items-middle\" data-id=\"a23be21\" data-element_type=\"section\" data-settings=\"{&quot;stretch_section&quot;:&quot;section-stretched&quot;}\">\n\t\t\t\t\t\t\t<div class=\"elementor-background-overlay\"><\/div>\n\t\t\t\t\t\t\t<div class=\"elementor-container elementor-column-gap-default\">\n\t\t\t\t\t<div class=\"elementor-column elementor-col-100 elementor-top-column elementor-element elementor-element-044bdad\" data-id=\"044bdad\" data-element_type=\"column\">\n\t\t\t<div class=\"elementor-widget-wrap elementor-element-populated\">\n\t\t\t\t\t\t<div class=\"elementor-element elementor-element-534bac4 elementor-widget elementor-widget-heading\" data-id=\"534bac4\" data-element_type=\"widget\" data-widget_type=\"heading.default\">\n\t\t\t\t<div class=\"elementor-widget-container\">\n\t\t\t\t\t<h2 class=\"elementor-heading-title elementor-size-default\">Fahnenabordnung beim Jubil\u00e4umsfest in Vahrn<\/h2>\t\t\t\t<\/div>\n\t\t\t\t<\/div>\n\t\t\t\t\t<\/div>\n\t\t<\/div>\n\t\t\t\t\t<\/div>\n\t\t<\/section>\n\t\t\t\t<section class=\"elementor-section elementor-top-section elementor-element elementor-element-ff500ed elementor-section-full_width elementor-section-height-min-height elementor-section-stretched elementor-section-height-default elementor-section-items-middle\" data-id=\"ff500ed\" data-element_type=\"section\" data-settings=\"{&quot;stretch_section&quot;:&quot;section-stretched&quot;}\">\n\t\t\t\t\t\t<div class=\"elementor-container elementor-column-gap-wider\">\n\t\t\t\t\t<div class=\"elementor-column elementor-col-100 elementor-top-column elementor-element elementor-element-cf17822\" data-id=\"cf17822\" data-element_type=\"column\">\n\t\t\t<div class=\"elementor-widget-wrap elementor-element-populated\">\n\t\t\t\t\t\t<div class=\"elementor-element elementor-element-d2b432b elementor-widget elementor-widget-image\" data-id=\"d2b432b\" data-element_type=\"widget\" data-widget_type=\"image.default\">\n\t\t\t\t<div class=\"elementor-widget-container\">\n\t\t\t\t\t\t\t\t\t\t\t\t\t\t\t<img loading=\"lazy\" decoding=\"async\" width=\"768\" height=\"1024\" src=\"https:\/\/www.musikkapelle-latzfons.it\/wp-content\/uploads\/2022\/09\/Fahnenabordnung_klein-768x1024.jpg\" class=\"attachment-large size-large wp-image-3430\" alt=\"\" srcset=\"https:\/\/www.musikkapelle-latzfons.it\/wp-content\/uploads\/2022\/09\/Fahnenabordnung_klein-768x1024.jpg 768w, https:\/\/www.musikkapelle-latzfons.it\/wp-content\/uploads\/2022\/09\/Fahnenabordnung_klein-225x300.jpg 225w, https:\/\/www.musikkapelle-latzfons.it\/wp-content\/uploads\/2022\/09\/Fahnenabordnung_klein.jpg 990w\" sizes=\"(max-width: 768px) 100vw, 768px\" \/>\t\t\t\t\t\t\t\t\t\t\t\t\t\t\t<\/div>\n\t\t\t\t<\/div>\n\t\t\t\t\t<\/div>\n\t\t<\/div>\n\t\t\t\t\t<\/div>\n\t\t<\/section>\n\t\t\t\t<section class=\"elementor-section elementor-top-section elementor-element elementor-element-eeaaf78 elementor-section-full_width elementor-section-height-default elementor-section-height-default\" data-id=\"eeaaf78\" data-element_type=\"section\">\n\t\t\t\t\t\t<div class=\"elementor-container elementor-column-gap-default\">\n\t\t\t\t\t<div class=\"elementor-column elementor-col-100 elementor-top-column elementor-element elementor-element-4447c8c\" data-id=\"4447c8c\" data-element_type=\"column\">\n\t\t\t<div class=\"elementor-widget-wrap elementor-element-populated\">\n\t\t\t\t\t\t<div class=\"elementor-element elementor-element-9b5dd4c elementor-widget elementor-widget-heading\" data-id=\"9b5dd4c\" data-element_type=\"widget\" data-widget_type=\"heading.default\">\n\t\t\t\t<div class=\"elementor-widget-container\">\n\t\t\t\t\t<h2 class=\"elementor-heading-title elementor-size-default\">Unsere Fahnenabordnung mit F\u00e4hnerich Jakob H\u00f6ller und die 2 Fahnenbuben Theo und Damian beim Jubil\u00e4umsfest (150 Jahre) der Musikkapelle Vahrn.<\/h2>\t\t\t\t<\/div>\n\t\t\t\t<\/div>\n\t\t\t\t\t<\/div>\n\t\t<\/div>\n\t\t\t\t\t<\/div>\n\t\t<\/section>\n\t\t\t\t<section class=\"elementor-section elementor-top-section elementor-element elementor-element-85eb37d elementor-section-boxed elementor-section-height-default elementor-section-height-default\" data-id=\"85eb37d\" data-element_type=\"section\">\n\t\t\t\t\t\t<div class=\"elementor-container elementor-column-gap-default\">\n\t\t\t\t\t<div class=\"elementor-column elementor-col-100 elementor-top-column elementor-element elementor-element-f35493d\" data-id=\"f35493d\" data-element_type=\"column\">\n\t\t\t<div class=\"elementor-widget-wrap elementor-element-populated\">\n\t\t\t\t\t\t<div class=\"elementor-element elementor-element-97e06f7 elementor-widget elementor-widget-spacer\" data-id=\"97e06f7\" data-element_type=\"widget\" data-widget_type=\"spacer.default\">\n\t\t\t\t<div class=\"elementor-widget-container\">\n\t\t\t\t\t\t\t<div class=\"elementor-spacer\">\n\t\t\t<div class=\"elementor-spacer-inner\"><\/div>\n\t\t<\/div>\n\t\t\t\t\t\t<\/div>\n\t\t\t\t<\/div>\n\t\t\t\t\t<\/div>\n\t\t<\/div>\n\t\t\t\t\t<\/div>\n\t\t<\/section>\n\t\t\t\t<section class=\"elementor-section elementor-top-section elementor-element elementor-element-0aa588b elementor-section-full_width elementor-section-height-min-height elementor-section-stretched elementor-section-height-default elementor-section-items-middle\" data-id=\"0aa588b\" data-element_type=\"section\" data-settings=\"{&quot;stretch_section&quot;:&quot;section-stretched&quot;}\">\n\t\t\t\t\t\t\t<div class=\"elementor-background-overlay\"><\/div>\n\t\t\t\t\t\t\t<div class=\"elementor-container elementor-column-gap-default\">\n\t\t\t\t\t<div class=\"elementor-column elementor-col-100 elementor-top-column elementor-element elementor-element-71f5a15\" data-id=\"71f5a15\" data-element_type=\"column\">\n\t\t\t<div class=\"elementor-widget-wrap elementor-element-populated\">\n\t\t\t\t\t\t<div class=\"elementor-element elementor-element-0b51d9d elementor-widget elementor-widget-heading\" data-id=\"0b51d9d\" data-element_type=\"widget\" data-widget_type=\"heading.default\">\n\t\t\t\t<div class=\"elementor-widget-container\">\n\t\t\t\t\t<h2 class=\"elementor-heading-title elementor-size-default\">3. September 2022<\/h2>\t\t\t\t<\/div>\n\t\t\t\t<\/div>\n\t\t\t\t\t<\/div>\n\t\t<\/div>\n\t\t\t\t\t<\/div>\n\t\t<\/section>\n\t\t\t\t<section class=\"elementor-section elementor-top-section elementor-element elementor-element-a1c7c81 elementor-section-full_width elementor-section-height-min-height elementor-section-stretched elementor-section-height-default elementor-section-items-middle\" data-id=\"a1c7c81\" data-element_type=\"section\" data-settings=\"{&quot;stretch_section&quot;:&quot;section-stretched&quot;}\">\n\t\t\t\t\t\t\t<div class=\"elementor-background-overlay\"><\/div>\n\t\t\t\t\t\t\t<div class=\"elementor-container elementor-column-gap-default\">\n\t\t\t\t\t<div class=\"elementor-column elementor-col-100 elementor-top-column elementor-element elementor-element-ca316ed\" data-id=\"ca316ed\" data-element_type=\"column\">\n\t\t\t<div class=\"elementor-widget-wrap elementor-element-populated\">\n\t\t\t\t\t\t<div class=\"elementor-element elementor-element-1857d4b elementor-widget elementor-widget-heading\" data-id=\"1857d4b\" data-element_type=\"widget\" data-widget_type=\"heading.default\">\n\t\t\t\t<div class=\"elementor-widget-container\">\n\t\t\t\t\t<h2 class=\"elementor-heading-title elementor-size-default\">Musikanten spielen bei der Landhauptversammlung der SVP<\/h2>\t\t\t\t<\/div>\n\t\t\t\t<\/div>\n\t\t\t\t\t<\/div>\n\t\t<\/div>\n\t\t\t\t\t<\/div>\n\t\t<\/section>\n\t\t\t\t<section class=\"elementor-section elementor-top-section elementor-element elementor-element-0c20c31 elementor-section-full_width elementor-section-height-min-height elementor-section-stretched elementor-section-height-default elementor-section-items-middle\" data-id=\"0c20c31\" data-element_type=\"section\" data-settings=\"{&quot;stretch_section&quot;:&quot;section-stretched&quot;}\">\n\t\t\t\t\t\t<div class=\"elementor-container elementor-column-gap-wider\">\n\t\t\t\t\t<div class=\"elementor-column elementor-col-100 elementor-top-column elementor-element elementor-element-ccf62d9\" data-id=\"ccf62d9\" data-element_type=\"column\">\n\t\t\t<div class=\"elementor-widget-wrap elementor-element-populated\">\n\t\t\t\t\t\t<div class=\"elementor-element elementor-element-6505497 elementor-widget elementor-widget-image\" data-id=\"6505497\" data-element_type=\"widget\" data-widget_type=\"image.default\">\n\t\t\t\t<div class=\"elementor-widget-container\">\n\t\t\t\t\t\t\t\t\t\t\t\t\t\t\t<img loading=\"lazy\" decoding=\"async\" width=\"768\" height=\"1024\" src=\"https:\/\/www.musikkapelle-latzfons.it\/wp-content\/uploads\/2022\/09\/svp.jpeg\" class=\"attachment-large size-large wp-image-3425\" alt=\"\" srcset=\"https:\/\/www.musikkapelle-latzfons.it\/wp-content\/uploads\/2022\/09\/svp.jpeg 768w, https:\/\/www.musikkapelle-latzfons.it\/wp-content\/uploads\/2022\/09\/svp-225x300.jpeg 225w\" sizes=\"(max-width: 768px) 100vw, 768px\" \/>\t\t\t\t\t\t\t\t\t\t\t\t\t\t\t<\/div>\n\t\t\t\t<\/div>\n\t\t\t\t\t<\/div>\n\t\t<\/div>\n\t\t\t\t\t<\/div>\n\t\t<\/section>\n\t\t\t\t<section class=\"elementor-section elementor-top-section elementor-element elementor-element-fac6bfa elementor-section-full_width elementor-section-height-default elementor-section-height-default\" data-id=\"fac6bfa\" data-element_type=\"section\">\n\t\t\t\t\t\t<div class=\"elementor-container elementor-column-gap-default\">\n\t\t\t\t\t<div class=\"elementor-column elementor-col-100 elementor-top-column elementor-element elementor-element-3c5613a\" data-id=\"3c5613a\" data-element_type=\"column\">\n\t\t\t<div class=\"elementor-widget-wrap elementor-element-populated\">\n\t\t\t\t\t\t<div class=\"elementor-element elementor-element-6679004 elementor-widget elementor-widget-heading\" data-id=\"6679004\" data-element_type=\"widget\" data-widget_type=\"heading.default\">\n\t\t\t\t<div class=\"elementor-widget-container\">\n\t\t\t\t\t<h2 class=\"elementor-heading-title elementor-size-default\">Die Musikanten (v.l.n.r Josef Oberrauch, Leo Torggler, Paul Meraner und Josef Hasler) spielen bei der 65. SVP-Landesversammlung im Kursaal von Meran mit der Edelwei\u00dfkapelle (Musikanten aus dem ganzen Land) mit.<\/h2>\t\t\t\t<\/div>\n\t\t\t\t<\/div>\n\t\t\t\t\t<\/div>\n\t\t<\/div>\n\t\t\t\t\t<\/div>\n\t\t<\/section>\n\t\t\t\t<section class=\"elementor-section elementor-top-section elementor-element elementor-element-db87dbc elementor-section-boxed elementor-section-height-default elementor-section-height-default\" data-id=\"db87dbc\" data-element_type=\"section\">\n\t\t\t\t\t\t<div class=\"elementor-container elementor-column-gap-default\">\n\t\t\t\t\t<div class=\"elementor-column elementor-col-100 elementor-top-column elementor-element elementor-element-becadc1\" data-id=\"becadc1\" data-element_type=\"column\">\n\t\t\t<div class=\"elementor-widget-wrap elementor-element-populated\">\n\t\t\t\t\t\t<div class=\"elementor-element elementor-element-fccfc7f elementor-widget elementor-widget-spacer\" data-id=\"fccfc7f\" data-element_type=\"widget\" data-widget_type=\"spacer.default\">\n\t\t\t\t<div class=\"elementor-widget-container\">\n\t\t\t\t\t\t\t<div class=\"elementor-spacer\">\n\t\t\t<div class=\"elementor-spacer-inner\"><\/div>\n\t\t<\/div>\n\t\t\t\t\t\t<\/div>\n\t\t\t\t<\/div>\n\t\t\t\t\t<\/div>\n\t\t<\/div>\n\t\t\t\t\t<\/div>\n\t\t<\/section>\n\t\t\t\t<section class=\"elementor-section elementor-top-section elementor-element elementor-element-9168b9d elementor-section-full_width elementor-section-height-min-height elementor-section-stretched elementor-section-height-default elementor-section-items-middle\" data-id=\"9168b9d\" data-element_type=\"section\" data-settings=\"{&quot;stretch_section&quot;:&quot;section-stretched&quot;}\">\n\t\t\t\t\t\t\t<div class=\"elementor-background-overlay\"><\/div>\n\t\t\t\t\t\t\t<div class=\"elementor-container elementor-column-gap-default\">\n\t\t\t\t\t<div class=\"elementor-column elementor-col-100 elementor-top-column elementor-element elementor-element-8d395ed\" data-id=\"8d395ed\" data-element_type=\"column\">\n\t\t\t<div class=\"elementor-widget-wrap elementor-element-populated\">\n\t\t\t\t\t\t<div class=\"elementor-element elementor-element-06cecab elementor-widget elementor-widget-heading\" data-id=\"06cecab\" data-element_type=\"widget\" data-widget_type=\"heading.default\">\n\t\t\t\t<div class=\"elementor-widget-container\">\n\t\t\t\t\t<h2 class=\"elementor-heading-title elementor-size-default\">3. September 2022<\/h2>\t\t\t\t<\/div>\n\t\t\t\t<\/div>\n\t\t\t\t\t<\/div>\n\t\t<\/div>\n\t\t\t\t\t<\/div>\n\t\t<\/section>\n\t\t\t\t<section class=\"elementor-section elementor-top-section elementor-element elementor-element-112168a elementor-section-full_width elementor-section-height-min-height elementor-section-stretched elementor-section-height-default elementor-section-items-middle\" data-id=\"112168a\" data-element_type=\"section\" data-settings=\"{&quot;stretch_section&quot;:&quot;section-stretched&quot;}\">\n\t\t\t\t\t\t\t<div class=\"elementor-background-overlay\"><\/div>\n\t\t\t\t\t\t\t<div class=\"elementor-container elementor-column-gap-default\">\n\t\t\t\t\t<div class=\"elementor-column elementor-col-100 elementor-top-column elementor-element elementor-element-b29d0b3\" data-id=\"b29d0b3\" data-element_type=\"column\">\n\t\t\t<div class=\"elementor-widget-wrap elementor-element-populated\">\n\t\t\t\t\t\t<div class=\"elementor-element elementor-element-0494376 elementor-widget elementor-widget-heading\" data-id=\"0494376\" data-element_type=\"widget\" data-widget_type=\"heading.default\">\n\t\t\t\t<div class=\"elementor-widget-container\">\n\t\t\t\t\t<h2 class=\"elementor-heading-title elementor-size-default\">Einsetzung von Pfarrer Michael Lezuo<\/h2>\t\t\t\t<\/div>\n\t\t\t\t<\/div>\n\t\t\t\t\t<\/div>\n\t\t<\/div>\n\t\t\t\t\t<\/div>\n\t\t<\/section>\n\t\t\t\t<section class=\"elementor-section elementor-top-section elementor-element elementor-element-d815808 elementor-section-height-min-height elementor-section-stretched elementor-section-full_width elementor-section-height-default elementor-section-items-middle\" data-id=\"d815808\" data-element_type=\"section\" data-settings=\"{&quot;stretch_section&quot;:&quot;section-stretched&quot;,&quot;background_background&quot;:&quot;classic&quot;}\">\n\t\t\t\t\t\t<div class=\"elementor-container elementor-column-gap-default\">\n\t\t\t\t\t<div class=\"elementor-column elementor-col-100 elementor-top-column elementor-element elementor-element-62a367f\" data-id=\"62a367f\" data-element_type=\"column\">\n\t\t\t<div class=\"elementor-widget-wrap\">\n\t\t\t\t\t\t\t<\/div>\n\t\t<\/div>\n\t\t\t\t\t<\/div>\n\t\t<\/section>\n\t\t\t\t<section class=\"elementor-section elementor-top-section elementor-element elementor-element-4d8d0a0 elementor-section-full_width elementor-section-height-default elementor-section-height-default\" data-id=\"4d8d0a0\" data-element_type=\"section\">\n\t\t\t\t\t\t<div class=\"elementor-container elementor-column-gap-default\">\n\t\t\t\t\t<div class=\"elementor-column elementor-col-100 elementor-top-column elementor-element elementor-element-d6e7b19\" data-id=\"d6e7b19\" data-element_type=\"column\">\n\t\t\t<div class=\"elementor-widget-wrap elementor-element-populated\">\n\t\t\t\t\t\t<div class=\"elementor-element elementor-element-ac7f853 elementor-widget elementor-widget-heading\" data-id=\"ac7f853\" data-element_type=\"widget\" data-widget_type=\"heading.default\">\n\t\t\t\t<div class=\"elementor-widget-container\">\n\t\t\t\t\t<h2 class=\"elementor-heading-title elementor-size-default\">Nach einiger Zeit ohne Seelsorger, wird der junge Pfarrer Michael Lezuo in der Pfarrkirche von Latzfons aufs herzliche willkommen gehei\u00dfen. Unter den Kl\u00e4ngen der Musikkapelle ziehen die Vereine von Latzfons mit dem neuen Pfarrer Michael Lezuo, Dekan Georg Martin und vier weiteren Mitbr\u00fcdern von der Frauenkirche zur Pfarrkirche, wo der Dekan dem neuen Pfarrer den Schl\u00fcssel zur Kircht\u00fcr \u00fcbergibt. Unter Applaus der vielen anwesenden Gl\u00e4ubigen sperrt Michael Lezuo die T\u00fcr zu seiner neuen Pfarrei auf.<\/h2>\t\t\t\t<\/div>\n\t\t\t\t<\/div>\n\t\t\t\t\t<\/div>\n\t\t<\/div>\n\t\t\t\t\t<\/div>\n\t\t<\/section>\n\t\t\t\t<section class=\"elementor-section elementor-top-section elementor-element elementor-element-af82731 elementor-section-full_width elementor-section-height-default elementor-section-height-default\" data-id=\"af82731\" data-element_type=\"section\">\n\t\t\t\t\t\t<div class=\"elementor-container elementor-column-gap-default\">\n\t\t\t\t\t<div class=\"elementor-column elementor-col-50 elementor-top-column elementor-element elementor-element-f91e4ee\" data-id=\"f91e4ee\" data-element_type=\"column\">\n\t\t\t<div class=\"elementor-widget-wrap elementor-element-populated\">\n\t\t\t\t\t\t<div class=\"elementor-element elementor-element-f4272be elementor-widget elementor-widget-image\" data-id=\"f4272be\" data-element_type=\"widget\" data-widget_type=\"image.default\">\n\t\t\t\t<div class=\"elementor-widget-container\">\n\t\t\t\t\t\t\t\t\t\t\t\t\t\t\t<img loading=\"lazy\" decoding=\"async\" width=\"1024\" height=\"768\" src=\"https:\/\/www.musikkapelle-latzfons.it\/wp-content\/uploads\/2022\/09\/priester-1024x768.jpg\" class=\"attachment-large size-large wp-image-3419\" alt=\"\" srcset=\"https:\/\/www.musikkapelle-latzfons.it\/wp-content\/uploads\/2022\/09\/priester-1024x768.jpg 1024w, https:\/\/www.musikkapelle-latzfons.it\/wp-content\/uploads\/2022\/09\/priester-300x225.jpg 300w, https:\/\/www.musikkapelle-latzfons.it\/wp-content\/uploads\/2022\/09\/priester-768x576.jpg 768w, https:\/\/www.musikkapelle-latzfons.it\/wp-content\/uploads\/2022\/09\/priester-1536x1152.jpg 1536w, https:\/\/www.musikkapelle-latzfons.it\/wp-content\/uploads\/2022\/09\/priester.jpg 1555w\" sizes=\"(max-width: 1024px) 100vw, 1024px\" \/>\t\t\t\t\t\t\t\t\t\t\t\t\t\t\t<\/div>\n\t\t\t\t<\/div>\n\t\t\t\t\t<\/div>\n\t\t<\/div>\n\t\t\t\t<div class=\"elementor-column elementor-col-50 elementor-top-column elementor-element elementor-element-6e8d383\" data-id=\"6e8d383\" data-element_type=\"column\">\n\t\t\t<div class=\"elementor-widget-wrap elementor-element-populated\">\n\t\t\t\t\t\t<div class=\"elementor-element elementor-element-493dcd1 elementor-widget elementor-widget-image\" data-id=\"493dcd1\" data-element_type=\"widget\" data-widget_type=\"image.default\">\n\t\t\t\t<div class=\"elementor-widget-container\">\n\t\t\t\t\t\t\t\t\t\t\t\t<figure class=\"wp-caption\">\n\t\t\t\t\t\t\t\t\t\t<img loading=\"lazy\" decoding=\"async\" width=\"1024\" height=\"768\" src=\"https:\/\/www.musikkapelle-latzfons.it\/wp-content\/uploads\/2022\/09\/kirche2-1024x768.jpg\" class=\"attachment-large size-large wp-image-3420\" alt=\"\" srcset=\"https:\/\/www.musikkapelle-latzfons.it\/wp-content\/uploads\/2022\/09\/kirche2-1024x768.jpg 1024w, https:\/\/www.musikkapelle-latzfons.it\/wp-content\/uploads\/2022\/09\/kirche2-300x225.jpg 300w, https:\/\/www.musikkapelle-latzfons.it\/wp-content\/uploads\/2022\/09\/kirche2-768x576.jpg 768w, https:\/\/www.musikkapelle-latzfons.it\/wp-content\/uploads\/2022\/09\/kirche2-1536x1152.jpg 1536w, https:\/\/www.musikkapelle-latzfons.it\/wp-content\/uploads\/2022\/09\/kirche2.jpg 1555w\" sizes=\"(max-width: 1024px) 100vw, 1024px\" \/>\t\t\t\t\t\t\t\t\t\t\t<figcaption class=\"widget-image-caption wp-caption-text\"><\/figcaption>\n\t\t\t\t\t\t\t\t\t\t<\/figure>\n\t\t\t\t\t\t\t\t\t<\/div>\n\t\t\t\t<\/div>\n\t\t\t\t\t<\/div>\n\t\t<\/div>\n\t\t\t\t\t<\/div>\n\t\t<\/section>\n\t\t\t\t<section class=\"elementor-section elementor-top-section elementor-element elementor-element-87a0733 elementor-section-full_width elementor-section-height-default elementor-section-height-default\" data-id=\"87a0733\" data-element_type=\"section\">\n\t\t\t\t\t\t<div class=\"elementor-container elementor-column-gap-default\">\n\t\t\t\t\t<div class=\"elementor-column elementor-col-50 elementor-top-column elementor-element elementor-element-b173da1\" data-id=\"b173da1\" data-element_type=\"column\">\n\t\t\t<div class=\"elementor-widget-wrap elementor-element-populated\">\n\t\t\t\t\t\t<div class=\"elementor-element elementor-element-83024e2 elementor-widget elementor-widget-image\" data-id=\"83024e2\" data-element_type=\"widget\" data-widget_type=\"image.default\">\n\t\t\t\t<div class=\"elementor-widget-container\">\n\t\t\t\t\t\t\t\t\t\t\t\t\t\t\t<img loading=\"lazy\" decoding=\"async\" width=\"1024\" height=\"576\" src=\"https:\/\/www.musikkapelle-latzfons.it\/wp-content\/uploads\/2022\/09\/brassquintett-1024x576.jpg\" class=\"attachment-large size-large wp-image-3391\" alt=\"\" srcset=\"https:\/\/www.musikkapelle-latzfons.it\/wp-content\/uploads\/2022\/09\/brassquintett-1024x576.jpg 1024w, https:\/\/www.musikkapelle-latzfons.it\/wp-content\/uploads\/2022\/09\/brassquintett-300x169.jpg 300w, https:\/\/www.musikkapelle-latzfons.it\/wp-content\/uploads\/2022\/09\/brassquintett-768x432.jpg 768w, https:\/\/www.musikkapelle-latzfons.it\/wp-content\/uploads\/2022\/09\/brassquintett-1536x864.jpg 1536w, https:\/\/www.musikkapelle-latzfons.it\/wp-content\/uploads\/2022\/09\/brassquintett-800x450.jpg 800w, https:\/\/www.musikkapelle-latzfons.it\/wp-content\/uploads\/2022\/09\/brassquintett.jpg 1613w\" sizes=\"(max-width: 1024px) 100vw, 1024px\" \/>\t\t\t\t\t\t\t\t\t\t\t\t\t\t\t<\/div>\n\t\t\t\t<\/div>\n\t\t\t\t\t<\/div>\n\t\t<\/div>\n\t\t\t\t<div class=\"elementor-column elementor-col-50 elementor-top-column elementor-element elementor-element-e7ea14b\" data-id=\"e7ea14b\" data-element_type=\"column\">\n\t\t\t<div class=\"elementor-widget-wrap elementor-element-populated\">\n\t\t\t\t\t\t<div class=\"elementor-element elementor-element-a797cd6 elementor-widget elementor-widget-image\" data-id=\"a797cd6\" data-element_type=\"widget\" data-widget_type=\"image.default\">\n\t\t\t\t<div class=\"elementor-widget-container\">\n\t\t\t\t\t\t\t\t\t\t\t\t<figure class=\"wp-caption\">\n\t\t\t\t\t\t\t\t\t\t<img loading=\"lazy\" decoding=\"async\" width=\"1024\" height=\"576\" src=\"https:\/\/www.musikkapelle-latzfons.it\/wp-content\/uploads\/2022\/09\/vorderKirche-1024x576.jpg\" class=\"attachment-large size-large wp-image-3393\" alt=\"\" srcset=\"https:\/\/www.musikkapelle-latzfons.it\/wp-content\/uploads\/2022\/09\/vorderKirche-1024x576.jpg 1024w, https:\/\/www.musikkapelle-latzfons.it\/wp-content\/uploads\/2022\/09\/vorderKirche-300x169.jpg 300w, https:\/\/www.musikkapelle-latzfons.it\/wp-content\/uploads\/2022\/09\/vorderKirche-768x432.jpg 768w, https:\/\/www.musikkapelle-latzfons.it\/wp-content\/uploads\/2022\/09\/vorderKirche-1536x864.jpg 1536w, https:\/\/www.musikkapelle-latzfons.it\/wp-content\/uploads\/2022\/09\/vorderKirche-800x450.jpg 800w, https:\/\/www.musikkapelle-latzfons.it\/wp-content\/uploads\/2022\/09\/vorderKirche.jpg 1613w\" sizes=\"(max-width: 1024px) 100vw, 1024px\" \/>\t\t\t\t\t\t\t\t\t\t\t<figcaption class=\"widget-image-caption wp-caption-text\"><\/figcaption>\n\t\t\t\t\t\t\t\t\t\t<\/figure>\n\t\t\t\t\t\t\t\t\t<\/div>\n\t\t\t\t<\/div>\n\t\t\t\t\t<\/div>\n\t\t<\/div>\n\t\t\t\t\t<\/div>\n\t\t<\/section>\n\t\t\t\t<section class=\"elementor-section elementor-top-section elementor-element elementor-element-8c93324 elementor-section-full_width elementor-section-height-default elementor-section-height-default\" data-id=\"8c93324\" data-element_type=\"section\">\n\t\t\t\t\t\t<div class=\"elementor-container elementor-column-gap-default\">\n\t\t\t\t\t<div class=\"elementor-column elementor-col-100 elementor-top-column elementor-element elementor-element-efdd65d\" data-id=\"efdd65d\" data-element_type=\"column\">\n\t\t\t<div class=\"elementor-widget-wrap elementor-element-populated\">\n\t\t\t\t\t\t<div class=\"elementor-element elementor-element-de1dd1e elementor-widget elementor-widget-heading\" data-id=\"de1dd1e\" data-element_type=\"widget\" data-widget_type=\"heading.default\">\n\t\t\t\t<div class=\"elementor-widget-container\">\n\t\t\t\t\t<h2 class=\"elementor-heading-title elementor-size-default\">Der Kirchenchor singt die Bl\u00e4sermesse \"Missa brevis\" von Jacob de Haan und das Brassquintett spielt w\u00e4hrend der Kommunion das St\u00fcck \"Spirit of god\" und begleitet das Danklied \"Gro\u00dfer Gott wir loben dich\".<br>Nach der feierlichen Messe wird Pfarrer Lezuo mit einem Gedicht, vorgetragen von Kindern aus Garn, Verdings und Latzfons begr\u00fc\u00dft und die Musikkapelle spielt einige M\u00e4rsche auf.<\/h2>\t\t\t\t<\/div>\n\t\t\t\t<\/div>\n\t\t\t\t\t<\/div>\n\t\t<\/div>\n\t\t\t\t\t<\/div>\n\t\t<\/section>\n\t\t\t\t<section class=\"elementor-section elementor-top-section elementor-element elementor-element-64d2b5d elementor-section-full_width elementor-section-height-default elementor-section-height-default\" data-id=\"64d2b5d\" data-element_type=\"section\">\n\t\t\t\t\t\t<div class=\"elementor-container elementor-column-gap-default\">\n\t\t\t\t\t<div class=\"elementor-column elementor-col-50 elementor-top-column elementor-element elementor-element-8810e4d\" data-id=\"8810e4d\" data-element_type=\"column\">\n\t\t\t<div class=\"elementor-widget-wrap elementor-element-populated\">\n\t\t\t\t\t\t<div class=\"elementor-element elementor-element-06277d4 elementor-widget elementor-widget-image\" data-id=\"06277d4\" data-element_type=\"widget\" data-widget_type=\"image.default\">\n\t\t\t\t<div class=\"elementor-widget-container\">\n\t\t\t\t\t\t\t\t\t\t\t\t\t\t\t<img loading=\"lazy\" decoding=\"async\" width=\"1024\" height=\"576\" src=\"https:\/\/www.musikkapelle-latzfons.it\/wp-content\/uploads\/2022\/09\/Kapelle-1024x576.jpg\" class=\"attachment-large size-large wp-image-3406\" alt=\"\" srcset=\"https:\/\/www.musikkapelle-latzfons.it\/wp-content\/uploads\/2022\/09\/Kapelle-1024x576.jpg 1024w, https:\/\/www.musikkapelle-latzfons.it\/wp-content\/uploads\/2022\/09\/Kapelle-300x169.jpg 300w, https:\/\/www.musikkapelle-latzfons.it\/wp-content\/uploads\/2022\/09\/Kapelle-768x432.jpg 768w, https:\/\/www.musikkapelle-latzfons.it\/wp-content\/uploads\/2022\/09\/Kapelle-1536x864.jpg 1536w, https:\/\/www.musikkapelle-latzfons.it\/wp-content\/uploads\/2022\/09\/Kapelle-800x450.jpg 800w, https:\/\/www.musikkapelle-latzfons.it\/wp-content\/uploads\/2022\/09\/Kapelle.jpg 1613w\" sizes=\"(max-width: 1024px) 100vw, 1024px\" \/>\t\t\t\t\t\t\t\t\t\t\t\t\t\t\t<\/div>\n\t\t\t\t<\/div>\n\t\t\t\t\t<\/div>\n\t\t<\/div>\n\t\t\t\t<div class=\"elementor-column elementor-col-50 elementor-top-column elementor-element elementor-element-d45b597\" data-id=\"d45b597\" data-element_type=\"column\">\n\t\t\t<div class=\"elementor-widget-wrap elementor-element-populated\">\n\t\t\t\t\t\t<div class=\"elementor-element elementor-element-7528264 elementor-widget elementor-widget-image\" data-id=\"7528264\" data-element_type=\"widget\" data-widget_type=\"image.default\">\n\t\t\t\t<div class=\"elementor-widget-container\">\n\t\t\t\t\t\t\t\t\t\t\t\t\t\t\t<img loading=\"lazy\" decoding=\"async\" width=\"1024\" height=\"576\" src=\"https:\/\/www.musikkapelle-latzfons.it\/wp-content\/uploads\/2022\/09\/Kirchplatz-1024x576.jpg\" class=\"attachment-large size-large wp-image-3392\" alt=\"\" srcset=\"https:\/\/www.musikkapelle-latzfons.it\/wp-content\/uploads\/2022\/09\/Kirchplatz-1024x576.jpg 1024w, https:\/\/www.musikkapelle-latzfons.it\/wp-content\/uploads\/2022\/09\/Kirchplatz-300x169.jpg 300w, https:\/\/www.musikkapelle-latzfons.it\/wp-content\/uploads\/2022\/09\/Kirchplatz-768x432.jpg 768w, https:\/\/www.musikkapelle-latzfons.it\/wp-content\/uploads\/2022\/09\/Kirchplatz-1536x864.jpg 1536w, https:\/\/www.musikkapelle-latzfons.it\/wp-content\/uploads\/2022\/09\/Kirchplatz-800x450.jpg 800w, https:\/\/www.musikkapelle-latzfons.it\/wp-content\/uploads\/2022\/09\/Kirchplatz.jpg 1613w\" sizes=\"(max-width: 1024px) 100vw, 1024px\" \/>\t\t\t\t\t\t\t\t\t\t\t\t\t\t\t<\/div>\n\t\t\t\t<\/div>\n\t\t\t\t\t<\/div>\n\t\t<\/div>\n\t\t\t\t\t<\/div>\n\t\t<\/section>\n\t\t\t\t<section class=\"elementor-section elementor-top-section elementor-element elementor-element-dca6868 elementor-section-full_width elementor-section-height-default elementor-section-height-default\" data-id=\"dca6868\" data-element_type=\"section\">\n\t\t\t\t\t\t<div class=\"elementor-container elementor-column-gap-default\">\n\t\t\t\t\t<div class=\"elementor-column elementor-col-100 elementor-top-column elementor-element elementor-element-8fd0ca4\" data-id=\"8fd0ca4\" data-element_type=\"column\">\n\t\t\t<div class=\"elementor-widget-wrap elementor-element-populated\">\n\t\t\t\t\t\t<div class=\"elementor-element elementor-element-fa880d2 elementor-widget elementor-widget-heading\" data-id=\"fa880d2\" data-element_type=\"widget\" data-widget_type=\"heading.default\">\n\t\t\t\t<div class=\"elementor-widget-container\">\n\t\t\t\t\t<h2 class=\"elementor-heading-title elementor-size-default\">Anschlie\u00dfend st\u00e4rken sich alle am Buffet und zahlreiche Gl\u00e4ubige der Pfarrgemeinde n\u00fctzen die Gelegenheit ihren neuen Pfarrer pers\u00f6nlich zu gr\u00fc\u00dfen und willkommen zu hei\u00dfen.<\/h2>\t\t\t\t<\/div>\n\t\t\t\t<\/div>\n\t\t\t\t\t<\/div>\n\t\t<\/div>\n\t\t\t\t\t<\/div>\n\t\t<\/section>\n\t\t\t\t<section class=\"elementor-section elementor-top-section elementor-element elementor-element-69f6c36 elementor-section-full_width elementor-section-height-default elementor-section-height-default\" data-id=\"69f6c36\" data-element_type=\"section\">\n\t\t\t\t\t\t<div class=\"elementor-container elementor-column-gap-default\">\n\t\t\t\t\t<div class=\"elementor-column elementor-col-50 elementor-top-column elementor-element elementor-element-8d90f5a\" data-id=\"8d90f5a\" data-element_type=\"column\">\n\t\t\t<div class=\"elementor-widget-wrap elementor-element-populated\">\n\t\t\t\t\t\t<div class=\"elementor-element elementor-element-5ac0f89 elementor-widget elementor-widget-image\" data-id=\"5ac0f89\" data-element_type=\"widget\" data-widget_type=\"image.default\">\n\t\t\t\t<div class=\"elementor-widget-container\">\n\t\t\t\t\t\t\t\t\t\t\t\t\t\t\t<img loading=\"lazy\" decoding=\"async\" width=\"1024\" height=\"768\" src=\"https:\/\/www.musikkapelle-latzfons.it\/wp-content\/uploads\/2022\/09\/vereine-1024x768.jpg\" class=\"attachment-large size-large wp-image-3418\" alt=\"\" srcset=\"https:\/\/www.musikkapelle-latzfons.it\/wp-content\/uploads\/2022\/09\/vereine-1024x768.jpg 1024w, https:\/\/www.musikkapelle-latzfons.it\/wp-content\/uploads\/2022\/09\/vereine-300x225.jpg 300w, https:\/\/www.musikkapelle-latzfons.it\/wp-content\/uploads\/2022\/09\/vereine-768x576.jpg 768w, https:\/\/www.musikkapelle-latzfons.it\/wp-content\/uploads\/2022\/09\/vereine.jpg 1296w\" sizes=\"(max-width: 1024px) 100vw, 1024px\" \/>\t\t\t\t\t\t\t\t\t\t\t\t\t\t\t<\/div>\n\t\t\t\t<\/div>\n\t\t\t\t\t<\/div>\n\t\t<\/div>\n\t\t\t\t<div class=\"elementor-column elementor-col-50 elementor-top-column elementor-element elementor-element-951131d\" data-id=\"951131d\" data-element_type=\"column\">\n\t\t\t<div class=\"elementor-widget-wrap elementor-element-populated\">\n\t\t\t\t\t\t<div class=\"elementor-element elementor-element-fb3f403 elementor-widget elementor-widget-image\" data-id=\"fb3f403\" data-element_type=\"widget\" data-widget_type=\"image.default\">\n\t\t\t\t<div class=\"elementor-widget-container\">\n\t\t\t\t\t\t\t\t\t\t\t\t\t\t\t<img loading=\"lazy\" decoding=\"async\" width=\"1024\" height=\"768\" src=\"https:\/\/www.musikkapelle-latzfons.it\/wp-content\/uploads\/2022\/09\/obmannkapellmeister-1024x768.jpg\" class=\"attachment-large size-large wp-image-3417\" alt=\"\" srcset=\"https:\/\/www.musikkapelle-latzfons.it\/wp-content\/uploads\/2022\/09\/obmannkapellmeister-1024x768.jpg 1024w, https:\/\/www.musikkapelle-latzfons.it\/wp-content\/uploads\/2022\/09\/obmannkapellmeister-300x225.jpg 300w, https:\/\/www.musikkapelle-latzfons.it\/wp-content\/uploads\/2022\/09\/obmannkapellmeister-768x576.jpg 768w, https:\/\/www.musikkapelle-latzfons.it\/wp-content\/uploads\/2022\/09\/obmannkapellmeister-1536x1152.jpg 1536w, https:\/\/www.musikkapelle-latzfons.it\/wp-content\/uploads\/2022\/09\/obmannkapellmeister.jpg 1814w\" sizes=\"(max-width: 1024px) 100vw, 1024px\" \/>\t\t\t\t\t\t\t\t\t\t\t\t\t\t\t<\/div>\n\t\t\t\t<\/div>\n\t\t\t\t\t<\/div>\n\t\t<\/div>\n\t\t\t\t\t<\/div>\n\t\t<\/section>\n\t\t\t\t<section class=\"elementor-section elementor-top-section elementor-element elementor-element-2a8e844 elementor-section-boxed elementor-section-height-default elementor-section-height-default\" data-id=\"2a8e844\" data-element_type=\"section\">\n\t\t\t\t\t\t<div class=\"elementor-container elementor-column-gap-default\">\n\t\t\t\t\t<div class=\"elementor-column elementor-col-100 elementor-top-column elementor-element elementor-element-e2de9bb\" data-id=\"e2de9bb\" data-element_type=\"column\">\n\t\t\t<div class=\"elementor-widget-wrap elementor-element-populated\">\n\t\t\t\t\t\t<div class=\"elementor-element elementor-element-3ad441a elementor-widget elementor-widget-spacer\" data-id=\"3ad441a\" data-element_type=\"widget\" data-widget_type=\"spacer.default\">\n\t\t\t\t<div class=\"elementor-widget-container\">\n\t\t\t\t\t\t\t<div class=\"elementor-spacer\">\n\t\t\t<div class=\"elementor-spacer-inner\"><\/div>\n\t\t<\/div>\n\t\t\t\t\t\t<\/div>\n\t\t\t\t<\/div>\n\t\t\t\t\t<\/div>\n\t\t<\/div>\n\t\t\t\t\t<\/div>\n\t\t<\/section>\n\t\t\t\t<section class=\"elementor-section elementor-top-section elementor-element elementor-element-9641004 elementor-section-full_width elementor-section-height-min-height elementor-section-stretched elementor-section-height-default elementor-section-items-middle\" data-id=\"9641004\" data-element_type=\"section\" data-settings=\"{&quot;stretch_section&quot;:&quot;section-stretched&quot;}\">\n\t\t\t\t\t\t\t<div class=\"elementor-background-overlay\"><\/div>\n\t\t\t\t\t\t\t<div class=\"elementor-container elementor-column-gap-default\">\n\t\t\t\t\t<div class=\"elementor-column elementor-col-100 elementor-top-column elementor-element elementor-element-d6207c3\" data-id=\"d6207c3\" data-element_type=\"column\">\n\t\t\t<div class=\"elementor-widget-wrap elementor-element-populated\">\n\t\t\t\t\t\t<div class=\"elementor-element elementor-element-b588e25 elementor-widget elementor-widget-heading\" data-id=\"b588e25\" data-element_type=\"widget\" data-widget_type=\"heading.default\">\n\t\t\t\t<div class=\"elementor-widget-container\">\n\t\t\t\t\t<h2 class=\"elementor-heading-title elementor-size-default\">2. September 2022<\/h2>\t\t\t\t<\/div>\n\t\t\t\t<\/div>\n\t\t\t\t\t<\/div>\n\t\t<\/div>\n\t\t\t\t\t<\/div>\n\t\t<\/section>\n\t\t\t\t<section class=\"elementor-section elementor-top-section elementor-element elementor-element-893315d elementor-section-full_width elementor-section-height-min-height elementor-section-stretched elementor-section-height-default elementor-section-items-middle\" data-id=\"893315d\" data-element_type=\"section\" data-settings=\"{&quot;stretch_section&quot;:&quot;section-stretched&quot;}\">\n\t\t\t\t\t\t\t<div class=\"elementor-background-overlay\"><\/div>\n\t\t\t\t\t\t\t<div class=\"elementor-container elementor-column-gap-default\">\n\t\t\t\t\t<div class=\"elementor-column elementor-col-100 elementor-top-column elementor-element elementor-element-758011b\" data-id=\"758011b\" data-element_type=\"column\">\n\t\t\t<div class=\"elementor-widget-wrap elementor-element-populated\">\n\t\t\t\t\t\t<div class=\"elementor-element elementor-element-33ba19c elementor-widget elementor-widget-heading\" data-id=\"33ba19c\" data-element_type=\"widget\" data-widget_type=\"heading.default\">\n\t\t\t\t<div class=\"elementor-widget-container\">\n\t\t\t\t\t<h2 class=\"elementor-heading-title elementor-size-default\">Abendkonzert mit Verleihung der Leistungsabzeichen<\/h2>\t\t\t\t<\/div>\n\t\t\t\t<\/div>\n\t\t\t\t\t<\/div>\n\t\t<\/div>\n\t\t\t\t\t<\/div>\n\t\t<\/section>\n\t\t\t\t<section class=\"elementor-section elementor-top-section elementor-element elementor-element-43f5fb4 elementor-section-height-min-height elementor-section-stretched elementor-section-full_width elementor-section-height-default elementor-section-items-middle\" data-id=\"43f5fb4\" data-element_type=\"section\" data-settings=\"{&quot;stretch_section&quot;:&quot;section-stretched&quot;,&quot;background_background&quot;:&quot;classic&quot;}\">\n\t\t\t\t\t\t<div class=\"elementor-container elementor-column-gap-default\">\n\t\t\t\t\t<div class=\"elementor-column elementor-col-100 elementor-top-column elementor-element elementor-element-4f47734\" data-id=\"4f47734\" data-element_type=\"column\">\n\t\t\t<div class=\"elementor-widget-wrap\">\n\t\t\t\t\t\t\t<\/div>\n\t\t<\/div>\n\t\t\t\t\t<\/div>\n\t\t<\/section>\n\t\t\t\t<section class=\"elementor-section elementor-top-section elementor-element elementor-element-e2bd035 elementor-section-full_width elementor-section-height-default elementor-section-height-default\" data-id=\"e2bd035\" data-element_type=\"section\">\n\t\t\t\t\t\t<div class=\"elementor-container elementor-column-gap-default\">\n\t\t\t\t\t<div class=\"elementor-column elementor-col-100 elementor-top-column elementor-element elementor-element-ffbc3d7\" data-id=\"ffbc3d7\" data-element_type=\"column\">\n\t\t\t<div class=\"elementor-widget-wrap elementor-element-populated\">\n\t\t\t\t\t\t<div class=\"elementor-element elementor-element-4730f29 elementor-widget elementor-widget-heading\" data-id=\"4730f29\" data-element_type=\"widget\" data-widget_type=\"heading.default\">\n\t\t\t\t<div class=\"elementor-widget-container\">\n\t\t\t\t\t<h2 class=\"elementor-heading-title elementor-size-default\">Nach dem Einmarsch der Musikkapelle und der Jugendkapelle um 19.30 Uhr, gibt zuerst die Jugendkapelle und anschlie\u00dfend die Musikkapelle ihr Konzert auf dem \u00fcberdachten Festplatz. Zwischen den St\u00fccken werden den Jungmusikanten, welche heuer das Leistungsabzeichen in Bronze, Silber oder Gold absolviert haben, die Urkunde und das Abzeichen \u00fcberreicht.<br>Die \u00dcberreichung nehmen die Bezirksjugendleiterin Sabine Leitner und Peter Gasser,  B\u00fcrgermeister von Klausen vor. <br>Gratuliert wird auch Josef Oberrauch, dem heuer im August die Verdienstmedaille des Landes Tirol verliehen wurde und den zwei jungen Sportlern aus unseren Reihen, Julian Schrott und Aaron Schrott, welche sich beide bei der Weltmeisterschaft im Einrad unter den Top10 platzieren konnten.<\/h2>\t\t\t\t<\/div>\n\t\t\t\t<\/div>\n\t\t\t\t\t<\/div>\n\t\t<\/div>\n\t\t\t\t\t<\/div>\n\t\t<\/section>\n\t\t\t\t<section class=\"elementor-section elementor-top-section elementor-element elementor-element-11db669 elementor-section-full_width elementor-section-height-default elementor-section-height-default\" data-id=\"11db669\" data-element_type=\"section\">\n\t\t\t\t\t\t<div class=\"elementor-container elementor-column-gap-default\">\n\t\t\t\t\t<div class=\"elementor-column elementor-col-50 elementor-top-column elementor-element elementor-element-b1e0064\" data-id=\"b1e0064\" data-element_type=\"column\">\n\t\t\t<div class=\"elementor-widget-wrap elementor-element-populated\">\n\t\t\t\t\t\t<div class=\"elementor-element elementor-element-574d07f elementor-widget elementor-widget-image\" data-id=\"574d07f\" data-element_type=\"widget\" data-widget_type=\"image.default\">\n\t\t\t\t<div class=\"elementor-widget-container\">\n\t\t\t\t\t\t\t\t\t\t\t\t\t\t\t<img loading=\"lazy\" decoding=\"async\" width=\"1024\" height=\"768\" src=\"https:\/\/www.musikkapelle-latzfons.it\/wp-content\/uploads\/2022\/09\/Bronze-1024x768.jpg\" class=\"attachment-large size-large wp-image-3376\" alt=\"\" srcset=\"https:\/\/www.musikkapelle-latzfons.it\/wp-content\/uploads\/2022\/09\/Bronze-1024x768.jpg 1024w, https:\/\/www.musikkapelle-latzfons.it\/wp-content\/uploads\/2022\/09\/Bronze-300x225.jpg 300w, https:\/\/www.musikkapelle-latzfons.it\/wp-content\/uploads\/2022\/09\/Bronze-768x576.jpg 768w, https:\/\/www.musikkapelle-latzfons.it\/wp-content\/uploads\/2022\/09\/Bronze-1536x1152.jpg 1536w, https:\/\/www.musikkapelle-latzfons.it\/wp-content\/uploads\/2022\/09\/Bronze.jpg 1555w\" sizes=\"(max-width: 1024px) 100vw, 1024px\" \/>\t\t\t\t\t\t\t\t\t\t\t\t\t\t\t<\/div>\n\t\t\t\t<\/div>\n\t\t\t\t\t<\/div>\n\t\t<\/div>\n\t\t\t\t<div class=\"elementor-column elementor-col-50 elementor-top-column elementor-element elementor-element-98e6938\" data-id=\"98e6938\" data-element_type=\"column\">\n\t\t\t<div class=\"elementor-widget-wrap elementor-element-populated\">\n\t\t\t\t\t\t<div class=\"elementor-element elementor-element-5f17b0e elementor-widget elementor-widget-image\" data-id=\"5f17b0e\" data-element_type=\"widget\" data-widget_type=\"image.default\">\n\t\t\t\t<div class=\"elementor-widget-container\">\n\t\t\t\t\t\t\t\t\t\t\t\t<figure class=\"wp-caption\">\n\t\t\t\t\t\t\t\t\t\t<img loading=\"lazy\" decoding=\"async\" width=\"1024\" height=\"768\" src=\"https:\/\/www.musikkapelle-latzfons.it\/wp-content\/uploads\/2022\/09\/Silber-1024x768.jpg\" class=\"attachment-large size-large wp-image-3375\" alt=\"\" srcset=\"https:\/\/www.musikkapelle-latzfons.it\/wp-content\/uploads\/2022\/09\/Silber-1024x768.jpg 1024w, https:\/\/www.musikkapelle-latzfons.it\/wp-content\/uploads\/2022\/09\/Silber-300x225.jpg 300w, https:\/\/www.musikkapelle-latzfons.it\/wp-content\/uploads\/2022\/09\/Silber-768x576.jpg 768w, https:\/\/www.musikkapelle-latzfons.it\/wp-content\/uploads\/2022\/09\/Silber-1536x1152.jpg 1536w, https:\/\/www.musikkapelle-latzfons.it\/wp-content\/uploads\/2022\/09\/Silber.jpg 1555w\" sizes=\"(max-width: 1024px) 100vw, 1024px\" \/>\t\t\t\t\t\t\t\t\t\t\t<figcaption class=\"widget-image-caption wp-caption-text\"><\/figcaption>\n\t\t\t\t\t\t\t\t\t\t<\/figure>\n\t\t\t\t\t\t\t\t\t<\/div>\n\t\t\t\t<\/div>\n\t\t\t\t\t<\/div>\n\t\t<\/div>\n\t\t\t\t\t<\/div>\n\t\t<\/section>\n\t\t\t\t<section class=\"elementor-section elementor-top-section elementor-element elementor-element-2485887 elementor-section-full_width elementor-section-height-default elementor-section-height-default\" data-id=\"2485887\" data-element_type=\"section\">\n\t\t\t\t\t\t<div class=\"elementor-container elementor-column-gap-default\">\n\t\t\t\t\t<div class=\"elementor-column elementor-col-100 elementor-top-column elementor-element elementor-element-f259866\" data-id=\"f259866\" data-element_type=\"column\">\n\t\t\t<div class=\"elementor-widget-wrap elementor-element-populated\">\n\t\t\t\t\t\t<div class=\"elementor-element elementor-element-8e776c7 elementor-widget elementor-widget-heading\" data-id=\"8e776c7\" data-element_type=\"widget\" data-widget_type=\"heading.default\">\n\t\t\t\t<div class=\"elementor-widget-container\">\n\t\t\t\t\t<h2 class=\"elementor-heading-title elementor-size-default\">Das Abzeichen in Bronze wird Milena Langgartner (Querfl\u00f6te) und Moritz Waldboth (Schlagzeug) \u00fcberreicht, das Abzeichen in Silber an Jonathan Schatzer und Maria Pfattner. Mit im Bild der B\u00fcrgermeister Peter Gasser, der Kapellmeister Georg Hasler und Obmann Josef Pfattner.<\/h2>\t\t\t\t<\/div>\n\t\t\t\t<\/div>\n\t\t\t\t\t<\/div>\n\t\t<\/div>\n\t\t\t\t\t<\/div>\n\t\t<\/section>\n\t\t\t\t<section class=\"elementor-section elementor-top-section elementor-element elementor-element-ea47b0f elementor-section-full_width elementor-section-height-default elementor-section-height-default\" data-id=\"ea47b0f\" data-element_type=\"section\">\n\t\t\t\t\t\t<div class=\"elementor-container elementor-column-gap-default\">\n\t\t\t\t\t<div class=\"elementor-column elementor-col-50 elementor-top-column elementor-element elementor-element-494d6bf\" data-id=\"494d6bf\" data-element_type=\"column\">\n\t\t\t<div class=\"elementor-widget-wrap elementor-element-populated\">\n\t\t\t\t\t\t<div class=\"elementor-element elementor-element-f697682 elementor-widget elementor-widget-image\" data-id=\"f697682\" data-element_type=\"widget\" data-widget_type=\"image.default\">\n\t\t\t\t<div class=\"elementor-widget-container\">\n\t\t\t\t\t\t\t\t\t\t\t\t<figure class=\"wp-caption\">\n\t\t\t\t\t\t\t\t\t\t<img loading=\"lazy\" decoding=\"async\" width=\"1024\" height=\"768\" src=\"https:\/\/www.musikkapelle-latzfons.it\/wp-content\/uploads\/2022\/09\/Gi-1024x768.jpg\" class=\"attachment-large size-large wp-image-3374\" alt=\"\" srcset=\"https:\/\/www.musikkapelle-latzfons.it\/wp-content\/uploads\/2022\/09\/Gi-1024x768.jpg 1024w, https:\/\/www.musikkapelle-latzfons.it\/wp-content\/uploads\/2022\/09\/Gi-300x225.jpg 300w, https:\/\/www.musikkapelle-latzfons.it\/wp-content\/uploads\/2022\/09\/Gi-768x576.jpg 768w, https:\/\/www.musikkapelle-latzfons.it\/wp-content\/uploads\/2022\/09\/Gi-1536x1152.jpg 1536w, https:\/\/www.musikkapelle-latzfons.it\/wp-content\/uploads\/2022\/09\/Gi.jpg 1555w\" sizes=\"(max-width: 1024px) 100vw, 1024px\" \/>\t\t\t\t\t\t\t\t\t\t\t<figcaption class=\"widget-image-caption wp-caption-text\"><\/figcaption>\n\t\t\t\t\t\t\t\t\t\t<\/figure>\n\t\t\t\t\t\t\t\t\t<\/div>\n\t\t\t\t<\/div>\n\t\t\t\t\t<\/div>\n\t\t<\/div>\n\t\t\t\t<div class=\"elementor-column elementor-col-50 elementor-top-column elementor-element elementor-element-0affa09\" data-id=\"0affa09\" data-element_type=\"column\">\n\t\t\t<div class=\"elementor-widget-wrap elementor-element-populated\">\n\t\t\t\t\t\t<div class=\"elementor-element elementor-element-7f4033c elementor-widget elementor-widget-image\" data-id=\"7f4033c\" data-element_type=\"widget\" data-widget_type=\"image.default\">\n\t\t\t\t<div class=\"elementor-widget-container\">\n\t\t\t\t\t\t\t\t\t\t\t\t\t\t\t<img loading=\"lazy\" decoding=\"async\" width=\"1024\" height=\"768\" src=\"https:\/\/www.musikkapelle-latzfons.it\/wp-content\/uploads\/2022\/09\/trrio-1024x768.jpg\" class=\"attachment-large size-large wp-image-3372\" alt=\"\" srcset=\"https:\/\/www.musikkapelle-latzfons.it\/wp-content\/uploads\/2022\/09\/trrio-1024x768.jpg 1024w, https:\/\/www.musikkapelle-latzfons.it\/wp-content\/uploads\/2022\/09\/trrio-300x225.jpg 300w, https:\/\/www.musikkapelle-latzfons.it\/wp-content\/uploads\/2022\/09\/trrio-768x576.jpg 768w, https:\/\/www.musikkapelle-latzfons.it\/wp-content\/uploads\/2022\/09\/trrio-1536x1152.jpg 1536w, https:\/\/www.musikkapelle-latzfons.it\/wp-content\/uploads\/2022\/09\/trrio.jpg 1555w\" sizes=\"(max-width: 1024px) 100vw, 1024px\" \/>\t\t\t\t\t\t\t\t\t\t\t\t\t\t\t<\/div>\n\t\t\t\t<\/div>\n\t\t\t\t\t<\/div>\n\t\t<\/div>\n\t\t\t\t\t<\/div>\n\t\t<\/section>\n\t\t\t\t<section class=\"elementor-section elementor-top-section elementor-element elementor-element-67938ad elementor-section-full_width elementor-section-height-default elementor-section-height-default\" data-id=\"67938ad\" data-element_type=\"section\">\n\t\t\t\t\t\t<div class=\"elementor-container elementor-column-gap-default\">\n\t\t\t\t\t<div class=\"elementor-column elementor-col-100 elementor-top-column elementor-element elementor-element-b2c77db\" data-id=\"b2c77db\" data-element_type=\"column\">\n\t\t\t<div class=\"elementor-widget-wrap elementor-element-populated\">\n\t\t\t\t\t\t<div class=\"elementor-element elementor-element-1bde468 elementor-widget elementor-widget-heading\" data-id=\"1bde468\" data-element_type=\"widget\" data-widget_type=\"heading.default\">\n\t\t\t\t<div class=\"elementor-widget-container\">\n\t\t\t\t\t<h2 class=\"elementor-heading-title elementor-size-default\">Das Abzeichen in Gold wird der Saxophonistin Lisa Pfattner \u00fcberreicht. Im zweiten Bild die Geschwister Lisa und Maria und Jonathan.<\/h2>\t\t\t\t<\/div>\n\t\t\t\t<\/div>\n\t\t\t\t\t<\/div>\n\t\t<\/div>\n\t\t\t\t\t<\/div>\n\t\t<\/section>\n\t\t\t\t<section class=\"elementor-section elementor-top-section elementor-element elementor-element-8ea5930 elementor-section-full_width elementor-section-height-min-height elementor-section-stretched elementor-section-height-default elementor-section-items-middle\" data-id=\"8ea5930\" data-element_type=\"section\" data-settings=\"{&quot;stretch_section&quot;:&quot;section-stretched&quot;}\">\n\t\t\t\t\t\t<div class=\"elementor-container elementor-column-gap-wider\">\n\t\t\t\t\t<div class=\"elementor-column elementor-col-100 elementor-top-column elementor-element elementor-element-906709e\" data-id=\"906709e\" data-element_type=\"column\">\n\t\t\t<div class=\"elementor-widget-wrap elementor-element-populated\">\n\t\t\t\t\t\t<div class=\"elementor-element elementor-element-cd0fd89 elementor-widget elementor-widget-image\" data-id=\"cd0fd89\" data-element_type=\"widget\" data-widget_type=\"image.default\">\n\t\t\t\t<div class=\"elementor-widget-container\">\n\t\t\t\t\t\t\t\t\t\t\t\t\t\t\t<img loading=\"lazy\" decoding=\"async\" width=\"1024\" height=\"576\" src=\"https:\/\/www.musikkapelle-latzfons.it\/wp-content\/uploads\/2022\/09\/mk-1024x576.jpg\" class=\"attachment-large size-large wp-image-3377\" alt=\"\" srcset=\"https:\/\/www.musikkapelle-latzfons.it\/wp-content\/uploads\/2022\/09\/mk-1024x576.jpg 1024w, https:\/\/www.musikkapelle-latzfons.it\/wp-content\/uploads\/2022\/09\/mk-300x169.jpg 300w, https:\/\/www.musikkapelle-latzfons.it\/wp-content\/uploads\/2022\/09\/mk-768x432.jpg 768w, https:\/\/www.musikkapelle-latzfons.it\/wp-content\/uploads\/2022\/09\/mk-1536x864.jpg 1536w, https:\/\/www.musikkapelle-latzfons.it\/wp-content\/uploads\/2022\/09\/mk-800x450.jpg 800w, https:\/\/www.musikkapelle-latzfons.it\/wp-content\/uploads\/2022\/09\/mk.jpg 1814w\" sizes=\"(max-width: 1024px) 100vw, 1024px\" \/>\t\t\t\t\t\t\t\t\t\t\t\t\t\t\t<\/div>\n\t\t\t\t<\/div>\n\t\t\t\t\t<\/div>\n\t\t<\/div>\n\t\t\t\t\t<\/div>\n\t\t<\/section>\n\t\t\t\t<section class=\"elementor-section elementor-top-section elementor-element elementor-element-cdb6644 elementor-section-full_width elementor-section-height-default elementor-section-height-default\" data-id=\"cdb6644\" data-element_type=\"section\">\n\t\t\t\t\t\t<div class=\"elementor-container elementor-column-gap-default\">\n\t\t\t\t\t<div class=\"elementor-column elementor-col-100 elementor-top-column elementor-element elementor-element-2aaa047\" data-id=\"2aaa047\" data-element_type=\"column\">\n\t\t\t<div class=\"elementor-widget-wrap elementor-element-populated\">\n\t\t\t\t\t\t<div class=\"elementor-element elementor-element-510f8fb elementor-widget elementor-widget-heading\" data-id=\"510f8fb\" data-element_type=\"widget\" data-widget_type=\"heading.default\">\n\t\t\t\t<div class=\"elementor-widget-container\">\n\t\t\t\t\t<h2 class=\"elementor-heading-title elementor-size-default\">Um ca. 22 Uhr beendet die Musikkapelle das Konzert mit den beiden Zugaben \"B\u00f6hmische Liebe\" und dem \"B\u00f6hmischen Traum\", die das Publikum sichtlich begeistert hat.<\/h2>\t\t\t\t<\/div>\n\t\t\t\t<\/div>\n\t\t\t\t\t<\/div>\n\t\t<\/div>\n\t\t\t\t\t<\/div>\n\t\t<\/section>\n\t\t\t\t<section class=\"elementor-section elementor-top-section elementor-element elementor-element-32635b1 elementor-section-boxed elementor-section-height-default elementor-section-height-default\" data-id=\"32635b1\" data-element_type=\"section\">\n\t\t\t\t\t\t<div class=\"elementor-container elementor-column-gap-default\">\n\t\t\t\t\t<div class=\"elementor-column elementor-col-100 elementor-top-column elementor-element elementor-element-4558f2d\" data-id=\"4558f2d\" data-element_type=\"column\">\n\t\t\t<div class=\"elementor-widget-wrap elementor-element-populated\">\n\t\t\t\t\t\t<div class=\"elementor-element elementor-element-813f121 elementor-widget elementor-widget-spacer\" data-id=\"813f121\" data-element_type=\"widget\" data-widget_type=\"spacer.default\">\n\t\t\t\t<div class=\"elementor-widget-container\">\n\t\t\t\t\t\t\t<div class=\"elementor-spacer\">\n\t\t\t<div class=\"elementor-spacer-inner\"><\/div>\n\t\t<\/div>\n\t\t\t\t\t\t<\/div>\n\t\t\t\t<\/div>\n\t\t\t\t\t<\/div>\n\t\t<\/div>\n\t\t\t\t\t<\/div>\n\t\t<\/section>\n\t\t\t\t<section class=\"elementor-section elementor-top-section elementor-element elementor-element-837e6d6 elementor-section-full_width elementor-section-height-default elementor-section-height-default\" data-id=\"837e6d6\" data-element_type=\"section\">\n\t\t\t\t\t\t<div class=\"elementor-container elementor-column-gap-default\">\n\t\t\t\t\t<div class=\"elementor-column elementor-col-50 elementor-top-column elementor-element elementor-element-e77107f\" data-id=\"e77107f\" data-element_type=\"column\">\n\t\t\t<div class=\"elementor-widget-wrap\">\n\t\t\t\t\t\t\t<\/div>\n\t\t<\/div>\n\t\t\t\t<div class=\"elementor-column elementor-col-50 elementor-top-column elementor-element elementor-element-cace2ae\" data-id=\"cace2ae\" data-element_type=\"column\">\n\t\t\t<div class=\"elementor-widget-wrap\">\n\t\t\t\t\t\t\t<\/div>\n\t\t<\/div>\n\t\t\t\t\t<\/div>\n\t\t<\/section>\n\t\t\t\t<section class=\"elementor-section elementor-top-section elementor-element elementor-element-2118002 elementor-section-full_width elementor-section-height-min-height elementor-section-stretched elementor-section-height-default elementor-section-items-middle\" data-id=\"2118002\" data-element_type=\"section\" data-settings=\"{&quot;stretch_section&quot;:&quot;section-stretched&quot;}\">\n\t\t\t\t\t\t\t<div class=\"elementor-background-overlay\"><\/div>\n\t\t\t\t\t\t\t<div class=\"elementor-container elementor-column-gap-default\">\n\t\t\t\t\t<div class=\"elementor-column elementor-col-100 elementor-top-column elementor-element elementor-element-384faca\" data-id=\"384faca\" data-element_type=\"column\">\n\t\t\t<div class=\"elementor-widget-wrap elementor-element-populated\">\n\t\t\t\t\t\t<div class=\"elementor-element elementor-element-2f46b94 elementor-widget elementor-widget-heading\" data-id=\"2f46b94\" data-element_type=\"widget\" data-widget_type=\"heading.default\">\n\t\t\t\t<div class=\"elementor-widget-container\">\n\t\t\t\t\t<h2 class=\"elementor-heading-title elementor-size-default\">27. August 2022<\/h2>\t\t\t\t<\/div>\n\t\t\t\t<\/div>\n\t\t\t\t\t<\/div>\n\t\t<\/div>\n\t\t\t\t\t<\/div>\n\t\t<\/section>\n\t\t\t\t<section class=\"elementor-section elementor-top-section elementor-element elementor-element-07c8557 elementor-section-full_width elementor-section-height-min-height elementor-section-stretched elementor-section-height-default elementor-section-items-middle\" data-id=\"07c8557\" data-element_type=\"section\" data-settings=\"{&quot;stretch_section&quot;:&quot;section-stretched&quot;}\">\n\t\t\t\t\t\t\t<div class=\"elementor-background-overlay\"><\/div>\n\t\t\t\t\t\t\t<div class=\"elementor-container elementor-column-gap-default\">\n\t\t\t\t\t<div class=\"elementor-column elementor-col-100 elementor-top-column elementor-element elementor-element-a0b0549\" data-id=\"a0b0549\" data-element_type=\"column\">\n\t\t\t<div class=\"elementor-widget-wrap elementor-element-populated\">\n\t\t\t\t\t\t<div class=\"elementor-element elementor-element-e1ab0f0 elementor-widget elementor-widget-heading\" data-id=\"e1ab0f0\" data-element_type=\"widget\" data-widget_type=\"heading.default\">\n\t\t\t\t<div class=\"elementor-widget-container\">\n\t\t\t\t\t<h2 class=\"elementor-heading-title elementor-size-default\">Bergfreunde aus Diedorf auf dem Latzfonser Kreuz<\/h2>\t\t\t\t<\/div>\n\t\t\t\t<\/div>\n\t\t\t\t\t<\/div>\n\t\t<\/div>\n\t\t\t\t\t<\/div>\n\t\t<\/section>\n\t\t\t\t<section class=\"elementor-section elementor-top-section elementor-element elementor-element-ceebca1 elementor-section-full_width elementor-section-stretched elementor-section-height-default elementor-section-height-default\" data-id=\"ceebca1\" data-element_type=\"section\" data-settings=\"{&quot;stretch_section&quot;:&quot;section-stretched&quot;}\">\n\t\t\t\t\t\t<div class=\"elementor-container elementor-column-gap-default\">\n\t\t\t\t\t<div class=\"elementor-column elementor-col-100 elementor-top-column elementor-element elementor-element-6ce9bf3\" data-id=\"6ce9bf3\" data-element_type=\"column\">\n\t\t\t<div class=\"elementor-widget-wrap elementor-element-populated\">\n\t\t\t\t\t\t<div class=\"elementor-element elementor-element-ab47e87 elementor-widget elementor-widget-video\" data-id=\"ab47e87\" data-element_type=\"widget\" data-settings=\"{&quot;video_type&quot;:&quot;hosted&quot;,&quot;autoplay&quot;:&quot;yes&quot;,&quot;play_on_mobile&quot;:&quot;yes&quot;,&quot;mute&quot;:&quot;yes&quot;,&quot;loop&quot;:&quot;yes&quot;,&quot;controls&quot;:&quot;yes&quot;}\" data-widget_type=\"video.default\">\n\t\t\t\t<div class=\"elementor-widget-container\">\n\t\t\t\t\t\t\t<div class=\"e-hosted-video elementor-wrapper elementor-open-inline\">\n\t\t\t\t\t<video class=\"elementor-video\" src=\"https:\/\/musikkapelle-latzfons.it\/Dateien\/Diedorf_2022\/MK_Latzfons_Messe.m4v\" autoplay=\"\" loop=\"\" controls=\"\" muted=\"muted\" playsinline=\"\" controlsList=\"nodownload\"><\/video>\n\t\t\t\t<\/div>\n\t\t\t\t\t\t<\/div>\n\t\t\t\t<\/div>\n\t\t\t\t\t<\/div>\n\t\t<\/div>\n\t\t\t\t\t<\/div>\n\t\t<\/section>\n\t\t\t\t<section class=\"elementor-section elementor-top-section elementor-element elementor-element-e0f1479 elementor-section-full_width elementor-section-height-default elementor-section-height-default\" data-id=\"e0f1479\" data-element_type=\"section\">\n\t\t\t\t\t\t<div class=\"elementor-container elementor-column-gap-default\">\n\t\t\t\t\t<div class=\"elementor-column elementor-col-100 elementor-top-column elementor-element elementor-element-b93ca9a\" data-id=\"b93ca9a\" data-element_type=\"column\">\n\t\t\t<div class=\"elementor-widget-wrap elementor-element-populated\">\n\t\t\t\t\t\t<div class=\"elementor-element elementor-element-7bf8103 elementor-widget elementor-widget-heading\" data-id=\"7bf8103\" data-element_type=\"widget\" data-widget_type=\"heading.default\">\n\t\t\t\t<div class=\"elementor-widget-container\">\n\t\t\t\t\t<h2 class=\"elementor-heading-title elementor-size-default\">Auch heuer gestaltet eine Gruppe der Musikkapelle Latzfons das Treffen der Bergfreunde aus Diedorf am Latzfonser Kreuz mit. Die Hl. Messe wird von P. Alois Hillebrand gefeiert und zum ersten Mal spielen 2 Diedorfer Musikantinnen mit der Latzfonser Musikgruppe mit.  <br><\/h2>\t\t\t\t<\/div>\n\t\t\t\t<\/div>\n\t\t\t\t\t<\/div>\n\t\t<\/div>\n\t\t\t\t\t<\/div>\n\t\t<\/section>\n\t\t\t\t<section class=\"elementor-section elementor-top-section elementor-element elementor-element-1c527cb elementor-section-height-min-height elementor-section-stretched elementor-section-full_width elementor-section-height-default elementor-section-items-middle\" data-id=\"1c527cb\" data-element_type=\"section\" data-settings=\"{&quot;stretch_section&quot;:&quot;section-stretched&quot;,&quot;background_background&quot;:&quot;classic&quot;}\">\n\t\t\t\t\t\t<div class=\"elementor-container elementor-column-gap-default\">\n\t\t\t\t\t<div class=\"elementor-column elementor-col-100 elementor-top-column elementor-element elementor-element-a2d3ed3\" data-id=\"a2d3ed3\" data-element_type=\"column\">\n\t\t\t<div class=\"elementor-widget-wrap\">\n\t\t\t\t\t\t\t<\/div>\n\t\t<\/div>\n\t\t\t\t\t<\/div>\n\t\t<\/section>\n\t\t\t\t<section class=\"elementor-section elementor-top-section elementor-element elementor-element-600f62a elementor-section-full_width elementor-section-height-default elementor-section-height-default\" data-id=\"600f62a\" data-element_type=\"section\">\n\t\t\t\t\t\t<div class=\"elementor-container elementor-column-gap-default\">\n\t\t\t\t\t<div class=\"elementor-column elementor-col-100 elementor-top-column elementor-element elementor-element-66805cc\" data-id=\"66805cc\" data-element_type=\"column\">\n\t\t\t<div class=\"elementor-widget-wrap elementor-element-populated\">\n\t\t\t\t\t\t<div class=\"elementor-element elementor-element-0c86397 elementor-widget elementor-widget-heading\" data-id=\"0c86397\" data-element_type=\"widget\" data-widget_type=\"heading.default\">\n\t\t\t\t<div class=\"elementor-widget-container\">\n\t\t\t\t\t<h2 class=\"elementor-heading-title elementor-size-default\">Das allj\u00e4hrliche Gruppenfoto ist auch heuer wieder Pficht.<\/h2>\t\t\t\t<\/div>\n\t\t\t\t<\/div>\n\t\t\t\t\t<\/div>\n\t\t<\/div>\n\t\t\t\t\t<\/div>\n\t\t<\/section>\n\t\t\t\t<section class=\"elementor-section elementor-top-section elementor-element elementor-element-c998a5a elementor-section-full_width elementor-section-height-default elementor-section-height-default\" data-id=\"c998a5a\" data-element_type=\"section\">\n\t\t\t\t\t\t<div class=\"elementor-container elementor-column-gap-default\">\n\t\t\t\t\t<div class=\"elementor-column elementor-col-50 elementor-top-column elementor-element elementor-element-10e02d5\" data-id=\"10e02d5\" data-element_type=\"column\">\n\t\t\t<div class=\"elementor-widget-wrap elementor-element-populated\">\n\t\t\t\t\t\t<div class=\"elementor-element elementor-element-9303b17 elementor-widget elementor-widget-image\" data-id=\"9303b17\" data-element_type=\"widget\" data-widget_type=\"image.default\">\n\t\t\t\t<div class=\"elementor-widget-container\">\n\t\t\t\t\t\t\t\t\t\t\t\t<figure class=\"wp-caption\">\n\t\t\t\t\t\t\t\t\t\t<img loading=\"lazy\" decoding=\"async\" width=\"1024\" height=\"683\" src=\"https:\/\/www.musikkapelle-latzfons.it\/wp-content\/uploads\/2022\/08\/Diedorf12-1024x683.jpg\" class=\"attachment-large size-large wp-image-3347\" alt=\"\" srcset=\"https:\/\/www.musikkapelle-latzfons.it\/wp-content\/uploads\/2022\/08\/Diedorf12-1024x683.jpg 1024w, https:\/\/www.musikkapelle-latzfons.it\/wp-content\/uploads\/2022\/08\/Diedorf12-300x200.jpg 300w, https:\/\/www.musikkapelle-latzfons.it\/wp-content\/uploads\/2022\/08\/Diedorf12-768x512.jpg 768w, https:\/\/www.musikkapelle-latzfons.it\/wp-content\/uploads\/2022\/08\/Diedorf12.jpg 1399w\" sizes=\"(max-width: 1024px) 100vw, 1024px\" \/>\t\t\t\t\t\t\t\t\t\t\t<figcaption class=\"widget-image-caption wp-caption-text\"><\/figcaption>\n\t\t\t\t\t\t\t\t\t\t<\/figure>\n\t\t\t\t\t\t\t\t\t<\/div>\n\t\t\t\t<\/div>\n\t\t\t\t\t<\/div>\n\t\t<\/div>\n\t\t\t\t<div class=\"elementor-column elementor-col-50 elementor-top-column elementor-element elementor-element-780593a\" data-id=\"780593a\" data-element_type=\"column\">\n\t\t\t<div class=\"elementor-widget-wrap elementor-element-populated\">\n\t\t\t\t\t\t<div class=\"elementor-element elementor-element-d506f54 elementor-widget elementor-widget-image\" data-id=\"d506f54\" data-element_type=\"widget\" data-widget_type=\"image.default\">\n\t\t\t\t<div class=\"elementor-widget-container\">\n\t\t\t\t\t\t\t\t\t\t\t\t\t\t\t<img loading=\"lazy\" decoding=\"async\" width=\"1024\" height=\"683\" src=\"https:\/\/www.musikkapelle-latzfons.it\/wp-content\/uploads\/2022\/08\/Diedorf13-1024x683.jpg\" class=\"attachment-large size-large wp-image-3348\" alt=\"\" srcset=\"https:\/\/www.musikkapelle-latzfons.it\/wp-content\/uploads\/2022\/08\/Diedorf13-1024x683.jpg 1024w, https:\/\/www.musikkapelle-latzfons.it\/wp-content\/uploads\/2022\/08\/Diedorf13-300x200.jpg 300w, https:\/\/www.musikkapelle-latzfons.it\/wp-content\/uploads\/2022\/08\/Diedorf13-768x512.jpg 768w, https:\/\/www.musikkapelle-latzfons.it\/wp-content\/uploads\/2022\/08\/Diedorf13.jpg 1285w\" sizes=\"(max-width: 1024px) 100vw, 1024px\" \/>\t\t\t\t\t\t\t\t\t\t\t\t\t\t\t<\/div>\n\t\t\t\t<\/div>\n\t\t\t\t\t<\/div>\n\t\t<\/div>\n\t\t\t\t\t<\/div>\n\t\t<\/section>\n\t\t\t\t<section class=\"elementor-section elementor-top-section elementor-element elementor-element-79637d6 elementor-section-height-min-height elementor-section-stretched elementor-section-full_width elementor-section-height-default elementor-section-items-middle\" data-id=\"79637d6\" data-element_type=\"section\" data-settings=\"{&quot;stretch_section&quot;:&quot;section-stretched&quot;,&quot;background_background&quot;:&quot;classic&quot;}\">\n\t\t\t\t\t\t<div class=\"elementor-container elementor-column-gap-default\">\n\t\t\t\t\t<div class=\"elementor-column elementor-col-100 elementor-top-column elementor-element elementor-element-288fadc\" data-id=\"288fadc\" data-element_type=\"column\">\n\t\t\t<div class=\"elementor-widget-wrap\">\n\t\t\t\t\t\t\t<\/div>\n\t\t<\/div>\n\t\t\t\t\t<\/div>\n\t\t<\/section>\n\t\t\t\t<section class=\"elementor-section elementor-top-section elementor-element elementor-element-6e5721a elementor-section-full_width elementor-section-height-default elementor-section-height-default\" data-id=\"6e5721a\" data-element_type=\"section\">\n\t\t\t\t\t\t<div class=\"elementor-container elementor-column-gap-default\">\n\t\t\t\t\t<div class=\"elementor-column elementor-col-100 elementor-top-column elementor-element elementor-element-7b6de01\" data-id=\"7b6de01\" data-element_type=\"column\">\n\t\t\t<div class=\"elementor-widget-wrap elementor-element-populated\">\n\t\t\t\t\t\t<div class=\"elementor-element elementor-element-457bfe2 elementor-widget elementor-widget-heading\" data-id=\"457bfe2\" data-element_type=\"widget\" data-widget_type=\"heading.default\">\n\t\t\t\t<div class=\"elementor-widget-container\">\n\t\t\t\t\t<h2 class=\"elementor-heading-title elementor-size-default\">Die Bl\u00e4sergruppe, die sich j\u00e4hrlich neu formiert besteht heuer aus folgenden Personen: v.l.n.r. Josef Oberrauch, Franz Oberrauch, Sonja Kugelmann (D), Lena Muck, (D), Thomas Gantioler, Reinhard Hasler, Franz Fink, Stefan Schrott, Georg Hasler, Josef Pfattner und Roland Mitterrutzner (Schlagzeug, nicht im Bild).<\/h2>\t\t\t\t<\/div>\n\t\t\t\t<\/div>\n\t\t\t\t\t<\/div>\n\t\t<\/div>\n\t\t\t\t\t<\/div>\n\t\t<\/section>\n\t\t\t\t<section class=\"elementor-section elementor-top-section elementor-element elementor-element-ee413e9 elementor-section-full_width elementor-section-height-default elementor-section-height-default\" data-id=\"ee413e9\" data-element_type=\"section\">\n\t\t\t\t\t\t<div class=\"elementor-container elementor-column-gap-default\">\n\t\t\t\t\t<div class=\"elementor-column elementor-col-50 elementor-top-column elementor-element elementor-element-8693a8b\" data-id=\"8693a8b\" data-element_type=\"column\">\n\t\t\t<div class=\"elementor-widget-wrap elementor-element-populated\">\n\t\t\t\t\t\t<div class=\"elementor-element elementor-element-af48b92 elementor-widget elementor-widget-image\" data-id=\"af48b92\" data-element_type=\"widget\" data-widget_type=\"image.default\">\n\t\t\t\t<div class=\"elementor-widget-container\">\n\t\t\t\t\t\t\t\t\t\t\t\t<figure class=\"wp-caption\">\n\t\t\t\t\t\t\t\t\t\t<img loading=\"lazy\" decoding=\"async\" width=\"1024\" height=\"683\" src=\"https:\/\/www.musikkapelle-latzfons.it\/wp-content\/uploads\/2022\/08\/Diedorf14-1024x683.jpg\" class=\"attachment-large size-large wp-image-3360\" alt=\"\" srcset=\"https:\/\/www.musikkapelle-latzfons.it\/wp-content\/uploads\/2022\/08\/Diedorf14-1024x683.jpg 1024w, https:\/\/www.musikkapelle-latzfons.it\/wp-content\/uploads\/2022\/08\/Diedorf14-300x200.jpg 300w, https:\/\/www.musikkapelle-latzfons.it\/wp-content\/uploads\/2022\/08\/Diedorf14-768x512.jpg 768w, https:\/\/www.musikkapelle-latzfons.it\/wp-content\/uploads\/2022\/08\/Diedorf14.jpg 1299w\" sizes=\"(max-width: 1024px) 100vw, 1024px\" \/>\t\t\t\t\t\t\t\t\t\t\t<figcaption class=\"widget-image-caption wp-caption-text\"><\/figcaption>\n\t\t\t\t\t\t\t\t\t\t<\/figure>\n\t\t\t\t\t\t\t\t\t<\/div>\n\t\t\t\t<\/div>\n\t\t\t\t\t<\/div>\n\t\t<\/div>\n\t\t\t\t<div class=\"elementor-column elementor-col-50 elementor-top-column elementor-element elementor-element-4f7fe36\" data-id=\"4f7fe36\" data-element_type=\"column\">\n\t\t\t<div class=\"elementor-widget-wrap elementor-element-populated\">\n\t\t\t\t\t\t<div class=\"elementor-element elementor-element-1299b7b elementor-widget elementor-widget-image\" data-id=\"1299b7b\" data-element_type=\"widget\" data-widget_type=\"image.default\">\n\t\t\t\t<div class=\"elementor-widget-container\">\n\t\t\t\t\t\t\t\t\t\t\t\t\t\t\t<img loading=\"lazy\" decoding=\"async\" width=\"1024\" height=\"683\" src=\"https:\/\/www.musikkapelle-latzfons.it\/wp-content\/uploads\/2022\/08\/Diedorf5-1024x683.jpg\" class=\"attachment-large size-large wp-image-3342\" alt=\"\" srcset=\"https:\/\/www.musikkapelle-latzfons.it\/wp-content\/uploads\/2022\/08\/Diedorf5-1024x683.jpg 1024w, https:\/\/www.musikkapelle-latzfons.it\/wp-content\/uploads\/2022\/08\/Diedorf5-300x200.jpg 300w, https:\/\/www.musikkapelle-latzfons.it\/wp-content\/uploads\/2022\/08\/Diedorf5-768x512.jpg 768w, https:\/\/www.musikkapelle-latzfons.it\/wp-content\/uploads\/2022\/08\/Diedorf5.jpg 1363w\" sizes=\"(max-width: 1024px) 100vw, 1024px\" \/>\t\t\t\t\t\t\t\t\t\t\t\t\t\t\t<\/div>\n\t\t\t\t<\/div>\n\t\t\t\t\t<\/div>\n\t\t<\/div>\n\t\t\t\t\t<\/div>\n\t\t<\/section>\n\t\t\t\t<section class=\"elementor-section elementor-top-section elementor-element elementor-element-e0237a8 elementor-section-full_width elementor-section-height-default elementor-section-height-default\" data-id=\"e0237a8\" data-element_type=\"section\">\n\t\t\t\t\t\t<div class=\"elementor-container elementor-column-gap-default\">\n\t\t\t\t\t<div class=\"elementor-column elementor-col-50 elementor-top-column elementor-element elementor-element-675d3cc\" data-id=\"675d3cc\" data-element_type=\"column\">\n\t\t\t<div class=\"elementor-widget-wrap elementor-element-populated\">\n\t\t\t\t\t\t<div class=\"elementor-element elementor-element-51c86f2 elementor-widget elementor-widget-image\" data-id=\"51c86f2\" data-element_type=\"widget\" data-widget_type=\"image.default\">\n\t\t\t\t<div class=\"elementor-widget-container\">\n\t\t\t\t\t\t\t\t\t\t\t\t<figure class=\"wp-caption\">\n\t\t\t\t\t\t\t\t\t\t<img loading=\"lazy\" decoding=\"async\" width=\"1024\" height=\"683\" src=\"https:\/\/www.musikkapelle-latzfons.it\/wp-content\/uploads\/2022\/08\/Diedorf9-1024x683.jpg\" class=\"attachment-large size-large wp-image-3338\" alt=\"\" srcset=\"https:\/\/www.musikkapelle-latzfons.it\/wp-content\/uploads\/2022\/08\/Diedorf9-1024x683.jpg 1024w, https:\/\/www.musikkapelle-latzfons.it\/wp-content\/uploads\/2022\/08\/Diedorf9-300x200.jpg 300w, https:\/\/www.musikkapelle-latzfons.it\/wp-content\/uploads\/2022\/08\/Diedorf9-768x512.jpg 768w, https:\/\/www.musikkapelle-latzfons.it\/wp-content\/uploads\/2022\/08\/Diedorf9.jpg 1500w\" sizes=\"(max-width: 1024px) 100vw, 1024px\" \/>\t\t\t\t\t\t\t\t\t\t\t<figcaption class=\"widget-image-caption wp-caption-text\"><\/figcaption>\n\t\t\t\t\t\t\t\t\t\t<\/figure>\n\t\t\t\t\t\t\t\t\t<\/div>\n\t\t\t\t<\/div>\n\t\t\t\t\t<\/div>\n\t\t<\/div>\n\t\t\t\t<div class=\"elementor-column elementor-col-50 elementor-top-column elementor-element elementor-element-4f4bb10\" data-id=\"4f4bb10\" data-element_type=\"column\">\n\t\t\t<div class=\"elementor-widget-wrap elementor-element-populated\">\n\t\t\t\t\t\t<div class=\"elementor-element elementor-element-70a736e elementor-widget elementor-widget-image\" data-id=\"70a736e\" data-element_type=\"widget\" data-widget_type=\"image.default\">\n\t\t\t\t<div class=\"elementor-widget-container\">\n\t\t\t\t\t\t\t\t\t\t\t\t\t\t\t<img loading=\"lazy\" decoding=\"async\" width=\"1024\" height=\"683\" src=\"https:\/\/www.musikkapelle-latzfons.it\/wp-content\/uploads\/2022\/08\/Diedorf10-1024x683.jpg\" class=\"attachment-large size-large wp-image-3337\" alt=\"\" srcset=\"https:\/\/www.musikkapelle-latzfons.it\/wp-content\/uploads\/2022\/08\/Diedorf10-1024x683.jpg 1024w, https:\/\/www.musikkapelle-latzfons.it\/wp-content\/uploads\/2022\/08\/Diedorf10-300x200.jpg 300w, https:\/\/www.musikkapelle-latzfons.it\/wp-content\/uploads\/2022\/08\/Diedorf10-768x512.jpg 768w, https:\/\/www.musikkapelle-latzfons.it\/wp-content\/uploads\/2022\/08\/Diedorf10.jpg 1500w\" sizes=\"(max-width: 1024px) 100vw, 1024px\" \/>\t\t\t\t\t\t\t\t\t\t\t\t\t\t\t<\/div>\n\t\t\t\t<\/div>\n\t\t\t\t\t<\/div>\n\t\t<\/div>\n\t\t\t\t\t<\/div>\n\t\t<\/section>\n\t\t\t\t<section class=\"elementor-section elementor-top-section elementor-element elementor-element-35e5d92 elementor-section-full_width elementor-section-height-default elementor-section-height-default\" data-id=\"35e5d92\" data-element_type=\"section\">\n\t\t\t\t\t\t<div class=\"elementor-container elementor-column-gap-default\">\n\t\t\t\t\t<div class=\"elementor-column elementor-col-100 elementor-top-column elementor-element elementor-element-d2f4880\" data-id=\"d2f4880\" data-element_type=\"column\">\n\t\t\t<div class=\"elementor-widget-wrap elementor-element-populated\">\n\t\t\t\t\t\t<div class=\"elementor-element elementor-element-31ad418 elementor-widget elementor-widget-heading\" data-id=\"31ad418\" data-element_type=\"widget\" data-widget_type=\"heading.default\">\n\t\t\t\t<div class=\"elementor-widget-container\">\n\t\t\t\t\t<h2 class=\"elementor-heading-title elementor-size-default\">Nach der Hl. Messe st\u00e4rken wir uns beim Mittagessen im Schutzhaus und spielen einige St\u00fccke aus den neuen Notenb\u00fcchlein, welche Franz Fink dankeswerterweise eigens f\u00fcr diese Gruppe vorbereitet hat. Nachdem es aufh\u00f6rt zu regnen, brechen wir auf und treffen uns bei der Klausner H\u00fctte wieder, wo wir eine Marende zu uns nehmen und wieder einige St\u00fccke zum Besten geben. Um ca. 19 Uhr verabschieden wir uns im Dorf von den Bergfreunden aus Diedorf, nicht ohne uns f\u00fcr das n\u00e4chste Jahr wieder zu verabreden. Wenn alles nach Plan verl\u00e4uft, wird die Musikkapelle Latzfons im n\u00e4chsten Jahr nach langer Zeit wieder einmal nach Diedorf fahren, um dort beim Feuerwehrfest ein Konzert zu geben.<br><div><span style=\"color: var( --e-global-color-text );font-family: Roboto, sans-serif;font-size: 41px\"><\/span><\/div><br>Fotos: Konrad Faltner<\/h2>\t\t\t\t<\/div>\n\t\t\t\t<\/div>\n\t\t\t\t\t<\/div>\n\t\t<\/div>\n\t\t\t\t\t<\/div>\n\t\t<\/section>\n\t\t\t\t<section class=\"elementor-section elementor-top-section elementor-element elementor-element-6594985 elementor-section-boxed elementor-section-height-default elementor-section-height-default\" data-id=\"6594985\" data-element_type=\"section\">\n\t\t\t\t\t\t<div class=\"elementor-container elementor-column-gap-default\">\n\t\t\t\t\t<div class=\"elementor-column elementor-col-100 elementor-top-column elementor-element elementor-element-b3cf635\" data-id=\"b3cf635\" data-element_type=\"column\">\n\t\t\t<div class=\"elementor-widget-wrap elementor-element-populated\">\n\t\t\t\t\t\t<div class=\"elementor-element elementor-element-9bad507 elementor-widget elementor-widget-spacer\" data-id=\"9bad507\" data-element_type=\"widget\" data-widget_type=\"spacer.default\">\n\t\t\t\t<div class=\"elementor-widget-container\">\n\t\t\t\t\t\t\t<div class=\"elementor-spacer\">\n\t\t\t<div class=\"elementor-spacer-inner\"><\/div>\n\t\t<\/div>\n\t\t\t\t\t\t<\/div>\n\t\t\t\t<\/div>\n\t\t\t\t\t<\/div>\n\t\t<\/div>\n\t\t\t\t\t<\/div>\n\t\t<\/section>\n\t\t\t\t<section class=\"elementor-section elementor-top-section elementor-element elementor-element-3d6b6a4 elementor-section-full_width elementor-section-height-min-height elementor-section-stretched elementor-section-height-default elementor-section-items-middle\" data-id=\"3d6b6a4\" data-element_type=\"section\" data-settings=\"{&quot;stretch_section&quot;:&quot;section-stretched&quot;}\">\n\t\t\t\t\t\t\t<div class=\"elementor-background-overlay\"><\/div>\n\t\t\t\t\t\t\t<div class=\"elementor-container elementor-column-gap-default\">\n\t\t\t\t\t<div class=\"elementor-column elementor-col-100 elementor-top-column elementor-element elementor-element-1287b5a\" data-id=\"1287b5a\" data-element_type=\"column\">\n\t\t\t<div class=\"elementor-widget-wrap elementor-element-populated\">\n\t\t\t\t\t\t<div class=\"elementor-element elementor-element-6d5c798 elementor-widget elementor-widget-heading\" data-id=\"6d5c798\" data-element_type=\"widget\" data-widget_type=\"heading.default\">\n\t\t\t\t<div class=\"elementor-widget-container\">\n\t\t\t\t\t<h2 class=\"elementor-heading-title elementor-size-default\">21. August 2022<\/h2>\t\t\t\t<\/div>\n\t\t\t\t<\/div>\n\t\t\t\t\t<\/div>\n\t\t<\/div>\n\t\t\t\t\t<\/div>\n\t\t<\/section>\n\t\t\t\t<section class=\"elementor-section elementor-top-section elementor-element elementor-element-f0fba75 elementor-section-full_width elementor-section-height-min-height elementor-section-stretched elementor-section-height-default elementor-section-items-middle\" data-id=\"f0fba75\" data-element_type=\"section\" data-settings=\"{&quot;stretch_section&quot;:&quot;section-stretched&quot;}\">\n\t\t\t\t\t\t\t<div class=\"elementor-background-overlay\"><\/div>\n\t\t\t\t\t\t\t<div class=\"elementor-container elementor-column-gap-default\">\n\t\t\t\t\t<div class=\"elementor-column elementor-col-100 elementor-top-column elementor-element elementor-element-38a4b8c\" data-id=\"38a4b8c\" data-element_type=\"column\">\n\t\t\t<div class=\"elementor-widget-wrap elementor-element-populated\">\n\t\t\t\t\t\t<div class=\"elementor-element elementor-element-246ec21 elementor-widget elementor-widget-heading\" data-id=\"246ec21\" data-element_type=\"widget\" data-widget_type=\"heading.default\">\n\t\t\t\t<div class=\"elementor-widget-container\">\n\t\t\t\t\t<h2 class=\"elementor-heading-title elementor-size-default\">Einweihung Wetterkreuz Rotlahn<\/h2>\t\t\t\t<\/div>\n\t\t\t\t<\/div>\n\t\t\t\t\t<\/div>\n\t\t<\/div>\n\t\t\t\t\t<\/div>\n\t\t<\/section>\n\t\t\t\t<section class=\"elementor-section elementor-top-section elementor-element elementor-element-c186087 elementor-section-full_width elementor-section-height-default elementor-section-height-default\" data-id=\"c186087\" data-element_type=\"section\">\n\t\t\t\t\t\t<div class=\"elementor-container elementor-column-gap-default\">\n\t\t\t\t\t<div class=\"elementor-column elementor-col-50 elementor-top-column elementor-element elementor-element-b561d2c\" data-id=\"b561d2c\" data-element_type=\"column\">\n\t\t\t<div class=\"elementor-widget-wrap elementor-element-populated\">\n\t\t\t\t\t\t<div class=\"elementor-element elementor-element-bb69dc1 elementor-widget elementor-widget-image\" data-id=\"bb69dc1\" data-element_type=\"widget\" data-widget_type=\"image.default\">\n\t\t\t\t<div class=\"elementor-widget-container\">\n\t\t\t\t\t\t\t\t\t\t\t\t<figure class=\"wp-caption\">\n\t\t\t\t\t\t\t\t\t\t<img loading=\"lazy\" decoding=\"async\" width=\"768\" height=\"1024\" src=\"https:\/\/www.musikkapelle-latzfons.it\/wp-content\/uploads\/2022\/08\/gross-1.jpg\" class=\"attachment-large size-large wp-image-3304\" alt=\"\" srcset=\"https:\/\/www.musikkapelle-latzfons.it\/wp-content\/uploads\/2022\/08\/gross-1.jpg 768w, https:\/\/www.musikkapelle-latzfons.it\/wp-content\/uploads\/2022\/08\/gross-1-225x300.jpg 225w\" sizes=\"(max-width: 768px) 100vw, 768px\" \/>\t\t\t\t\t\t\t\t\t\t\t<figcaption class=\"widget-image-caption wp-caption-text\"><\/figcaption>\n\t\t\t\t\t\t\t\t\t\t<\/figure>\n\t\t\t\t\t\t\t\t\t<\/div>\n\t\t\t\t<\/div>\n\t\t\t\t\t<\/div>\n\t\t<\/div>\n\t\t\t\t<div class=\"elementor-column elementor-col-50 elementor-top-column elementor-element elementor-element-18b48b2\" data-id=\"18b48b2\" data-element_type=\"column\">\n\t\t\t<div class=\"elementor-widget-wrap elementor-element-populated\">\n\t\t\t\t\t\t<div class=\"elementor-element elementor-element-6221391 elementor-widget elementor-widget-image\" data-id=\"6221391\" data-element_type=\"widget\" data-widget_type=\"image.default\">\n\t\t\t\t<div class=\"elementor-widget-container\">\n\t\t\t\t\t\t\t\t\t\t\t\t\t\t\t<img loading=\"lazy\" decoding=\"async\" width=\"768\" height=\"1024\" src=\"https:\/\/www.musikkapelle-latzfons.it\/wp-content\/uploads\/2022\/08\/2.jpg\" class=\"attachment-large size-large wp-image-3302\" alt=\"\" srcset=\"https:\/\/www.musikkapelle-latzfons.it\/wp-content\/uploads\/2022\/08\/2.jpg 768w, https:\/\/www.musikkapelle-latzfons.it\/wp-content\/uploads\/2022\/08\/2-225x300.jpg 225w\" sizes=\"(max-width: 768px) 100vw, 768px\" \/>\t\t\t\t\t\t\t\t\t\t\t\t\t\t\t<\/div>\n\t\t\t\t<\/div>\n\t\t\t\t\t<\/div>\n\t\t<\/div>\n\t\t\t\t\t<\/div>\n\t\t<\/section>\n\t\t\t\t<section class=\"elementor-section elementor-top-section elementor-element elementor-element-d37b7b3 elementor-section-full_width elementor-section-height-default elementor-section-height-default\" data-id=\"d37b7b3\" data-element_type=\"section\">\n\t\t\t\t\t\t<div class=\"elementor-container elementor-column-gap-default\">\n\t\t\t\t\t<div class=\"elementor-column elementor-col-100 elementor-top-column elementor-element elementor-element-6236d4b\" data-id=\"6236d4b\" data-element_type=\"column\">\n\t\t\t<div class=\"elementor-widget-wrap elementor-element-populated\">\n\t\t\t\t\t\t<div class=\"elementor-element elementor-element-b762ff3 elementor-widget elementor-widget-heading\" data-id=\"b762ff3\" data-element_type=\"widget\" data-widget_type=\"heading.default\">\n\t\t\t\t<div class=\"elementor-widget-container\">\n\t\t\t\t\t<h2 class=\"elementor-heading-title elementor-size-default\">Auf Einladung der Sch\u00fctzenkompanie Latzfons mit Hauptmann Martin Pfattner, haben drei Bl\u00e4ser der Musikkapelle Latzfons (v.l.n.r: Josef Pfattner, Georg Hasler, Leo Torggler) bei der Einweihung des neuen Wetterkreuzes auf der Roat Lahn mit Dekan Georg Martin f\u00fcr den richtigen Ton gesorgt.<\/h2>\t\t\t\t<\/div>\n\t\t\t\t<\/div>\n\t\t\t\t\t<\/div>\n\t\t<\/div>\n\t\t\t\t\t<\/div>\n\t\t<\/section>\n\t\t\t\t<section class=\"elementor-section elementor-top-section elementor-element elementor-element-2b51ac9 elementor-section-boxed elementor-section-height-default elementor-section-height-default\" data-id=\"2b51ac9\" data-element_type=\"section\">\n\t\t\t\t\t\t<div class=\"elementor-container elementor-column-gap-default\">\n\t\t\t\t\t<div class=\"elementor-column elementor-col-100 elementor-top-column elementor-element elementor-element-d0e88fb\" data-id=\"d0e88fb\" data-element_type=\"column\">\n\t\t\t<div class=\"elementor-widget-wrap elementor-element-populated\">\n\t\t\t\t\t\t<div class=\"elementor-element elementor-element-7bbd390 elementor-widget elementor-widget-spacer\" data-id=\"7bbd390\" data-element_type=\"widget\" data-widget_type=\"spacer.default\">\n\t\t\t\t<div class=\"elementor-widget-container\">\n\t\t\t\t\t\t\t<div class=\"elementor-spacer\">\n\t\t\t<div class=\"elementor-spacer-inner\"><\/div>\n\t\t<\/div>\n\t\t\t\t\t\t<\/div>\n\t\t\t\t<\/div>\n\t\t\t\t\t<\/div>\n\t\t<\/div>\n\t\t\t\t\t<\/div>\n\t\t<\/section>\n\t\t\t\t<section class=\"elementor-section elementor-top-section elementor-element elementor-element-37e5402 elementor-section-full_width elementor-section-height-min-height elementor-section-stretched elementor-section-height-default elementor-section-items-middle\" data-id=\"37e5402\" data-element_type=\"section\" data-settings=\"{&quot;stretch_section&quot;:&quot;section-stretched&quot;}\">\n\t\t\t\t\t\t\t<div class=\"elementor-background-overlay\"><\/div>\n\t\t\t\t\t\t\t<div class=\"elementor-container elementor-column-gap-default\">\n\t\t\t\t\t<div class=\"elementor-column elementor-col-100 elementor-top-column elementor-element elementor-element-7b6a6d6\" data-id=\"7b6a6d6\" data-element_type=\"column\">\n\t\t\t<div class=\"elementor-widget-wrap elementor-element-populated\">\n\t\t\t\t\t\t<div class=\"elementor-element elementor-element-88c43a2 elementor-widget elementor-widget-heading\" data-id=\"88c43a2\" data-element_type=\"widget\" data-widget_type=\"heading.default\">\n\t\t\t\t<div class=\"elementor-widget-container\">\n\t\t\t\t\t<h2 class=\"elementor-heading-title elementor-size-default\">20. August 2022<\/h2>\t\t\t\t<\/div>\n\t\t\t\t<\/div>\n\t\t\t\t\t<\/div>\n\t\t<\/div>\n\t\t\t\t\t<\/div>\n\t\t<\/section>\n\t\t\t\t<section class=\"elementor-section elementor-top-section elementor-element elementor-element-c061cca elementor-section-full_width elementor-section-height-min-height elementor-section-stretched elementor-section-height-default elementor-section-items-middle\" data-id=\"c061cca\" data-element_type=\"section\" data-settings=\"{&quot;stretch_section&quot;:&quot;section-stretched&quot;}\">\n\t\t\t\t\t\t\t<div class=\"elementor-background-overlay\"><\/div>\n\t\t\t\t\t\t\t<div class=\"elementor-container elementor-column-gap-default\">\n\t\t\t\t\t<div class=\"elementor-column elementor-col-100 elementor-top-column elementor-element elementor-element-7c48048\" data-id=\"7c48048\" data-element_type=\"column\">\n\t\t\t<div class=\"elementor-widget-wrap elementor-element-populated\">\n\t\t\t\t\t\t<div class=\"elementor-element elementor-element-4e8a133 elementor-widget elementor-widget-heading\" data-id=\"4e8a133\" data-element_type=\"widget\" data-widget_type=\"heading.default\">\n\t\t\t\t<div class=\"elementor-widget-container\">\n\t\t\t\t\t<h2 class=\"elementor-heading-title elementor-size-default\">Beerdigung der Peaterer Muater<\/h2>\t\t\t\t<\/div>\n\t\t\t\t<\/div>\n\t\t\t\t\t<\/div>\n\t\t<\/div>\n\t\t\t\t\t<\/div>\n\t\t<\/section>\n\t\t\t\t<section class=\"elementor-section elementor-top-section elementor-element elementor-element-edba394 elementor-section-full_width elementor-section-height-default elementor-section-height-default\" data-id=\"edba394\" data-element_type=\"section\">\n\t\t\t\t\t\t<div class=\"elementor-container elementor-column-gap-default\">\n\t\t\t\t\t<div class=\"elementor-column elementor-col-50 elementor-top-column elementor-element elementor-element-617b653\" data-id=\"617b653\" data-element_type=\"column\">\n\t\t\t<div class=\"elementor-widget-wrap elementor-element-populated\">\n\t\t\t\t\t\t<div class=\"elementor-element elementor-element-a453e21 elementor-widget elementor-widget-image\" data-id=\"a453e21\" data-element_type=\"widget\" data-widget_type=\"image.default\">\n\t\t\t\t<div class=\"elementor-widget-container\">\n\t\t\t\t\t\t\t\t\t\t\t\t<figure class=\"wp-caption\">\n\t\t\t\t\t\t\t\t\t\t<img loading=\"lazy\" decoding=\"async\" width=\"1024\" height=\"576\" src=\"https:\/\/www.musikkapelle-latzfons.it\/wp-content\/uploads\/2022\/08\/blech-1024x576.jpg\" class=\"attachment-large size-large wp-image-3300\" alt=\"\" srcset=\"https:\/\/www.musikkapelle-latzfons.it\/wp-content\/uploads\/2022\/08\/blech-1024x576.jpg 1024w, https:\/\/www.musikkapelle-latzfons.it\/wp-content\/uploads\/2022\/08\/blech-300x169.jpg 300w, https:\/\/www.musikkapelle-latzfons.it\/wp-content\/uploads\/2022\/08\/blech-768x432.jpg 768w, https:\/\/www.musikkapelle-latzfons.it\/wp-content\/uploads\/2022\/08\/blech-1536x864.jpg 1536w, https:\/\/www.musikkapelle-latzfons.it\/wp-content\/uploads\/2022\/08\/blech-2048x1152.jpg 2048w, https:\/\/www.musikkapelle-latzfons.it\/wp-content\/uploads\/2022\/08\/blech-800x450.jpg 800w\" sizes=\"(max-width: 1024px) 100vw, 1024px\" \/>\t\t\t\t\t\t\t\t\t\t\t<figcaption class=\"widget-image-caption wp-caption-text\"><\/figcaption>\n\t\t\t\t\t\t\t\t\t\t<\/figure>\n\t\t\t\t\t\t\t\t\t<\/div>\n\t\t\t\t<\/div>\n\t\t\t\t\t<\/div>\n\t\t<\/div>\n\t\t\t\t<div class=\"elementor-column elementor-col-50 elementor-top-column elementor-element elementor-element-ed307df\" data-id=\"ed307df\" data-element_type=\"column\">\n\t\t\t<div class=\"elementor-widget-wrap elementor-element-populated\">\n\t\t\t\t\t\t<div class=\"elementor-element elementor-element-7e7af22 elementor-widget elementor-widget-image\" data-id=\"7e7af22\" data-element_type=\"widget\" data-widget_type=\"image.default\">\n\t\t\t\t<div class=\"elementor-widget-container\">\n\t\t\t\t\t\t\t\t\t\t\t\t\t\t\t<img loading=\"lazy\" decoding=\"async\" width=\"1024\" height=\"576\" src=\"https:\/\/www.musikkapelle-latzfons.it\/wp-content\/uploads\/2022\/08\/Klarinetten-1-1024x576.jpg\" class=\"attachment-large size-large wp-image-3301\" alt=\"\" srcset=\"https:\/\/www.musikkapelle-latzfons.it\/wp-content\/uploads\/2022\/08\/Klarinetten-1-1024x576.jpg 1024w, https:\/\/www.musikkapelle-latzfons.it\/wp-content\/uploads\/2022\/08\/Klarinetten-1-300x169.jpg 300w, https:\/\/www.musikkapelle-latzfons.it\/wp-content\/uploads\/2022\/08\/Klarinetten-1-768x432.jpg 768w, https:\/\/www.musikkapelle-latzfons.it\/wp-content\/uploads\/2022\/08\/Klarinetten-1-1536x864.jpg 1536w, https:\/\/www.musikkapelle-latzfons.it\/wp-content\/uploads\/2022\/08\/Klarinetten-1-2048x1152.jpg 2048w, https:\/\/www.musikkapelle-latzfons.it\/wp-content\/uploads\/2022\/08\/Klarinetten-1-800x450.jpg 800w\" sizes=\"(max-width: 1024px) 100vw, 1024px\" \/>\t\t\t\t\t\t\t\t\t\t\t\t\t\t\t<\/div>\n\t\t\t\t<\/div>\n\t\t\t\t\t<\/div>\n\t\t<\/div>\n\t\t\t\t\t<\/div>\n\t\t<\/section>\n\t\t\t\t<section class=\"elementor-section elementor-top-section elementor-element elementor-element-a9c7229 elementor-section-full_width elementor-section-height-default elementor-section-height-default\" data-id=\"a9c7229\" data-element_type=\"section\">\n\t\t\t\t\t\t<div class=\"elementor-container elementor-column-gap-default\">\n\t\t\t\t\t<div class=\"elementor-column elementor-col-100 elementor-top-column elementor-element elementor-element-18adb3b\" data-id=\"18adb3b\" data-element_type=\"column\">\n\t\t\t<div class=\"elementor-widget-wrap elementor-element-populated\">\n\t\t\t\t\t\t<div class=\"elementor-element elementor-element-d57c8dc elementor-widget elementor-widget-heading\" data-id=\"d57c8dc\" data-element_type=\"widget\" data-widget_type=\"heading.default\">\n\t\t\t\t<div class=\"elementor-widget-container\">\n\t\t\t\t\t<h2 class=\"elementor-heading-title elementor-size-default\">Eine Bl\u00e4sergruppe und ein Klarinettenquartett hat die Beerdigung der Peaterer Mutter zusammen mit dem Kirchenchor musikalisch mitgestaltet. Der Ehemann der Peaterermutter, Jakob Oberrauch war lange Zeit Obmann und ihr Sohn Sepp Oberrauch ist aktives Mitglied der Musikkapelle Latzfons. <\/h2>\t\t\t\t<\/div>\n\t\t\t\t<\/div>\n\t\t\t\t\t<\/div>\n\t\t<\/div>\n\t\t\t\t\t<\/div>\n\t\t<\/section>\n\t\t\t\t<section class=\"elementor-section elementor-top-section elementor-element elementor-element-8dc39e9 elementor-section-boxed elementor-section-height-default elementor-section-height-default\" data-id=\"8dc39e9\" data-element_type=\"section\">\n\t\t\t\t\t\t<div class=\"elementor-container elementor-column-gap-default\">\n\t\t\t\t\t<div class=\"elementor-column elementor-col-100 elementor-top-column elementor-element elementor-element-c10447b\" data-id=\"c10447b\" data-element_type=\"column\">\n\t\t\t<div class=\"elementor-widget-wrap elementor-element-populated\">\n\t\t\t\t\t\t<div class=\"elementor-element elementor-element-292aa04 elementor-widget elementor-widget-spacer\" data-id=\"292aa04\" data-element_type=\"widget\" data-widget_type=\"spacer.default\">\n\t\t\t\t<div class=\"elementor-widget-container\">\n\t\t\t\t\t\t\t<div class=\"elementor-spacer\">\n\t\t\t<div class=\"elementor-spacer-inner\"><\/div>\n\t\t<\/div>\n\t\t\t\t\t\t<\/div>\n\t\t\t\t<\/div>\n\t\t\t\t\t<\/div>\n\t\t<\/div>\n\t\t\t\t\t<\/div>\n\t\t<\/section>\n\t\t\t\t<section class=\"elementor-section elementor-top-section elementor-element elementor-element-5bcfc73 elementor-section-full_width elementor-section-height-min-height elementor-section-stretched elementor-section-height-default elementor-section-items-middle\" data-id=\"5bcfc73\" data-element_type=\"section\" data-settings=\"{&quot;stretch_section&quot;:&quot;section-stretched&quot;}\">\n\t\t\t\t\t\t\t<div class=\"elementor-background-overlay\"><\/div>\n\t\t\t\t\t\t\t<div class=\"elementor-container elementor-column-gap-default\">\n\t\t\t\t\t<div class=\"elementor-column elementor-col-100 elementor-top-column elementor-element elementor-element-4f7d45f\" data-id=\"4f7d45f\" data-element_type=\"column\">\n\t\t\t<div class=\"elementor-widget-wrap elementor-element-populated\">\n\t\t\t\t\t\t<div class=\"elementor-element elementor-element-c55561a elementor-widget elementor-widget-heading\" data-id=\"c55561a\" data-element_type=\"widget\" data-widget_type=\"heading.default\">\n\t\t\t\t<div class=\"elementor-widget-container\">\n\t\t\t\t\t<h2 class=\"elementor-heading-title elementor-size-default\">19. August 2022<\/h2>\t\t\t\t<\/div>\n\t\t\t\t<\/div>\n\t\t\t\t\t<\/div>\n\t\t<\/div>\n\t\t\t\t\t<\/div>\n\t\t<\/section>\n\t\t\t\t<section class=\"elementor-section elementor-top-section elementor-element elementor-element-0bfcd64 elementor-section-full_width elementor-section-height-min-height elementor-section-stretched elementor-section-height-default elementor-section-items-middle\" data-id=\"0bfcd64\" data-element_type=\"section\" data-settings=\"{&quot;stretch_section&quot;:&quot;section-stretched&quot;}\">\n\t\t\t\t\t\t\t<div class=\"elementor-background-overlay\"><\/div>\n\t\t\t\t\t\t\t<div class=\"elementor-container elementor-column-gap-default\">\n\t\t\t\t\t<div class=\"elementor-column elementor-col-100 elementor-top-column elementor-element elementor-element-719e90c\" data-id=\"719e90c\" data-element_type=\"column\">\n\t\t\t<div class=\"elementor-widget-wrap elementor-element-populated\">\n\t\t\t\t\t\t<div class=\"elementor-element elementor-element-4a64934 elementor-widget elementor-widget-heading\" data-id=\"4a64934\" data-element_type=\"widget\" data-widget_type=\"heading.default\">\n\t\t\t\t<div class=\"elementor-widget-container\">\n\t\t\t\t\t<h2 class=\"elementor-heading-title elementor-size-default\">6. B\u00f6hmischer Traum beim D\u00f6rflfest in Latzfons<\/h2>\t\t\t\t<\/div>\n\t\t\t\t<\/div>\n\t\t\t\t\t<\/div>\n\t\t<\/div>\n\t\t\t\t\t<\/div>\n\t\t<\/section>\n\t\t\t\t<section class=\"elementor-section elementor-top-section elementor-element elementor-element-38a340f elementor-section-height-min-height elementor-section-stretched elementor-section-boxed elementor-section-height-default elementor-section-items-middle\" data-id=\"38a340f\" data-element_type=\"section\" data-settings=\"{&quot;stretch_section&quot;:&quot;section-stretched&quot;,&quot;background_background&quot;:&quot;classic&quot;}\">\n\t\t\t\t\t\t<div class=\"elementor-container elementor-column-gap-default\">\n\t\t\t\t\t<div class=\"elementor-column elementor-col-100 elementor-top-column elementor-element elementor-element-83f08b2\" data-id=\"83f08b2\" data-element_type=\"column\">\n\t\t\t<div class=\"elementor-widget-wrap\">\n\t\t\t\t\t\t\t<\/div>\n\t\t<\/div>\n\t\t\t\t\t<\/div>\n\t\t<\/section>\n\t\t\t\t<section class=\"elementor-section elementor-top-section elementor-element elementor-element-40bb65b elementor-section-full_width elementor-section-height-default elementor-section-height-default\" data-id=\"40bb65b\" data-element_type=\"section\">\n\t\t\t\t\t\t<div class=\"elementor-container elementor-column-gap-default\">\n\t\t\t\t\t<div class=\"elementor-column elementor-col-100 elementor-top-column elementor-element elementor-element-020e513\" data-id=\"020e513\" data-element_type=\"column\">\n\t\t\t<div class=\"elementor-widget-wrap elementor-element-populated\">\n\t\t\t\t\t\t<div class=\"elementor-element elementor-element-e1179ce elementor-widget elementor-widget-heading\" data-id=\"e1179ce\" data-element_type=\"widget\" data-widget_type=\"heading.default\">\n\t\t\t\t<div class=\"elementor-widget-container\">\n\t\t\t\t\t<h2 class=\"elementor-heading-title elementor-size-default\">Zum sechsten Mal findet in Latzfons der B\u00f6hmische Traum statt. Heuer wieder in Kombination mit dem D\u00f6rflfest auf dem Dorfplatz vor dem Haus der Vereine. Den musikalischen Auftakt machen um 18 Uhr die Vier Latzfonser und im Anschluss er\u00f6ffnen die Latzfonser Musikanten nat\u00fcrlich mit dem B\u00f6hmischen Traum ihr Konzert der B\u00f6hmischen Kl\u00e4nge. Das Publikum erklatscht sich noch zwei Zugaben und mit den Gablonzer Perlen wird die B\u00fchne f\u00fcr die Gruppe BlasDruckZupfern frei gemacht, die noch bis lang in die Nacht hinein die Stimmung anheizen.<\/h2>\t\t\t\t<\/div>\n\t\t\t\t<\/div>\n\t\t\t\t\t<\/div>\n\t\t<\/div>\n\t\t\t\t\t<\/div>\n\t\t<\/section>\n\t\t\t\t<section class=\"elementor-section elementor-top-section elementor-element elementor-element-33913d8 elementor-section-full_width elementor-section-height-default elementor-section-height-default\" data-id=\"33913d8\" data-element_type=\"section\">\n\t\t\t\t\t\t<div class=\"elementor-container elementor-column-gap-default\">\n\t\t\t\t\t<div class=\"elementor-column elementor-col-50 elementor-top-column elementor-element elementor-element-8581e81\" data-id=\"8581e81\" data-element_type=\"column\">\n\t\t\t<div class=\"elementor-widget-wrap elementor-element-populated\">\n\t\t\t\t\t\t<div class=\"elementor-element elementor-element-e73ca05 elementor-widget elementor-widget-image\" data-id=\"e73ca05\" data-element_type=\"widget\" data-widget_type=\"image.default\">\n\t\t\t\t<div class=\"elementor-widget-container\">\n\t\t\t\t\t\t\t\t\t\t\t\t<figure class=\"wp-caption\">\n\t\t\t\t\t\t\t\t\t\t<img loading=\"lazy\" decoding=\"async\" width=\"1024\" height=\"576\" src=\"https:\/\/www.musikkapelle-latzfons.it\/wp-content\/uploads\/2022\/08\/flugelhorn-1024x576.jpg\" class=\"attachment-large size-large wp-image-3294\" alt=\"\" srcset=\"https:\/\/www.musikkapelle-latzfons.it\/wp-content\/uploads\/2022\/08\/flugelhorn-1024x576.jpg 1024w, https:\/\/www.musikkapelle-latzfons.it\/wp-content\/uploads\/2022\/08\/flugelhorn-300x169.jpg 300w, https:\/\/www.musikkapelle-latzfons.it\/wp-content\/uploads\/2022\/08\/flugelhorn-768x432.jpg 768w, https:\/\/www.musikkapelle-latzfons.it\/wp-content\/uploads\/2022\/08\/flugelhorn-1536x864.jpg 1536w, https:\/\/www.musikkapelle-latzfons.it\/wp-content\/uploads\/2022\/08\/flugelhorn-2048x1152.jpg 2048w, https:\/\/www.musikkapelle-latzfons.it\/wp-content\/uploads\/2022\/08\/flugelhorn-800x450.jpg 800w\" sizes=\"(max-width: 1024px) 100vw, 1024px\" \/>\t\t\t\t\t\t\t\t\t\t\t<figcaption class=\"widget-image-caption wp-caption-text\"><\/figcaption>\n\t\t\t\t\t\t\t\t\t\t<\/figure>\n\t\t\t\t\t\t\t\t\t<\/div>\n\t\t\t\t<\/div>\n\t\t\t\t\t<\/div>\n\t\t<\/div>\n\t\t\t\t<div class=\"elementor-column elementor-col-50 elementor-top-column elementor-element elementor-element-6dcdc83\" data-id=\"6dcdc83\" data-element_type=\"column\">\n\t\t\t<div class=\"elementor-widget-wrap elementor-element-populated\">\n\t\t\t\t\t\t<div class=\"elementor-element elementor-element-ab8f889 elementor-widget elementor-widget-image\" data-id=\"ab8f889\" data-element_type=\"widget\" data-widget_type=\"image.default\">\n\t\t\t\t<div class=\"elementor-widget-container\">\n\t\t\t\t\t\t\t\t\t\t\t\t\t\t\t<img loading=\"lazy\" decoding=\"async\" width=\"1024\" height=\"576\" src=\"https:\/\/www.musikkapelle-latzfons.it\/wp-content\/uploads\/2022\/08\/klarinetten-1024x576.jpg\" class=\"attachment-large size-large wp-image-3295\" alt=\"\" srcset=\"https:\/\/www.musikkapelle-latzfons.it\/wp-content\/uploads\/2022\/08\/klarinetten-1024x576.jpg 1024w, https:\/\/www.musikkapelle-latzfons.it\/wp-content\/uploads\/2022\/08\/klarinetten-300x169.jpg 300w, https:\/\/www.musikkapelle-latzfons.it\/wp-content\/uploads\/2022\/08\/klarinetten-768x432.jpg 768w, https:\/\/www.musikkapelle-latzfons.it\/wp-content\/uploads\/2022\/08\/klarinetten-1536x864.jpg 1536w, https:\/\/www.musikkapelle-latzfons.it\/wp-content\/uploads\/2022\/08\/klarinetten-2048x1152.jpg 2048w, https:\/\/www.musikkapelle-latzfons.it\/wp-content\/uploads\/2022\/08\/klarinetten-800x450.jpg 800w\" sizes=\"(max-width: 1024px) 100vw, 1024px\" \/>\t\t\t\t\t\t\t\t\t\t\t\t\t\t\t<\/div>\n\t\t\t\t<\/div>\n\t\t\t\t\t<\/div>\n\t\t<\/div>\n\t\t\t\t\t<\/div>\n\t\t<\/section>\n\t\t\t\t<section class=\"elementor-section elementor-top-section elementor-element elementor-element-fd03b08 elementor-section-full_width elementor-section-height-default elementor-section-height-default\" data-id=\"fd03b08\" data-element_type=\"section\">\n\t\t\t\t\t\t<div class=\"elementor-container elementor-column-gap-default\">\n\t\t\t\t\t<div class=\"elementor-column elementor-col-100 elementor-top-column elementor-element elementor-element-6233a73\" data-id=\"6233a73\" data-element_type=\"column\">\n\t\t\t<div class=\"elementor-widget-wrap elementor-element-populated\">\n\t\t\t\t\t\t<div class=\"elementor-element elementor-element-1f30971 elementor-widget elementor-widget-heading\" data-id=\"1f30971\" data-element_type=\"widget\" data-widget_type=\"heading.default\">\n\t\t\t\t<div class=\"elementor-widget-container\">\n\t\t\t\t\t<h2 class=\"elementor-heading-title elementor-size-default\">In den Reihen der Latzfonser Musikanten hat als Gastfl\u00fcgelhornist Rainer Stiassny Platz genommen, bekannt als der Organisator des S\u00fcdtirol Festivals der b\u00f6hmisch-m\u00e4hrischen Blasmusik. Die Latzfonser Musikanten werden n\u00e4chstes Jahr im September wieder beim Festival teilnehmen.<\/h2>\t\t\t\t<\/div>\n\t\t\t\t<\/div>\n\t\t\t\t\t<\/div>\n\t\t<\/div>\n\t\t\t\t\t<\/div>\n\t\t<\/section>\n\t\t\t\t<section class=\"elementor-section elementor-top-section elementor-element elementor-element-d647a16 elementor-section-boxed elementor-section-height-default elementor-section-height-default\" data-id=\"d647a16\" data-element_type=\"section\">\n\t\t\t\t\t\t<div class=\"elementor-container elementor-column-gap-default\">\n\t\t\t\t\t<div class=\"elementor-column elementor-col-100 elementor-top-column elementor-element elementor-element-eaa3512\" data-id=\"eaa3512\" data-element_type=\"column\">\n\t\t\t<div class=\"elementor-widget-wrap elementor-element-populated\">\n\t\t\t\t\t\t<div class=\"elementor-element elementor-element-4b68d4b elementor-widget elementor-widget-spacer\" data-id=\"4b68d4b\" data-element_type=\"widget\" data-widget_type=\"spacer.default\">\n\t\t\t\t<div class=\"elementor-widget-container\">\n\t\t\t\t\t\t\t<div class=\"elementor-spacer\">\n\t\t\t<div class=\"elementor-spacer-inner\"><\/div>\n\t\t<\/div>\n\t\t\t\t\t\t<\/div>\n\t\t\t\t<\/div>\n\t\t\t\t\t<\/div>\n\t\t<\/div>\n\t\t\t\t\t<\/div>\n\t\t<\/section>\n\t\t\t\t<section class=\"elementor-section elementor-top-section elementor-element elementor-element-a472dee elementor-section-full_width elementor-section-height-min-height elementor-section-stretched elementor-section-height-default elementor-section-items-middle\" data-id=\"a472dee\" data-element_type=\"section\" data-settings=\"{&quot;stretch_section&quot;:&quot;section-stretched&quot;}\">\n\t\t\t\t\t\t\t<div class=\"elementor-background-overlay\"><\/div>\n\t\t\t\t\t\t\t<div class=\"elementor-container elementor-column-gap-default\">\n\t\t\t\t\t<div class=\"elementor-column elementor-col-100 elementor-top-column elementor-element elementor-element-0ef31ed\" data-id=\"0ef31ed\" data-element_type=\"column\">\n\t\t\t<div class=\"elementor-widget-wrap elementor-element-populated\">\n\t\t\t\t\t\t<div class=\"elementor-element elementor-element-d827af5 elementor-widget elementor-widget-heading\" data-id=\"d827af5\" data-element_type=\"widget\" data-widget_type=\"heading.default\">\n\t\t\t\t<div class=\"elementor-widget-container\">\n\t\t\t\t\t<h2 class=\"elementor-heading-title elementor-size-default\">15. August 2022<\/h2>\t\t\t\t<\/div>\n\t\t\t\t<\/div>\n\t\t\t\t\t<\/div>\n\t\t<\/div>\n\t\t\t\t\t<\/div>\n\t\t<\/section>\n\t\t\t\t<section class=\"elementor-section elementor-top-section elementor-element elementor-element-8eaf101 elementor-section-full_width elementor-section-height-min-height elementor-section-stretched elementor-section-height-default elementor-section-items-middle\" data-id=\"8eaf101\" data-element_type=\"section\" data-settings=\"{&quot;stretch_section&quot;:&quot;section-stretched&quot;}\">\n\t\t\t\t\t\t\t<div class=\"elementor-background-overlay\"><\/div>\n\t\t\t\t\t\t\t<div class=\"elementor-container elementor-column-gap-default\">\n\t\t\t\t\t<div class=\"elementor-column elementor-col-100 elementor-top-column elementor-element elementor-element-f683f07\" data-id=\"f683f07\" data-element_type=\"column\">\n\t\t\t<div class=\"elementor-widget-wrap elementor-element-populated\">\n\t\t\t\t\t\t<div class=\"elementor-element elementor-element-270748d elementor-widget elementor-widget-heading\" data-id=\"270748d\" data-element_type=\"widget\" data-widget_type=\"heading.default\">\n\t\t\t\t<div class=\"elementor-widget-container\">\n\t\t\t\t\t<h2 class=\"elementor-heading-title elementor-size-default\">Kirchtag in Kals (Osttirol)<\/h2>\t\t\t\t<\/div>\n\t\t\t\t<\/div>\n\t\t\t\t\t<\/div>\n\t\t<\/div>\n\t\t\t\t\t<\/div>\n\t\t<\/section>\n\t\t\t\t<section class=\"elementor-section elementor-top-section elementor-element elementor-element-47185c2 elementor-section-height-min-height elementor-section-stretched elementor-section-boxed elementor-section-height-default elementor-section-items-middle\" data-id=\"47185c2\" data-element_type=\"section\" data-settings=\"{&quot;stretch_section&quot;:&quot;section-stretched&quot;,&quot;background_background&quot;:&quot;classic&quot;}\">\n\t\t\t\t\t\t<div class=\"elementor-container elementor-column-gap-default\">\n\t\t\t\t\t<div class=\"elementor-column elementor-col-100 elementor-top-column elementor-element elementor-element-288468e\" data-id=\"288468e\" data-element_type=\"column\">\n\t\t\t<div class=\"elementor-widget-wrap\">\n\t\t\t\t\t\t\t<\/div>\n\t\t<\/div>\n\t\t\t\t\t<\/div>\n\t\t<\/section>\n\t\t\t\t<section class=\"elementor-section elementor-top-section elementor-element elementor-element-7a4a74f elementor-section-full_width elementor-section-height-default elementor-section-height-default\" data-id=\"7a4a74f\" data-element_type=\"section\">\n\t\t\t\t\t\t<div class=\"elementor-container elementor-column-gap-default\">\n\t\t\t\t\t<div class=\"elementor-column elementor-col-100 elementor-top-column elementor-element elementor-element-e1fb350\" data-id=\"e1fb350\" data-element_type=\"column\">\n\t\t\t<div class=\"elementor-widget-wrap elementor-element-populated\">\n\t\t\t\t\t\t<div class=\"elementor-element elementor-element-759aac0 elementor-widget elementor-widget-heading\" data-id=\"759aac0\" data-element_type=\"widget\" data-widget_type=\"heading.default\">\n\t\t\t\t<div class=\"elementor-widget-container\">\n\t\t\t\t\t<h2 class=\"elementor-heading-title elementor-size-default\">Um 9 Uhr startet der Bus nahezu vollbesetzt mit Musikanten Richtung Kals am Gro\u00dfglockner. Nach 3 Stunden Fahrt kommen wir in Kals an und finden ein vollbesetztes Festzelt vor. Zun\u00e4chst ist gutes Mittagessen angesagt w\u00e4hrend uns die Musikkapelle Kals und anschlie\u00dfend die Musikkapelle Kreith aus Nordtirol unterh\u00e4lt. Um 14 Uhr nehmen wir am Podium Platz und lassen unsere mitgebrachten St\u00fccke im Festzelt erklingen.<\/h2>\t\t\t\t<\/div>\n\t\t\t\t<\/div>\n\t\t\t\t\t<\/div>\n\t\t<\/div>\n\t\t\t\t\t<\/div>\n\t\t<\/section>\n\t\t\t\t<section class=\"elementor-section elementor-top-section elementor-element elementor-element-ffb11ba elementor-section-full_width elementor-section-height-default elementor-section-height-default\" data-id=\"ffb11ba\" data-element_type=\"section\">\n\t\t\t\t\t\t<div class=\"elementor-container elementor-column-gap-default\">\n\t\t\t\t\t<div class=\"elementor-column elementor-col-50 elementor-top-column elementor-element elementor-element-30f6a17\" data-id=\"30f6a17\" data-element_type=\"column\">\n\t\t\t<div class=\"elementor-widget-wrap elementor-element-populated\">\n\t\t\t\t\t\t<div class=\"elementor-element elementor-element-3172204 elementor-widget elementor-widget-image\" data-id=\"3172204\" data-element_type=\"widget\" data-widget_type=\"image.default\">\n\t\t\t\t<div class=\"elementor-widget-container\">\n\t\t\t\t\t\t\t\t\t\t\t\t<figure class=\"wp-caption\">\n\t\t\t\t\t\t\t\t\t\t<img loading=\"lazy\" decoding=\"async\" width=\"827\" height=\"465\" src=\"https:\/\/www.musikkapelle-latzfons.it\/wp-content\/uploads\/2022\/08\/unterbaum.jpg\" class=\"attachment-large size-large wp-image-3285\" alt=\"\" srcset=\"https:\/\/www.musikkapelle-latzfons.it\/wp-content\/uploads\/2022\/08\/unterbaum.jpg 827w, https:\/\/www.musikkapelle-latzfons.it\/wp-content\/uploads\/2022\/08\/unterbaum-300x169.jpg 300w, https:\/\/www.musikkapelle-latzfons.it\/wp-content\/uploads\/2022\/08\/unterbaum-768x432.jpg 768w, https:\/\/www.musikkapelle-latzfons.it\/wp-content\/uploads\/2022\/08\/unterbaum-800x450.jpg 800w\" sizes=\"(max-width: 827px) 100vw, 827px\" \/>\t\t\t\t\t\t\t\t\t\t\t<figcaption class=\"widget-image-caption wp-caption-text\"><\/figcaption>\n\t\t\t\t\t\t\t\t\t\t<\/figure>\n\t\t\t\t\t\t\t\t\t<\/div>\n\t\t\t\t<\/div>\n\t\t\t\t\t<\/div>\n\t\t<\/div>\n\t\t\t\t<div class=\"elementor-column elementor-col-50 elementor-top-column elementor-element elementor-element-c5e9c3d\" data-id=\"c5e9c3d\" data-element_type=\"column\">\n\t\t\t<div class=\"elementor-widget-wrap elementor-element-populated\">\n\t\t\t\t\t\t<div class=\"elementor-element elementor-element-efbd14e elementor-widget elementor-widget-image\" data-id=\"efbd14e\" data-element_type=\"widget\" data-widget_type=\"image.default\">\n\t\t\t\t<div class=\"elementor-widget-container\">\n\t\t\t\t\t\t\t\t\t\t\t\t\t\t\t<img loading=\"lazy\" decoding=\"async\" width=\"827\" height=\"465\" src=\"https:\/\/www.musikkapelle-latzfons.it\/wp-content\/uploads\/2022\/08\/jung.jpg\" class=\"attachment-large size-large wp-image-3283\" alt=\"\" srcset=\"https:\/\/www.musikkapelle-latzfons.it\/wp-content\/uploads\/2022\/08\/jung.jpg 827w, https:\/\/www.musikkapelle-latzfons.it\/wp-content\/uploads\/2022\/08\/jung-300x169.jpg 300w, https:\/\/www.musikkapelle-latzfons.it\/wp-content\/uploads\/2022\/08\/jung-768x432.jpg 768w, https:\/\/www.musikkapelle-latzfons.it\/wp-content\/uploads\/2022\/08\/jung-800x450.jpg 800w\" sizes=\"(max-width: 827px) 100vw, 827px\" \/>\t\t\t\t\t\t\t\t\t\t\t\t\t\t\t<\/div>\n\t\t\t\t<\/div>\n\t\t\t\t\t<\/div>\n\t\t<\/div>\n\t\t\t\t\t<\/div>\n\t\t<\/section>\n\t\t\t\t<section class=\"elementor-section elementor-top-section elementor-element elementor-element-e72c3de elementor-section-full_width elementor-section-height-default elementor-section-height-default\" data-id=\"e72c3de\" data-element_type=\"section\">\n\t\t\t\t\t\t<div class=\"elementor-container elementor-column-gap-default\">\n\t\t\t\t\t<div class=\"elementor-column elementor-col-100 elementor-top-column elementor-element elementor-element-d14f06e\" data-id=\"d14f06e\" data-element_type=\"column\">\n\t\t\t<div class=\"elementor-widget-wrap elementor-element-populated\">\n\t\t\t\t\t\t<div class=\"elementor-element elementor-element-8ac37ec elementor-widget elementor-widget-heading\" data-id=\"8ac37ec\" data-element_type=\"widget\" data-widget_type=\"heading.default\">\n\t\t\t\t<div class=\"elementor-widget-container\">\n\t\t\t\t\t<h2 class=\"elementor-heading-title elementor-size-default\">Anschlie\u00dfend an unser Konzert bleibt noch Zeit im Festzelt gem\u00fctlich zusammenzusitzen, zu feiern und somit Leib uns Seele etwas Gutes zu tun.<\/h2>\t\t\t\t<\/div>\n\t\t\t\t<\/div>\n\t\t\t\t\t<\/div>\n\t\t<\/div>\n\t\t\t\t\t<\/div>\n\t\t<\/section>\n\t\t\t\t<section class=\"elementor-section elementor-top-section elementor-element elementor-element-068ed08 elementor-section-full_width elementor-section-height-default elementor-section-height-default\" data-id=\"068ed08\" data-element_type=\"section\">\n\t\t\t\t\t\t<div class=\"elementor-container elementor-column-gap-default\">\n\t\t\t\t\t<div class=\"elementor-column elementor-col-50 elementor-top-column elementor-element elementor-element-f25f9b8\" data-id=\"f25f9b8\" data-element_type=\"column\">\n\t\t\t<div class=\"elementor-widget-wrap elementor-element-populated\">\n\t\t\t\t\t\t<div class=\"elementor-element elementor-element-0531d29 elementor-widget elementor-widget-image\" data-id=\"0531d29\" data-element_type=\"widget\" data-widget_type=\"image.default\">\n\t\t\t\t<div class=\"elementor-widget-container\">\n\t\t\t\t\t\t\t\t\t\t\t\t<figure class=\"wp-caption\">\n\t\t\t\t\t\t\t\t\t\t<img loading=\"lazy\" decoding=\"async\" width=\"827\" height=\"465\" src=\"https:\/\/www.musikkapelle-latzfons.it\/wp-content\/uploads\/2022\/08\/leowalternorbert.jpg\" class=\"attachment-large size-large wp-image-3280\" alt=\"\" srcset=\"https:\/\/www.musikkapelle-latzfons.it\/wp-content\/uploads\/2022\/08\/leowalternorbert.jpg 827w, https:\/\/www.musikkapelle-latzfons.it\/wp-content\/uploads\/2022\/08\/leowalternorbert-300x169.jpg 300w, https:\/\/www.musikkapelle-latzfons.it\/wp-content\/uploads\/2022\/08\/leowalternorbert-768x432.jpg 768w, https:\/\/www.musikkapelle-latzfons.it\/wp-content\/uploads\/2022\/08\/leowalternorbert-800x450.jpg 800w\" sizes=\"(max-width: 827px) 100vw, 827px\" \/>\t\t\t\t\t\t\t\t\t\t\t<figcaption class=\"widget-image-caption wp-caption-text\"><\/figcaption>\n\t\t\t\t\t\t\t\t\t\t<\/figure>\n\t\t\t\t\t\t\t\t\t<\/div>\n\t\t\t\t<\/div>\n\t\t\t\t\t<\/div>\n\t\t<\/div>\n\t\t\t\t<div class=\"elementor-column elementor-col-50 elementor-top-column elementor-element elementor-element-8b2dde9\" data-id=\"8b2dde9\" data-element_type=\"column\">\n\t\t\t<div class=\"elementor-widget-wrap elementor-element-populated\">\n\t\t\t\t\t\t<div class=\"elementor-element elementor-element-82113a3 elementor-widget elementor-widget-image\" data-id=\"82113a3\" data-element_type=\"widget\" data-widget_type=\"image.default\">\n\t\t\t\t<div class=\"elementor-widget-container\">\n\t\t\t\t\t\t\t\t\t\t\t\t\t\t\t<img loading=\"lazy\" decoding=\"async\" width=\"827\" height=\"465\" src=\"https:\/\/www.musikkapelle-latzfons.it\/wp-content\/uploads\/2022\/08\/paul.jpg\" class=\"attachment-large size-large wp-image-3282\" alt=\"\" srcset=\"https:\/\/www.musikkapelle-latzfons.it\/wp-content\/uploads\/2022\/08\/paul.jpg 827w, https:\/\/www.musikkapelle-latzfons.it\/wp-content\/uploads\/2022\/08\/paul-300x169.jpg 300w, https:\/\/www.musikkapelle-latzfons.it\/wp-content\/uploads\/2022\/08\/paul-768x432.jpg 768w, https:\/\/www.musikkapelle-latzfons.it\/wp-content\/uploads\/2022\/08\/paul-800x450.jpg 800w\" sizes=\"(max-width: 827px) 100vw, 827px\" \/>\t\t\t\t\t\t\t\t\t\t\t\t\t\t\t<\/div>\n\t\t\t\t<\/div>\n\t\t\t\t\t<\/div>\n\t\t<\/div>\n\t\t\t\t\t<\/div>\n\t\t<\/section>\n\t\t\t\t<section class=\"elementor-section elementor-top-section elementor-element elementor-element-fa5e55d elementor-section-full_width elementor-section-height-default elementor-section-height-default\" data-id=\"fa5e55d\" data-element_type=\"section\">\n\t\t\t\t\t\t<div class=\"elementor-container elementor-column-gap-default\">\n\t\t\t\t\t<div class=\"elementor-column elementor-col-100 elementor-top-column elementor-element elementor-element-2c057c5\" data-id=\"2c057c5\" data-element_type=\"column\">\n\t\t\t<div class=\"elementor-widget-wrap elementor-element-populated\">\n\t\t\t\t\t\t<div class=\"elementor-element elementor-element-2503b4b elementor-widget elementor-widget-heading\" data-id=\"2503b4b\" data-element_type=\"widget\" data-widget_type=\"heading.default\">\n\t\t\t\t<div class=\"elementor-widget-container\">\n\t\t\t\t\t<h2 class=\"elementor-heading-title elementor-size-default\">Sichtlich gut gelaunt fahren wir dann um 19 Uhr von Kals zur\u00fcck nach Latzfons und k\u00f6nnen auf einen gelungenen Tag in \u00d6sterreich zur\u00fcckblicken.<\/h2>\t\t\t\t<\/div>\n\t\t\t\t<\/div>\n\t\t\t\t\t<\/div>\n\t\t<\/div>\n\t\t\t\t\t<\/div>\n\t\t<\/section>\n\t\t\t\t<section class=\"elementor-section elementor-top-section elementor-element elementor-element-e94f1e5 elementor-section-full_width elementor-section-height-min-height elementor-section-stretched elementor-section-height-default elementor-section-items-middle\" data-id=\"e94f1e5\" data-element_type=\"section\" data-settings=\"{&quot;stretch_section&quot;:&quot;section-stretched&quot;}\">\n\t\t\t\t\t\t<div class=\"elementor-container elementor-column-gap-wider\">\n\t\t\t\t\t<div class=\"elementor-column elementor-col-100 elementor-top-column elementor-element elementor-element-679aceb\" data-id=\"679aceb\" data-element_type=\"column\">\n\t\t\t<div class=\"elementor-widget-wrap elementor-element-populated\">\n\t\t\t\t\t\t<div class=\"elementor-element elementor-element-2116ba2 elementor-widget elementor-widget-image\" data-id=\"2116ba2\" data-element_type=\"widget\" data-widget_type=\"image.default\">\n\t\t\t\t<div class=\"elementor-widget-container\">\n\t\t\t\t\t\t\t\t\t\t\t\t\t\t\t<img loading=\"lazy\" decoding=\"async\" width=\"827\" height=\"465\" src=\"https:\/\/www.musikkapelle-latzfons.it\/wp-content\/uploads\/2022\/08\/fans.jpg\" class=\"attachment-large size-large wp-image-3284\" alt=\"\" srcset=\"https:\/\/www.musikkapelle-latzfons.it\/wp-content\/uploads\/2022\/08\/fans.jpg 827w, https:\/\/www.musikkapelle-latzfons.it\/wp-content\/uploads\/2022\/08\/fans-300x169.jpg 300w, https:\/\/www.musikkapelle-latzfons.it\/wp-content\/uploads\/2022\/08\/fans-768x432.jpg 768w, https:\/\/www.musikkapelle-latzfons.it\/wp-content\/uploads\/2022\/08\/fans-800x450.jpg 800w\" sizes=\"(max-width: 827px) 100vw, 827px\" \/>\t\t\t\t\t\t\t\t\t\t\t\t\t\t\t<\/div>\n\t\t\t\t<\/div>\n\t\t\t\t\t<\/div>\n\t\t<\/div>\n\t\t\t\t\t<\/div>\n\t\t<\/section>\n\t\t\t\t<section class=\"elementor-section elementor-top-section elementor-element elementor-element-4dbdae2 elementor-section-full_width elementor-section-height-default elementor-section-height-default\" data-id=\"4dbdae2\" data-element_type=\"section\">\n\t\t\t\t\t\t<div class=\"elementor-container elementor-column-gap-default\">\n\t\t\t\t\t<div class=\"elementor-column elementor-col-100 elementor-top-column elementor-element elementor-element-b4dbefe\" data-id=\"b4dbefe\" data-element_type=\"column\">\n\t\t\t<div class=\"elementor-widget-wrap elementor-element-populated\">\n\t\t\t\t\t\t<div class=\"elementor-element elementor-element-1cf921c elementor-widget elementor-widget-heading\" data-id=\"1cf921c\" data-element_type=\"widget\" data-widget_type=\"heading.default\">\n\t\t\t\t<div class=\"elementor-widget-container\">\n\t\t\t\t\t<h2 class=\"elementor-heading-title elementor-size-default\">Treue Fans sind eigenes f\u00fcr das Konzert der Musikkapelle Latzfons nach Kals angereist \ud83d\ude42<\/h2>\t\t\t\t<\/div>\n\t\t\t\t<\/div>\n\t\t\t\t\t<\/div>\n\t\t<\/div>\n\t\t\t\t\t<\/div>\n\t\t<\/section>\n\t\t\t\t<section class=\"elementor-section elementor-top-section elementor-element elementor-element-054f29e elementor-section-boxed elementor-section-height-default elementor-section-height-default\" data-id=\"054f29e\" data-element_type=\"section\">\n\t\t\t\t\t\t<div class=\"elementor-container elementor-column-gap-default\">\n\t\t\t\t\t<div class=\"elementor-column elementor-col-100 elementor-top-column elementor-element elementor-element-b55401c\" data-id=\"b55401c\" data-element_type=\"column\">\n\t\t\t<div class=\"elementor-widget-wrap elementor-element-populated\">\n\t\t\t\t\t\t<div class=\"elementor-element elementor-element-cf27c9e elementor-widget elementor-widget-spacer\" data-id=\"cf27c9e\" data-element_type=\"widget\" data-widget_type=\"spacer.default\">\n\t\t\t\t<div class=\"elementor-widget-container\">\n\t\t\t\t\t\t\t<div class=\"elementor-spacer\">\n\t\t\t<div class=\"elementor-spacer-inner\"><\/div>\n\t\t<\/div>\n\t\t\t\t\t\t<\/div>\n\t\t\t\t<\/div>\n\t\t\t\t\t<\/div>\n\t\t<\/div>\n\t\t\t\t\t<\/div>\n\t\t<\/section>\n\t\t\t\t<section class=\"elementor-section elementor-top-section elementor-element elementor-element-7eb7709 elementor-section-full_width elementor-section-height-min-height elementor-section-stretched elementor-section-height-default elementor-section-items-middle\" data-id=\"7eb7709\" data-element_type=\"section\" data-settings=\"{&quot;stretch_section&quot;:&quot;section-stretched&quot;}\">\n\t\t\t\t\t\t\t<div class=\"elementor-background-overlay\"><\/div>\n\t\t\t\t\t\t\t<div class=\"elementor-container elementor-column-gap-default\">\n\t\t\t\t\t<div class=\"elementor-column elementor-col-100 elementor-top-column elementor-element elementor-element-25398de\" data-id=\"25398de\" data-element_type=\"column\">\n\t\t\t<div class=\"elementor-widget-wrap elementor-element-populated\">\n\t\t\t\t\t\t<div class=\"elementor-element elementor-element-179ac42 elementor-widget elementor-widget-heading\" data-id=\"179ac42\" data-element_type=\"widget\" data-widget_type=\"heading.default\">\n\t\t\t\t<div class=\"elementor-widget-container\">\n\t\t\t\t\t<h2 class=\"elementor-heading-title elementor-size-default\">14. August 2022<\/h2>\t\t\t\t<\/div>\n\t\t\t\t<\/div>\n\t\t\t\t\t<\/div>\n\t\t<\/div>\n\t\t\t\t\t<\/div>\n\t\t<\/section>\n\t\t\t\t<section class=\"elementor-section elementor-top-section elementor-element elementor-element-8324140 elementor-section-full_width elementor-section-height-min-height elementor-section-stretched elementor-section-height-default elementor-section-items-middle\" data-id=\"8324140\" data-element_type=\"section\" data-settings=\"{&quot;stretch_section&quot;:&quot;section-stretched&quot;}\">\n\t\t\t\t\t\t\t<div class=\"elementor-background-overlay\"><\/div>\n\t\t\t\t\t\t\t<div class=\"elementor-container elementor-column-gap-default\">\n\t\t\t\t\t<div class=\"elementor-column elementor-col-100 elementor-top-column elementor-element elementor-element-1a9a8aa\" data-id=\"1a9a8aa\" data-element_type=\"column\">\n\t\t\t<div class=\"elementor-widget-wrap elementor-element-populated\">\n\t\t\t\t\t\t<div class=\"elementor-element elementor-element-92d87a6 elementor-widget elementor-widget-heading\" data-id=\"92d87a6\" data-element_type=\"widget\" data-widget_type=\"heading.default\">\n\t\t\t\t<div class=\"elementor-widget-container\">\n\t\t\t\t\t<h2 class=\"elementor-heading-title elementor-size-default\">Kirchtag in Verdings<\/h2>\t\t\t\t<\/div>\n\t\t\t\t<\/div>\n\t\t\t\t\t<\/div>\n\t\t<\/div>\n\t\t\t\t\t<\/div>\n\t\t<\/section>\n\t\t\t\t<section class=\"elementor-section elementor-top-section elementor-element elementor-element-4a956bc elementor-section-height-min-height elementor-section-stretched elementor-section-boxed elementor-section-height-default elementor-section-items-middle\" data-id=\"4a956bc\" data-element_type=\"section\" data-settings=\"{&quot;stretch_section&quot;:&quot;section-stretched&quot;,&quot;background_background&quot;:&quot;classic&quot;}\">\n\t\t\t\t\t\t<div class=\"elementor-container elementor-column-gap-default\">\n\t\t\t\t\t<div class=\"elementor-column elementor-col-100 elementor-top-column elementor-element elementor-element-899b706\" data-id=\"899b706\" data-element_type=\"column\">\n\t\t\t<div class=\"elementor-widget-wrap\">\n\t\t\t\t\t\t\t<\/div>\n\t\t<\/div>\n\t\t\t\t\t<\/div>\n\t\t<\/section>\n\t\t\t\t<section class=\"elementor-section elementor-top-section elementor-element elementor-element-cfc9a0a elementor-section-full_width elementor-section-height-default elementor-section-height-default\" data-id=\"cfc9a0a\" data-element_type=\"section\">\n\t\t\t\t\t\t<div class=\"elementor-container elementor-column-gap-default\">\n\t\t\t\t\t<div class=\"elementor-column elementor-col-100 elementor-top-column elementor-element elementor-element-e7a0505\" data-id=\"e7a0505\" data-element_type=\"column\">\n\t\t\t<div class=\"elementor-widget-wrap elementor-element-populated\">\n\t\t\t\t\t\t<div class=\"elementor-element elementor-element-788bd73 elementor-widget elementor-widget-heading\" data-id=\"788bd73\" data-element_type=\"widget\" data-widget_type=\"heading.default\">\n\t\t\t\t<div class=\"elementor-widget-container\">\n\t\t\t\t\t<h2 class=\"elementor-heading-title elementor-size-default\">J\u00e4hrlich spielt die Musikkapelle Latzfons beim Kirchtag in Verdings. Beim Einzug der Priester und der Ministranten von der Kirche zum Dorfplatz spielt die Musikkapelle den Prozessionsmarsch Credo bis zum Trio.<\/h2>\t\t\t\t<\/div>\n\t\t\t\t<\/div>\n\t\t\t\t\t<\/div>\n\t\t<\/div>\n\t\t\t\t\t<\/div>\n\t\t<\/section>\n\t\t\t\t<section class=\"elementor-section elementor-top-section elementor-element elementor-element-75ee8b1 elementor-section-full_width elementor-section-height-default elementor-section-height-default\" data-id=\"75ee8b1\" data-element_type=\"section\">\n\t\t\t\t\t\t<div class=\"elementor-container elementor-column-gap-default\">\n\t\t\t\t\t<div class=\"elementor-column elementor-col-50 elementor-top-column elementor-element elementor-element-7653ad4\" data-id=\"7653ad4\" data-element_type=\"column\">\n\t\t\t<div class=\"elementor-widget-wrap elementor-element-populated\">\n\t\t\t\t\t\t<div class=\"elementor-element elementor-element-741bbce elementor-widget elementor-widget-image\" data-id=\"741bbce\" data-element_type=\"widget\" data-widget_type=\"image.default\">\n\t\t\t\t<div class=\"elementor-widget-container\">\n\t\t\t\t\t\t\t\t\t\t\t\t<figure class=\"wp-caption\">\n\t\t\t\t\t\t\t\t\t\t<img loading=\"lazy\" decoding=\"async\" width=\"1024\" height=\"576\" src=\"https:\/\/www.musikkapelle-latzfons.it\/wp-content\/uploads\/2022\/08\/Messe-1024x576.jpg\" class=\"attachment-large size-large wp-image-3247\" alt=\"\" srcset=\"https:\/\/www.musikkapelle-latzfons.it\/wp-content\/uploads\/2022\/08\/Messe-1024x576.jpg 1024w, https:\/\/www.musikkapelle-latzfons.it\/wp-content\/uploads\/2022\/08\/Messe-300x169.jpg 300w, https:\/\/www.musikkapelle-latzfons.it\/wp-content\/uploads\/2022\/08\/Messe-768x432.jpg 768w, https:\/\/www.musikkapelle-latzfons.it\/wp-content\/uploads\/2022\/08\/Messe-1536x864.jpg 1536w, https:\/\/www.musikkapelle-latzfons.it\/wp-content\/uploads\/2022\/08\/Messe-800x450.jpg 800w, https:\/\/www.musikkapelle-latzfons.it\/wp-content\/uploads\/2022\/08\/Messe.jpg 1800w\" sizes=\"(max-width: 1024px) 100vw, 1024px\" \/>\t\t\t\t\t\t\t\t\t\t\t<figcaption class=\"widget-image-caption wp-caption-text\"><\/figcaption>\n\t\t\t\t\t\t\t\t\t\t<\/figure>\n\t\t\t\t\t\t\t\t\t<\/div>\n\t\t\t\t<\/div>\n\t\t\t\t\t<\/div>\n\t\t<\/div>\n\t\t\t\t<div class=\"elementor-column elementor-col-50 elementor-top-column elementor-element elementor-element-0dfd7ec\" data-id=\"0dfd7ec\" data-element_type=\"column\">\n\t\t\t<div class=\"elementor-widget-wrap elementor-element-populated\">\n\t\t\t\t\t\t<div class=\"elementor-element elementor-element-433d92e elementor-widget elementor-widget-image\" data-id=\"433d92e\" data-element_type=\"widget\" data-widget_type=\"image.default\">\n\t\t\t\t<div class=\"elementor-widget-container\">\n\t\t\t\t\t\t\t\t\t\t\t\t\t\t\t<img loading=\"lazy\" decoding=\"async\" width=\"1024\" height=\"576\" src=\"https:\/\/www.musikkapelle-latzfons.it\/wp-content\/uploads\/2022\/08\/Floeten-1024x576.jpg\" class=\"attachment-large size-large wp-image-3248\" alt=\"\" srcset=\"https:\/\/www.musikkapelle-latzfons.it\/wp-content\/uploads\/2022\/08\/Floeten-1024x576.jpg 1024w, https:\/\/www.musikkapelle-latzfons.it\/wp-content\/uploads\/2022\/08\/Floeten-300x169.jpg 300w, https:\/\/www.musikkapelle-latzfons.it\/wp-content\/uploads\/2022\/08\/Floeten-768x432.jpg 768w, https:\/\/www.musikkapelle-latzfons.it\/wp-content\/uploads\/2022\/08\/Floeten-800x450.jpg 800w, https:\/\/www.musikkapelle-latzfons.it\/wp-content\/uploads\/2022\/08\/Floeten.jpg 1500w\" sizes=\"(max-width: 1024px) 100vw, 1024px\" \/>\t\t\t\t\t\t\t\t\t\t\t\t\t\t\t<\/div>\n\t\t\t\t<\/div>\n\t\t\t\t\t<\/div>\n\t\t<\/div>\n\t\t\t\t\t<\/div>\n\t\t<\/section>\n\t\t\t\t<section class=\"elementor-section elementor-top-section elementor-element elementor-element-7673a6c elementor-section-full_width elementor-section-height-default elementor-section-height-default\" data-id=\"7673a6c\" data-element_type=\"section\">\n\t\t\t\t\t\t<div class=\"elementor-container elementor-column-gap-default\">\n\t\t\t\t\t<div class=\"elementor-column elementor-col-100 elementor-top-column elementor-element elementor-element-c8ac4e4\" data-id=\"c8ac4e4\" data-element_type=\"column\">\n\t\t\t<div class=\"elementor-widget-wrap elementor-element-populated\">\n\t\t\t\t\t\t<div class=\"elementor-element elementor-element-2834781 elementor-widget elementor-widget-heading\" data-id=\"2834781\" data-element_type=\"widget\" data-widget_type=\"heading.default\">\n\t\t\t\t<div class=\"elementor-widget-container\">\n\t\t\t\t\t<h2 class=\"elementor-heading-title elementor-size-default\">Die Messe feiert Priester Rolves, der schon seit vielen Jahren regelm\u00e4\u00dfig nach Verdings kommt, zusammen mit seinem Mitbruder aus Deutschland.<\/h2>\t\t\t\t<\/div>\n\t\t\t\t<\/div>\n\t\t\t\t\t<\/div>\n\t\t<\/div>\n\t\t\t\t\t<\/div>\n\t\t<\/section>\n\t\t\t\t<section class=\"elementor-section elementor-top-section elementor-element elementor-element-d2d4e1b elementor-section-full_width elementor-section-height-default elementor-section-height-default\" data-id=\"d2d4e1b\" data-element_type=\"section\">\n\t\t\t\t\t\t<div class=\"elementor-container elementor-column-gap-default\">\n\t\t\t\t\t<div class=\"elementor-column elementor-col-50 elementor-top-column elementor-element elementor-element-b013ef3\" data-id=\"b013ef3\" data-element_type=\"column\">\n\t\t\t<div class=\"elementor-widget-wrap elementor-element-populated\">\n\t\t\t\t\t\t<div class=\"elementor-element elementor-element-f7ac544 elementor-widget elementor-widget-image\" data-id=\"f7ac544\" data-element_type=\"widget\" data-widget_type=\"image.default\">\n\t\t\t\t<div class=\"elementor-widget-container\">\n\t\t\t\t\t\t\t\t\t\t\t\t<figure class=\"wp-caption\">\n\t\t\t\t\t\t\t\t\t\t<img loading=\"lazy\" decoding=\"async\" width=\"1024\" height=\"576\" src=\"https:\/\/www.musikkapelle-latzfons.it\/wp-content\/uploads\/2022\/08\/Quartett-1024x576.jpg\" class=\"attachment-large size-large wp-image-3249\" alt=\"\" srcset=\"https:\/\/www.musikkapelle-latzfons.it\/wp-content\/uploads\/2022\/08\/Quartett-1024x576.jpg 1024w, https:\/\/www.musikkapelle-latzfons.it\/wp-content\/uploads\/2022\/08\/Quartett-300x169.jpg 300w, https:\/\/www.musikkapelle-latzfons.it\/wp-content\/uploads\/2022\/08\/Quartett-768x432.jpg 768w, https:\/\/www.musikkapelle-latzfons.it\/wp-content\/uploads\/2022\/08\/Quartett-1536x864.jpg 1536w, https:\/\/www.musikkapelle-latzfons.it\/wp-content\/uploads\/2022\/08\/Quartett-800x450.jpg 800w, https:\/\/www.musikkapelle-latzfons.it\/wp-content\/uploads\/2022\/08\/Quartett.jpg 1800w\" sizes=\"(max-width: 1024px) 100vw, 1024px\" \/>\t\t\t\t\t\t\t\t\t\t\t<figcaption class=\"widget-image-caption wp-caption-text\"><\/figcaption>\n\t\t\t\t\t\t\t\t\t\t<\/figure>\n\t\t\t\t\t\t\t\t\t<\/div>\n\t\t\t\t<\/div>\n\t\t\t\t\t<\/div>\n\t\t<\/div>\n\t\t\t\t<div class=\"elementor-column elementor-col-50 elementor-top-column elementor-element elementor-element-8ac3dbd\" data-id=\"8ac3dbd\" data-element_type=\"column\">\n\t\t\t<div class=\"elementor-widget-wrap elementor-element-populated\">\n\t\t\t\t\t\t<div class=\"elementor-element elementor-element-77634e8 elementor-widget elementor-widget-image\" data-id=\"77634e8\" data-element_type=\"widget\" data-widget_type=\"image.default\">\n\t\t\t\t<div class=\"elementor-widget-container\">\n\t\t\t\t\t\t\t\t\t\t\t\t\t\t\t<img loading=\"lazy\" decoding=\"async\" width=\"1024\" height=\"576\" src=\"https:\/\/www.musikkapelle-latzfons.it\/wp-content\/uploads\/2022\/08\/manni-1024x576.jpg\" class=\"attachment-large size-large wp-image-3251\" alt=\"\" srcset=\"https:\/\/www.musikkapelle-latzfons.it\/wp-content\/uploads\/2022\/08\/manni-1024x576.jpg 1024w, https:\/\/www.musikkapelle-latzfons.it\/wp-content\/uploads\/2022\/08\/manni-300x169.jpg 300w, https:\/\/www.musikkapelle-latzfons.it\/wp-content\/uploads\/2022\/08\/manni-768x432.jpg 768w, https:\/\/www.musikkapelle-latzfons.it\/wp-content\/uploads\/2022\/08\/manni-1536x865.jpg 1536w, https:\/\/www.musikkapelle-latzfons.it\/wp-content\/uploads\/2022\/08\/manni-800x450.jpg 800w, https:\/\/www.musikkapelle-latzfons.it\/wp-content\/uploads\/2022\/08\/manni.jpg 1652w\" sizes=\"(max-width: 1024px) 100vw, 1024px\" \/>\t\t\t\t\t\t\t\t\t\t\t\t\t\t\t<\/div>\n\t\t\t\t<\/div>\n\t\t\t\t\t<\/div>\n\t\t<\/div>\n\t\t\t\t\t<\/div>\n\t\t<\/section>\n\t\t\t\t<section class=\"elementor-section elementor-top-section elementor-element elementor-element-216f7f5 elementor-section-full_width elementor-section-height-default elementor-section-height-default\" data-id=\"216f7f5\" data-element_type=\"section\">\n\t\t\t\t\t\t<div class=\"elementor-container elementor-column-gap-default\">\n\t\t\t\t\t<div class=\"elementor-column elementor-col-100 elementor-top-column elementor-element elementor-element-3bd5093\" data-id=\"3bd5093\" data-element_type=\"column\">\n\t\t\t<div class=\"elementor-widget-wrap elementor-element-populated\">\n\t\t\t\t\t\t<div class=\"elementor-element elementor-element-e28443b elementor-widget elementor-widget-heading\" data-id=\"e28443b\" data-element_type=\"widget\" data-widget_type=\"heading.default\">\n\t\t\t\t<div class=\"elementor-widget-container\">\n\t\t\t\t\t<h2 class=\"elementor-heading-title elementor-size-default\">Die Musikkapelle spielt wie jedes Jahr die Haydnmesse und eine kleine Gruppe (Erna, Thomas, Stefan und Reinhard) begleiten den Kirchenchor aus Verdings bei den Prozessionsges\u00e4ngen.<\/h2>\t\t\t\t<\/div>\n\t\t\t\t<\/div>\n\t\t\t\t\t<\/div>\n\t\t<\/div>\n\t\t\t\t\t<\/div>\n\t\t<\/section>\n\t\t\t\t<section class=\"elementor-section elementor-top-section elementor-element elementor-element-281a6e5 elementor-section-full_width elementor-section-height-min-height elementor-section-stretched elementor-section-height-default elementor-section-items-middle\" data-id=\"281a6e5\" data-element_type=\"section\" data-settings=\"{&quot;stretch_section&quot;:&quot;section-stretched&quot;}\">\n\t\t\t\t\t\t<div class=\"elementor-container elementor-column-gap-wider\">\n\t\t\t\t\t<div class=\"elementor-column elementor-col-100 elementor-top-column elementor-element elementor-element-e852e27\" data-id=\"e852e27\" data-element_type=\"column\">\n\t\t\t<div class=\"elementor-widget-wrap elementor-element-populated\">\n\t\t\t\t\t\t<div class=\"elementor-element elementor-element-917d353 elementor-widget elementor-widget-image\" data-id=\"917d353\" data-element_type=\"widget\" data-widget_type=\"image.default\">\n\t\t\t\t<div class=\"elementor-widget-container\">\n\t\t\t\t\t\t\t\t\t\t\t\t\t\t\t<img loading=\"lazy\" decoding=\"async\" width=\"1024\" height=\"576\" src=\"https:\/\/www.musikkapelle-latzfons.it\/wp-content\/uploads\/2022\/08\/prozess-1024x576.jpg\" class=\"attachment-large size-large wp-image-3253\" alt=\"\" srcset=\"https:\/\/www.musikkapelle-latzfons.it\/wp-content\/uploads\/2022\/08\/prozess-1024x576.jpg 1024w, https:\/\/www.musikkapelle-latzfons.it\/wp-content\/uploads\/2022\/08\/prozess-300x169.jpg 300w, https:\/\/www.musikkapelle-latzfons.it\/wp-content\/uploads\/2022\/08\/prozess-768x432.jpg 768w, https:\/\/www.musikkapelle-latzfons.it\/wp-content\/uploads\/2022\/08\/prozess-1536x864.jpg 1536w, https:\/\/www.musikkapelle-latzfons.it\/wp-content\/uploads\/2022\/08\/prozess-2048x1152.jpg 2048w, https:\/\/www.musikkapelle-latzfons.it\/wp-content\/uploads\/2022\/08\/prozess-800x450.jpg 800w\" sizes=\"(max-width: 1024px) 100vw, 1024px\" \/>\t\t\t\t\t\t\t\t\t\t\t\t\t\t\t<\/div>\n\t\t\t\t<\/div>\n\t\t\t\t\t<\/div>\n\t\t<\/div>\n\t\t\t\t\t<\/div>\n\t\t<\/section>\n\t\t\t\t<section class=\"elementor-section elementor-top-section elementor-element elementor-element-ea888dc elementor-section-full_width elementor-section-height-min-height elementor-section-height-default elementor-section-items-middle\" data-id=\"ea888dc\" data-element_type=\"section\">\n\t\t\t\t\t\t<div class=\"elementor-container elementor-column-gap-default\">\n\t\t\t\t\t<div class=\"elementor-column elementor-col-100 elementor-top-column elementor-element elementor-element-83c7196\" data-id=\"83c7196\" data-element_type=\"column\">\n\t\t\t<div class=\"elementor-widget-wrap elementor-element-populated\">\n\t\t\t\t\t\t<div class=\"elementor-element elementor-element-bd9b953 elementor-widget elementor-widget-heading\" data-id=\"bd9b953\" data-element_type=\"widget\" data-widget_type=\"heading.default\">\n\t\t\t\t<div class=\"elementor-widget-container\">\n\t\t\t\t\t<h2 class=\"elementor-heading-title elementor-size-default\">Fotos: Konrad Faltner<\/h2>\t\t\t\t<\/div>\n\t\t\t\t<\/div>\n\t\t\t\t\t<\/div>\n\t\t<\/div>\n\t\t\t\t\t<\/div>\n\t\t<\/section>\n\t\t\t\t<section class=\"elementor-section elementor-top-section elementor-element elementor-element-f5bdfe1 elementor-section-boxed elementor-section-height-default elementor-section-height-default\" data-id=\"f5bdfe1\" data-element_type=\"section\">\n\t\t\t\t\t\t<div class=\"elementor-container elementor-column-gap-default\">\n\t\t\t\t\t<div class=\"elementor-column elementor-col-100 elementor-top-column elementor-element elementor-element-0653ce5\" data-id=\"0653ce5\" data-element_type=\"column\">\n\t\t\t<div class=\"elementor-widget-wrap elementor-element-populated\">\n\t\t\t\t\t\t<div class=\"elementor-element elementor-element-361da4e elementor-widget elementor-widget-spacer\" data-id=\"361da4e\" data-element_type=\"widget\" data-widget_type=\"spacer.default\">\n\t\t\t\t<div class=\"elementor-widget-container\">\n\t\t\t\t\t\t\t<div class=\"elementor-spacer\">\n\t\t\t<div class=\"elementor-spacer-inner\"><\/div>\n\t\t<\/div>\n\t\t\t\t\t\t<\/div>\n\t\t\t\t<\/div>\n\t\t\t\t\t<\/div>\n\t\t<\/div>\n\t\t\t\t\t<\/div>\n\t\t<\/section>\n\t\t\t\t<section class=\"elementor-section elementor-top-section elementor-element elementor-element-25ac697 elementor-section-full_width elementor-section-height-min-height elementor-section-stretched elementor-section-height-default elementor-section-items-middle\" data-id=\"25ac697\" data-element_type=\"section\" data-settings=\"{&quot;stretch_section&quot;:&quot;section-stretched&quot;}\">\n\t\t\t\t\t\t\t<div class=\"elementor-background-overlay\"><\/div>\n\t\t\t\t\t\t\t<div class=\"elementor-container elementor-column-gap-default\">\n\t\t\t\t\t<div class=\"elementor-column elementor-col-100 elementor-top-column elementor-element elementor-element-89112bd\" data-id=\"89112bd\" data-element_type=\"column\">\n\t\t\t<div class=\"elementor-widget-wrap elementor-element-populated\">\n\t\t\t\t\t\t<div class=\"elementor-element elementor-element-61333bf elementor-widget elementor-widget-heading\" data-id=\"61333bf\" data-element_type=\"widget\" data-widget_type=\"heading.default\">\n\t\t\t\t<div class=\"elementor-widget-container\">\n\t\t\t\t\t<h2 class=\"elementor-heading-title elementor-size-default\">24. Juli 2022<\/h2>\t\t\t\t<\/div>\n\t\t\t\t<\/div>\n\t\t\t\t\t<\/div>\n\t\t<\/div>\n\t\t\t\t\t<\/div>\n\t\t<\/section>\n\t\t\t\t<section class=\"elementor-section elementor-top-section elementor-element elementor-element-0efc4a9 elementor-section-full_width elementor-section-height-min-height elementor-section-stretched elementor-section-height-default elementor-section-items-middle\" data-id=\"0efc4a9\" data-element_type=\"section\" data-settings=\"{&quot;stretch_section&quot;:&quot;section-stretched&quot;}\">\n\t\t\t\t\t\t\t<div class=\"elementor-background-overlay\"><\/div>\n\t\t\t\t\t\t\t<div class=\"elementor-container elementor-column-gap-default\">\n\t\t\t\t\t<div class=\"elementor-column elementor-col-100 elementor-top-column elementor-element elementor-element-91aac27\" data-id=\"91aac27\" data-element_type=\"column\">\n\t\t\t<div class=\"elementor-widget-wrap elementor-element-populated\">\n\t\t\t\t\t\t<div class=\"elementor-element elementor-element-2c881c7 elementor-widget elementor-widget-heading\" data-id=\"2c881c7\" data-element_type=\"widget\" data-widget_type=\"heading.default\">\n\t\t\t\t<div class=\"elementor-widget-container\">\n\t\t\t\t\t<h2 class=\"elementor-heading-title elementor-size-default\">Magdalenasonntag auf dem Latzfonser Kreuz<\/h2>\t\t\t\t<\/div>\n\t\t\t\t<\/div>\n\t\t\t\t\t<\/div>\n\t\t<\/div>\n\t\t\t\t\t<\/div>\n\t\t<\/section>\n\t\t\t\t<section class=\"elementor-section elementor-top-section elementor-element elementor-element-9ecc59e elementor-section-height-min-height elementor-section-stretched elementor-section-boxed elementor-section-height-default elementor-section-items-middle\" data-id=\"9ecc59e\" data-element_type=\"section\" data-settings=\"{&quot;stretch_section&quot;:&quot;section-stretched&quot;,&quot;background_background&quot;:&quot;classic&quot;}\">\n\t\t\t\t\t\t<div class=\"elementor-container elementor-column-gap-default\">\n\t\t\t\t\t<div class=\"elementor-column elementor-col-100 elementor-top-column elementor-element elementor-element-62955a8\" data-id=\"62955a8\" data-element_type=\"column\">\n\t\t\t<div class=\"elementor-widget-wrap\">\n\t\t\t\t\t\t\t<\/div>\n\t\t<\/div>\n\t\t\t\t\t<\/div>\n\t\t<\/section>\n\t\t\t\t<section class=\"elementor-section elementor-top-section elementor-element elementor-element-30e16d2 elementor-section-full_width elementor-section-height-default elementor-section-height-default\" data-id=\"30e16d2\" data-element_type=\"section\">\n\t\t\t\t\t\t<div class=\"elementor-container elementor-column-gap-default\">\n\t\t\t\t\t<div class=\"elementor-column elementor-col-100 elementor-top-column elementor-element elementor-element-bfa59ea\" data-id=\"bfa59ea\" data-element_type=\"column\">\n\t\t\t<div class=\"elementor-widget-wrap elementor-element-populated\">\n\t\t\t\t\t\t<div class=\"elementor-element elementor-element-8feee64 elementor-widget elementor-widget-heading\" data-id=\"8feee64\" data-element_type=\"widget\" data-widget_type=\"heading.default\">\n\t\t\t\t<div class=\"elementor-widget-container\">\n\t\t\t\t\t<h2 class=\"elementor-heading-title elementor-size-default\">Wie jedes Jahr am Sonntag um den 22. Juli pilgern Musikant*innen und auch Chors\u00e4nger*innen zum Latzfonser Kreuz, um den traditionellen Kirchtag zur Hl. Magdalena zu feiern. Den musikalischen Auftakt macht das Brassquintett, die die Kreuzg\u00e4nger mit einer Weise empfangen. Um 11 Uhr wird die Hl. Messe zusammen mit dem Chor mitgestaltet, die von Dekan Georg Martin gefeiert wird.<\/h2>\t\t\t\t<\/div>\n\t\t\t\t<\/div>\n\t\t\t\t\t<\/div>\n\t\t<\/div>\n\t\t\t\t\t<\/div>\n\t\t<\/section>\n\t\t\t\t<section class=\"elementor-section elementor-top-section elementor-element elementor-element-de97c93 elementor-section-full_width elementor-section-height-default elementor-section-height-default\" data-id=\"de97c93\" data-element_type=\"section\">\n\t\t\t\t\t\t<div class=\"elementor-container elementor-column-gap-default\">\n\t\t\t\t\t<div class=\"elementor-column elementor-col-50 elementor-top-column elementor-element elementor-element-813eabc\" data-id=\"813eabc\" data-element_type=\"column\">\n\t\t\t<div class=\"elementor-widget-wrap elementor-element-populated\">\n\t\t\t\t\t\t<div class=\"elementor-element elementor-element-a142e15 elementor-widget elementor-widget-image\" data-id=\"a142e15\" data-element_type=\"widget\" data-widget_type=\"image.default\">\n\t\t\t\t<div class=\"elementor-widget-container\">\n\t\t\t\t\t\t\t\t\t\t\t\t<figure class=\"wp-caption\">\n\t\t\t\t\t\t\t\t\t\t<img loading=\"lazy\" decoding=\"async\" width=\"1024\" height=\"576\" src=\"https:\/\/www.musikkapelle-latzfons.it\/wp-content\/uploads\/2022\/07\/Floeten-1024x576.jpg\" class=\"attachment-large size-large wp-image-3161\" alt=\"\" srcset=\"https:\/\/www.musikkapelle-latzfons.it\/wp-content\/uploads\/2022\/07\/Floeten-1024x576.jpg 1024w, https:\/\/www.musikkapelle-latzfons.it\/wp-content\/uploads\/2022\/07\/Floeten-300x169.jpg 300w, https:\/\/www.musikkapelle-latzfons.it\/wp-content\/uploads\/2022\/07\/Floeten-768x432.jpg 768w, https:\/\/www.musikkapelle-latzfons.it\/wp-content\/uploads\/2022\/07\/Floeten-1536x864.jpg 1536w, https:\/\/www.musikkapelle-latzfons.it\/wp-content\/uploads\/2022\/07\/Floeten-2048x1152.jpg 2048w, https:\/\/www.musikkapelle-latzfons.it\/wp-content\/uploads\/2022\/07\/Floeten-800x450.jpg 800w\" sizes=\"(max-width: 1024px) 100vw, 1024px\" \/>\t\t\t\t\t\t\t\t\t\t\t<figcaption class=\"widget-image-caption wp-caption-text\"><\/figcaption>\n\t\t\t\t\t\t\t\t\t\t<\/figure>\n\t\t\t\t\t\t\t\t\t<\/div>\n\t\t\t\t<\/div>\n\t\t\t\t\t<\/div>\n\t\t<\/div>\n\t\t\t\t<div class=\"elementor-column elementor-col-50 elementor-top-column elementor-element elementor-element-065e234\" data-id=\"065e234\" data-element_type=\"column\">\n\t\t\t<div class=\"elementor-widget-wrap elementor-element-populated\">\n\t\t\t\t\t\t<div class=\"elementor-element elementor-element-18792de elementor-widget elementor-widget-image\" data-id=\"18792de\" data-element_type=\"widget\" data-widget_type=\"image.default\">\n\t\t\t\t<div class=\"elementor-widget-container\">\n\t\t\t\t\t\t\t\t\t\t\t\t\t\t\t<img loading=\"lazy\" decoding=\"async\" width=\"1024\" height=\"576\" src=\"https:\/\/www.musikkapelle-latzfons.it\/wp-content\/uploads\/2022\/07\/Posaunen-1024x576.jpg\" class=\"attachment-large size-large wp-image-3163\" alt=\"\" srcset=\"https:\/\/www.musikkapelle-latzfons.it\/wp-content\/uploads\/2022\/07\/Posaunen-1024x576.jpg 1024w, https:\/\/www.musikkapelle-latzfons.it\/wp-content\/uploads\/2022\/07\/Posaunen-300x169.jpg 300w, https:\/\/www.musikkapelle-latzfons.it\/wp-content\/uploads\/2022\/07\/Posaunen-768x432.jpg 768w, https:\/\/www.musikkapelle-latzfons.it\/wp-content\/uploads\/2022\/07\/Posaunen-1536x864.jpg 1536w, https:\/\/www.musikkapelle-latzfons.it\/wp-content\/uploads\/2022\/07\/Posaunen-2048x1152.jpg 2048w, https:\/\/www.musikkapelle-latzfons.it\/wp-content\/uploads\/2022\/07\/Posaunen-800x450.jpg 800w\" sizes=\"(max-width: 1024px) 100vw, 1024px\" \/>\t\t\t\t\t\t\t\t\t\t\t\t\t\t\t<\/div>\n\t\t\t\t<\/div>\n\t\t\t\t\t<\/div>\n\t\t<\/div>\n\t\t\t\t\t<\/div>\n\t\t<\/section>\n\t\t\t\t<section class=\"elementor-section elementor-top-section elementor-element elementor-element-f18f768 elementor-section-full_width elementor-section-height-default elementor-section-height-default\" data-id=\"f18f768\" data-element_type=\"section\">\n\t\t\t\t\t\t<div class=\"elementor-container elementor-column-gap-default\">\n\t\t\t\t\t<div class=\"elementor-column elementor-col-100 elementor-top-column elementor-element elementor-element-8891d6d\" data-id=\"8891d6d\" data-element_type=\"column\">\n\t\t\t<div class=\"elementor-widget-wrap elementor-element-populated\">\n\t\t\t\t\t\t<div class=\"elementor-element elementor-element-873310f elementor-widget elementor-widget-heading\" data-id=\"873310f\" data-element_type=\"widget\" data-widget_type=\"heading.default\">\n\t\t\t\t<div class=\"elementor-widget-container\">\n\t\t\t\t\t<h2 class=\"elementor-heading-title elementor-size-default\"><span class=\"elementor-heading-title elementor-size-default elementor-inline-editing pen\" data-elementor-setting-key=\"title\" data-pen-placeholder=\"Eingabe hier...\" style=\"font-style: normal\">Anschlie\u00dfend an die Messfeier l\u00e4dt die Musikkapelle zum allj\u00e4hrlichen Konzert in luftiger H\u00f6he ein - heuer einmal bei ungewohnt warmen Temperaturen.<\/span><\/h2>\t\t\t\t<\/div>\n\t\t\t\t<\/div>\n\t\t\t\t\t<\/div>\n\t\t<\/div>\n\t\t\t\t\t<\/div>\n\t\t<\/section>\n\t\t\t\t<section class=\"elementor-section elementor-top-section elementor-element elementor-element-5d809a5 elementor-section-full_width elementor-section-height-default elementor-section-height-default\" data-id=\"5d809a5\" data-element_type=\"section\">\n\t\t\t\t\t\t<div class=\"elementor-container elementor-column-gap-default\">\n\t\t\t\t\t<div class=\"elementor-column elementor-col-50 elementor-top-column elementor-element elementor-element-b200539\" data-id=\"b200539\" data-element_type=\"column\">\n\t\t\t<div class=\"elementor-widget-wrap elementor-element-populated\">\n\t\t\t\t\t\t<div class=\"elementor-element elementor-element-7273c71 elementor-widget elementor-widget-image\" data-id=\"7273c71\" data-element_type=\"widget\" data-widget_type=\"image.default\">\n\t\t\t\t<div class=\"elementor-widget-container\">\n\t\t\t\t\t\t\t\t\t\t\t\t\t\t\t<img loading=\"lazy\" decoding=\"async\" width=\"1024\" height=\"576\" src=\"https:\/\/www.musikkapelle-latzfons.it\/wp-content\/uploads\/2022\/07\/fluegelhorn-1024x576.jpg\" class=\"attachment-large size-large wp-image-3167\" alt=\"\" srcset=\"https:\/\/www.musikkapelle-latzfons.it\/wp-content\/uploads\/2022\/07\/fluegelhorn-1024x576.jpg 1024w, https:\/\/www.musikkapelle-latzfons.it\/wp-content\/uploads\/2022\/07\/fluegelhorn-300x169.jpg 300w, https:\/\/www.musikkapelle-latzfons.it\/wp-content\/uploads\/2022\/07\/fluegelhorn-768x432.jpg 768w, https:\/\/www.musikkapelle-latzfons.it\/wp-content\/uploads\/2022\/07\/fluegelhorn-1536x864.jpg 1536w, https:\/\/www.musikkapelle-latzfons.it\/wp-content\/uploads\/2022\/07\/fluegelhorn-2048x1152.jpg 2048w, https:\/\/www.musikkapelle-latzfons.it\/wp-content\/uploads\/2022\/07\/fluegelhorn-800x450.jpg 800w\" sizes=\"(max-width: 1024px) 100vw, 1024px\" \/>\t\t\t\t\t\t\t\t\t\t\t\t\t\t\t<\/div>\n\t\t\t\t<\/div>\n\t\t\t\t\t<\/div>\n\t\t<\/div>\n\t\t\t\t<div class=\"elementor-column elementor-col-50 elementor-top-column elementor-element elementor-element-7cecf05\" data-id=\"7cecf05\" data-element_type=\"column\">\n\t\t\t<div class=\"elementor-widget-wrap elementor-element-populated\">\n\t\t\t\t\t\t<div class=\"elementor-element elementor-element-79fad58 elementor-widget elementor-widget-image\" data-id=\"79fad58\" data-element_type=\"widget\" data-widget_type=\"image.default\">\n\t\t\t\t<div class=\"elementor-widget-container\">\n\t\t\t\t\t\t\t\t\t\t\t\t\t\t\t<img loading=\"lazy\" decoding=\"async\" width=\"1024\" height=\"576\" src=\"https:\/\/www.musikkapelle-latzfons.it\/wp-content\/uploads\/2022\/07\/Reini_Hannes-1024x576.jpg\" class=\"attachment-large size-large wp-image-3165\" alt=\"\" srcset=\"https:\/\/www.musikkapelle-latzfons.it\/wp-content\/uploads\/2022\/07\/Reini_Hannes-1024x576.jpg 1024w, https:\/\/www.musikkapelle-latzfons.it\/wp-content\/uploads\/2022\/07\/Reini_Hannes-300x169.jpg 300w, https:\/\/www.musikkapelle-latzfons.it\/wp-content\/uploads\/2022\/07\/Reini_Hannes-768x432.jpg 768w, https:\/\/www.musikkapelle-latzfons.it\/wp-content\/uploads\/2022\/07\/Reini_Hannes-1536x864.jpg 1536w, https:\/\/www.musikkapelle-latzfons.it\/wp-content\/uploads\/2022\/07\/Reini_Hannes-2048x1152.jpg 2048w, https:\/\/www.musikkapelle-latzfons.it\/wp-content\/uploads\/2022\/07\/Reini_Hannes-800x450.jpg 800w\" sizes=\"(max-width: 1024px) 100vw, 1024px\" \/>\t\t\t\t\t\t\t\t\t\t\t\t\t\t\t<\/div>\n\t\t\t\t<\/div>\n\t\t\t\t\t<\/div>\n\t\t<\/div>\n\t\t\t\t\t<\/div>\n\t\t<\/section>\n\t\t\t\t<section class=\"elementor-section elementor-top-section elementor-element elementor-element-4a3f3d7 elementor-section-full_width elementor-section-height-default elementor-section-height-default\" data-id=\"4a3f3d7\" data-element_type=\"section\">\n\t\t\t\t\t\t<div class=\"elementor-container elementor-column-gap-default\">\n\t\t\t\t\t<div class=\"elementor-column elementor-col-50 elementor-top-column elementor-element elementor-element-c790369\" data-id=\"c790369\" data-element_type=\"column\">\n\t\t\t<div class=\"elementor-widget-wrap elementor-element-populated\">\n\t\t\t\t\t\t<div class=\"elementor-element elementor-element-2ec1da0 elementor-widget elementor-widget-image\" data-id=\"2ec1da0\" data-element_type=\"widget\" data-widget_type=\"image.default\">\n\t\t\t\t<div class=\"elementor-widget-container\">\n\t\t\t\t\t\t\t\t\t\t\t\t\t\t\t<img loading=\"lazy\" decoding=\"async\" width=\"1024\" height=\"576\" src=\"https:\/\/www.musikkapelle-latzfons.it\/wp-content\/uploads\/2022\/07\/tenorhorn-1024x576.jpg\" class=\"attachment-large size-large wp-image-3164\" alt=\"\" srcset=\"https:\/\/www.musikkapelle-latzfons.it\/wp-content\/uploads\/2022\/07\/tenorhorn-1024x576.jpg 1024w, https:\/\/www.musikkapelle-latzfons.it\/wp-content\/uploads\/2022\/07\/tenorhorn-300x169.jpg 300w, https:\/\/www.musikkapelle-latzfons.it\/wp-content\/uploads\/2022\/07\/tenorhorn-768x432.jpg 768w, https:\/\/www.musikkapelle-latzfons.it\/wp-content\/uploads\/2022\/07\/tenorhorn-1536x864.jpg 1536w, https:\/\/www.musikkapelle-latzfons.it\/wp-content\/uploads\/2022\/07\/tenorhorn-2048x1152.jpg 2048w, https:\/\/www.musikkapelle-latzfons.it\/wp-content\/uploads\/2022\/07\/tenorhorn-800x450.jpg 800w\" sizes=\"(max-width: 1024px) 100vw, 1024px\" \/>\t\t\t\t\t\t\t\t\t\t\t\t\t\t\t<\/div>\n\t\t\t\t<\/div>\n\t\t\t\t\t<\/div>\n\t\t<\/div>\n\t\t\t\t<div class=\"elementor-column elementor-col-50 elementor-top-column elementor-element elementor-element-5ed5aa2\" data-id=\"5ed5aa2\" data-element_type=\"column\">\n\t\t\t<div class=\"elementor-widget-wrap elementor-element-populated\">\n\t\t\t\t\t\t<div class=\"elementor-element elementor-element-9fc7f37 elementor-widget elementor-widget-image\" data-id=\"9fc7f37\" data-element_type=\"widget\" data-widget_type=\"image.default\">\n\t\t\t\t<div class=\"elementor-widget-container\">\n\t\t\t\t\t\t\t\t\t\t\t\t\t\t\t<img loading=\"lazy\" decoding=\"async\" width=\"1024\" height=\"576\" src=\"https:\/\/www.musikkapelle-latzfons.it\/wp-content\/uploads\/2022\/07\/Baesse-1024x576.jpg\" class=\"attachment-large size-large wp-image-3162\" alt=\"\" srcset=\"https:\/\/www.musikkapelle-latzfons.it\/wp-content\/uploads\/2022\/07\/Baesse-1024x576.jpg 1024w, https:\/\/www.musikkapelle-latzfons.it\/wp-content\/uploads\/2022\/07\/Baesse-300x169.jpg 300w, https:\/\/www.musikkapelle-latzfons.it\/wp-content\/uploads\/2022\/07\/Baesse-768x432.jpg 768w, https:\/\/www.musikkapelle-latzfons.it\/wp-content\/uploads\/2022\/07\/Baesse-1536x864.jpg 1536w, https:\/\/www.musikkapelle-latzfons.it\/wp-content\/uploads\/2022\/07\/Baesse-2048x1152.jpg 2048w, https:\/\/www.musikkapelle-latzfons.it\/wp-content\/uploads\/2022\/07\/Baesse-800x450.jpg 800w\" sizes=\"(max-width: 1024px) 100vw, 1024px\" \/>\t\t\t\t\t\t\t\t\t\t\t\t\t\t\t<\/div>\n\t\t\t\t<\/div>\n\t\t\t\t\t<\/div>\n\t\t<\/div>\n\t\t\t\t\t<\/div>\n\t\t<\/section>\n\t\t\t\t<section class=\"elementor-section elementor-top-section elementor-element elementor-element-61f30a8 elementor-section-full_width elementor-section-height-default elementor-section-height-default\" data-id=\"61f30a8\" data-element_type=\"section\">\n\t\t\t\t\t\t<div class=\"elementor-container elementor-column-gap-default\">\n\t\t\t\t\t<div class=\"elementor-column elementor-col-100 elementor-top-column elementor-element elementor-element-405d612\" data-id=\"405d612\" data-element_type=\"column\">\n\t\t\t<div class=\"elementor-widget-wrap elementor-element-populated\">\n\t\t\t\t\t\t<div class=\"elementor-element elementor-element-1a8e6f8 elementor-widget elementor-widget-heading\" data-id=\"1a8e6f8\" data-element_type=\"widget\" data-widget_type=\"heading.default\">\n\t\t\t\t<div class=\"elementor-widget-container\">\n\t\t\t\t\t<h2 class=\"elementor-heading-title elementor-size-default\">Das Konzert wird mit der letzten Zugabe \"Von Freund zu Freund\" gegen 14 Uhr beendet und nach der verdienten St\u00e4rkung kehren alle wieder ins Tal zur\u00fcck, die einen fr\u00fcher, die anderen sp\u00e4ter. \ud83d\ude42<\/h2>\t\t\t\t<\/div>\n\t\t\t\t<\/div>\n\t\t\t\t\t<\/div>\n\t\t<\/div>\n\t\t\t\t\t<\/div>\n\t\t<\/section>\n\t\t\t\t<section class=\"elementor-section elementor-top-section elementor-element elementor-element-1c161ea elementor-section-boxed elementor-section-height-default elementor-section-height-default\" data-id=\"1c161ea\" data-element_type=\"section\">\n\t\t\t\t\t\t<div class=\"elementor-container elementor-column-gap-default\">\n\t\t\t\t\t<div class=\"elementor-column elementor-col-100 elementor-top-column elementor-element elementor-element-4d77bcd\" data-id=\"4d77bcd\" data-element_type=\"column\">\n\t\t\t<div class=\"elementor-widget-wrap elementor-element-populated\">\n\t\t\t\t\t\t<div class=\"elementor-element elementor-element-014d59d elementor-widget elementor-widget-spacer\" data-id=\"014d59d\" data-element_type=\"widget\" data-widget_type=\"spacer.default\">\n\t\t\t\t<div class=\"elementor-widget-container\">\n\t\t\t\t\t\t\t<div class=\"elementor-spacer\">\n\t\t\t<div class=\"elementor-spacer-inner\"><\/div>\n\t\t<\/div>\n\t\t\t\t\t\t<\/div>\n\t\t\t\t<\/div>\n\t\t\t\t\t<\/div>\n\t\t<\/div>\n\t\t\t\t\t<\/div>\n\t\t<\/section>\n\t\t\t\t<section class=\"elementor-section elementor-top-section elementor-element elementor-element-d5ab44a elementor-section-full_width elementor-section-height-min-height elementor-section-stretched elementor-section-height-default elementor-section-items-middle\" data-id=\"d5ab44a\" data-element_type=\"section\" data-settings=\"{&quot;stretch_section&quot;:&quot;section-stretched&quot;}\">\n\t\t\t\t\t\t\t<div class=\"elementor-background-overlay\"><\/div>\n\t\t\t\t\t\t\t<div class=\"elementor-container elementor-column-gap-default\">\n\t\t\t\t\t<div class=\"elementor-column elementor-col-100 elementor-top-column elementor-element elementor-element-41a000c\" data-id=\"41a000c\" data-element_type=\"column\">\n\t\t\t<div class=\"elementor-widget-wrap elementor-element-populated\">\n\t\t\t\t\t\t<div class=\"elementor-element elementor-element-8e3fc55 elementor-widget elementor-widget-heading\" data-id=\"8e3fc55\" data-element_type=\"widget\" data-widget_type=\"heading.default\">\n\t\t\t\t<div class=\"elementor-widget-container\">\n\t\t\t\t\t<h2 class=\"elementor-heading-title elementor-size-default\">9. Juli 2022<\/h2>\t\t\t\t<\/div>\n\t\t\t\t<\/div>\n\t\t\t\t\t<\/div>\n\t\t<\/div>\n\t\t\t\t\t<\/div>\n\t\t<\/section>\n\t\t\t\t<section class=\"elementor-section elementor-top-section elementor-element elementor-element-fd3c474 elementor-section-full_width elementor-section-height-min-height elementor-section-stretched elementor-section-height-default elementor-section-items-middle\" data-id=\"fd3c474\" data-element_type=\"section\" data-settings=\"{&quot;stretch_section&quot;:&quot;section-stretched&quot;}\">\n\t\t\t\t\t\t\t<div class=\"elementor-background-overlay\"><\/div>\n\t\t\t\t\t\t\t<div class=\"elementor-container elementor-column-gap-default\">\n\t\t\t\t\t<div class=\"elementor-column elementor-col-100 elementor-top-column elementor-element elementor-element-e5e5b1b\" data-id=\"e5e5b1b\" data-element_type=\"column\">\n\t\t\t<div class=\"elementor-widget-wrap elementor-element-populated\">\n\t\t\t\t\t\t<div class=\"elementor-element elementor-element-bb0b309 elementor-widget elementor-widget-heading\" data-id=\"bb0b309\" data-element_type=\"widget\" data-widget_type=\"heading.default\">\n\t\t\t\t<div class=\"elementor-widget-container\">\n\t\t\t\t\t<h2 class=\"elementor-heading-title elementor-size-default\">Konzert beim Kirchtag in Jenesien<\/h2>\t\t\t\t<\/div>\n\t\t\t\t<\/div>\n\t\t\t\t\t<\/div>\n\t\t<\/div>\n\t\t\t\t\t<\/div>\n\t\t<\/section>\n\t\t\t\t<section class=\"elementor-section elementor-top-section elementor-element elementor-element-3b3c8b4 elementor-section-height-min-height elementor-section-stretched elementor-section-boxed elementor-section-height-default elementor-section-items-middle\" data-id=\"3b3c8b4\" data-element_type=\"section\" data-settings=\"{&quot;stretch_section&quot;:&quot;section-stretched&quot;,&quot;background_background&quot;:&quot;classic&quot;}\">\n\t\t\t\t\t\t<div class=\"elementor-container elementor-column-gap-default\">\n\t\t\t\t\t<div class=\"elementor-column elementor-col-100 elementor-top-column elementor-element elementor-element-62a980a\" data-id=\"62a980a\" data-element_type=\"column\">\n\t\t\t<div class=\"elementor-widget-wrap\">\n\t\t\t\t\t\t\t<\/div>\n\t\t<\/div>\n\t\t\t\t\t<\/div>\n\t\t<\/section>\n\t\t\t\t<section class=\"elementor-section elementor-top-section elementor-element elementor-element-0131b71 elementor-section-full_width elementor-section-height-default elementor-section-height-default\" data-id=\"0131b71\" data-element_type=\"section\">\n\t\t\t\t\t\t<div class=\"elementor-container elementor-column-gap-default\">\n\t\t\t\t\t<div class=\"elementor-column elementor-col-100 elementor-top-column elementor-element elementor-element-e2ace86\" data-id=\"e2ace86\" data-element_type=\"column\">\n\t\t\t<div class=\"elementor-widget-wrap elementor-element-populated\">\n\t\t\t\t\t\t<div class=\"elementor-element elementor-element-403c0cc elementor-widget elementor-widget-heading\" data-id=\"403c0cc\" data-element_type=\"widget\" data-widget_type=\"heading.default\">\n\t\t\t\t<div class=\"elementor-widget-container\">\n\t\t\t\t\t<h2 class=\"elementor-heading-title elementor-size-default\">Am Samstag, 19:30 Uhr er\u00f6ffnete die Musikkapelle Latzfons mit dem Marsch \"In Harmonie vereint\" den Festbeginn beim Kirchtag in Jenesien.\nBei angenehmen Temperaturen unterhielten wir die Festbesucher bis 21:15 Uhr, wo wir das Konzert mit dem Marsch \"Mein Heimatland\" von Sepp Thaler beendeten. Im Anschluss an unser Konzert sorgten die \"jungen Passeirer\" f\u00fcr Stimmung und wir Musikanten genossen unser wohlverdientes Abendessen.<\/h2>\t\t\t\t<\/div>\n\t\t\t\t<\/div>\n\t\t\t\t\t<\/div>\n\t\t<\/div>\n\t\t\t\t\t<\/div>\n\t\t<\/section>\n\t\t\t\t<section class=\"elementor-section elementor-top-section elementor-element elementor-element-e7d3684 elementor-section-full_width elementor-section-height-default elementor-section-height-default\" data-id=\"e7d3684\" data-element_type=\"section\">\n\t\t\t\t\t\t<div class=\"elementor-container elementor-column-gap-default\">\n\t\t\t\t\t<div class=\"elementor-column elementor-col-100 elementor-top-column elementor-element elementor-element-d8570ab\" data-id=\"d8570ab\" data-element_type=\"column\">\n\t\t\t<div class=\"elementor-widget-wrap elementor-element-populated\">\n\t\t\t\t\t\t<div class=\"elementor-element elementor-element-1a9fc6d elementor-widget elementor-widget-image\" data-id=\"1a9fc6d\" data-element_type=\"widget\" data-widget_type=\"image.default\">\n\t\t\t\t<div class=\"elementor-widget-container\">\n\t\t\t\t\t\t\t\t\t\t\t\t\t\t\t<img loading=\"lazy\" decoding=\"async\" width=\"1024\" height=\"576\" src=\"https:\/\/www.musikkapelle-latzfons.it\/wp-content\/uploads\/2022\/07\/konzert-1024x576.jpg\" class=\"attachment-large size-large wp-image-3075\" alt=\"\" srcset=\"https:\/\/www.musikkapelle-latzfons.it\/wp-content\/uploads\/2022\/07\/konzert-1024x576.jpg 1024w, https:\/\/www.musikkapelle-latzfons.it\/wp-content\/uploads\/2022\/07\/konzert-300x169.jpg 300w, https:\/\/www.musikkapelle-latzfons.it\/wp-content\/uploads\/2022\/07\/konzert-768x432.jpg 768w, https:\/\/www.musikkapelle-latzfons.it\/wp-content\/uploads\/2022\/07\/konzert-1536x864.jpg 1536w, https:\/\/www.musikkapelle-latzfons.it\/wp-content\/uploads\/2022\/07\/konzert-2048x1152.jpg 2048w, https:\/\/www.musikkapelle-latzfons.it\/wp-content\/uploads\/2022\/07\/konzert-800x450.jpg 800w\" sizes=\"(max-width: 1024px) 100vw, 1024px\" \/>\t\t\t\t\t\t\t\t\t\t\t\t\t\t\t<\/div>\n\t\t\t\t<\/div>\n\t\t\t\t\t<\/div>\n\t\t<\/div>\n\t\t\t\t\t<\/div>\n\t\t<\/section>\n\t\t\t\t<section class=\"elementor-section elementor-top-section elementor-element elementor-element-97b56d9 elementor-section-full_width elementor-section-height-default elementor-section-height-default\" data-id=\"97b56d9\" data-element_type=\"section\">\n\t\t\t\t\t\t<div class=\"elementor-container elementor-column-gap-default\">\n\t\t\t\t\t<div class=\"elementor-column elementor-col-100 elementor-top-column elementor-element elementor-element-34ba0cf\" data-id=\"34ba0cf\" data-element_type=\"column\">\n\t\t\t<div class=\"elementor-widget-wrap elementor-element-populated\">\n\t\t\t\t\t\t<div class=\"elementor-element elementor-element-41ad4ff elementor-widget elementor-widget-heading\" data-id=\"41ad4ff\" data-element_type=\"widget\" data-widget_type=\"heading.default\">\n\t\t\t\t<div class=\"elementor-widget-container\">\n\t\t\t\t\t<h2 class=\"elementor-heading-title elementor-size-default\">Wie geplant starteten wir um 23:40 Uhr mit dem Bus in Jenesien und wurden bis nach Latzfons von einigen gut gelaunten Musikanten unterhalten.<\/h2>\t\t\t\t<\/div>\n\t\t\t\t<\/div>\n\t\t\t\t\t<\/div>\n\t\t<\/div>\n\t\t\t\t\t<\/div>\n\t\t<\/section>\n\t\t\t\t<section class=\"elementor-section elementor-top-section elementor-element elementor-element-ecbf05f elementor-section-full_width elementor-section-height-default elementor-section-height-default\" data-id=\"ecbf05f\" data-element_type=\"section\">\n\t\t\t\t\t\t<div class=\"elementor-container elementor-column-gap-default\">\n\t\t\t\t\t<div class=\"elementor-column elementor-col-100 elementor-top-column elementor-element elementor-element-718cbcf\" data-id=\"718cbcf\" data-element_type=\"column\">\n\t\t\t<div class=\"elementor-widget-wrap elementor-element-populated\">\n\t\t\t\t\t\t<div class=\"elementor-element elementor-element-938c9e0 elementor-widget elementor-widget-image\" data-id=\"938c9e0\" data-element_type=\"widget\" data-widget_type=\"image.default\">\n\t\t\t\t<div class=\"elementor-widget-container\">\n\t\t\t\t\t\t\t\t\t\t\t\t\t\t\t<img loading=\"lazy\" decoding=\"async\" width=\"1024\" height=\"768\" src=\"https:\/\/www.musikkapelle-latzfons.it\/wp-content\/uploads\/2022\/07\/buehne-1024x768.jpg\" class=\"attachment-large size-large wp-image-3097\" alt=\"\" srcset=\"https:\/\/www.musikkapelle-latzfons.it\/wp-content\/uploads\/2022\/07\/buehne-1024x768.jpg 1024w, https:\/\/www.musikkapelle-latzfons.it\/wp-content\/uploads\/2022\/07\/buehne-300x225.jpg 300w, https:\/\/www.musikkapelle-latzfons.it\/wp-content\/uploads\/2022\/07\/buehne-768x576.jpg 768w, https:\/\/www.musikkapelle-latzfons.it\/wp-content\/uploads\/2022\/07\/buehne-1536x1152.jpg 1536w, https:\/\/www.musikkapelle-latzfons.it\/wp-content\/uploads\/2022\/07\/buehne.jpg 1600w\" sizes=\"(max-width: 1024px) 100vw, 1024px\" \/>\t\t\t\t\t\t\t\t\t\t\t\t\t\t\t<\/div>\n\t\t\t\t<\/div>\n\t\t\t\t\t<\/div>\n\t\t<\/div>\n\t\t\t\t\t<\/div>\n\t\t<\/section>\n\t\t\t\t<section class=\"elementor-section elementor-top-section elementor-element elementor-element-e39f069 elementor-section-boxed elementor-section-height-default elementor-section-height-default\" data-id=\"e39f069\" data-element_type=\"section\">\n\t\t\t\t\t\t<div class=\"elementor-container elementor-column-gap-default\">\n\t\t\t\t\t<div class=\"elementor-column elementor-col-100 elementor-top-column elementor-element elementor-element-ef9a262\" data-id=\"ef9a262\" data-element_type=\"column\">\n\t\t\t<div class=\"elementor-widget-wrap elementor-element-populated\">\n\t\t\t\t\t\t<div class=\"elementor-element elementor-element-bad399e elementor-widget elementor-widget-spacer\" data-id=\"bad399e\" data-element_type=\"widget\" data-widget_type=\"spacer.default\">\n\t\t\t\t<div class=\"elementor-widget-container\">\n\t\t\t\t\t\t\t<div class=\"elementor-spacer\">\n\t\t\t<div class=\"elementor-spacer-inner\"><\/div>\n\t\t<\/div>\n\t\t\t\t\t\t<\/div>\n\t\t\t\t<\/div>\n\t\t\t\t\t<\/div>\n\t\t<\/div>\n\t\t\t\t\t<\/div>\n\t\t<\/section>\n\t\t\t\t<section class=\"elementor-section elementor-top-section elementor-element elementor-element-82dd337 elementor-section-full_width elementor-section-height-min-height elementor-section-stretched elementor-section-height-default elementor-section-items-middle\" data-id=\"82dd337\" data-element_type=\"section\" data-settings=\"{&quot;stretch_section&quot;:&quot;section-stretched&quot;}\">\n\t\t\t\t\t\t\t<div class=\"elementor-background-overlay\"><\/div>\n\t\t\t\t\t\t\t<div class=\"elementor-container elementor-column-gap-default\">\n\t\t\t\t\t<div class=\"elementor-column elementor-col-100 elementor-top-column elementor-element elementor-element-8aa64b6\" data-id=\"8aa64b6\" data-element_type=\"column\">\n\t\t\t<div class=\"elementor-widget-wrap elementor-element-populated\">\n\t\t\t\t\t\t<div class=\"elementor-element elementor-element-369fd93 elementor-widget elementor-widget-heading\" data-id=\"369fd93\" data-element_type=\"widget\" data-widget_type=\"heading.default\">\n\t\t\t\t<div class=\"elementor-widget-container\">\n\t\t\t\t\t<h2 class=\"elementor-heading-title elementor-size-default\">3. Juli 2022<\/h2>\t\t\t\t<\/div>\n\t\t\t\t<\/div>\n\t\t\t\t\t<\/div>\n\t\t<\/div>\n\t\t\t\t\t<\/div>\n\t\t<\/section>\n\t\t\t\t<section class=\"elementor-section elementor-top-section elementor-element elementor-element-fd155f0 elementor-section-full_width elementor-section-height-min-height elementor-section-stretched elementor-section-height-default elementor-section-items-middle\" data-id=\"fd155f0\" data-element_type=\"section\" data-settings=\"{&quot;stretch_section&quot;:&quot;section-stretched&quot;}\">\n\t\t\t\t\t\t\t<div class=\"elementor-background-overlay\"><\/div>\n\t\t\t\t\t\t\t<div class=\"elementor-container elementor-column-gap-default\">\n\t\t\t\t\t<div class=\"elementor-column elementor-col-100 elementor-top-column elementor-element elementor-element-f3f40b7\" data-id=\"f3f40b7\" data-element_type=\"column\">\n\t\t\t<div class=\"elementor-widget-wrap elementor-element-populated\">\n\t\t\t\t\t\t<div class=\"elementor-element elementor-element-71595a2 elementor-widget elementor-widget-heading\" data-id=\"71595a2\" data-element_type=\"widget\" data-widget_type=\"heading.default\">\n\t\t\t\t<div class=\"elementor-widget-container\">\n\t\t\t\t\t<h2 class=\"elementor-heading-title elementor-size-default\">Garner Musikanten spielen beim Garner Kirchtag<\/h2>\t\t\t\t<\/div>\n\t\t\t\t<\/div>\n\t\t\t\t\t<\/div>\n\t\t<\/div>\n\t\t\t\t\t<\/div>\n\t\t<\/section>\n\t\t\t\t<section class=\"elementor-section elementor-top-section elementor-element elementor-element-a2df4b4 elementor-section-height-min-height elementor-section-stretched elementor-section-boxed elementor-section-height-default elementor-section-items-middle\" data-id=\"a2df4b4\" data-element_type=\"section\" data-settings=\"{&quot;stretch_section&quot;:&quot;section-stretched&quot;,&quot;background_background&quot;:&quot;classic&quot;}\">\n\t\t\t\t\t\t<div class=\"elementor-container elementor-column-gap-default\">\n\t\t\t\t\t<div class=\"elementor-column elementor-col-100 elementor-top-column elementor-element elementor-element-ae94851\" data-id=\"ae94851\" data-element_type=\"column\">\n\t\t\t<div class=\"elementor-widget-wrap\">\n\t\t\t\t\t\t\t<\/div>\n\t\t<\/div>\n\t\t\t\t\t<\/div>\n\t\t<\/section>\n\t\t\t\t<section class=\"elementor-section elementor-top-section elementor-element elementor-element-5a5ac94 elementor-section-full_width elementor-section-height-default elementor-section-height-default\" data-id=\"5a5ac94\" data-element_type=\"section\">\n\t\t\t\t\t\t<div class=\"elementor-container elementor-column-gap-default\">\n\t\t\t\t\t<div class=\"elementor-column elementor-col-100 elementor-top-column elementor-element elementor-element-9d5bf0e\" data-id=\"9d5bf0e\" data-element_type=\"column\">\n\t\t\t<div class=\"elementor-widget-wrap elementor-element-populated\">\n\t\t\t\t\t\t<div class=\"elementor-element elementor-element-27d3295 elementor-widget elementor-widget-heading\" data-id=\"27d3295\" data-element_type=\"widget\" data-widget_type=\"heading.default\">\n\t\t\t\t<div class=\"elementor-widget-container\">\n\t\t\t\t\t<h2 class=\"elementor-heading-title elementor-size-default\">Drei Musikantinnen und 5 Musikanten der MK Latzfons gestalten die Messe des Garner Kirchtages mit, die heuer auf dem Festplatz (Branzoul) gefeiert wurde. Der Messe stand Feuerwehr-Kaplan Pater Reinald Romaner vor.<\/h2>\t\t\t\t<\/div>\n\t\t\t\t<\/div>\n\t\t\t\t\t<\/div>\n\t\t<\/div>\n\t\t\t\t\t<\/div>\n\t\t<\/section>\n\t\t\t\t<section class=\"elementor-section elementor-top-section elementor-element elementor-element-30bc7ec elementor-section-full_width elementor-section-height-default elementor-section-height-default\" data-id=\"30bc7ec\" data-element_type=\"section\">\n\t\t\t\t\t\t<div class=\"elementor-container elementor-column-gap-default\">\n\t\t\t\t\t<div class=\"elementor-column elementor-col-100 elementor-top-column elementor-element elementor-element-9870fc2\" data-id=\"9870fc2\" data-element_type=\"column\">\n\t\t\t<div class=\"elementor-widget-wrap elementor-element-populated\">\n\t\t\t\t\t\t<div class=\"elementor-element elementor-element-8ee8da3 elementor-widget elementor-widget-image\" data-id=\"8ee8da3\" data-element_type=\"widget\" data-widget_type=\"image.default\">\n\t\t\t\t<div class=\"elementor-widget-container\">\n\t\t\t\t\t\t\t\t\t\t\t\t\t\t\t<img loading=\"lazy\" decoding=\"async\" width=\"1024\" height=\"768\" src=\"https:\/\/www.musikkapelle-latzfons.it\/wp-content\/uploads\/2022\/07\/Kirchtag2-1024x768.jpg\" class=\"attachment-large size-large wp-image-3003\" alt=\"\" srcset=\"https:\/\/www.musikkapelle-latzfons.it\/wp-content\/uploads\/2022\/07\/Kirchtag2-1024x768.jpg 1024w, https:\/\/www.musikkapelle-latzfons.it\/wp-content\/uploads\/2022\/07\/Kirchtag2-300x225.jpg 300w, https:\/\/www.musikkapelle-latzfons.it\/wp-content\/uploads\/2022\/07\/Kirchtag2-768x576.jpg 768w, https:\/\/www.musikkapelle-latzfons.it\/wp-content\/uploads\/2022\/07\/Kirchtag2-1536x1152.jpg 1536w, https:\/\/www.musikkapelle-latzfons.it\/wp-content\/uploads\/2022\/07\/Kirchtag2.jpg 1600w\" sizes=\"(max-width: 1024px) 100vw, 1024px\" \/>\t\t\t\t\t\t\t\t\t\t\t\t\t\t\t<\/div>\n\t\t\t\t<\/div>\n\t\t\t\t\t<\/div>\n\t\t<\/div>\n\t\t\t\t\t<\/div>\n\t\t<\/section>\n\t\t\t\t<section class=\"elementor-section elementor-top-section elementor-element elementor-element-e03428c elementor-section-full_width elementor-section-height-default elementor-section-height-default\" data-id=\"e03428c\" data-element_type=\"section\">\n\t\t\t\t\t\t<div class=\"elementor-container elementor-column-gap-default\">\n\t\t\t\t\t<div class=\"elementor-column elementor-col-100 elementor-top-column elementor-element elementor-element-4af9cf2\" data-id=\"4af9cf2\" data-element_type=\"column\">\n\t\t\t<div class=\"elementor-widget-wrap elementor-element-populated\">\n\t\t\t\t\t\t<div class=\"elementor-element elementor-element-352119f elementor-widget elementor-widget-heading\" data-id=\"352119f\" data-element_type=\"widget\" data-widget_type=\"heading.default\">\n\t\t\t\t<div class=\"elementor-widget-container\">\n\t\t\t\t\t<h2 class=\"elementor-heading-title elementor-size-default\">Die Garner Besetzung: Rebekka Gantioler, Sarah Pfattner, Carmen Pfattner, Thomas Gantioler, Silas Gantioler, Thomas Fink, Franz Fink, Lukas Fink.<\/h2>\t\t\t\t<\/div>\n\t\t\t\t<\/div>\n\t\t\t\t\t<\/div>\n\t\t<\/div>\n\t\t\t\t\t<\/div>\n\t\t<\/section>\n\t\t\t\t<section class=\"elementor-section elementor-top-section elementor-element elementor-element-3952503 elementor-section-boxed elementor-section-height-default elementor-section-height-default\" data-id=\"3952503\" data-element_type=\"section\">\n\t\t\t\t\t\t<div class=\"elementor-container elementor-column-gap-default\">\n\t\t\t\t\t<div class=\"elementor-column elementor-col-100 elementor-top-column elementor-element elementor-element-f2adcc4\" data-id=\"f2adcc4\" data-element_type=\"column\">\n\t\t\t<div class=\"elementor-widget-wrap elementor-element-populated\">\n\t\t\t\t\t\t<div class=\"elementor-element elementor-element-d3afb5f elementor-widget elementor-widget-spacer\" data-id=\"d3afb5f\" data-element_type=\"widget\" data-widget_type=\"spacer.default\">\n\t\t\t\t<div class=\"elementor-widget-container\">\n\t\t\t\t\t\t\t<div class=\"elementor-spacer\">\n\t\t\t<div class=\"elementor-spacer-inner\"><\/div>\n\t\t<\/div>\n\t\t\t\t\t\t<\/div>\n\t\t\t\t<\/div>\n\t\t\t\t\t<\/div>\n\t\t<\/div>\n\t\t\t\t\t<\/div>\n\t\t<\/section>\n\t\t\t\t<section class=\"elementor-section elementor-top-section elementor-element elementor-element-b834951 elementor-section-full_width elementor-section-height-min-height elementor-section-stretched elementor-section-height-default elementor-section-items-middle\" data-id=\"b834951\" data-element_type=\"section\" data-settings=\"{&quot;stretch_section&quot;:&quot;section-stretched&quot;}\">\n\t\t\t\t\t\t\t<div class=\"elementor-background-overlay\"><\/div>\n\t\t\t\t\t\t\t<div class=\"elementor-container elementor-column-gap-default\">\n\t\t\t\t\t<div class=\"elementor-column elementor-col-100 elementor-top-column elementor-element elementor-element-2977a51\" data-id=\"2977a51\" data-element_type=\"column\">\n\t\t\t<div class=\"elementor-widget-wrap elementor-element-populated\">\n\t\t\t\t\t\t<div class=\"elementor-element elementor-element-eae5229 elementor-widget elementor-widget-heading\" data-id=\"eae5229\" data-element_type=\"widget\" data-widget_type=\"heading.default\">\n\t\t\t\t<div class=\"elementor-widget-container\">\n\t\t\t\t\t<h2 class=\"elementor-heading-title elementor-size-default\">18. Juni 2022<\/h2>\t\t\t\t<\/div>\n\t\t\t\t<\/div>\n\t\t\t\t\t<\/div>\n\t\t<\/div>\n\t\t\t\t\t<\/div>\n\t\t<\/section>\n\t\t\t\t<section class=\"elementor-section elementor-top-section elementor-element elementor-element-c8ff641 elementor-section-full_width elementor-section-height-min-height elementor-section-stretched elementor-section-height-default elementor-section-items-middle\" data-id=\"c8ff641\" data-element_type=\"section\" data-settings=\"{&quot;stretch_section&quot;:&quot;section-stretched&quot;}\">\n\t\t\t\t\t\t\t<div class=\"elementor-background-overlay\"><\/div>\n\t\t\t\t\t\t\t<div class=\"elementor-container elementor-column-gap-default\">\n\t\t\t\t\t<div class=\"elementor-column elementor-col-100 elementor-top-column elementor-element elementor-element-e8de7b6\" data-id=\"e8de7b6\" data-element_type=\"column\">\n\t\t\t<div class=\"elementor-widget-wrap elementor-element-populated\">\n\t\t\t\t\t\t<div class=\"elementor-element elementor-element-393fc04 elementor-widget elementor-widget-heading\" data-id=\"393fc04\" data-element_type=\"widget\" data-widget_type=\"heading.default\">\n\t\t\t\t<div class=\"elementor-widget-container\">\n\t\t\t\t\t<h2 class=\"elementor-heading-title elementor-size-default\">Musikgruppe spielt bei Gerichtsumgang<\/h2>\t\t\t\t<\/div>\n\t\t\t\t<\/div>\n\t\t\t\t\t<\/div>\n\t\t<\/div>\n\t\t\t\t\t<\/div>\n\t\t<\/section>\n\t\t\t\t<section class=\"elementor-section elementor-top-section elementor-element elementor-element-dcbfd48 elementor-section-height-min-height elementor-section-stretched elementor-section-boxed elementor-section-height-default elementor-section-items-middle\" data-id=\"dcbfd48\" data-element_type=\"section\" data-settings=\"{&quot;stretch_section&quot;:&quot;section-stretched&quot;,&quot;background_background&quot;:&quot;classic&quot;}\">\n\t\t\t\t\t\t<div class=\"elementor-container elementor-column-gap-default\">\n\t\t\t\t\t<div class=\"elementor-column elementor-col-100 elementor-top-column elementor-element elementor-element-1b70b3b\" data-id=\"1b70b3b\" data-element_type=\"column\">\n\t\t\t<div class=\"elementor-widget-wrap\">\n\t\t\t\t\t\t\t<\/div>\n\t\t<\/div>\n\t\t\t\t\t<\/div>\n\t\t<\/section>\n\t\t\t\t<section class=\"elementor-section elementor-top-section elementor-element elementor-element-e307fe6 elementor-section-full_width elementor-section-height-default elementor-section-height-default\" data-id=\"e307fe6\" data-element_type=\"section\">\n\t\t\t\t\t\t<div class=\"elementor-container elementor-column-gap-default\">\n\t\t\t\t\t<div class=\"elementor-column elementor-col-100 elementor-top-column elementor-element elementor-element-a54d76b\" data-id=\"a54d76b\" data-element_type=\"column\">\n\t\t\t<div class=\"elementor-widget-wrap elementor-element-populated\">\n\t\t\t\t\t\t<div class=\"elementor-element elementor-element-781a815 elementor-widget elementor-widget-heading\" data-id=\"781a815\" data-element_type=\"widget\" data-widget_type=\"heading.default\">\n\t\t\t\t<div class=\"elementor-widget-container\">\n\t\t\t\t\t<h2 class=\"elementor-heading-title elementor-size-default\">Auch dieses Jahr gestaltete wieder eine Bl\u00e4sergruppe die hl. Messe am Latzfonser Kreuz mit, die im Zuge des Gerichtsumganges von Fabian Tirler und seinem Mitbruder Mario gefeiert wurde. Die Wallfahrt beginnt wie immer um 5 Uhr in der Pfarrkirche von Latzfons, von wo aus betend zum Latzfonser Kreuz gepilgert wird. Nach der Feier der hl. Messe auf Gompmaul und einer kurzen Mittagspause geht es wieder betend  weiter nach Garn, Verdings und zur\u00fcck nach Latzfons. Bei der Einkehr empfing die Bl\u00e4sergruppe die Pilgerschar mit einem getragenen St\u00fcck.<\/h2>\t\t\t\t<\/div>\n\t\t\t\t<\/div>\n\t\t\t\t\t<\/div>\n\t\t<\/div>\n\t\t\t\t\t<\/div>\n\t\t<\/section>\n\t\t\t\t<section class=\"elementor-section elementor-top-section elementor-element elementor-element-dae375d elementor-section-full_width elementor-section-height-default elementor-section-height-default\" data-id=\"dae375d\" data-element_type=\"section\">\n\t\t\t\t\t\t<div class=\"elementor-container elementor-column-gap-default\">\n\t\t\t\t\t<div class=\"elementor-column elementor-col-100 elementor-top-column elementor-element elementor-element-de6eb00\" data-id=\"de6eb00\" data-element_type=\"column\">\n\t\t\t<div class=\"elementor-widget-wrap elementor-element-populated\">\n\t\t\t\t\t\t<div class=\"elementor-element elementor-element-af0da2e elementor-widget elementor-widget-image\" data-id=\"af0da2e\" data-element_type=\"widget\" data-widget_type=\"image.default\">\n\t\t\t\t<div class=\"elementor-widget-container\">\n\t\t\t\t\t\t\t\t\t\t\t\t\t\t\t<img loading=\"lazy\" decoding=\"async\" width=\"1024\" height=\"576\" src=\"https:\/\/www.musikkapelle-latzfons.it\/wp-content\/uploads\/2022\/06\/Gruppe_Gerichtsumgang-1024x576.jpg\" class=\"attachment-large size-large wp-image-2974\" alt=\"\" srcset=\"https:\/\/www.musikkapelle-latzfons.it\/wp-content\/uploads\/2022\/06\/Gruppe_Gerichtsumgang-1024x576.jpg 1024w, https:\/\/www.musikkapelle-latzfons.it\/wp-content\/uploads\/2022\/06\/Gruppe_Gerichtsumgang-300x169.jpg 300w, https:\/\/www.musikkapelle-latzfons.it\/wp-content\/uploads\/2022\/06\/Gruppe_Gerichtsumgang-768x432.jpg 768w, https:\/\/www.musikkapelle-latzfons.it\/wp-content\/uploads\/2022\/06\/Gruppe_Gerichtsumgang-1536x864.jpg 1536w, https:\/\/www.musikkapelle-latzfons.it\/wp-content\/uploads\/2022\/06\/Gruppe_Gerichtsumgang-2048x1152.jpg 2048w, https:\/\/www.musikkapelle-latzfons.it\/wp-content\/uploads\/2022\/06\/Gruppe_Gerichtsumgang-800x450.jpg 800w\" sizes=\"(max-width: 1024px) 100vw, 1024px\" \/>\t\t\t\t\t\t\t\t\t\t\t\t\t\t\t<\/div>\n\t\t\t\t<\/div>\n\t\t\t\t\t<\/div>\n\t\t<\/div>\n\t\t\t\t\t<\/div>\n\t\t<\/section>\n\t\t\t\t<section class=\"elementor-section elementor-top-section elementor-element elementor-element-022e376 elementor-section-full_width elementor-section-height-default elementor-section-height-default\" data-id=\"022e376\" data-element_type=\"section\">\n\t\t\t\t\t\t<div class=\"elementor-container elementor-column-gap-default\">\n\t\t\t\t\t<div class=\"elementor-column elementor-col-100 elementor-top-column elementor-element elementor-element-acb552f\" data-id=\"acb552f\" data-element_type=\"column\">\n\t\t\t<div class=\"elementor-widget-wrap elementor-element-populated\">\n\t\t\t\t\t\t<div class=\"elementor-element elementor-element-b4a696b elementor-widget elementor-widget-heading\" data-id=\"b4a696b\" data-element_type=\"widget\" data-widget_type=\"heading.default\">\n\t\t\t\t<div class=\"elementor-widget-container\">\n\t\t\t\t\t<h2 class=\"elementor-heading-title elementor-size-default\">V.l.n.r. Josef Oberrauch, Jonathan Schatzer, Thomas Gantioler, Benno Torggler, Stefan Schrott, Franz Fink und Lukas Fink.<\/h2>\t\t\t\t<\/div>\n\t\t\t\t<\/div>\n\t\t\t\t\t<\/div>\n\t\t<\/div>\n\t\t\t\t\t<\/div>\n\t\t<\/section>\n\t\t\t\t<section class=\"elementor-section elementor-top-section elementor-element elementor-element-60bd48f elementor-section-boxed elementor-section-height-default elementor-section-height-default\" data-id=\"60bd48f\" data-element_type=\"section\">\n\t\t\t\t\t\t<div class=\"elementor-container elementor-column-gap-default\">\n\t\t\t\t\t<div class=\"elementor-column elementor-col-100 elementor-top-column elementor-element elementor-element-c051f54\" data-id=\"c051f54\" data-element_type=\"column\">\n\t\t\t<div class=\"elementor-widget-wrap elementor-element-populated\">\n\t\t\t\t\t\t<div class=\"elementor-element elementor-element-c5d4a9c elementor-widget elementor-widget-spacer\" data-id=\"c5d4a9c\" data-element_type=\"widget\" data-widget_type=\"spacer.default\">\n\t\t\t\t<div class=\"elementor-widget-container\">\n\t\t\t\t\t\t\t<div class=\"elementor-spacer\">\n\t\t\t<div class=\"elementor-spacer-inner\"><\/div>\n\t\t<\/div>\n\t\t\t\t\t\t<\/div>\n\t\t\t\t<\/div>\n\t\t\t\t\t<\/div>\n\t\t<\/div>\n\t\t\t\t\t<\/div>\n\t\t<\/section>\n\t\t\t\t<section class=\"elementor-section elementor-top-section elementor-element elementor-element-739da81 elementor-section-full_width elementor-section-height-min-height elementor-section-stretched elementor-section-height-default elementor-section-items-middle\" data-id=\"739da81\" data-element_type=\"section\" data-settings=\"{&quot;stretch_section&quot;:&quot;section-stretched&quot;}\">\n\t\t\t\t\t\t\t<div class=\"elementor-background-overlay\"><\/div>\n\t\t\t\t\t\t\t<div class=\"elementor-container elementor-column-gap-default\">\n\t\t\t\t\t<div class=\"elementor-column elementor-col-100 elementor-top-column elementor-element elementor-element-4d9bd86\" data-id=\"4d9bd86\" data-element_type=\"column\">\n\t\t\t<div class=\"elementor-widget-wrap elementor-element-populated\">\n\t\t\t\t\t\t<div class=\"elementor-element elementor-element-77e3604 elementor-widget elementor-widget-heading\" data-id=\"77e3604\" data-element_type=\"widget\" data-widget_type=\"heading.default\">\n\t\t\t\t<div class=\"elementor-widget-container\">\n\t\t\t\t\t<h2 class=\"elementor-heading-title elementor-size-default\">16. Juni 2022<\/h2>\t\t\t\t<\/div>\n\t\t\t\t<\/div>\n\t\t\t\t\t<\/div>\n\t\t<\/div>\n\t\t\t\t\t<\/div>\n\t\t<\/section>\n\t\t\t\t<section class=\"elementor-section elementor-top-section elementor-element elementor-element-5084653b elementor-section-full_width elementor-section-height-min-height elementor-section-stretched elementor-section-height-default elementor-section-items-middle\" data-id=\"5084653b\" data-element_type=\"section\" data-settings=\"{&quot;stretch_section&quot;:&quot;section-stretched&quot;}\">\n\t\t\t\t\t\t\t<div class=\"elementor-background-overlay\"><\/div>\n\t\t\t\t\t\t\t<div class=\"elementor-container elementor-column-gap-default\">\n\t\t\t\t\t<div class=\"elementor-column elementor-col-100 elementor-top-column elementor-element elementor-element-32b07416\" data-id=\"32b07416\" data-element_type=\"column\">\n\t\t\t<div class=\"elementor-widget-wrap elementor-element-populated\">\n\t\t\t\t\t\t<div class=\"elementor-element elementor-element-3c3fc71d elementor-widget elementor-widget-heading\" data-id=\"3c3fc71d\" data-element_type=\"widget\" data-widget_type=\"heading.default\">\n\t\t\t\t<div class=\"elementor-widget-container\">\n\t\t\t\t\t<h2 class=\"elementor-heading-title elementor-size-default\">Wir gratulieren unseren Jungmusikanten<\/h2>\t\t\t\t<\/div>\n\t\t\t\t<\/div>\n\t\t\t\t\t<\/div>\n\t\t<\/div>\n\t\t\t\t\t<\/div>\n\t\t<\/section>\n\t\t\t\t<section class=\"elementor-section elementor-top-section elementor-element elementor-element-3242d71 elementor-section-stretched elementor-section-boxed elementor-section-height-default elementor-section-height-default\" data-id=\"3242d71\" data-element_type=\"section\" data-settings=\"{&quot;stretch_section&quot;:&quot;section-stretched&quot;}\">\n\t\t\t\t\t\t\t<div class=\"elementor-background-overlay\"><\/div>\n\t\t\t\t\t\t\t<div class=\"elementor-container elementor-column-gap-default\">\n\t\t\t\t\t<div class=\"elementor-column elementor-col-33 elementor-top-column elementor-element elementor-element-7276f69\" data-id=\"7276f69\" data-element_type=\"column\">\n\t\t\t<div class=\"elementor-widget-wrap elementor-element-populated\">\n\t\t\t\t\t\t<div class=\"elementor-element elementor-element-ab2860a elementor-widget elementor-widget-image\" data-id=\"ab2860a\" data-element_type=\"widget\" data-widget_type=\"image.default\">\n\t\t\t\t<div class=\"elementor-widget-container\">\n\t\t\t\t\t\t\t\t\t\t\t\t<figure class=\"wp-caption\">\n\t\t\t\t\t\t\t\t\t\t<img loading=\"lazy\" decoding=\"async\" width=\"567\" height=\"794\" src=\"https:\/\/www.musikkapelle-latzfons.it\/wp-content\/uploads\/2022\/04\/Lisa_Pfattner.png\" class=\"attachment-large size-large wp-image-2022\" alt=\"\" srcset=\"https:\/\/www.musikkapelle-latzfons.it\/wp-content\/uploads\/2022\/04\/Lisa_Pfattner.png 567w, https:\/\/www.musikkapelle-latzfons.it\/wp-content\/uploads\/2022\/04\/Lisa_Pfattner-214x300.png 214w\" sizes=\"(max-width: 567px) 100vw, 567px\" \/>\t\t\t\t\t\t\t\t\t\t\t<figcaption class=\"widget-image-caption wp-caption-text\">Lisa Pfattner<\/figcaption>\n\t\t\t\t\t\t\t\t\t\t<\/figure>\n\t\t\t\t\t\t\t\t\t<\/div>\n\t\t\t\t<\/div>\n\t\t\t\t<div class=\"elementor-element elementor-element-5a24585 elementor-widget elementor-widget-heading\" data-id=\"5a24585\" data-element_type=\"widget\" data-widget_type=\"heading.default\">\n\t\t\t\t<div class=\"elementor-widget-container\">\n\t\t\t\t\t<h2 class=\"elementor-heading-title elementor-size-default\">GOLD<\/h2>\t\t\t\t<\/div>\n\t\t\t\t<\/div>\n\t\t\t\t<div class=\"elementor-element elementor-element-8cc5c9d elementor-widget elementor-widget-heading\" data-id=\"8cc5c9d\" data-element_type=\"widget\" data-widget_type=\"heading.default\">\n\t\t\t\t<div class=\"elementor-widget-container\">\n\t\t\t\t\t<h2 class=\"elementor-heading-title elementor-size-default\">mit<div>AUSGEZEICHNET<\/div><\/h2>\t\t\t\t<\/div>\n\t\t\t\t<\/div>\n\t\t\t\t\t<\/div>\n\t\t<\/div>\n\t\t\t\t<div class=\"elementor-column elementor-col-33 elementor-top-column elementor-element elementor-element-c87ef4f\" data-id=\"c87ef4f\" data-element_type=\"column\">\n\t\t\t<div class=\"elementor-widget-wrap elementor-element-populated\">\n\t\t\t\t\t\t<div class=\"elementor-element elementor-element-bf74159 elementor-widget elementor-widget-image\" data-id=\"bf74159\" data-element_type=\"widget\" data-widget_type=\"image.default\">\n\t\t\t\t<div class=\"elementor-widget-container\">\n\t\t\t\t\t\t\t\t\t\t\t\t<figure class=\"wp-caption\">\n\t\t\t\t\t\t\t\t\t\t<img loading=\"lazy\" decoding=\"async\" width=\"567\" height=\"794\" src=\"https:\/\/www.musikkapelle-latzfons.it\/wp-content\/uploads\/2022\/04\/Maria_Pfattner.png\" class=\"attachment-large size-large wp-image-2025\" alt=\"\" srcset=\"https:\/\/www.musikkapelle-latzfons.it\/wp-content\/uploads\/2022\/04\/Maria_Pfattner.png 567w, https:\/\/www.musikkapelle-latzfons.it\/wp-content\/uploads\/2022\/04\/Maria_Pfattner-214x300.png 214w\" sizes=\"(max-width: 567px) 100vw, 567px\" \/>\t\t\t\t\t\t\t\t\t\t\t<figcaption class=\"widget-image-caption wp-caption-text\">Maria Pfattner<\/figcaption>\n\t\t\t\t\t\t\t\t\t\t<\/figure>\n\t\t\t\t\t\t\t\t\t<\/div>\n\t\t\t\t<\/div>\n\t\t\t\t<div class=\"elementor-element elementor-element-f87cab1 elementor-widget elementor-widget-heading\" data-id=\"f87cab1\" data-element_type=\"widget\" data-widget_type=\"heading.default\">\n\t\t\t\t<div class=\"elementor-widget-container\">\n\t\t\t\t\t<h2 class=\"elementor-heading-title elementor-size-default\">SILBER<\/h2>\t\t\t\t<\/div>\n\t\t\t\t<\/div>\n\t\t\t\t<div class=\"elementor-element elementor-element-a290f9e elementor-widget elementor-widget-heading\" data-id=\"a290f9e\" data-element_type=\"widget\" data-widget_type=\"heading.default\">\n\t\t\t\t<div class=\"elementor-widget-container\">\n\t\t\t\t\t<h2 class=\"elementor-heading-title elementor-size-default\">mit<div>AUSGEZEICHNET<\/div><\/h2>\t\t\t\t<\/div>\n\t\t\t\t<\/div>\n\t\t\t\t\t<\/div>\n\t\t<\/div>\n\t\t\t\t<div class=\"elementor-column elementor-col-33 elementor-top-column elementor-element elementor-element-1543328\" data-id=\"1543328\" data-element_type=\"column\">\n\t\t\t<div class=\"elementor-widget-wrap elementor-element-populated\">\n\t\t\t\t\t\t<div class=\"elementor-element elementor-element-3768fa8 elementor-widget elementor-widget-image\" data-id=\"3768fa8\" data-element_type=\"widget\" data-widget_type=\"image.default\">\n\t\t\t\t<div class=\"elementor-widget-container\">\n\t\t\t\t\t\t\t\t\t\t\t\t<figure class=\"wp-caption\">\n\t\t\t\t\t\t\t\t\t\t<img loading=\"lazy\" decoding=\"async\" width=\"567\" height=\"794\" src=\"https:\/\/www.musikkapelle-latzfons.it\/wp-content\/uploads\/2022\/04\/Jonathan_Schatzer.png\" class=\"attachment-large size-large wp-image-2184\" alt=\"\" srcset=\"https:\/\/www.musikkapelle-latzfons.it\/wp-content\/uploads\/2022\/04\/Jonathan_Schatzer.png 567w, https:\/\/www.musikkapelle-latzfons.it\/wp-content\/uploads\/2022\/04\/Jonathan_Schatzer-214x300.png 214w\" sizes=\"(max-width: 567px) 100vw, 567px\" \/>\t\t\t\t\t\t\t\t\t\t\t<figcaption class=\"widget-image-caption wp-caption-text\">Jonathan Schatzer<\/figcaption>\n\t\t\t\t\t\t\t\t\t\t<\/figure>\n\t\t\t\t\t\t\t\t\t<\/div>\n\t\t\t\t<\/div>\n\t\t\t\t<div class=\"elementor-element elementor-element-69aa723 elementor-widget elementor-widget-heading\" data-id=\"69aa723\" data-element_type=\"widget\" data-widget_type=\"heading.default\">\n\t\t\t\t<div class=\"elementor-widget-container\">\n\t\t\t\t\t<h2 class=\"elementor-heading-title elementor-size-default\">SILBER<\/h2>\t\t\t\t<\/div>\n\t\t\t\t<\/div>\n\t\t\t\t<div class=\"elementor-element elementor-element-4d0552e elementor-widget elementor-widget-heading\" data-id=\"4d0552e\" data-element_type=\"widget\" data-widget_type=\"heading.default\">\n\t\t\t\t<div class=\"elementor-widget-container\">\n\t\t\t\t\t<h2 class=\"elementor-heading-title elementor-size-default\">mit<div>SEHR GUT<\/div><\/h2>\t\t\t\t<\/div>\n\t\t\t\t<\/div>\n\t\t\t\t\t<\/div>\n\t\t<\/div>\n\t\t\t\t\t<\/div>\n\t\t<\/section>\n\t\t\t\t<section class=\"elementor-section elementor-top-section elementor-element elementor-element-1fc8a7c elementor-section-full_width elementor-section-height-default elementor-section-height-default\" data-id=\"1fc8a7c\" data-element_type=\"section\">\n\t\t\t\t\t\t<div class=\"elementor-container elementor-column-gap-default\">\n\t\t\t\t\t<div class=\"elementor-column elementor-col-100 elementor-top-column elementor-element elementor-element-5953e29\" data-id=\"5953e29\" data-element_type=\"column\">\n\t\t\t<div class=\"elementor-widget-wrap\">\n\t\t\t\t\t\t\t<\/div>\n\t\t<\/div>\n\t\t\t\t\t<\/div>\n\t\t<\/section>\n\t\t\t\t<section class=\"elementor-section elementor-top-section elementor-element elementor-element-da556c7 elementor-section-full_width elementor-section-height-min-height elementor-section-stretched elementor-section-height-default elementor-section-items-middle\" data-id=\"da556c7\" data-element_type=\"section\" data-settings=\"{&quot;stretch_section&quot;:&quot;section-stretched&quot;}\">\n\t\t\t\t\t\t\t<div class=\"elementor-background-overlay\"><\/div>\n\t\t\t\t\t\t\t<div class=\"elementor-container elementor-column-gap-default\">\n\t\t\t\t\t<div class=\"elementor-column elementor-col-100 elementor-top-column elementor-element elementor-element-fce05fc\" data-id=\"fce05fc\" data-element_type=\"column\">\n\t\t\t<div class=\"elementor-widget-wrap elementor-element-populated\">\n\t\t\t\t\t\t<div class=\"elementor-element elementor-element-e16c80d elementor-widget elementor-widget-heading\" data-id=\"e16c80d\" data-element_type=\"widget\" data-widget_type=\"heading.default\">\n\t\t\t\t<div class=\"elementor-widget-container\">\n\t\t\t\t\t<h2 class=\"elementor-heading-title elementor-size-default\">11. Juni 2022<\/h2>\t\t\t\t<\/div>\n\t\t\t\t<\/div>\n\t\t\t\t\t<\/div>\n\t\t<\/div>\n\t\t\t\t\t<\/div>\n\t\t<\/section>\n\t\t\t\t<section class=\"elementor-section elementor-top-section elementor-element elementor-element-657b4bb elementor-section-full_width elementor-section-height-min-height elementor-section-stretched elementor-section-height-default elementor-section-items-middle\" data-id=\"657b4bb\" data-element_type=\"section\" data-settings=\"{&quot;stretch_section&quot;:&quot;section-stretched&quot;}\">\n\t\t\t\t\t\t\t<div class=\"elementor-background-overlay\"><\/div>\n\t\t\t\t\t\t\t<div class=\"elementor-container elementor-column-gap-default\">\n\t\t\t\t\t<div class=\"elementor-column elementor-col-100 elementor-top-column elementor-element elementor-element-fe53dc8\" data-id=\"fe53dc8\" data-element_type=\"column\">\n\t\t\t<div class=\"elementor-widget-wrap elementor-element-populated\">\n\t\t\t\t\t\t<div class=\"elementor-element elementor-element-747e5b2 elementor-widget elementor-widget-heading\" data-id=\"747e5b2\" data-element_type=\"widget\" data-widget_type=\"heading.default\">\n\t\t\t\t<div class=\"elementor-widget-container\">\n\t\t\t\t\t<h2 class=\"elementor-heading-title elementor-size-default\">Projekt \"SOUND meets JOY\"<\/h2>\t\t\t\t<\/div>\n\t\t\t\t<\/div>\n\t\t\t\t\t<\/div>\n\t\t<\/div>\n\t\t\t\t\t<\/div>\n\t\t<\/section>\n\t\t\t\t<section class=\"elementor-section elementor-top-section elementor-element elementor-element-83ea5e1 elementor-section-full_width elementor-section-height-min-height elementor-section-content-middle elementor-section-stretched elementor-section-height-default elementor-section-items-middle\" data-id=\"83ea5e1\" data-element_type=\"section\" data-settings=\"{&quot;stretch_section&quot;:&quot;section-stretched&quot;}\">\n\t\t\t\t\t\t\t<div class=\"elementor-background-overlay\"><\/div>\n\t\t\t\t\t\t\t<div class=\"elementor-container elementor-column-gap-default\">\n\t\t\t\t\t<div class=\"elementor-column elementor-col-100 elementor-top-column elementor-element elementor-element-2aa6e3c\" data-id=\"2aa6e3c\" data-element_type=\"column\">\n\t\t\t<div class=\"elementor-widget-wrap\">\n\t\t\t\t\t\t\t<\/div>\n\t\t<\/div>\n\t\t\t\t\t<\/div>\n\t\t<\/section>\n\t\t\t\t<section class=\"elementor-section elementor-top-section elementor-element elementor-element-db66b0b elementor-section-full_width elementor-section-height-default elementor-section-height-default\" data-id=\"db66b0b\" data-element_type=\"section\">\n\t\t\t\t\t\t<div class=\"elementor-container elementor-column-gap-default\">\n\t\t\t\t\t<div class=\"elementor-column elementor-col-100 elementor-top-column elementor-element elementor-element-e3c61be\" data-id=\"e3c61be\" data-element_type=\"column\">\n\t\t\t<div class=\"elementor-widget-wrap elementor-element-populated\">\n\t\t\t\t\t\t<div class=\"elementor-element elementor-element-abcd488 elementor-widget elementor-widget-heading\" data-id=\"abcd488\" data-element_type=\"widget\" data-widget_type=\"heading.default\">\n\t\t\t\t<div class=\"elementor-widget-container\">\n\t\t\t\t\t<h2 class=\"elementor-heading-title elementor-size-default\">Die Jugendkapelle organisiert heuer zum ersten Mal das Projekt \"Sound meets Joy\". Teilgenommen haben alle Musikantinnen und Musikanten der Jugendkapelle und zus\u00e4tzlich all jene Latzfonser, Verdingser oder Garner Musikantinnen und Musikanten, welche irgendein Instrument spielen, die Musikschule besuchen oder privaten Unterricht nehmen.<br><br>Ziel des Projektes ist, allen die M\u00f6glichkeit zu bieten auf einer B\u00fchne ihr K\u00f6nnen unter Beweis zu stellen und vor allem die M\u00f6glichkeit, gemeinsam zu musizieren.<br><br>Die 35 Musikantinnen und Musikanten sowie die Leiterin Renate und Organisatorin Doris freuen sich auf das Konzert und hoffen auf zahlreiche Zuh\u00f6rer.<\/h2>\t\t\t\t<\/div>\n\t\t\t\t<\/div>\n\t\t\t\t<div class=\"elementor-element elementor-element-0344d89 elementor-widget elementor-widget-spacer\" data-id=\"0344d89\" data-element_type=\"widget\" data-widget_type=\"spacer.default\">\n\t\t\t\t<div class=\"elementor-widget-container\">\n\t\t\t\t\t\t\t<div class=\"elementor-spacer\">\n\t\t\t<div class=\"elementor-spacer-inner\"><\/div>\n\t\t<\/div>\n\t\t\t\t\t\t<\/div>\n\t\t\t\t<\/div>\n\t\t\t\t\t<\/div>\n\t\t<\/div>\n\t\t\t\t\t<\/div>\n\t\t<\/section>\n\t\t\t\t<section class=\"elementor-section elementor-top-section elementor-element elementor-element-2db815b elementor-section-full_width elementor-section-height-min-height elementor-section-stretched elementor-section-height-default elementor-section-items-middle\" data-id=\"2db815b\" data-element_type=\"section\" data-settings=\"{&quot;stretch_section&quot;:&quot;section-stretched&quot;}\">\n\t\t\t\t\t\t\t<div class=\"elementor-background-overlay\"><\/div>\n\t\t\t\t\t\t\t<div class=\"elementor-container elementor-column-gap-default\">\n\t\t\t\t\t<div class=\"elementor-column elementor-col-100 elementor-top-column elementor-element elementor-element-3ce4855\" data-id=\"3ce4855\" data-element_type=\"column\">\n\t\t\t<div class=\"elementor-widget-wrap elementor-element-populated\">\n\t\t\t\t\t\t<div class=\"elementor-element elementor-element-f0b2184 elementor-widget elementor-widget-heading\" data-id=\"f0b2184\" data-element_type=\"widget\" data-widget_type=\"heading.default\">\n\t\t\t\t<div class=\"elementor-widget-container\">\n\t\t\t\t\t<h2 class=\"elementor-heading-title elementor-size-default\">Konzert am 11. Juni 2022<\/h2>\t\t\t\t<\/div>\n\t\t\t\t<\/div>\n\t\t\t\t\t<\/div>\n\t\t<\/div>\n\t\t\t\t\t<\/div>\n\t\t<\/section>\n\t\t\t\t<section class=\"elementor-section elementor-top-section elementor-element elementor-element-b23c3fe elementor-section-full_width elementor-section-height-default elementor-section-height-default\" data-id=\"b23c3fe\" data-element_type=\"section\">\n\t\t\t\t\t\t<div class=\"elementor-container elementor-column-gap-default\">\n\t\t\t\t\t<div class=\"elementor-column elementor-col-100 elementor-top-column elementor-element elementor-element-c9268f9\" data-id=\"c9268f9\" data-element_type=\"column\">\n\t\t\t<div class=\"elementor-widget-wrap elementor-element-populated\">\n\t\t\t\t\t\t<div class=\"elementor-element elementor-element-5ecb0d9 elementor-widget elementor-widget-heading\" data-id=\"5ecb0d9\" data-element_type=\"widget\" data-widget_type=\"heading.default\">\n\t\t\t\t<div class=\"elementor-widget-container\">\n\t\t\t\t\t<h2 class=\"elementor-heading-title elementor-size-default\">Das Projekt wird am 11. Juni 2022 vorgestellt und die jungen Musikantinnen und Musikanten werden das eingelernte Programm zum Besten geben. Zu h\u00f6ren sind St\u00fccke wie \"The Wellerman comes\", \"Rhythm&amp;Blues\", \"Farmhouse Rock\" und noch einige mehr.<\/h2>\t\t\t\t<\/div>\n\t\t\t\t<\/div>\n\t\t\t\t\t<\/div>\n\t\t<\/div>\n\t\t\t\t\t<\/div>\n\t\t<\/section>\n\t\t\t\t<section class=\"elementor-section elementor-top-section elementor-element elementor-element-83164a0 elementor-section-full_width elementor-section-height-min-height elementor-section-stretched elementor-section-height-default elementor-section-items-middle\" data-id=\"83164a0\" data-element_type=\"section\" data-settings=\"{&quot;stretch_section&quot;:&quot;section-stretched&quot;}\">\n\t\t\t\t\t\t\t<div class=\"elementor-background-overlay\"><\/div>\n\t\t\t\t\t\t\t<div class=\"elementor-container elementor-column-gap-default\">\n\t\t\t\t\t<div class=\"elementor-column elementor-col-100 elementor-top-column elementor-element elementor-element-fc05f96\" data-id=\"fc05f96\" data-element_type=\"column\">\n\t\t\t<div class=\"elementor-widget-wrap elementor-element-populated\">\n\t\t\t\t\t\t<div class=\"elementor-element elementor-element-f63108b elementor-widget elementor-widget-heading\" data-id=\"f63108b\" data-element_type=\"widget\" data-widget_type=\"heading.default\">\n\t\t\t\t<div class=\"elementor-widget-container\">\n\t\t\t\t\t<h2 class=\"elementor-heading-title elementor-size-default\">Zum Programm ...<\/h2>\t\t\t\t<\/div>\n\t\t\t\t<\/div>\n\t\t\t\t\t<\/div>\n\t\t<\/div>\n\t\t\t\t\t<\/div>\n\t\t<\/section>\n\t\t\t\t<section class=\"elementor-section elementor-top-section elementor-element elementor-element-4d0f576 elementor-section-full_width elementor-section-height-min-height elementor-section-height-default elementor-section-items-middle\" data-id=\"4d0f576\" data-element_type=\"section\">\n\t\t\t\t\t\t<div class=\"elementor-container elementor-column-gap-default\">\n\t\t\t\t\t<div class=\"elementor-column elementor-col-100 elementor-top-column elementor-element elementor-element-78e350d\" data-id=\"78e350d\" data-element_type=\"column\">\n\t\t\t<div class=\"elementor-widget-wrap elementor-element-populated\">\n\t\t\t\t\t\t<div class=\"elementor-element elementor-element-8df0ffe elementor-widget elementor-widget-spacer\" data-id=\"8df0ffe\" data-element_type=\"widget\" data-widget_type=\"spacer.default\">\n\t\t\t\t<div class=\"elementor-widget-container\">\n\t\t\t\t\t\t\t<div class=\"elementor-spacer\">\n\t\t\t<div class=\"elementor-spacer-inner\"><\/div>\n\t\t<\/div>\n\t\t\t\t\t\t<\/div>\n\t\t\t\t<\/div>\n\t\t\t\t<div class=\"elementor-element elementor-element-7699e4a elementor-widget elementor-widget-heading\" data-id=\"7699e4a\" data-element_type=\"widget\" data-widget_type=\"heading.default\">\n\t\t\t\t<div class=\"elementor-widget-container\">\n\t\t\t\t\t<h2 class=\"elementor-heading-title elementor-size-default\">SAMSTAG, 11. Juni 2022<\/h2>\t\t\t\t<\/div>\n\t\t\t\t<\/div>\n\t\t\t\t\t<\/div>\n\t\t<\/div>\n\t\t\t\t\t<\/div>\n\t\t<\/section>\n\t\t\t\t<section class=\"elementor-section elementor-top-section elementor-element elementor-element-31fa4bc elementor-section-full_width elementor-section-height-default elementor-section-height-default\" data-id=\"31fa4bc\" data-element_type=\"section\">\n\t\t\t\t\t\t\t<div class=\"elementor-background-overlay\"><\/div>\n\t\t\t\t\t\t\t<div class=\"elementor-container elementor-column-gap-default\">\n\t\t\t\t\t<div class=\"elementor-column elementor-col-100 elementor-top-column elementor-element elementor-element-b2f1b00\" data-id=\"b2f1b00\" data-element_type=\"column\">\n\t\t\t<div class=\"elementor-widget-wrap elementor-element-populated\">\n\t\t\t\t\t\t<div class=\"elementor-element elementor-element-ddd319f elementor-widget elementor-widget-heading\" data-id=\"ddd319f\" data-element_type=\"widget\" data-widget_type=\"heading.default\">\n\t\t\t\t<div class=\"elementor-widget-container\">\n\t\t\t\t\t<h2 class=\"elementor-heading-title elementor-size-default\">18.30 Uhr<\/h2>\t\t\t\t<\/div>\n\t\t\t\t<\/div>\n\t\t\t\t\t<\/div>\n\t\t<\/div>\n\t\t\t\t\t<\/div>\n\t\t<\/section>\n\t\t\t\t<section class=\"elementor-section elementor-top-section elementor-element elementor-element-1a81494 elementor-section-boxed elementor-section-height-default elementor-section-height-default\" data-id=\"1a81494\" data-element_type=\"section\">\n\t\t\t\t\t\t<div class=\"elementor-container elementor-column-gap-default\">\n\t\t\t\t\t<div class=\"elementor-column elementor-col-100 elementor-top-column elementor-element elementor-element-0f7c83e\" data-id=\"0f7c83e\" data-element_type=\"column\">\n\t\t\t<div class=\"elementor-widget-wrap elementor-element-populated\">\n\t\t\t\t\t\t<div class=\"elementor-element elementor-element-54370c9 elementor-widget elementor-widget-heading\" data-id=\"54370c9\" data-element_type=\"widget\" data-widget_type=\"heading.default\">\n\t\t\t\t<div class=\"elementor-widget-container\">\n\t\t\t\t\t<h2 class=\"elementor-heading-title elementor-size-default\">Festbeginn und Einmarsch der Musikkapelle \"Diedorf\" aus Bayern und der erweiterten Jugendkapelle aus Latzfons.<\/h2>\t\t\t\t<\/div>\n\t\t\t\t<\/div>\n\t\t\t\t\t<\/div>\n\t\t<\/div>\n\t\t\t\t\t<\/div>\n\t\t<\/section>\n\t\t\t\t<section class=\"elementor-section elementor-top-section elementor-element elementor-element-4b2cdb9 elementor-section-full_width elementor-section-height-default elementor-section-height-default\" data-id=\"4b2cdb9\" data-element_type=\"section\">\n\t\t\t\t\t\t\t<div class=\"elementor-background-overlay\"><\/div>\n\t\t\t\t\t\t\t<div class=\"elementor-container elementor-column-gap-default\">\n\t\t\t\t\t<div class=\"elementor-column elementor-col-100 elementor-top-column elementor-element elementor-element-e8cc224\" data-id=\"e8cc224\" data-element_type=\"column\">\n\t\t\t<div class=\"elementor-widget-wrap elementor-element-populated\">\n\t\t\t\t\t\t<div class=\"elementor-element elementor-element-f77c8d4 elementor-widget elementor-widget-heading\" data-id=\"f77c8d4\" data-element_type=\"widget\" data-widget_type=\"heading.default\">\n\t\t\t\t<div class=\"elementor-widget-container\">\n\t\t\t\t\t<h2 class=\"elementor-heading-title elementor-size-default\">19.00 Uhr<\/h2>\t\t\t\t<\/div>\n\t\t\t\t<\/div>\n\t\t\t\t\t<\/div>\n\t\t<\/div>\n\t\t\t\t\t<\/div>\n\t\t<\/section>\n\t\t\t\t<section class=\"elementor-section elementor-top-section elementor-element elementor-element-669240b elementor-section-boxed elementor-section-height-default elementor-section-height-default\" data-id=\"669240b\" data-element_type=\"section\">\n\t\t\t\t\t\t<div class=\"elementor-container elementor-column-gap-default\">\n\t\t\t\t\t<div class=\"elementor-column elementor-col-100 elementor-top-column elementor-element elementor-element-eb4cb65\" data-id=\"eb4cb65\" data-element_type=\"column\">\n\t\t\t<div class=\"elementor-widget-wrap elementor-element-populated\">\n\t\t\t\t\t\t<div class=\"elementor-element elementor-element-06f8dc5 elementor-widget elementor-widget-heading\" data-id=\"06f8dc5\" data-element_type=\"widget\" data-widget_type=\"heading.default\">\n\t\t\t\t<div class=\"elementor-widget-container\">\n\t\t\t\t\t<h2 class=\"elementor-heading-title elementor-size-default\">Vorstellung des Projektes \"Sound meets Joy\" und anschlie\u00dfendem Konzert<\/h2>\t\t\t\t<\/div>\n\t\t\t\t<\/div>\n\t\t\t\t\t<\/div>\n\t\t<\/div>\n\t\t\t\t\t<\/div>\n\t\t<\/section>\n\t\t\t\t<section class=\"elementor-section elementor-top-section elementor-element elementor-element-d0d66ed elementor-section-full_width elementor-section-height-default elementor-section-height-default\" data-id=\"d0d66ed\" data-element_type=\"section\">\n\t\t\t\t\t\t\t<div class=\"elementor-background-overlay\"><\/div>\n\t\t\t\t\t\t\t<div class=\"elementor-container elementor-column-gap-default\">\n\t\t\t\t\t<div class=\"elementor-column elementor-col-100 elementor-top-column elementor-element elementor-element-cddba91\" data-id=\"cddba91\" data-element_type=\"column\">\n\t\t\t<div class=\"elementor-widget-wrap elementor-element-populated\">\n\t\t\t\t\t\t<div class=\"elementor-element elementor-element-8f00676 elementor-widget elementor-widget-heading\" data-id=\"8f00676\" data-element_type=\"widget\" data-widget_type=\"heading.default\">\n\t\t\t\t<div class=\"elementor-widget-container\">\n\t\t\t\t\t<h2 class=\"elementor-heading-title elementor-size-default\">20.30 Uhr<\/h2>\t\t\t\t<\/div>\n\t\t\t\t<\/div>\n\t\t\t\t\t<\/div>\n\t\t<\/div>\n\t\t\t\t\t<\/div>\n\t\t<\/section>\n\t\t\t\t<section class=\"elementor-section elementor-top-section elementor-element elementor-element-1e38805 elementor-section-full_width elementor-section-height-min-height elementor-section-stretched elementor-section-height-default elementor-section-items-middle\" data-id=\"1e38805\" data-element_type=\"section\" data-settings=\"{&quot;stretch_section&quot;:&quot;section-stretched&quot;}\">\n\t\t\t\t\t\t<div class=\"elementor-container elementor-column-gap-default\">\n\t\t\t\t\t<div class=\"elementor-column elementor-col-100 elementor-top-column elementor-element elementor-element-65f7fd3\" data-id=\"65f7fd3\" data-element_type=\"column\">\n\t\t\t<div class=\"elementor-widget-wrap elementor-element-populated\">\n\t\t\t\t\t\t<div class=\"elementor-element elementor-element-fc88656 elementor-widget elementor-widget-image\" data-id=\"fc88656\" data-element_type=\"widget\" data-widget_type=\"image.default\">\n\t\t\t\t<div class=\"elementor-widget-container\">\n\t\t\t\t\t\t\t\t\t\t\t\t\t\t\t<img loading=\"lazy\" decoding=\"async\" width=\"1024\" height=\"468\" src=\"https:\/\/www.musikkapelle-latzfons.it\/wp-content\/uploads\/2022\/06\/MKDiedorf-1024x468.jpg\" class=\"attachment-large size-large wp-image-2893\" alt=\"\" srcset=\"https:\/\/www.musikkapelle-latzfons.it\/wp-content\/uploads\/2022\/06\/MKDiedorf-1024x468.jpg 1024w, https:\/\/www.musikkapelle-latzfons.it\/wp-content\/uploads\/2022\/06\/MKDiedorf-300x137.jpg 300w, https:\/\/www.musikkapelle-latzfons.it\/wp-content\/uploads\/2022\/06\/MKDiedorf-768x351.jpg 768w, https:\/\/www.musikkapelle-latzfons.it\/wp-content\/uploads\/2022\/06\/MKDiedorf-1536x701.jpg 1536w, https:\/\/www.musikkapelle-latzfons.it\/wp-content\/uploads\/2022\/06\/MKDiedorf-2048x935.jpg 2048w, https:\/\/www.musikkapelle-latzfons.it\/wp-content\/uploads\/2022\/06\/MKDiedorf-1170x536.jpg 1170w\" sizes=\"(max-width: 1024px) 100vw, 1024px\" \/>\t\t\t\t\t\t\t\t\t\t\t\t\t\t\t<\/div>\n\t\t\t\t<\/div>\n\t\t\t\t\t<\/div>\n\t\t<\/div>\n\t\t\t\t\t<\/div>\n\t\t<\/section>\n\t\t\t\t<section class=\"elementor-section elementor-top-section elementor-element elementor-element-616a26a elementor-section-full_width elementor-section-height-default elementor-section-height-default\" data-id=\"616a26a\" data-element_type=\"section\">\n\t\t\t\t\t\t<div class=\"elementor-container elementor-column-gap-default\">\n\t\t\t\t\t<div class=\"elementor-column elementor-col-100 elementor-top-column elementor-element elementor-element-49f816f\" data-id=\"49f816f\" data-element_type=\"column\">\n\t\t\t<div class=\"elementor-widget-wrap elementor-element-populated\">\n\t\t\t\t\t\t<div class=\"elementor-element elementor-element-a7a5e30 elementor-widget elementor-widget-heading\" data-id=\"a7a5e30\" data-element_type=\"widget\" data-widget_type=\"heading.default\">\n\t\t\t\t<div class=\"elementor-widget-container\">\n\t\t\t\t\t<h2 class=\"elementor-heading-title elementor-size-default\">Konzert der Musikkapelle \"Diedorf\"<\/h2>\t\t\t\t<\/div>\n\t\t\t\t<\/div>\n\t\t\t\t\t<\/div>\n\t\t<\/div>\n\t\t\t\t\t<\/div>\n\t\t<\/section>\n\t\t\t\t<section class=\"elementor-section elementor-top-section elementor-element elementor-element-59b476d elementor-section-full_width elementor-section-height-default elementor-section-height-default\" data-id=\"59b476d\" data-element_type=\"section\">\n\t\t\t\t\t\t\t<div class=\"elementor-background-overlay\"><\/div>\n\t\t\t\t\t\t\t<div class=\"elementor-container elementor-column-gap-default\">\n\t\t\t\t\t<div class=\"elementor-column elementor-col-100 elementor-top-column elementor-element elementor-element-737ca46\" data-id=\"737ca46\" data-element_type=\"column\">\n\t\t\t<div class=\"elementor-widget-wrap elementor-element-populated\">\n\t\t\t\t\t\t<div class=\"elementor-element elementor-element-c5770d8 elementor-widget elementor-widget-heading\" data-id=\"c5770d8\" data-element_type=\"widget\" data-widget_type=\"heading.default\">\n\t\t\t\t<div class=\"elementor-widget-container\">\n\t\t\t\t\t<h2 class=\"elementor-heading-title elementor-size-default\">22.00 Uhr<\/h2>\t\t\t\t<\/div>\n\t\t\t\t<\/div>\n\t\t\t\t\t<\/div>\n\t\t<\/div>\n\t\t\t\t\t<\/div>\n\t\t<\/section>\n\t\t\t\t<section class=\"elementor-section elementor-top-section elementor-element elementor-element-07651ca elementor-section-boxed elementor-section-height-default elementor-section-height-default\" data-id=\"07651ca\" data-element_type=\"section\">\n\t\t\t\t\t\t<div class=\"elementor-container elementor-column-gap-default\">\n\t\t\t\t\t<div class=\"elementor-column elementor-col-100 elementor-top-column elementor-element elementor-element-9bb32fc\" data-id=\"9bb32fc\" data-element_type=\"column\">\n\t\t\t<div class=\"elementor-widget-wrap elementor-element-populated\">\n\t\t\t\t\t\t<div class=\"elementor-element elementor-element-a0162b3 elementor-widget elementor-widget-image\" data-id=\"a0162b3\" data-element_type=\"widget\" data-widget_type=\"image.default\">\n\t\t\t\t<div class=\"elementor-widget-container\">\n\t\t\t\t\t\t\t\t\t\t\t\t\t\t\t<img loading=\"lazy\" decoding=\"async\" width=\"1024\" height=\"683\" src=\"https:\/\/www.musikkapelle-latzfons.it\/wp-content\/uploads\/2022\/06\/Die_Vier_Latzfonser_2022-1024x683.jpg\" class=\"attachment-large size-large wp-image-2894\" alt=\"\" srcset=\"https:\/\/www.musikkapelle-latzfons.it\/wp-content\/uploads\/2022\/06\/Die_Vier_Latzfonser_2022-1024x683.jpg 1024w, https:\/\/www.musikkapelle-latzfons.it\/wp-content\/uploads\/2022\/06\/Die_Vier_Latzfonser_2022-300x200.jpg 300w, https:\/\/www.musikkapelle-latzfons.it\/wp-content\/uploads\/2022\/06\/Die_Vier_Latzfonser_2022-768x512.jpg 768w, https:\/\/www.musikkapelle-latzfons.it\/wp-content\/uploads\/2022\/06\/Die_Vier_Latzfonser_2022-1536x1024.jpg 1536w, https:\/\/www.musikkapelle-latzfons.it\/wp-content\/uploads\/2022\/06\/Die_Vier_Latzfonser_2022.jpg 1800w\" sizes=\"(max-width: 1024px) 100vw, 1024px\" \/>\t\t\t\t\t\t\t\t\t\t\t\t\t\t\t<\/div>\n\t\t\t\t<\/div>\n\t\t\t\t\t<\/div>\n\t\t<\/div>\n\t\t\t\t\t<\/div>\n\t\t<\/section>\n\t\t\t\t<section class=\"elementor-section elementor-top-section elementor-element elementor-element-3540f38 elementor-section-full_width elementor-section-height-default elementor-section-height-default\" data-id=\"3540f38\" data-element_type=\"section\">\n\t\t\t\t\t\t<div class=\"elementor-container elementor-column-gap-default\">\n\t\t\t\t\t<div class=\"elementor-column elementor-col-100 elementor-top-column elementor-element elementor-element-1b6e951\" data-id=\"1b6e951\" data-element_type=\"column\">\n\t\t\t<div class=\"elementor-widget-wrap elementor-element-populated\">\n\t\t\t\t\t\t<div class=\"elementor-element elementor-element-c3664fa elementor-widget elementor-widget-heading\" data-id=\"c3664fa\" data-element_type=\"widget\" data-widget_type=\"heading.default\">\n\t\t\t\t<div class=\"elementor-widget-container\">\n\t\t\t\t\t<h2 class=\"elementor-heading-title elementor-size-default\">Unterhaltung mit der Gruppe \"Die Vier Latzfonser\"<\/h2>\t\t\t\t<\/div>\n\t\t\t\t<\/div>\n\t\t\t\t\t<\/div>\n\t\t<\/div>\n\t\t\t\t\t<\/div>\n\t\t<\/section>\n\t\t\t\t<section class=\"elementor-section elementor-top-section elementor-element elementor-element-ad1be11 elementor-section-full_width elementor-section-height-min-height elementor-section-height-default elementor-section-items-middle\" data-id=\"ad1be11\" data-element_type=\"section\">\n\t\t\t\t\t\t<div class=\"elementor-container elementor-column-gap-default\">\n\t\t\t\t\t<div class=\"elementor-column elementor-col-100 elementor-top-column elementor-element elementor-element-1c9d329\" data-id=\"1c9d329\" data-element_type=\"column\">\n\t\t\t<div class=\"elementor-widget-wrap elementor-element-populated\">\n\t\t\t\t\t\t<div class=\"elementor-element elementor-element-5feb6b1 elementor-widget elementor-widget-spacer\" data-id=\"5feb6b1\" data-element_type=\"widget\" data-widget_type=\"spacer.default\">\n\t\t\t\t<div class=\"elementor-widget-container\">\n\t\t\t\t\t\t\t<div class=\"elementor-spacer\">\n\t\t\t<div class=\"elementor-spacer-inner\"><\/div>\n\t\t<\/div>\n\t\t\t\t\t\t<\/div>\n\t\t\t\t<\/div>\n\t\t\t\t<div class=\"elementor-element elementor-element-8dc29c0 elementor-widget elementor-widget-heading\" data-id=\"8dc29c0\" data-element_type=\"widget\" data-widget_type=\"heading.default\">\n\t\t\t\t<div class=\"elementor-widget-container\">\n\t\t\t\t\t<h2 class=\"elementor-heading-title elementor-size-default\">SONNTAG, 12. Juni 2022<\/h2>\t\t\t\t<\/div>\n\t\t\t\t<\/div>\n\t\t\t\t\t<\/div>\n\t\t<\/div>\n\t\t\t\t\t<\/div>\n\t\t<\/section>\n\t\t\t\t<section class=\"elementor-section elementor-top-section elementor-element elementor-element-4343203 elementor-section-full_width elementor-section-height-default elementor-section-height-default\" data-id=\"4343203\" data-element_type=\"section\">\n\t\t\t\t\t\t\t<div class=\"elementor-background-overlay\"><\/div>\n\t\t\t\t\t\t\t<div class=\"elementor-container elementor-column-gap-default\">\n\t\t\t\t\t<div class=\"elementor-column elementor-col-100 elementor-top-column elementor-element elementor-element-becedd0\" data-id=\"becedd0\" data-element_type=\"column\">\n\t\t\t<div class=\"elementor-widget-wrap elementor-element-populated\">\n\t\t\t\t\t\t<div class=\"elementor-element elementor-element-5f84bd1 elementor-widget elementor-widget-heading\" data-id=\"5f84bd1\" data-element_type=\"widget\" data-widget_type=\"heading.default\">\n\t\t\t\t<div class=\"elementor-widget-container\">\n\t\t\t\t\t<h2 class=\"elementor-heading-title elementor-size-default\">10.00 Uhr<\/h2>\t\t\t\t<\/div>\n\t\t\t\t<\/div>\n\t\t\t\t\t<\/div>\n\t\t<\/div>\n\t\t\t\t\t<\/div>\n\t\t<\/section>\n\t\t\t\t<section class=\"elementor-section elementor-top-section elementor-element elementor-element-85b1639 elementor-section-full_width elementor-section-height-default elementor-section-height-default\" data-id=\"85b1639\" data-element_type=\"section\">\n\t\t\t\t\t\t<div class=\"elementor-container elementor-column-gap-default\">\n\t\t\t\t\t<div class=\"elementor-column elementor-col-100 elementor-top-column elementor-element elementor-element-4fbfd52\" data-id=\"4fbfd52\" data-element_type=\"column\">\n\t\t\t<div class=\"elementor-widget-wrap elementor-element-populated\">\n\t\t\t\t\t\t<div class=\"elementor-element elementor-element-73df6e0 elementor-widget elementor-widget-heading\" data-id=\"73df6e0\" data-element_type=\"widget\" data-widget_type=\"heading.default\">\n\t\t\t\t<div class=\"elementor-widget-container\">\n\t\t\t\t\t<h2 class=\"elementor-heading-title elementor-size-default\">Fr\u00fchschoppen auf dem Dorfplatz von Latzfons.&nbsp;<div>F\u00fcr Unterhaltung sorgt die Musikkapelle Diedorf aus Bayern.<\/div><\/h2>\t\t\t\t<\/div>\n\t\t\t\t<\/div>\n\t\t\t\t\t<\/div>\n\t\t<\/div>\n\t\t\t\t\t<\/div>\n\t\t<\/section>\n\t\t\t\t<section class=\"elementor-section elementor-top-section elementor-element elementor-element-e1fda37 elementor-section-full_width elementor-section-height-default elementor-section-height-default\" data-id=\"e1fda37\" data-element_type=\"section\">\n\t\t\t\t\t\t\t<div class=\"elementor-background-overlay\"><\/div>\n\t\t\t\t\t\t\t<div class=\"elementor-container elementor-column-gap-default\">\n\t\t\t\t\t<div class=\"elementor-column elementor-col-100 elementor-top-column elementor-element elementor-element-5722439\" data-id=\"5722439\" data-element_type=\"column\">\n\t\t\t<div class=\"elementor-widget-wrap elementor-element-populated\">\n\t\t\t\t\t\t<div class=\"elementor-element elementor-element-6bce417 elementor-widget elementor-widget-heading\" data-id=\"6bce417\" data-element_type=\"widget\" data-widget_type=\"heading.default\">\n\t\t\t\t<div class=\"elementor-widget-container\">\n\t\t\t\t\t<h2 class=\"elementor-heading-title elementor-size-default\">11.30 Uhr<\/h2>\t\t\t\t<\/div>\n\t\t\t\t<\/div>\n\t\t\t\t\t<\/div>\n\t\t<\/div>\n\t\t\t\t\t<\/div>\n\t\t<\/section>\n\t\t\t\t<section class=\"elementor-section elementor-top-section elementor-element elementor-element-42ede73 elementor-section-full_width elementor-section-height-default elementor-section-height-default\" data-id=\"42ede73\" data-element_type=\"section\">\n\t\t\t\t\t\t<div class=\"elementor-container elementor-column-gap-default\">\n\t\t\t\t\t<div class=\"elementor-column elementor-col-100 elementor-top-column elementor-element elementor-element-cd5765f\" data-id=\"cd5765f\" data-element_type=\"column\">\n\t\t\t<div class=\"elementor-widget-wrap elementor-element-populated\">\n\t\t\t\t\t\t<div class=\"elementor-element elementor-element-c04a9b6 elementor-widget elementor-widget-heading\" data-id=\"c04a9b6\" data-element_type=\"widget\" data-widget_type=\"heading.default\">\n\t\t\t\t<div class=\"elementor-widget-container\">\n\t\t\t\t\t<h2 class=\"elementor-heading-title elementor-size-default\">Unterhaltung mit der Gruppe \"Druck Zupf Blosn\".<\/h2>\t\t\t\t<\/div>\n\t\t\t\t<\/div>\n\t\t\t\t\t<\/div>\n\t\t<\/div>\n\t\t\t\t\t<\/div>\n\t\t<\/section>\n\t\t\t\t<section class=\"elementor-section elementor-top-section elementor-element elementor-element-65c7bc7 elementor-section-boxed elementor-section-height-default elementor-section-height-default\" data-id=\"65c7bc7\" data-element_type=\"section\">\n\t\t\t\t\t\t<div class=\"elementor-container elementor-column-gap-default\">\n\t\t\t\t\t<div class=\"elementor-column elementor-col-100 elementor-top-column elementor-element elementor-element-b2069a4\" data-id=\"b2069a4\" data-element_type=\"column\">\n\t\t\t<div class=\"elementor-widget-wrap elementor-element-populated\">\n\t\t\t\t\t\t<div class=\"elementor-element elementor-element-df2ea94 elementor-widget elementor-widget-spacer\" data-id=\"df2ea94\" data-element_type=\"widget\" data-widget_type=\"spacer.default\">\n\t\t\t\t<div class=\"elementor-widget-container\">\n\t\t\t\t\t\t\t<div class=\"elementor-spacer\">\n\t\t\t<div class=\"elementor-spacer-inner\"><\/div>\n\t\t<\/div>\n\t\t\t\t\t\t<\/div>\n\t\t\t\t<\/div>\n\t\t\t\t\t<\/div>\n\t\t<\/div>\n\t\t\t\t\t<\/div>\n\t\t<\/section>\n\t\t\t\t<section class=\"elementor-section elementor-top-section elementor-element elementor-element-8eefe0e elementor-section-full_width elementor-section-height-default elementor-section-height-default\" data-id=\"8eefe0e\" data-element_type=\"section\">\n\t\t\t\t\t\t\t<div class=\"elementor-background-overlay\"><\/div>\n\t\t\t\t\t\t\t<div class=\"elementor-container elementor-column-gap-default\">\n\t\t\t\t\t<div class=\"elementor-column elementor-col-100 elementor-top-column elementor-element elementor-element-d23b82f\" data-id=\"d23b82f\" data-element_type=\"column\">\n\t\t\t<div class=\"elementor-widget-wrap elementor-element-populated\">\n\t\t\t\t\t\t<div class=\"elementor-element elementor-element-fa00f36 elementor-widget elementor-widget-heading\" data-id=\"fa00f36\" data-element_type=\"widget\" data-widget_type=\"heading.default\">\n\t\t\t\t<div class=\"elementor-widget-container\">\n\t\t\t\t\t<h2 class=\"elementor-heading-title elementor-size-default\">F\u00fcr Speis und Trank ist bestens gesorgt:<div>Brathuhn, Soundburger, Pommes Frites, Bratwurst, Wei\u00dfwurst,&nbsp;<\/div><div>Frankfurter und S\u00fc\u00dfe Krapfen<span style=\"color: var( --e-global-color-text );font-family: Roboto, sans-serif;font-size: 41px\"><\/span><\/div><div><br><\/div>Bei schlechtem Wetter findet das Fr\u00fchschoppen auf dem Festplatz statt.<\/h2>\t\t\t\t<\/div>\n\t\t\t\t<\/div>\n\t\t\t\t\t<\/div>\n\t\t<\/div>\n\t\t\t\t\t<\/div>\n\t\t<\/section>\n\t\t\t\t<section class=\"elementor-section elementor-top-section elementor-element elementor-element-d459e01 elementor-section-height-min-height elementor-section-stretched elementor-section-boxed elementor-section-height-default elementor-section-items-middle\" data-id=\"d459e01\" data-element_type=\"section\" data-settings=\"{&quot;stretch_section&quot;:&quot;section-stretched&quot;}\">\n\t\t\t\t\t\t\t<div class=\"elementor-background-overlay\"><\/div>\n\t\t\t\t\t\t\t<div class=\"elementor-container elementor-column-gap-default\">\n\t\t\t\t\t<div class=\"elementor-column elementor-col-100 elementor-top-column elementor-element elementor-element-e53ce33\" data-id=\"e53ce33\" data-element_type=\"column\">\n\t\t\t<div class=\"elementor-widget-wrap\">\n\t\t\t\t\t\t\t<\/div>\n\t\t<\/div>\n\t\t\t\t\t<\/div>\n\t\t<\/section>\n\t\t\t\t<\/div>\n\t\t","protected":false},"excerpt":{"rendered":"<p>27. Dezember 2022 Neujahrw\u00fcnschen in Garn\/Verdings\/Pardell F\u00fcnf Gruppen ziehen spielend von Haus zu Haus um die Neujahrsw\u00fcnsche f\u00fcr das Jahr 2023 zu \u00fcberbringen. Dieses Jahr in Garn, Verdings und Pardell, n\u00e4chstes Jahr besuchen die Gruppen wieder Latzfons. 24. Dezember 2022 Junge Turmbl\u00e4ser spielen Stille Nacht F\u00fcnf junge Musikanten spielen traditionell nach der Christmette das Stille [&hellip;]<\/p>\n","protected":false},"author":1,"featured_media":0,"parent":0,"menu_order":0,"comment_status":"closed","ping_status":"closed","template":"elementor_theme","meta":{"ocean_post_layout":"","ocean_both_sidebars_style":"","ocean_both_sidebars_content_width":0,"ocean_both_sidebars_sidebars_width":0,"ocean_sidebar":"0","ocean_second_sidebar":"0","ocean_disable_margins":"enable","ocean_add_body_class":"","ocean_shortcode_before_top_bar":"","ocean_shortcode_after_top_bar":"","ocean_shortcode_before_header":"","ocean_shortcode_after_header":"","ocean_has_shortcode":"","ocean_shortcode_after_title":"","ocean_shortcode_before_footer_widgets":"","ocean_shortcode_after_footer_widgets":"","ocean_shortcode_before_footer_bottom":"","ocean_shortcode_after_footer_bottom":"","ocean_display_top_bar":"default","ocean_display_header":"default","ocean_header_style":"","ocean_center_header_left_menu":"0","ocean_custom_header_template":"0","ocean_custom_logo":0,"ocean_custom_retina_logo":0,"ocean_custom_logo_max_width":0,"ocean_custom_logo_tablet_max_width":0,"ocean_custom_logo_mobile_max_width":0,"ocean_custom_logo_max_height":0,"ocean_custom_logo_tablet_max_height":0,"ocean_custom_logo_mobile_max_height":0,"ocean_header_custom_menu":"0","ocean_menu_typo_font_family":"0","ocean_menu_typo_font_subset":"","ocean_menu_typo_font_size":0,"ocean_menu_typo_font_size_tablet":0,"ocean_menu_typo_font_size_mobile":0,"ocean_menu_typo_font_size_unit":"px","ocean_menu_typo_font_weight":"","ocean_menu_typo_font_weight_tablet":"","ocean_menu_typo_font_weight_mobile":"","ocean_menu_typo_transform":"","ocean_menu_typo_transform_tablet":"","ocean_menu_typo_transform_mobile":"","ocean_menu_typo_line_height":0,"ocean_menu_typo_line_height_tablet":0,"ocean_menu_typo_line_height_mobile":0,"ocean_menu_typo_line_height_unit":"","ocean_menu_typo_spacing":0,"ocean_menu_typo_spacing_tablet":0,"ocean_menu_typo_spacing_mobile":0,"ocean_menu_typo_spacing_unit":"","ocean_menu_link_color":"","ocean_menu_link_color_hover":"","ocean_menu_link_color_active":"","ocean_menu_link_background":"","ocean_menu_link_hover_background":"","ocean_menu_link_active_background":"","ocean_menu_social_links_bg":"","ocean_menu_social_hover_links_bg":"","ocean_menu_social_links_color":"","ocean_menu_social_hover_links_color":"","ocean_disable_title":"on","ocean_disable_heading":"default","ocean_post_title":"","ocean_post_subheading":"","ocean_post_title_style":"","ocean_post_title_background_color":"","ocean_post_title_background":0,"ocean_post_title_bg_image_position":"","ocean_post_title_bg_image_attachment":"","ocean_post_title_bg_image_repeat":"","ocean_post_title_bg_image_size":"","ocean_post_title_height":0,"ocean_post_title_bg_overlay":0.5,"ocean_post_title_bg_overlay_color":"","ocean_disable_breadcrumbs":"default","ocean_breadcrumbs_color":"","ocean_breadcrumbs_separator_color":"","ocean_breadcrumbs_links_color":"","ocean_breadcrumbs_links_hover_color":"","ocean_display_footer_widgets":"default","ocean_display_footer_bottom":"default","ocean_custom_footer_template":"0","h5ap_radio_sources":[],"footnotes":""},"class_list":["post-2680","page","type-page","status-publish","hentry","entry"],"yoast_head":"<!-- This site is optimized with the Yoast SEO plugin v26.8 - https:\/\/yoast.com\/product\/yoast-seo-wordpress\/ -->\r\n<title>Aktuelles - Musikkapelle Latzfons<\/title>\r\n<meta name=\"robots\" content=\"index, follow, max-snippet:-1, max-image-preview:large, max-video-preview:-1\" \/>\r\n<link rel=\"canonical\" href=\"https:\/\/www.musikkapelle-latzfons.it\/index.php\/aktuelles\/\" \/>\r\n<meta property=\"og:locale\" content=\"de_DE\" \/>\r\n<meta property=\"og:type\" content=\"article\" \/>\r\n<meta property=\"og:title\" content=\"Aktuelles - Musikkapelle Latzfons\" \/>\r\n<meta property=\"og:description\" content=\"27. Dezember 2022 Neujahrw\u00fcnschen in Garn\/Verdings\/Pardell F\u00fcnf Gruppen ziehen spielend von Haus zu Haus um die Neujahrsw\u00fcnsche f\u00fcr das Jahr 2023 zu \u00fcberbringen. Dieses Jahr in Garn, Verdings und Pardell, n\u00e4chstes Jahr besuchen die Gruppen wieder Latzfons. 24. Dezember 2022 Junge Turmbl\u00e4ser spielen Stille Nacht F\u00fcnf junge Musikanten spielen traditionell nach der Christmette das Stille [&hellip;]\" \/>\r\n<meta property=\"og:url\" content=\"https:\/\/www.musikkapelle-latzfons.it\/index.php\/aktuelles\/\" \/>\r\n<meta property=\"og:site_name\" content=\"Musikkapelle Latzfons\" \/>\r\n<meta property=\"article:modified_time\" content=\"2022-12-29T16:25:58+00:00\" \/>\r\n<meta property=\"og:image\" content=\"https:\/\/www.musikkapelle-latzfons.it\/wp-content\/uploads\/2022\/12\/WhatsApp-Image-2022-12-27-at-17.43.10-1024x576.jpeg\" \/>\r\n<meta name=\"twitter:card\" content=\"summary_large_image\" \/>\r\n<meta name=\"twitter:label1\" content=\"Gesch\u00e4tzte Lesezeit\" \/>\n\t<meta name=\"twitter:data1\" content=\"26\u00a0Minuten\" \/>\r\n<script type=\"application\/ld+json\" class=\"yoast-schema-graph\">{\"@context\":\"https:\/\/schema.org\",\"@graph\":[{\"@type\":\"WebPage\",\"@id\":\"https:\/\/www.musikkapelle-latzfons.it\/index.php\/aktuelles\/\",\"url\":\"https:\/\/www.musikkapelle-latzfons.it\/index.php\/aktuelles\/\",\"name\":\"Aktuelles - Musikkapelle Latzfons\",\"isPartOf\":{\"@id\":\"https:\/\/www.musikkapelle-latzfons.it\/#website\"},\"primaryImageOfPage\":{\"@id\":\"https:\/\/www.musikkapelle-latzfons.it\/index.php\/aktuelles\/#primaryimage\"},\"image\":{\"@id\":\"https:\/\/www.musikkapelle-latzfons.it\/index.php\/aktuelles\/#primaryimage\"},\"thumbnailUrl\":\"https:\/\/www.musikkapelle-latzfons.it\/wp-content\/uploads\/2022\/12\/WhatsApp-Image-2022-12-27-at-17.43.10-1024x576.jpeg\",\"datePublished\":\"2022-05-05T13:57:30+00:00\",\"dateModified\":\"2022-12-29T16:25:58+00:00\",\"breadcrumb\":{\"@id\":\"https:\/\/www.musikkapelle-latzfons.it\/index.php\/aktuelles\/#breadcrumb\"},\"inLanguage\":\"de\",\"potentialAction\":[{\"@type\":\"ReadAction\",\"target\":[\"https:\/\/www.musikkapelle-latzfons.it\/index.php\/aktuelles\/\"]}]},{\"@type\":\"ImageObject\",\"inLanguage\":\"de\",\"@id\":\"https:\/\/www.musikkapelle-latzfons.it\/index.php\/aktuelles\/#primaryimage\",\"url\":\"https:\/\/www.musikkapelle-latzfons.it\/wp-content\/uploads\/2022\/12\/WhatsApp-Image-2022-12-27-at-17.43.10.jpeg\",\"contentUrl\":\"https:\/\/www.musikkapelle-latzfons.it\/wp-content\/uploads\/2022\/12\/WhatsApp-Image-2022-12-27-at-17.43.10.jpeg\",\"width\":2000,\"height\":1125},{\"@type\":\"BreadcrumbList\",\"@id\":\"https:\/\/www.musikkapelle-latzfons.it\/index.php\/aktuelles\/#breadcrumb\",\"itemListElement\":[{\"@type\":\"ListItem\",\"position\":1,\"name\":\"Startseite\",\"item\":\"https:\/\/www.musikkapelle-latzfons.it\/\"},{\"@type\":\"ListItem\",\"position\":2,\"name\":\"Aktuelles\"}]},{\"@type\":\"WebSite\",\"@id\":\"https:\/\/www.musikkapelle-latzfons.it\/#website\",\"url\":\"https:\/\/www.musikkapelle-latzfons.it\/\",\"name\":\"Musikkapelle Latzfons\",\"description\":\"Das Beste in der Musik steht nicht in den Noten.\",\"publisher\":{\"@id\":\"https:\/\/www.musikkapelle-latzfons.it\/#organization\"},\"potentialAction\":[{\"@type\":\"SearchAction\",\"target\":{\"@type\":\"EntryPoint\",\"urlTemplate\":\"https:\/\/www.musikkapelle-latzfons.it\/?s={search_term_string}\"},\"query-input\":{\"@type\":\"PropertyValueSpecification\",\"valueRequired\":true,\"valueName\":\"search_term_string\"}}],\"inLanguage\":\"de\"},{\"@type\":\"Organization\",\"@id\":\"https:\/\/www.musikkapelle-latzfons.it\/#organization\",\"name\":\"Musikkapelle Latzfons\",\"alternateName\":\"Mk Latzfons\",\"url\":\"https:\/\/www.musikkapelle-latzfons.it\/\",\"logo\":{\"@type\":\"ImageObject\",\"inLanguage\":\"de\",\"@id\":\"https:\/\/www.musikkapelle-latzfons.it\/#\/schema\/logo\/image\/\",\"url\":\"https:\/\/www.musikkapelle-latzfons.it\/wp-content\/uploads\/2022\/03\/cropped-cropped-Logo_neu-1.png\",\"contentUrl\":\"https:\/\/www.musikkapelle-latzfons.it\/wp-content\/uploads\/2022\/03\/cropped-cropped-Logo_neu-1.png\",\"width\":512,\"height\":512,\"caption\":\"Musikkapelle Latzfons\"},\"image\":{\"@id\":\"https:\/\/www.musikkapelle-latzfons.it\/#\/schema\/logo\/image\/\"}}]}<\/script>\r\n<!-- \/ Yoast SEO plugin. -->","yoast_head_json":{"title":"Aktuelles - Musikkapelle Latzfons","robots":{"index":"index","follow":"follow","max-snippet":"max-snippet:-1","max-image-preview":"max-image-preview:large","max-video-preview":"max-video-preview:-1"},"canonical":"https:\/\/www.musikkapelle-latzfons.it\/index.php\/aktuelles\/","og_locale":"de_DE","og_type":"article","og_title":"Aktuelles - Musikkapelle Latzfons","og_description":"27. Dezember 2022 Neujahrw\u00fcnschen in Garn\/Verdings\/Pardell F\u00fcnf Gruppen ziehen spielend von Haus zu Haus um die Neujahrsw\u00fcnsche f\u00fcr das Jahr 2023 zu \u00fcberbringen. Dieses Jahr in Garn, Verdings und Pardell, n\u00e4chstes Jahr besuchen die Gruppen wieder Latzfons. 24. Dezember 2022 Junge Turmbl\u00e4ser spielen Stille Nacht F\u00fcnf junge Musikanten spielen traditionell nach der Christmette das Stille [&hellip;]","og_url":"https:\/\/www.musikkapelle-latzfons.it\/index.php\/aktuelles\/","og_site_name":"Musikkapelle Latzfons","article_modified_time":"2022-12-29T16:25:58+00:00","og_image":[{"url":"https:\/\/www.musikkapelle-latzfons.it\/wp-content\/uploads\/2022\/12\/WhatsApp-Image-2022-12-27-at-17.43.10-1024x576.jpeg","type":"","width":"","height":""}],"twitter_card":"summary_large_image","twitter_misc":{"Gesch\u00e4tzte Lesezeit":"26\u00a0Minuten"},"schema":{"@context":"https:\/\/schema.org","@graph":[{"@type":"WebPage","@id":"https:\/\/www.musikkapelle-latzfons.it\/index.php\/aktuelles\/","url":"https:\/\/www.musikkapelle-latzfons.it\/index.php\/aktuelles\/","name":"Aktuelles - Musikkapelle Latzfons","isPartOf":{"@id":"https:\/\/www.musikkapelle-latzfons.it\/#website"},"primaryImageOfPage":{"@id":"https:\/\/www.musikkapelle-latzfons.it\/index.php\/aktuelles\/#primaryimage"},"image":{"@id":"https:\/\/www.musikkapelle-latzfons.it\/index.php\/aktuelles\/#primaryimage"},"thumbnailUrl":"https:\/\/www.musikkapelle-latzfons.it\/wp-content\/uploads\/2022\/12\/WhatsApp-Image-2022-12-27-at-17.43.10-1024x576.jpeg","datePublished":"2022-05-05T13:57:30+00:00","dateModified":"2022-12-29T16:25:58+00:00","breadcrumb":{"@id":"https:\/\/www.musikkapelle-latzfons.it\/index.php\/aktuelles\/#breadcrumb"},"inLanguage":"de","potentialAction":[{"@type":"ReadAction","target":["https:\/\/www.musikkapelle-latzfons.it\/index.php\/aktuelles\/"]}]},{"@type":"ImageObject","inLanguage":"de","@id":"https:\/\/www.musikkapelle-latzfons.it\/index.php\/aktuelles\/#primaryimage","url":"https:\/\/www.musikkapelle-latzfons.it\/wp-content\/uploads\/2022\/12\/WhatsApp-Image-2022-12-27-at-17.43.10.jpeg","contentUrl":"https:\/\/www.musikkapelle-latzfons.it\/wp-content\/uploads\/2022\/12\/WhatsApp-Image-2022-12-27-at-17.43.10.jpeg","width":2000,"height":1125},{"@type":"BreadcrumbList","@id":"https:\/\/www.musikkapelle-latzfons.it\/index.php\/aktuelles\/#breadcrumb","itemListElement":[{"@type":"ListItem","position":1,"name":"Startseite","item":"https:\/\/www.musikkapelle-latzfons.it\/"},{"@type":"ListItem","position":2,"name":"Aktuelles"}]},{"@type":"WebSite","@id":"https:\/\/www.musikkapelle-latzfons.it\/#website","url":"https:\/\/www.musikkapelle-latzfons.it\/","name":"Musikkapelle Latzfons","description":"Das Beste in der Musik steht nicht in den Noten.","publisher":{"@id":"https:\/\/www.musikkapelle-latzfons.it\/#organization"},"potentialAction":[{"@type":"SearchAction","target":{"@type":"EntryPoint","urlTemplate":"https:\/\/www.musikkapelle-latzfons.it\/?s={search_term_string}"},"query-input":{"@type":"PropertyValueSpecification","valueRequired":true,"valueName":"search_term_string"}}],"inLanguage":"de"},{"@type":"Organization","@id":"https:\/\/www.musikkapelle-latzfons.it\/#organization","name":"Musikkapelle Latzfons","alternateName":"Mk Latzfons","url":"https:\/\/www.musikkapelle-latzfons.it\/","logo":{"@type":"ImageObject","inLanguage":"de","@id":"https:\/\/www.musikkapelle-latzfons.it\/#\/schema\/logo\/image\/","url":"https:\/\/www.musikkapelle-latzfons.it\/wp-content\/uploads\/2022\/03\/cropped-cropped-Logo_neu-1.png","contentUrl":"https:\/\/www.musikkapelle-latzfons.it\/wp-content\/uploads\/2022\/03\/cropped-cropped-Logo_neu-1.png","width":512,"height":512,"caption":"Musikkapelle Latzfons"},"image":{"@id":"https:\/\/www.musikkapelle-latzfons.it\/#\/schema\/logo\/image\/"}}]}},"_links":{"self":[{"href":"https:\/\/www.musikkapelle-latzfons.it\/index.php\/wp-json\/wp\/v2\/pages\/2680","targetHints":{"allow":["GET"]}}],"collection":[{"href":"https:\/\/www.musikkapelle-latzfons.it\/index.php\/wp-json\/wp\/v2\/pages"}],"about":[{"href":"https:\/\/www.musikkapelle-latzfons.it\/index.php\/wp-json\/wp\/v2\/types\/page"}],"author":[{"embeddable":true,"href":"https:\/\/www.musikkapelle-latzfons.it\/index.php\/wp-json\/wp\/v2\/users\/1"}],"replies":[{"embeddable":true,"href":"https:\/\/www.musikkapelle-latzfons.it\/index.php\/wp-json\/wp\/v2\/comments?post=2680"}],"version-history":[{"count":350,"href":"https:\/\/www.musikkapelle-latzfons.it\/index.php\/wp-json\/wp\/v2\/pages\/2680\/revisions"}],"predecessor-version":[{"id":3794,"href":"https:\/\/www.musikkapelle-latzfons.it\/index.php\/wp-json\/wp\/v2\/pages\/2680\/revisions\/3794"}],"wp:attachment":[{"href":"https:\/\/www.musikkapelle-latzfons.it\/index.php\/wp-json\/wp\/v2\/media?parent=2680"}],"curies":[{"name":"wp","href":"https:\/\/api.w.org\/{rel}","templated":true}]}}